{"id":5809,"date":"2024-08-15T16:41:28","date_gmt":"2024-08-15T14:41:28","guid":{"rendered":"http:\/\/192.168.241.171\/gobbo\/wordpress\/?page_id=5809"},"modified":"2025-05-08T22:30:58","modified_gmt":"2025-05-08T20:30:58","slug":"mapa-de-sitio","status":"publish","type":"page","link":"https:\/\/mintrabajo.gob.bo\/index.php\/mapa-de-sitio\/","title":{"rendered":"Mapa de sitio"},"content":{"rendered":"<div class=\"wsp-container\"><h2 class=\"wsp-pages-title\">P\u00e1ginas<\/h2>\n<ul class=\"wsp-pages-list\">\n<li class=\"page_item page-item-377\"><a href=\"https:\/\/mintrabajo.gob.bo\/index.php\/analisis-externo-oportunidades-y-amenazas\/\">An\u00e1lisis externo: Oportunidades y Amenazas<\/a><\/li>\n<li class=\"page_item page-item-369\"><a href=\"https:\/\/mintrabajo.gob.bo\/index.php\/analisis-interno-fortalezas-y-debilidades\/\">An\u00e1lisis interno: Fortalezas y Debilidades<\/a><\/li>\n<li class=\"page_item page-item-38110\"><a href=\"https:\/\/mintrabajo.gob.bo\/index.php\/anexos-r-m-437-22\/\">Anexos R.M. 437\/22<\/a><\/li>\n<li class=\"page_item page-item-449\"><a href=\"https:\/\/mintrabajo.gob.bo\/index.php\/informacion-sobre-las-areas-o-procesos-que-seran-auditados-durante-el-ano\/\">Auditor\u00edas<\/a><\/li>\n<li class=\"page_item page-item-373\"><a href=\"https:\/\/mintrabajo.gob.bo\/index.php\/articulos\/\">Biblioteca Laboral<\/a><\/li>\n<li class=\"page_item page-item-348\"><a href=\"https:\/\/mintrabajo.gob.bo\/index.php\/boletines\/\">Boletines<\/a><\/li>\n<li class=\"page_item page-item-385\"><a href=\"https:\/\/mintrabajo.gob.bo\/index.php\/campanas-y-actividades\/\">Campa\u00f1as y Actividades<\/a><\/li>\n<li class=\"page_item page-item-6808\"><a href=\"https:\/\/mintrabajo.gob.bo\/index.php\/componentes\/\">Componentes<\/a><\/li>\n<li class=\"page_item page-item-1191\"><a href=\"https:\/\/mintrabajo.gob.bo\/index.php\/lista-comunicados-page\/\">Comunicados<\/a><\/li>\n<li class=\"page_item page-item-16993\"><a href=\"https:\/\/mintrabajo.gob.bo\/index.php\/contrataciones\/\">Contrataciones<\/a><\/li>\n<li class=\"page_item page-item-17044\"><a href=\"https:\/\/mintrabajo.gob.bo\/index.php\/contratos\/\">Contratos<\/a><\/li>\n<li class=\"page_item page-item-389\"><a href=\"https:\/\/mintrabajo.gob.bo\/index.php\/listado-de-convocatorias-vigentes-de-bienes-y-servicios\/\">Convocatorias<\/a><\/li>\n<li class=\"page_item page-item-38091\"><a href=\"https:\/\/mintrabajo.gob.bo\/index.php\/coordinador-y-comites-mixtos-h-s-o-b\/\">Coordinador y Comit\u00e9s Mixtos H.S.O.B.<\/a><\/li>\n<li class=\"page_item page-item-440\"><a href=\"https:\/\/mintrabajo.gob.bo\/index.php\/cpe\/\">CPE<\/a><\/li>\n<li class=\"page_item page-item-632\"><a href=\"https:\/\/mintrabajo.gob.bo\/index.php\/cursos-de-capacitacion\/\">Cursos de Capacitaci\u00f3n<\/a><\/li>\n<li class=\"page_item page-item-915\"><a href=\"https:\/\/mintrabajo.gob.bo\/index.php\/datos\/\">Datos y Estad\u00edsticas<\/a><\/li>\n<li class=\"page_item page-item-1179\"><a href=\"https:\/\/mintrabajo.gob.bo\/index.php\/decretos\/\">Decretos<\/a><\/li>\n<li class=\"page_item page-item-17068\"><a href=\"https:\/\/mintrabajo.gob.bo\/index.php\/17068-2\/\">Denuncias por Hechos de Corrupci\u00f3n<\/a><\/li>\n<li class=\"page_item page-item-560\"><a href=\"https:\/\/mintrabajo.gob.bo\/index.php\/dependencia\/\">Dependencia<\/a><\/li>\n<li class=\"page_item page-item-408\"><a href=\"https:\/\/mintrabajo.gob.bo\/index.php\/descripcion-de-convocatorias\/\">Descripci\u00f3n de convocatorias<\/a><\/li>\n<li class=\"page_item page-item-791\"><a href=\"https:\/\/mintrabajo.gob.bo\/index.php\/descripcion-de-las-etapas-del-proceso-como-pruebas-escritas-entrevistas-evaluaciones-etc\/\">Descripci\u00f3n de las etapas del proceso, como pruebas escritas, entrevistas, evaluaciones, etc<\/a><\/li>\n<li class=\"page_item page-item-417\"><a href=\"https:\/\/mintrabajo.gob.bo\/index.php\/descripcion-de-proyectos\/\">Descripci\u00f3n de proyectos<\/a><\/li>\n<li class=\"page_item page-item-625\"><a href=\"https:\/\/mintrabajo.gob.bo\/index.php\/direccion-de-correo-electronico-para-consultas-generales\/\">Direcci\u00f3n de correo electr\u00f3nico para consultas generales<\/a><\/li>\n<li class=\"page_item page-item-1106\"><a href=\"https:\/\/mintrabajo.gob.bo\/index.php\/lista-direcciones-page\/\">Direcciones<\/a><\/li>\n<li class=\"page_item page-item-661\"><a href=\"https:\/\/mintrabajo.gob.bo\/index.php\/direcciones-de-correo-electronico-institucional-de-contacto-para-cada-funcionario\/\">Direcciones de correo electr\u00f3nico institucional de contacto para cada funcionario<\/a><\/li>\n<li class=\"page_item page-item-637\"><a href=\"https:\/\/mintrabajo.gob.bo\/index.php\/direcciones-de-la-oficina-central-y-oficinas-regionales\/\">Direcciones de la oficina central y oficinas regionales<\/a><\/li>\n<li class=\"page_item page-item-332\"><a href=\"https:\/\/mintrabajo.gob.bo\/index.php\/directorio-de-autoridades\/\">Directorio de autoridades<\/a><\/li>\n<li class=\"page_item page-item-909\"><a href=\"https:\/\/mintrabajo.gob.bo\/index.php\/documentos-de-convocatoria-2\/\">Documentos de Convocatoria<\/a><\/li>\n<li class=\"page_item page-item-553\"><a href=\"https:\/\/mintrabajo.gob.bo\/index.php\/ejecucion-presupuestaria-por-categoria-programatica\/\">Ejecuci\u00f3n presupuestaria por categor\u00eda program\u00e1tica<\/a><\/li>\n<li class=\"page_item page-item-573\"><a href=\"https:\/\/mintrabajo.gob.bo\/index.php\/ejecucion-presupuestaria-por-fuente-de-financiamiento\/\">Ejecuci\u00f3n presupuestaria por fuente de financiamiento<\/a><\/li>\n<li class=\"page_item page-item-569\"><a href=\"https:\/\/mintrabajo.gob.bo\/index.php\/ejecucion-presupuestaria-por-grupo-de-gasto\/\">Ejecuci\u00f3n presupuestaria por grupo de gasto<\/a><\/li>\n<li class=\"page_item page-item-561\"><a href=\"https:\/\/mintrabajo.gob.bo\/index.php\/ejecucion-presupuestaria-por-unidad-organizacional\/\">Ejecuci\u00f3n presupuestaria por unidad organizacional<\/a><\/li>\n<li class=\"page_item page-item-605\"><a href=\"https:\/\/mintrabajo.gob.bo\/index.php\/enlaces-de-interes\/\">Enlaces de Inter\u00e9s<\/a><\/li>\n<li class=\"page_item page-item-529\"><a href=\"https:\/\/mintrabajo.gob.bo\/index.php\/escala-salarial\/\">Escala Salarial<\/a><\/li>\n<li class=\"page_item page-item-919\"><a href=\"https:\/\/mintrabajo.gob.bo\/index.php\/estadisticas\/\">Estad\u00edsticas<\/a><\/li>\n<li class=\"page_item page-item-684\"><a href=\"https:\/\/mintrabajo.gob.bo\/index.php\/explicacion-del-proceso-de-seleccion-que-se-llevara-a-cabo-para-cubrir-las-vacantes\/\">Explicaci\u00f3n del proceso de selecci\u00f3n que se llevara a cabo para cubrir las vacantes<\/a><\/li>\n<li class=\"page_item page-item-38186\"><a href=\"https:\/\/mintrabajo.gob.bo\/index.php\/fondos-en-custodia\/\">Fondos en Custodia<\/a><\/li>\n<li class=\"page_item page-item-673\"><a href=\"https:\/\/mintrabajo.gob.bo\/index.php\/formulario-de-contacto\/\">Formulario de Contacto<\/a><\/li>\n<li class=\"page_item page-item-677\"><a href=\"https:\/\/mintrabajo.gob.bo\/index.php\/formulario-de-denuncias\/\">Formulario de Denuncias por Hechos de Corrupci\u00f3n<\/a><\/li>\n<li class=\"page_item page-item-828\"><a href=\"https:\/\/mintrabajo.gob.bo\/index.php\/formulario-de-inscripcion\/\">Formulario de inscripci\u00f3n<\/a><\/li>\n<li class=\"page_item page-item-17076\"><a href=\"https:\/\/mintrabajo.gob.bo\/index.php\/formulario-de-solicitud-de-informacion\/\">Formulario de Solicitud de Informaci\u00f3n<\/a><\/li>\n<li class=\"page_item page-item-301\"><a href=\"https:\/\/mintrabajo.gob.bo\/index.php\/fotografias\/\">Fotograf\u00edas<\/a><\/li>\n<li class=\"page_item page-item-609\"><a href=\"https:\/\/mintrabajo.gob.bo\/index.php\/funciones-y-atribuciones\/\">Funciones y atribuciones<\/a><\/li>\n<li class=\"page_item page-item-8169\"><a href=\"https:\/\/mintrabajo.gob.bo\/index.php\/galeria-multimedia\/\">Galer\u00eda Multimedia<\/a><\/li>\n<li class=\"page_item page-item-13880\"><a href=\"https:\/\/mintrabajo.gob.bo\/index.php\/lista-herramientas-page\/\">Herramientas y Servicios Digitales<\/a><\/li>\n<li class=\"page_item page-item-649\"><a href=\"https:\/\/mintrabajo.gob.bo\/index.php\/horario-de-atencion-al-publico\/\">Horario de atenci\u00f3n al p\u00fablico<\/a><\/li>\n<li class=\"page_item page-item-313\"><a href=\"https:\/\/mintrabajo.gob.bo\/index.php\/informes\/\">Informes<\/a><\/li>\n<li class=\"page_item page-item-601\"><a href=\"https:\/\/mintrabajo.gob.bo\/index.php\/informes-periodicos-sobre-el-avance-y-cumplimiento-de-los-contratos-adjudicados\/\">Informes peri\u00f3dicos sobre el avance y cumplimiento de los contratos adjudicados<\/a><\/li>\n<li class=\"page_item page-item-460\"><a href=\"https:\/\/mintrabajo.gob.bo\/index.php\/leyes\/\">Leyes<\/a><\/li>\n<li class=\"page_item page-item-589\"><a href=\"https:\/\/mintrabajo.gob.bo\/index.php\/linea-del-tiempo-que-muestra-las-fases-del-proceso-de-contratacion\/\">Linea del tiempo que muestra las fases del proceso de contrataci\u00f3n<\/a><\/li>\n<li class=\"page_item page-item-585\"><a href=\"https:\/\/mintrabajo.gob.bo\/index.php\/lista-de-contratos-adjudicados-de-bienes\/\">Lista de contratos adjudicados de bienes<\/a><\/li>\n<li class=\"page_item page-item-796\"><a href=\"https:\/\/mintrabajo.gob.bo\/index.php\/lista-de-documentos-y-requisitos-necesarios-para-participar-en-las-convocatorias\/\">Lista de documentos y requisitos necesarios para  participar en las convocatorias<\/a><\/li>\n<li class=\"page_item page-item-38089\"><a href=\"https:\/\/mintrabajo.gob.bo\/index.php\/lista-de-profesionales-habilitados\/\">Lista de Profesionales Habilitados<\/a><\/li>\n<li class=\"page_item page-item-672\"><a href=\"https:\/\/mintrabajo.gob.bo\/index.php\/listado-de-convocatorias-abiertas-o-proximas-a-abrirse-para-distintos-puesto-y-cargos-dentro-de-la-entidad-estatal\/\">Listado de convocatorias abiertas o pr\u00f3ximas a abrirse para distintos puesto y cargos dentro de la entidad estatal<\/a><\/li>\n<li class=\"page_item page-item-653\"><a href=\"https:\/\/mintrabajo.gob.bo\/index.php\/listado-de-internos-por-unidad-organizacional\/\">Listado de internos por unidad organizacional<\/a><\/li>\n<li class=\"page_item page-item-537\"><a href=\"https:\/\/mintrabajo.gob.bo\/index.php\/manual-de-organizacion\/\">Manual de Organizaci\u00f3n Funcional (MOF)<\/a><\/li>\n<li class=\"page_item page-item-617\"><a href=\"https:\/\/mintrabajo.gob.bo\/index.php\/manuales-de-procedimiento\/\">Manuales de Procedimientos<\/a><\/li>\n<li class=\"page_item page-item-5809\"><a href=\"https:\/\/mintrabajo.gob.bo\/index.php\/mapa-de-sitio\/\">Mapa de sitio<\/a><\/li>\n<li class=\"page_item page-item-641\"><a href=\"https:\/\/mintrabajo.gob.bo\/index.php\/mapa-de-ubicacion-central-y-sucursales\/\">Mapa de ubicaci\u00f3n central y sucursales<\/a><\/li>\n<li class=\"page_item page-item-493\"><a href=\"https:\/\/mintrabajo.gob.bo\/index.php\/memoria-intitucional\/\">Memoria Institucional<\/a><\/li>\n<li class=\"page_item page-item-308\"><a href=\"https:\/\/mintrabajo.gob.bo\/index.php\/multimedia\/\">Multimedia<\/a><\/li>\n<li class=\"page_item page-item-497\"><a href=\"https:\/\/mintrabajo.gob.bo\/index.php\/nomina-de-autoridades\/\">N\u00f3mina de Autoridades<\/a><\/li>\n<li class=\"page_item page-item-581\"><a href=\"https:\/\/mintrabajo.gob.bo\/index.php\/nomina-de-empresas-que-se-adjudicaron-procesos-de-contratacion-de-bienes\/\">N\u00f3mina de empresas que se adjudicaron procesos de contrataci\u00f3n de bienes<\/a><\/li>\n<li class=\"page_item page-item-516\"><a href=\"https:\/\/mintrabajo.gob.bo\/index.php\/nomina-de-servidores-publicos\/\">N\u00f3mina de Servidores P\u00fablicos<\/a><\/li>\n<li class=\"page_item page-item-17852\"><a href=\"https:\/\/mintrabajo.gob.bo\/index.php\/normas-tecnicas-de-sst\/\">Normas T\u00e9cnicas de SST<\/a><\/li>\n<li class=\"page_item page-item-13276\"><a href=\"https:\/\/mintrabajo.gob.bo\/index.php\/normativa-externa\/\">Normativa Externa<\/a><\/li>\n<li class=\"page_item page-item-13274\"><a href=\"https:\/\/mintrabajo.gob.bo\/index.php\/normativa-interna\/\">Normativa Interna<\/a><\/li>\n<li class=\"page_item page-item-297\"><a href=\"https:\/\/mintrabajo.gob.bo\/index.php\/comunicados-de-prensa\/\">Notas de Prensa<\/a><\/li>\n<li class=\"page_item page-item-633\"><a href=\"https:\/\/mintrabajo.gob.bo\/index.php\/numero-de-telefono-para-contacto-general\/\">N\u00famero de tel\u00e9fono para contacto general<\/a><\/li>\n<li class=\"page_item page-item-596\"><a href=\"https:\/\/mintrabajo.gob.bo\/index.php\/objetivo-del-area-o-unidad-organizacional\/\">Objetivo del \u00e1rea o unidad organizacional<\/a><\/li>\n<li class=\"page_item page-item-328\"><a href=\"https:\/\/mintrabajo.gob.bo\/index.php\/descripcion-de-los-objetivos-y-funciones-principales-de-la-entidad-2\/\">Objetivos Institucionales<\/a><\/li>\n<li class=\"page_item page-item-648\"><a href=\"https:\/\/mintrabajo.gob.bo\/index.php\/oportunidad-de-empleo\/\">Oportunidad de Empleo<\/a><\/li>\n<li class=\"page_item page-item-20629\"><a href=\"https:\/\/mintrabajo.gob.bo\/index.php\/organigrama2\/\">Organigrama<\/a><\/li>\n<li class=\"page_item page-item-1089\"><a href=\"https:\/\/mintrabajo.gob.bo\/index.php\/lista-notas-prensa-page\/\">P\u00e1gina lista de Notas de prensa (Template)<\/a><\/li>\n<li class=\"page_item page-item-613\"><a href=\"https:\/\/mintrabajo.gob.bo\/index.php\/perfiles-de-cargo\/\">Perfiles de Cargo<\/a><\/li>\n<li class=\"page_item page-item-660\"><a href=\"https:\/\/mintrabajo.gob.bo\/index.php\/perfiles-requeridos\/\">Perfiles requeridos<\/a><\/li>\n<li class=\"page_item page-item-421\"><a href=\"https:\/\/mintrabajo.gob.bo\/index.php\/plan-de-trabajo-y-cronograma-de-los-proyectos\/\">Plan de trabajo y cronograma de los proyectos<\/a><\/li>\n<li class=\"page_item page-item-401\"><a href=\"https:\/\/mintrabajo.gob.bo\/index.php\/pei-descargable\/\">Plan Estrat\u00e9gico Institucional (PEI)<\/a><\/li>\n<li class=\"page_item page-item-3\"><a href=\"https:\/\/mintrabajo.gob.bo\/index.php\/politica-privacidad\/\">Pol\u00edtica de privacidad<\/a><\/li>\n<li class=\"page_item page-item-665\"><a href=\"https:\/\/mintrabajo.gob.bo\/index.php\/preguntas-y-respuestas-frecuentes-relacionadas-con-el-contacto-con-la-entidad-estatal\/\">Preguntas y respuestas frecuentes relacionadas con el contacto con la entidad estatal.<\/a><\/li>\n<li class=\"page_item page-item-505\"><a href=\"https:\/\/mintrabajo.gob.bo\/index.php\/presupuesto-actual-aprobado\/\">Presupuesto actual aprobado<\/a><\/li>\n<li class=\"page_item page-item-509\"><a href=\"https:\/\/mintrabajo.gob.bo\/index.php\/presupuesto-aprobado-por-categoria-programatica\/\">Presupuesto aprobado por categor\u00eda program\u00e1tica<\/a><\/li>\n<li class=\"page_item page-item-521\"><a href=\"https:\/\/mintrabajo.gob.bo\/index.php\/presupuesto-aprobado-por-grupo-de-gastos\/\">Presupuesto aprobado por grupo de gastos<\/a><\/li>\n<li class=\"page_item page-item-541\"><a href=\"https:\/\/mintrabajo.gob.bo\/index.php\/presupuesto-aprobado-por-unidad-organizacional\/\">Presupuesto aprobado por unidad organizacional<\/a><\/li>\n<li class=\"page_item page-item-517\"><a href=\"https:\/\/mintrabajo.gob.bo\/index.php\/presupuesto-aprobado-unidad-organizacional\/\">Presupuesto aprobado unidad organizacional<\/a><\/li>\n<li class=\"page_item page-item-393\"><a href=\"https:\/\/mintrabajo.gob.bo\/index.php\/presupuesto-de-las-estrategias-intitucionales\/\">Presupuesto Institucional<\/a><\/li>\n<li class=\"page_item page-item-533\"><a href=\"https:\/\/mintrabajo.gob.bo\/index.php\/presupuesto-por-categoria-programatica\/\">Presupuesto por categor\u00eda program\u00e1tica<\/a><\/li>\n<li class=\"page_item page-item-525\"><a href=\"https:\/\/mintrabajo.gob.bo\/index.php\/presupuesto-por-fuente-de-financiamiento\/\">Presupuesto por fuente de financiamiento<\/a><\/li>\n<li class=\"page_item page-item-20867\"><a href=\"https:\/\/mintrabajo.gob.bo\/index.php\/valores-y-principios\/\">Principios y Valores Institucionales<\/a><\/li>\n<li class=\"page_item page-item-337\"><a href=\"https:\/\/mintrabajo.gob.bo\/index.php\/aprobacion-del-poa-documento-normativo\/\">Programaci\u00f3n Operativo Anual (POA)<\/a><\/li>\n<li class=\"page_item page-item-17085\"><a href=\"https:\/\/mintrabajo.gob.bo\/index.php\/proveedores\/\">Proveedores<\/a><\/li>\n<li class=\"page_item page-item-309\"><a href=\"https:\/\/mintrabajo.gob.bo\/index.php\/declaracion-de-la-mision-vision-valores-y-principios-de-la-entidad\/\">Raz\u00f3n de Ser y Horizonte Pol\u00edtico<\/a><\/li>\n<li class=\"page_item page-item-991\"><a href=\"https:\/\/mintrabajo.gob.bo\/index.php\/redes-sociales-y-medios-de-comunicacion\/\">Redes sociales y medios de comunicaci\u00f3n<\/a><\/li>\n<li class=\"page_item page-item-38087\"><a href=\"https:\/\/mintrabajo.gob.bo\/index.php\/registro-nacional-de-profesionales-y-tecnicos-h-s-o-b\/\">Registro Nacional de Profesionales y T\u00e9cnicos H.S.O.B.<\/a><\/li>\n<li class=\"page_item page-item-472\"><a href=\"https:\/\/mintrabajo.gob.bo\/index.php\/reglamentos\/\">Reglamentos externos<\/a><\/li>\n<li class=\"page_item page-item-933\"><a href=\"https:\/\/mintrabajo.gob.bo\/index.php\/reglamentos-internos\/\">Reglamentos Internos<\/a><\/li>\n<li class=\"page_item page-item-17073\"><a href=\"https:\/\/mintrabajo.gob.bo\/index.php\/rendicion-publica-de-cuentas\/\">Rendici\u00f3n P\u00fablica de Cuentas<\/a><\/li>\n<li class=\"page_item page-item-432\"><a href=\"https:\/\/mintrabajo.gob.bo\/index.php\/reportes-de-estadisticas\/\">Reportes de estadisticas<\/a><\/li>\n<li class=\"page_item page-item-321\"><a href=\"https:\/\/mintrabajo.gob.bo\/index.php\/breve-historia-o-resena-sobre-la-creacion-y-evolucion-de-la-entidad\/\">Rese\u00f1a Hist\u00f3rica<\/a><\/li>\n<li class=\"page_item page-item-397\"><a href=\"https:\/\/mintrabajo.gob.bo\/index.php\/resolucion-ministerial\/\">Resoluci\u00f3n Ministerial<\/a><\/li>\n<li class=\"page_item page-item-477\"><a href=\"https:\/\/mintrabajo.gob.bo\/index.php\/resoluciones\/\">Resoluciones<\/a><\/li>\n<li class=\"page_item page-item-428\"><a href=\"https:\/\/mintrabajo.gob.bo\/index.php\/resportes\/\">Resportes<\/a><\/li>\n<li class=\"page_item page-item-38084\"><a href=\"https:\/\/mintrabajo.gob.bo\/index.php\/seguridad-ocupacional\/\">Seguridad Ocupacional<\/a><\/li>\n<li class=\"page_item page-item-17647\"><a href=\"https:\/\/mintrabajo.gob.bo\/index.php\/servicio-social-comunitario-descolonizador-y-despatriarcalizador\/\">SERVICIO SOCIAL COMUNITARIO DESCOLONIZADOR Y DESPATRIARCALIZADOR<\/a><\/li>\n<li class=\"page_item page-item-4351\"><a href=\"https:\/\/mintrabajo.gob.bo\/index.php\/lista-servicios-page\/\">Servicios<\/a><\/li>\n<li class=\"page_item page-item-568\"><a href=\"https:\/\/mintrabajo.gob.bo\/index.php\/supervision-sobre\/\">Supervisi\u00f3n sobre<\/a><\/li>\n<li class=\"page_item page-item-11701\"><a href=\"https:\/\/mintrabajo.gob.bo\/index.php\/terminos-y-condiciones\/\">T\u00e9rminos y Condiciones de Uso de la P\u00e1gina Web Institucional<\/a><\/li>\n<li class=\"page_item page-item-1088\"><a href=\"https:\/\/mintrabajo.gob.bo\/index.php\/lista-tramites-page\/\">Tr\u00e1mites<\/a><\/li>\n<li class=\"page_item page-item-448\"><a href=\"https:\/\/mintrabajo.gob.bo\/index.php\/tratados-internacionales\/\">Tratados internacionales<\/a><\/li>\n<li class=\"page_item page-item-45567\"><a href=\"https:\/\/mintrabajo.gob.bo\/index.php\/qr-me-qr-com-a9pjbjnj\/\">VIDEO TUTORIAL D TICKET<\/a><\/li>\n<\/ul>\n<h2 class=\"wsp-posts-title\">Posts por categor\u00eda<\/h2>\n<ul class=\"wsp-posts-list\">\n\t<li><strong class=\"wsp-category-title\">Category: <a href=\"https:\/\/mintrabajo.gob.bo\/index.php\/category\/institucional\/\">Institucional<\/a><\/strong>\n<ul class=\"wsp-posts-list\">\t\t<li class=\"wsp-post\"><a href=\"https:\/\/mintrabajo.gob.bo\/index.php\/2026\/02\/26\/servicio-social-comunitario-descolonizador-y-despatriarcalizador\/\">SERVICIO SOCIAL COMUNITARIO DESCOLONIZADOR Y DESPATRIARCALIZADOR<\/a><\/li>\n<\/ul><\/li>\n\t<li><strong class=\"wsp-category-title\">Category: <a href=\"https:\/\/mintrabajo.gob.bo\/index.php\/category\/sin-categoria\/\">Sin categor\u00eda<\/a><\/strong>\n<ul class=\"wsp-posts-list\">\t\t<li class=\"wsp-post\"><a href=\"https:\/\/mintrabajo.gob.bo\/index.php\/2024\/03\/28\/hola-mundo\/\">\u00a1Hola, mundo!<\/a><\/li>\n<\/ul><\/li>\n<\/ul>\n<h2 class=\"wsp-tramitev2s-title\">Tramites v2<\/h2>\n<ul class=\"wsp-tramitev2s-list\">\n<li><a href=\"https:\/\/mintrabajo.gob.bo\/index.php\/tramitev2\/presentacion-fuera-de-plazo-y-con-multas-planillas-trimestrales\/\">PRESENTACI\u00d3N FUERA DE PLAZO Y CON MULTAS PLANILLAS TRIMESTRALES<\/a><\/li>\n<li><a href=\"https:\/\/mintrabajo.gob.bo\/index.php\/tramitev2\/presentacion-fuera-de-plazo-y-con-multas-planillas-mensuales\/\">PRESENTACI\u00d3N FUERA DE PLAZO Y CON MULTAS PLANILLAS MENSUALES<\/a><\/li>\n<li><a href=\"https:\/\/mintrabajo.gob.bo\/index.php\/tramitev2\/presentacion-de-planillas-de-segundo-aguinaldo-gestion-2018\/\">PRESENTACI\u00d3N DE PLANILLAS DE SEGUNDO AGUINALDO\u2013 GESTI\u00d3N 2018<\/a><\/li>\n<li><a href=\"https:\/\/mintrabajo.gob.bo\/index.php\/tramitev2\/presentacion-de-planillas-de-primas-gestion-2025\/\">PRESENTACION DE PLANILLAS DE PRIMAS \u2013 GESTI\u00d3N 2025<\/a><\/li>\n<li><a href=\"https:\/\/mintrabajo.gob.bo\/index.php\/tramitev2\/presentacion-de-planillas-de-primas-gestion-2021\/\">PRESENTACION DE PLANILLAS DE PRIMAS \u2013 GESTI\u00d3N 2021<\/a><\/li>\n<li><a href=\"https:\/\/mintrabajo.gob.bo\/index.php\/tramitev2\/presentacion-de-planillas-de-primas-gestion-2020\/\">PRESENTACION DE PLANILLAS DE PRIMAS \u2013 GESTI\u00d3N 2020<\/a><\/li>\n<li><a href=\"https:\/\/mintrabajo.gob.bo\/index.php\/tramitev2\/presentacion-de-planillas-de-primas-gestion-2019\/\">PRESENTACION DE PLANILLAS DE PRIMAS \u2013 GESTI\u00d3N 2019<\/a><\/li>\n<li><a href=\"https:\/\/mintrabajo.gob.bo\/index.php\/tramitev2\/presentacion-de-planillas-de-aguinaldo-de-navidad-gestion-2022\/\">PRESENTACI\u00d3N DE PLANILLAS DE AGUINALDO DE NAVIDAD GESTI\u00d3N 2022<\/a><\/li>\n<li><a href=\"https:\/\/mintrabajo.gob.bo\/index.php\/tramitev2\/presentacion-de-planillas-de-aguinaldo-de-navidad-gestion-2021\/\">PRESENTACI\u00d3N DE PLANILLAS DE AGUINALDO DE NAVIDAD GESTI\u00d3N 2021<\/a><\/li>\n<li><a href=\"https:\/\/mintrabajo.gob.bo\/index.php\/tramitev2\/presentacion-de-planillas-de-aguinaldo-de-navidad-gestion-2020\/\">PRESENTACI\u00d3N DE PLANILLAS DE AGUINALDO DE NAVIDAD GESTI\u00d3N 2020<\/a><\/li>\n<li><a href=\"https:\/\/mintrabajo.gob.bo\/index.php\/tramitev2\/presentacion-de-planillas-de-aguinaldo-de-navidad-gestion-2019\/\">PRESENTACI\u00d3N DE PLANILLAS DE AGUINALDO DE NAVIDAD GESTI\u00d3N 2019<\/a><\/li>\n<li><a href=\"https:\/\/mintrabajo.gob.bo\/index.php\/tramitev2\/planilla-retroactiva-de-incremento-salarial-gestion-2022\/\">PLANILLA RETROACTIVA DE INCREMENTO SALARIAL GESTI\u00d3N 2022.<\/a><\/li>\n<li><a href=\"https:\/\/mintrabajo.gob.bo\/index.php\/tramitev2\/planilla-retroactiva-de-incremento-salarial-gestion-2021\/\">PLANILLA RETROACTIVA DE INCREMENTO SALARIAL GESTI\u00d3N 2021<\/a><\/li>\n<li><a href=\"https:\/\/mintrabajo.gob.bo\/index.php\/tramitev2\/oficina-virtual-de-tramites\/\">OFICINA VIRTUAL DE TRAMITES<\/a><\/li>\n<li><a href=\"https:\/\/mintrabajo.gob.bo\/index.php\/tramitev2\/formulario-digital-de-reporte-de-medidas-laborales\/\">FORMULARIO DIGITAL DE REPORTE DE MEDIDAS LABORALES<\/a><\/li>\n<li><a href=\"https:\/\/mintrabajo.gob.bo\/index.php\/tramitev2\/formulario-de-finiquitos\/\">FORMULARIO DE FINIQUITOS<\/a><\/li>\n<\/ul>\n<h2 class=\"wsp-tramites-title\">Tramites<\/h2>\n<ul class=\"wsp-tramites-list\">\n<li><a href=\"https:\/\/mintrabajo.gob.bo\/index.php\/tramite\/tramite1\/\">Tramite 1<\/a><\/li>\n<li><a href=\"https:\/\/mintrabajo.gob.bo\/index.php\/tramite\/plan-institucional-de-implementacion-de-gobierno-electronico\/\">Tramite 2 PIGE<\/a><\/li>\n<li><a href=\"https:\/\/mintrabajo.gob.bo\/index.php\/tramite\/ciudadania-digital\/\">Tramite 3 CD<\/a><\/li>\n<li><a href=\"https:\/\/mintrabajo.gob.bo\/index.php\/tramite\/pislea\/\">Tramite 4 PISLEA<\/a><\/li>\n<li><a href=\"https:\/\/mintrabajo.gob.bo\/index.php\/tramite\/1039\/\">Tramite 5 PISI<\/a><\/li>\n<\/ul>\n<h2 class=\"wsp-servicios-title\">Servicios<\/h2>\n<ul class=\"wsp-servicios-list\">\n<li><a href=\"https:\/\/mintrabajo.gob.bo\/index.php\/servicio\/servicio-social-comunitario-descolonizador-y-despatriarcalizador\/\">Servicio Social Comunitario, Descolonizador y Despatriarcalizador<\/a><\/li>\n<li><a href=\"https:\/\/mintrabajo.gob.bo\/index.php\/servicio\/sistema-de-inspectoria-de-tramites\/\">Sistema de Inspectoria de Tramites<\/a><\/li>\n<li><a href=\"https:\/\/mintrabajo.gob.bo\/index.php\/servicio\/moto-mendez\/\">Moto Mendez<\/a><\/li>\n<\/ul>\n<h2 class=\"wsp-peis-title\">Plan estrat\u00e9gico institucional<\/h2>\n<ul class=\"wsp-peis-list\">\n<li><a href=\"https:\/\/mintrabajo.gob.bo\/index.php\/pei\/plan-estrategico-institucional-2021-2025\/\">PLAN ESTRAT\u00c9GICO INSTITUCIONAL (2021 - 2025)<\/a><\/li>\n<li><a href=\"https:\/\/mintrabajo.gob.bo\/index.php\/pei\/plan-estrategico-institucional-ajustado-2016-2020-mteps\/\">Plan Estrat\u00e9gico Institucional Ajustado (2016-2020)  MTEPS<\/a><\/li>\n<\/ul>\n<h2 class=\"wsp-presupuestos-title\">Presupuesto<\/h2>\n<ul class=\"wsp-presupuestos-list\">\n<li><a href=\"https:\/\/mintrabajo.gob.bo\/index.php\/presupuesto\/3-presupuesto-2025\/\">3 Presupuesto por Fuente de Financiamiento 2025<\/a><\/li>\n<li><a href=\"https:\/\/mintrabajo.gob.bo\/index.php\/presupuesto\/2-presupuesto-2025\/\">2 Presupuesto Gesti\u00f3n 2025<\/a><\/li>\n<li><a href=\"https:\/\/mintrabajo.gob.bo\/index.php\/presupuesto\/lorem-titulo-del-presupuesto-institucional\/\">1 Ejecuci\u00f3n Presupuestaria 2025<\/a><\/li>\n<\/ul>\n<h2 class=\"wsp-auditorias-title\">Auditorias<\/h2>\n<ul class=\"wsp-auditorias-list\">\n<li><a href=\"https:\/\/mintrabajo.gob.bo\/index.php\/auditoria\/resumen-ejecutivo-inf-mteps-uai-no-002-2026\/\">Resumen Ejecutivo INF.MTEPS\/UAI No 002\/2026<\/a><\/li>\n<li><a href=\"https:\/\/mintrabajo.gob.bo\/index.php\/auditoria\/resumen-ejecutivo-inf-mteps-uai-01-2026\/\">Resumen Ejecutivo INF.MTEPS\/UAI 01\/2026<\/a><\/li>\n<li><a href=\"https:\/\/mintrabajo.gob.bo\/index.php\/auditoria\/poa-uai-2026\/\">POA-UAI-2026<\/a><\/li>\n<li><a href=\"https:\/\/mintrabajo.gob.bo\/index.php\/auditoria\/inf-mteps-uai-18-2025\/\">INF-MTEPS-UAI 18-2025<\/a><\/li>\n<li><a href=\"https:\/\/mintrabajo.gob.bo\/index.php\/auditoria\/inf-mteps-uai-17-2025\/\">INF-MTEPS-UAI 17-2025<\/a><\/li>\n<li><a href=\"https:\/\/mintrabajo.gob.bo\/index.php\/auditoria\/inf-mteps-uai-16-2025\/\">INF-MTEPS-UAI 16-2025<\/a><\/li>\n<li><a href=\"https:\/\/mintrabajo.gob.bo\/index.php\/auditoria\/17060\/\">INF-MTEPS-UAI 15-2025<\/a><\/li>\n<li><a href=\"https:\/\/mintrabajo.gob.bo\/index.php\/auditoria\/7475\/\">INF-MTEPS-UAI 14-2025<\/a><\/li>\n<li><a href=\"https:\/\/mintrabajo.gob.bo\/index.php\/auditoria\/inf-mteps-uai-03-2025\/\">INF-MTEPS-UAI 03-2025<\/a><\/li>\n<li><a href=\"https:\/\/mintrabajo.gob.bo\/index.php\/auditoria\/inf-mteps-uai-23-2024\/\">INF-MTEPS-UAI 23-2024<\/a><\/li>\n<li><a href=\"https:\/\/mintrabajo.gob.bo\/index.php\/auditoria\/inf-mteps-uai-22-2024\/\">INF-MTEPS-UAI 22-2024<\/a><\/li>\n<li><a href=\"https:\/\/mintrabajo.gob.bo\/index.php\/auditoria\/inf-mteps-uai-20-2024\/\">INF-MTEPS-UAI 20-2024<\/a><\/li>\n<li><a href=\"https:\/\/mintrabajo.gob.bo\/index.php\/auditoria\/inf-mteps-uai-18-2024\/\">INF-MTEPS-UAI 18-2024<\/a><\/li>\n<li><a href=\"https:\/\/mintrabajo.gob.bo\/index.php\/auditoria\/inf-mteps-uai-17-2024\/\">INF-MTEPS-UAI 17-2024<\/a><\/li>\n<li><a href=\"https:\/\/mintrabajo.gob.bo\/index.php\/auditoria\/inf-mteps-uai-16-2024\/\">INF-MTEPS-UAI 16-2024<\/a><\/li>\n<li><a href=\"https:\/\/mintrabajo.gob.bo\/index.php\/auditoria\/inf-mteps-uai-15-2024\/\">INF-MTEPS-UAI 15-2024<\/a><\/li>\n<li><a href=\"https:\/\/mintrabajo.gob.bo\/index.php\/auditoria\/inf-mteps-uai-14-2024\/\">INF-MTEPS-UAI 14-2024<\/a><\/li>\n<li><a href=\"https:\/\/mintrabajo.gob.bo\/index.php\/auditoria\/inf-mteps-uai-12-2024\/\">INF-MTEPS-UAI 12-2024<\/a><\/li>\n<li><a href=\"https:\/\/mintrabajo.gob.bo\/index.php\/auditoria\/inf-mteps-uai-11-2024\/\">INF-MTEPS-UAI 11-2024<\/a><\/li>\n<li><a href=\"https:\/\/mintrabajo.gob.bo\/index.php\/auditoria\/inf-mteps-uai-10-2024\/\">INF-MTEPS-UAI 10-2024<\/a><\/li>\n<li><a href=\"https:\/\/mintrabajo.gob.bo\/index.php\/auditoria\/inf-mteps-uai-09-2024\/\">INF-MTEPS-UAI 09-2024<\/a><\/li>\n<li><a href=\"https:\/\/mintrabajo.gob.bo\/index.php\/auditoria\/inf-mteps-uai-06-2024\/\">INF-MTEPS-UAI 06-2024<\/a><\/li>\n<li><a href=\"https:\/\/mintrabajo.gob.bo\/index.php\/auditoria\/inf-mteps-uai-05-2024\/\">INF-MTEPS-UAI 05-2024<\/a><\/li>\n<li><a href=\"https:\/\/mintrabajo.gob.bo\/index.php\/auditoria\/inf-mteps-uai-04-2024\/\">INF-MTEPS-UAI 04-2024<\/a><\/li>\n<li><a href=\"https:\/\/mintrabajo.gob.bo\/index.php\/auditoria\/inf-mteps-uai-02-2024\/\">INF-MTEPS-UAI 02-2024<\/a><\/li>\n<li><a href=\"https:\/\/mintrabajo.gob.bo\/index.php\/auditoria\/inf-mteps-uai-01-2024\/\">INF-MTEPS-UAI 01-2024<\/a><\/li>\n<li><a href=\"https:\/\/mintrabajo.gob.bo\/index.php\/auditoria\/inf-mteps-uai-29-2023\/\">INF-MTEPS-UAI 29-2023<\/a><\/li>\n<li><a href=\"https:\/\/mintrabajo.gob.bo\/index.php\/auditoria\/inf-mteps-uai-28-2023\/\">INF-MTEPS-UAI 28-2023<\/a><\/li>\n<li><a href=\"https:\/\/mintrabajo.gob.bo\/index.php\/auditoria\/inf-mteps-uai-27-23\/\">INF-MTEPS-UAI 27-2023<\/a><\/li>\n<li><a href=\"https:\/\/mintrabajo.gob.bo\/index.php\/auditoria\/poa-uai-2024\/\">POA-UAI-2024<\/a><\/li>\n<\/ul>\n<h2 class=\"wsp-contratos-title\">Contratos<\/h2>\n<ul class=\"wsp-contratos-list\">\n<li><a href=\"https:\/\/mintrabajo.gob.bo\/index.php\/contrato\/sistema-de-contrataciones-estatales-convocatorias-2025\/\">SISTEMA DE CONTRATACIONES ESTATALES CONVOCATORIAS 2025<\/a><\/li>\n<li><a href=\"https:\/\/mintrabajo.gob.bo\/index.php\/contrato\/sistema-de-contrataciones-estatales-convocatorias-2024\/\">SISTEMA DE CONTRATACIONES ESTATALES CONVOCATORIAS 2024<\/a><\/li>\n<li><a href=\"https:\/\/mintrabajo.gob.bo\/index.php\/contrato\/sistema-de-contrataciones-estatales-convocatorias-2023\/\">SISTEMA DE CONTRATACIONES ESTATALES CONVOCATORIAS 2023<\/a><\/li>\n<li><a href=\"https:\/\/mintrabajo.gob.bo\/index.php\/contrato\/sistema-de-contrataciones-estatales-convocatorias-2022\/\">SISTEMA DE CONTRATACIONES ESTATALES CONVOCATORIAS 2022<\/a><\/li>\n<li><a href=\"https:\/\/mintrabajo.gob.bo\/index.php\/contrato\/sistema-de-contrataciones-estatales\/\">SISTEMA DE CONTRATACIONES ESTATALES<\/a><\/li>\n<li><a href=\"https:\/\/mintrabajo.gob.bo\/index.php\/contrato\/17048\/\">Adquisici\u00f3n De Equipos De Computaci\u00f3n Para El Proyecto De Equipamiento Para El Fortalecimiento Institucional De La Direcci\u00f3n General Del Servicio Civil (Dgsc) A Nivel Nacional Y De Servicios Del Mteps<\/a><\/li>\n<li><a href=\"https:\/\/mintrabajo.gob.bo\/index.php\/contrato\/anpe-adquisicion-de-estantes-metalicos\/\">ANPE \u2013 Adquisici\u00f3n De Estantes Met\u00e1licos<\/a><\/li>\n<li><a href=\"https:\/\/mintrabajo.gob.bo\/index.php\/contrato\/anpe-adquisicion-de-prendas-de-vestir-para-el-personal-operativo-del-m-t-e-p-s\/\">ANPE \u2013 Adquisici\u00f3n De Prendas De Vestir Para El Personal Operativo Del M.T.E.P.S.<\/a><\/li>\n<li><a href=\"https:\/\/mintrabajo.gob.bo\/index.php\/contrato\/anpe-consultor-individual-por-producto-diagnostico-preliminar-sobre-el-estado-situacional-de-las-cooperativas-a-nivel-nacional\/\">ANPE \u2013 CONSULTOR INDIVIDUAL POR PRODUCTO: DIAGN\u00d3STICO PRELIMINAR SOBRE EL ESTADO SITUACIONAL DE LAS COOPERATIVAS A NIVEL NACIONAL<\/a><\/li>\n<\/ul>\n<h2 class=\"wsp-convocatorias-title\">Convocatorias de Adquisici\u00f3n de Bienes y Servicios<\/h2>\n<ul class=\"wsp-convocatorias-list\">\n<li><a href=\"https:\/\/mintrabajo.gob.bo\/index.php\/convocatoria\/adquisicion-de-papel-reciclado-para-el-mteps-2\/\">ADQUISICI\u00d3N DE PAPEL RECICLADO PARA EL MTEPS<\/a><\/li>\n<li><a href=\"https:\/\/mintrabajo.gob.bo\/index.php\/convocatoria\/adquisicion-de-papel-reciclado-para-el-mteps\/\">ADQUISICI\u00d3N DE PAPEL RECICLADO PARA EL MTEPS<\/a><\/li>\n<li><a href=\"https:\/\/mintrabajo.gob.bo\/index.php\/convocatoria\/adquisicion-de-toners-multifuncionales-para-impresora\/\">ADQUISICI\u00d3N DE TONERS MULTIFUNCIONALES PARA IMPRESORA<\/a><\/li>\n<li><a href=\"https:\/\/mintrabajo.gob.bo\/index.php\/convocatoria\/servicio-de-mantenimiento-de-muebles\/\">SERVICIO DE MANTENIMIENTO DE MUEBLES<\/a><\/li>\n<li><a href=\"https:\/\/mintrabajo.gob.bo\/index.php\/convocatoria\/servicio-de-alquiler-de-ambientes-para-el-resguardo-de-activos-fijos-del-mteps\/\">SERVICIO DE ALQUILER DE AMBIENTES PARA EL RESGUARDO DE ACTIVOS FIJOS DEL MTEPS<\/a><\/li>\n<li><a href=\"https:\/\/mintrabajo.gob.bo\/index.php\/convocatoria\/servicio-de-alquiler-de-galpon-para-resguardo-de-documentos-y-activos-de-la-jefatura-de-santa-cruz\/\">SERVICIO DE ALQUILER DE GALPON PARA RESGUARDO DE DOCUMENTOS Y ACTIVOS DE LA JEFATURA DE SANTA CRUZ<\/a><\/li>\n<li><a href=\"https:\/\/mintrabajo.gob.bo\/index.php\/convocatoria\/tercera-adquisicion-de-toners-para-impresoras-hp\/\">TERCERA ADQUISICI\u00d3N DE TONERS PARA IMPRESORAS HP<\/a><\/li>\n<li><a href=\"https:\/\/mintrabajo.gob.bo\/index.php\/convocatoria\/adquisicion-de-repuestos-y-accesorios-requeridos-por-el-area-de-redes\/\">ADQUISICI\u00d3N DE REPUESTOS Y ACCESORIOS REQUERIDOS POR EL \u00c1REA DE REDES<\/a><\/li>\n<li><a href=\"https:\/\/mintrabajo.gob.bo\/index.php\/convocatoria\/adquisicion-de-tonner-para-la-dgsc\/\">ADQUISICI\u00d3N DE TONNER PARA LA DGSC<\/a><\/li>\n<li><a href=\"https:\/\/mintrabajo.gob.bo\/index.php\/convocatoria\/servicio-de-seguros-para-el-mteps-gestion-2025\/\">SERVICIO DE SEGUROS PARA EL MTEPS GESTI\u00d3N 2025<\/a><\/li>\n<li><a href=\"https:\/\/mintrabajo.gob.bo\/index.php\/convocatoria\/estatuilla-de-reconocimiento-para-dirigentes\/\">ESTATUILLA DE RECONOCIMIENTO PARA DIRIGENTES<\/a><\/li>\n<li><a href=\"https:\/\/mintrabajo.gob.bo\/index.php\/convocatoria\/21033\/\">SERVICIO DE CU\u00d1A RADIAL 1 DE MAYO D\u00cdA DEL TRABAJADOR<\/a><\/li>\n<li><a href=\"https:\/\/mintrabajo.gob.bo\/index.php\/convocatoria\/adquisicion-de-material-de-escritorio\/\">ADQUISICI\u00d3N DE MATERIAL DE ESCRITORIO<\/a><\/li>\n<li><a href=\"https:\/\/mintrabajo.gob.bo\/index.php\/convocatoria\/adquisicion-de-chamarras-de-trabajo\/\">ADQUISICI\u00d3N DE CHAMARRAS DE TRABAJO<\/a><\/li>\n<li><a href=\"https:\/\/mintrabajo.gob.bo\/index.php\/convocatoria\/mantenimiento-preventivo-correctivo-del-vehiculo-camioneta-nissan-2425-flh-jefatura-de-potosi\/\">MANTENIMIENTO PREVENTIVO CORRECTIVO DEL VEHICULO CAMIONETA NISSAN 2425-FLH - JEFATURA DE POTOSI<\/a><\/li>\n<li><a href=\"https:\/\/mintrabajo.gob.bo\/index.php\/convocatoria\/adquisicion-de-chalecos-de-trabajo-para-el-personal\/\">ADQUISICI\u00d3N DE CHALECOS DE TRABAJO PARA EL PERSONAL<\/a><\/li>\n<li><a href=\"https:\/\/mintrabajo.gob.bo\/index.php\/convocatoria\/adquisicion-de-tonners-para-imprenta\/\">ADQUISICI\u00d3N DE TONNERS PARA IMPRENTA<\/a><\/li>\n<li><a href=\"https:\/\/mintrabajo.gob.bo\/index.php\/convocatoria\/21055\/\"><\/a><\/li>\n<li><a href=\"https:\/\/mintrabajo.gob.bo\/index.php\/convocatoria\/adquisicion-de-chalecos-de-trabajo\/\">ADQUISICI\u00d3N DE CHALECOS DE TRABAJO<\/a><\/li>\n<li><a href=\"https:\/\/mintrabajo.gob.bo\/index.php\/convocatoria\/servicio-de-mantenimiento-de-impresoras-y-fotocopiadoras\/\">SERVICIO DE MANTENIMIENTO DE IMPRESORAS Y FOTOCOPIADORAS<\/a><\/li>\n<li><a href=\"https:\/\/mintrabajo.gob.bo\/index.php\/convocatoria\/adquisicion-de-camisas-de-trabajo\/\">ADQUISICI\u00d3N DE CAMISAS DE TRABAJO<\/a><\/li>\n<li><a href=\"https:\/\/mintrabajo.gob.bo\/index.php\/convocatoria\/adquisicion-de-computadoras-de-escritorio-para-la-dgthso\/\">ADQUISICI\u00d3N DE COMPUTADORAS DE ESCRITORIO PARA LA DGTHSO<\/a><\/li>\n<li><a href=\"https:\/\/mintrabajo.gob.bo\/index.php\/convocatoria\/adquisicion-de-pantalones-de-trabajo\/\">ADQUISICI\u00d3N DE PANTALONES DE TRABAJO<\/a><\/li>\n<li><a href=\"https:\/\/mintrabajo.gob.bo\/index.php\/convocatoria\/adquisicion-de-chamarras-de-trabajo-para-el-personal-operativo\/\">ADQUISICI\u00d3N DE CHAMARRAS DE TRABAJO PARA EL PERSONAL OPERATIVO<\/a><\/li>\n<li><a href=\"https:\/\/mintrabajo.gob.bo\/index.php\/convocatoria\/adquisicion-de-equipos-de-computacion-switches-para-servidores\/\">ADQUISICI\u00d3N DE EQUIPOS DE COMPUTACI\u00d3N, SWITCHES PARA SERVIDORES<\/a><\/li>\n<li><a href=\"https:\/\/mintrabajo.gob.bo\/index.php\/convocatoria\/adquisicion-de-botas-de-seguridad-para-el-personal-operativo\/\">ADQUISICI\u00d3N DE BOTAS DE SEGURIDAD PARA EL PERSONAL OPERATIVO<\/a><\/li>\n<li><a href=\"https:\/\/mintrabajo.gob.bo\/index.php\/convocatoria\/provision-de-pasajes-aereos-internacionales-y-seguro\/\">PROVISI\u00d3N DE PASAJES A\u00c9REOS INTERNACIONALES Y SEGURO<\/a><\/li>\n<li><a href=\"https:\/\/mintrabajo.gob.bo\/index.php\/convocatoria\/adquisicion-de-material-de-limpieza-2\/\">ADQUISICI\u00d3N DE MATERIAL DE LIMPIEZA<\/a><\/li>\n<li><a href=\"https:\/\/mintrabajo.gob.bo\/index.php\/convocatoria\/segunda-adquisicion-de-toners-para-impresoras-hp-del-mteps\/\">SEGUNDA ADQUISICI\u00d3N DE TONERS PARA IMPRESORAS HP DEL MTEPS<\/a><\/li>\n<li><a href=\"https:\/\/mintrabajo.gob.bo\/index.php\/convocatoria\/primera-adquisicion-de-papel-reciclado\/\">PRIMERA ADQUISICI\u00d3N DE PAPEL RECICLADO<\/a><\/li>\n<li><a href=\"https:\/\/mintrabajo.gob.bo\/index.php\/convocatoria\/servicio-de-limpieza-para-jefatura-de-potosi-2025\/\">SERVICIO DE LIMPIEZA PARA JEFATURA DE POTOSI 2025<\/a><\/li>\n<li><a href=\"https:\/\/mintrabajo.gob.bo\/index.php\/convocatoria\/adquisicion-de-equipos-de-computacion\/\">ADQUISICI\u00d3N DE EQUIPOS DE COMPUTACI\u00d3N<\/a><\/li>\n<li><a href=\"https:\/\/mintrabajo.gob.bo\/index.php\/convocatoria\/adquisicion-de-un-servidor-de-almacenamiento\/\">ADQUISICI\u00d3N DE UN SERVIDOR DE ALMACENAMIENTO<\/a><\/li>\n<li><a href=\"https:\/\/mintrabajo.gob.bo\/index.php\/convocatoria\/producto-de-artes-graficas-libros\/\">PRODUCTO DE ARTES GR\u00c1FICAS- LIBROS<\/a><\/li>\n<li><a href=\"https:\/\/mintrabajo.gob.bo\/index.php\/convocatoria\/provision-de-pasajes-aereo-internacionales\/\">PROVISI\u00d3N DE PASAJES A\u00c9REO INTERNACIONALES<\/a><\/li>\n<li><a href=\"https:\/\/mintrabajo.gob.bo\/index.php\/convocatoria\/segunda-adquisicion-de-toners-para-impresoras-hp\/\">SEGUNDA ADQUISICI\u00d3N  DE TONERS PARA IMPRESORAS HP<\/a><\/li>\n<li><a href=\"https:\/\/mintrabajo.gob.bo\/index.php\/convocatoria\/adquisicion-de-material-de-limpieza\/\">ADQUISICI\u00d3N DE MATERIAL DE LIMPIEZA<\/a><\/li>\n<li><a href=\"https:\/\/mintrabajo.gob.bo\/index.php\/convocatoria\/servicio-de-fotocopias-la-paz\/\">SERVICIO DE FOTOCOPIAS LA PAZ<\/a><\/li>\n<li><a href=\"https:\/\/mintrabajo.gob.bo\/index.php\/convocatoria\/servicio-de-courier-para-las-oficinas-segunda-publicacion\/\">SERVICIO DE COURIER PARA LAS OFICINAS (SEGUNDA PUBLICACI\u00d3N)<\/a><\/li>\n<li><a href=\"https:\/\/mintrabajo.gob.bo\/index.php\/convocatoria\/servicio-de-limpieza-de-oficinas-y-dependencias-la-paz\/\">SERVICIO DE LIMPIEZA DE OFICINAS Y DEPENDENCIAS LA PAZ<\/a><\/li>\n<li><a href=\"https:\/\/mintrabajo.gob.bo\/index.php\/convocatoria\/primera-adquisicion-de-papel\/\">PRIMERA ADQUISICI\u00d3N DE PAPEL<\/a><\/li>\n<li><a href=\"https:\/\/mintrabajo.gob.bo\/index.php\/convocatoria\/adquisicion-de-toners-para-equipos\/\">ADQUISICI\u00d3N DE TONERS PARA EQUIPOS<\/a><\/li>\n<li><a href=\"https:\/\/mintrabajo.gob.bo\/index.php\/convocatoria\/primera-adquisicion-de-toners\/\">PRIMERA ADQUISICI\u00d3N DE TONERS<\/a><\/li>\n<li><a href=\"https:\/\/mintrabajo.gob.bo\/index.php\/convocatoria\/provision-de-pasajes-aereos-internacionales\/\">PROVISI\u00d3N DE PASAJES A\u00c9REOS INTERNACIONALES<\/a><\/li>\n<li><a href=\"https:\/\/mintrabajo.gob.bo\/index.php\/convocatoria\/servicio-de-courier-para-oficinas-a-nivel-nacional\/\">SERVICIO DE COURIER PARA OFICINAS A NIVEL NACIONAL<\/a><\/li>\n<li><a href=\"https:\/\/mintrabajo.gob.bo\/index.php\/convocatoria\/20965\/\">SERVICIO DE FOTOCOPIAS Y ANILLADOS PARA LA PAZ<\/a><\/li>\n<li><a href=\"https:\/\/mintrabajo.gob.bo\/index.php\/convocatoria\/servicio-de-limpieza-para-la-jefatura-de-potosi\/\">SERVICIO DE LIMPIEZA PARA LA JEFATURA DE POTOS\u00cd<\/a><\/li>\n<li><a href=\"https:\/\/mintrabajo.gob.bo\/index.php\/convocatoria\/lorem-convocatoria\/\">ADQUISICI\u00d3N DE PRENDAS DE VESTIR PARA EL PERSONAL OPERATIVO DEL M.T.E.P.S.<\/a><\/li>\n<\/ul>\n<h2 class=\"wsp-datoss-title\">Datos y Estadisticas<\/h2>\n<ul class=\"wsp-datoss-list\">\n<li><a href=\"https:\/\/mintrabajo.gob.bo\/index.php\/datos\/07-boletin-estadistico-2020\/\">07 Bolet\u00edn Estad\u00edstico 2020<\/a><\/li>\n<li><a href=\"https:\/\/mintrabajo.gob.bo\/index.php\/datos\/06-boletin-estadistico-roe-2020\/\">06 Bolet\u00edn Estad\u00edstico ROE 2020<\/a><\/li>\n<li><a href=\"https:\/\/mintrabajo.gob.bo\/index.php\/datos\/05-seguimiento-y-medicion-de-la-calidad-de-atencion-de-los-servicios-que-presta-el-ministerio-de-trabajo-empleo-y-prevision-social\/\">05 Seguimiento y medici\u00f3n de la calidad de atenci\u00f3n de los servicios que presta el Ministerio de Trabajo, Empleo y Previsi\u00f3n Social<\/a><\/li>\n<li><a href=\"https:\/\/mintrabajo.gob.bo\/index.php\/datos\/04-estadisticas-e-indicadores-laborales-del-mteps-revista-mteps-primer-semestre-2023\/\">04 Estad\u00edsticas e Indicadores Laborales del MTEPS - Revista MTEPS Primer Semestre 2023<\/a><\/li>\n<li><a href=\"https:\/\/mintrabajo.gob.bo\/index.php\/datos\/03-estadisticas-e-indicadores-laborales-del-mteps\/\">03 Estad\u00edsticas e Indicadores Laborales del MTEPS<\/a><\/li>\n<li><a href=\"https:\/\/mintrabajo.gob.bo\/index.php\/datos\/02-boletin-estadistico-2020-2022\/\">02 Bolet\u00edn Estad\u00edstico 2020- 2022<\/a><\/li>\n<li><a href=\"https:\/\/mintrabajo.gob.bo\/index.php\/datos\/tecnologia-1\/\">01 Bolet\u00edn Estad\u00edstico 2024<\/a><\/li>\n<\/ul>\n<h2 class=\"wsp-galerias-title\">Galeria Multimedia<\/h2>\n<ul class=\"wsp-galerias-list\">\n<li><a href=\"https:\/\/mintrabajo.gob.bo\/index.php\/galeria\/ministerio-de-trabajo-proyecta-modernizacion-de-sistemas-digitales-de-atencion\/\">MINISTERIO DE TRABAJO PROYECTA MODERNIZACI\u00d3N DE SISTEMAS DIGITALES DE ATENCI\u00d3N<\/a><\/li>\n<li><a href=\"https:\/\/mintrabajo.gob.bo\/index.php\/galeria\/8171\/\">01 Socializaci\u00f3n del nuevo Reglamento de Registro y Autorizaci\u00f3n<\/a><\/li>\n<li><a href=\"https:\/\/mintrabajo.gob.bo\/index.php\/galeria\/galeria-congreso-agetic-2024\/\">02 Ofrenda floral en la Plaza Murillo<\/a><\/li>\n<li><a href=\"https:\/\/mintrabajo.gob.bo\/index.php\/galeria\/03-desfile-civico-militar-en-conmemoracion\/\">03 Desfile C\u00edvico-Militar en conmemoraci\u00f3n<\/a><\/li>\n<li><a href=\"https:\/\/mintrabajo.gob.bo\/index.php\/galeria\/curso-basico-de-cooperativismo\/\">Curso B\u00e1sico de Cooperativismo<\/a><\/li>\n<li><a href=\"https:\/\/mintrabajo.gob.bo\/index.php\/galeria\/ministerio-de-trabajo-continua-con-posesion-de-comites\/\">Ministerio de Trabajo continua con posesi\u00f3n de Comit\u00e9s<\/a><\/li>\n<li><a href=\"https:\/\/mintrabajo.gob.bo\/index.php\/galeria\/cursos-de-cooperativismo-en-el-ministerio-de-trabajo\/\">Cursos de cooperativismo en el Ministerio de Trabajo<\/a><\/li>\n<li><a href=\"https:\/\/mintrabajo.gob.bo\/index.php\/galeria\/mteps-posesiona-a-comite-mixto-de-seguridad-y-salud-en-beni\/\">MTEPS posesiona a Comit\u00e9 Mixto de Seguridad y Salud en Beni<\/a><\/li>\n<li><a href=\"https:\/\/mintrabajo.gob.bo\/index.php\/galeria\/policia-boliviana-en-beni-se-capacita\/\">Polic\u00eda Boliviana en Beni se capacita<\/a><\/li>\n<li><a href=\"https:\/\/mintrabajo.gob.bo\/index.php\/galeria\/servicio-social-comunitario\/\">Servicio Social Comunitario<\/a><\/li>\n<li><a href=\"https:\/\/mintrabajo.gob.bo\/index.php\/galeria\/curso-de-cooperativismo-minero\/\">Curso de Cooperativismo Minero<\/a><\/li>\n<li><a href=\"https:\/\/mintrabajo.gob.bo\/index.php\/galeria\/estudiante-de-chuquiaguillo-se-capacitan-sobre-el-sistema-cooperativo\/\">Estudiante de Chuquiaguillo se capacitan sobre el sistema cooperativo<\/a><\/li>\n<li><a href=\"https:\/\/mintrabajo.gob.bo\/index.php\/galeria\/continua-formacion-sindical-de-trabajadores-afiliados-a-la-cod\/\">Continua formaci\u00f3n sindical de trabajadores afiliados a la COD<\/a><\/li>\n<li><a href=\"https:\/\/mintrabajo.gob.bo\/index.php\/galeria\/inspeccion-confirma-que-empresa-maqlq-s-r-l\/\">Inspecci\u00f3n confirma que empresa MAQLQ S.R.L.<\/a><\/li>\n<li><a href=\"https:\/\/mintrabajo.gob.bo\/index.php\/galeria\/ministerio-de-trabajo-en-monteagudo\/\">Ministerio de Trabajo en Monteagudo<\/a><\/li>\n<li><a href=\"https:\/\/mintrabajo.gob.bo\/index.php\/galeria\/jefatura-de-trabajo-en-beni\/\">Jefatura de Trabajo en Beni<\/a><\/li>\n<li><a href=\"https:\/\/mintrabajo.gob.bo\/index.php\/galeria\/servicio-social-comunitario-beneficia-a-instituciones-educativas\/\">Servicio Social Comunitario beneficia a Instituciones Educativas<\/a><\/li>\n<li><a href=\"https:\/\/mintrabajo.gob.bo\/index.php\/galeria\/feria-de-cooperativas-agropecuarias-erland-julio-rodriguez-lafuente\/\">Feria de Cooperativas Agropecuarias \"Erland Julio Rodriguez Lafuente\"<\/a><\/li>\n<li><a href=\"https:\/\/mintrabajo.gob.bo\/index.php\/galeria\/ministro-de-trabajo-participa-en-reunion-de-informacion\/\">Ministro de Trabajo participa en reuni\u00f3n de informaci\u00f3n<\/a><\/li>\n<li><a href=\"https:\/\/mintrabajo.gob.bo\/index.php\/galeria\/transportistas-de-tupiza-coordinan-con-ministerio-de-trabajo\/\">Transportistas de Tupiza coordinan con Ministerio de Trabajo<\/a><\/li>\n<\/ul>\n<h2 class=\"wsp-normativas-title\">Normativa Nacional<\/h2>\n<ul class=\"wsp-normativas-list\">\n<li><a href=\"https:\/\/mintrabajo.gob.bo\/index.php\/normativa\/decreto-supremo-n-4401\/\">Decreto Supremo N\u00b0 4401<\/a><\/li>\n<li><a href=\"https:\/\/mintrabajo.gob.bo\/index.php\/normativa\/decreto-supremo-n-213\/\">Decreto Supremo N\u00b0 213<\/a><\/li>\n<li><a href=\"https:\/\/mintrabajo.gob.bo\/index.php\/normativa\/decreto-supremo-n-3462\/\">Decreto Supremo N\u00b0 3462<\/a><\/li>\n<li><a href=\"https:\/\/mintrabajo.gob.bo\/index.php\/normativa\/decreto-supremo-n-012\/\">Decreto Supremo N\u00b0 012<\/a><\/li>\n<li><a href=\"https:\/\/mintrabajo.gob.bo\/index.php\/normativa\/normativa-1\/\">Ley No. 798<\/a><\/li>\n<li><a href=\"https:\/\/mintrabajo.gob.bo\/index.php\/normativa\/ley-n-348\/\">Ley N\u00b0 348<\/a><\/li>\n<li><a href=\"https:\/\/mintrabajo.gob.bo\/index.php\/normativa\/decreto-ley-n-13214\/\">Decreto Ley N\u00b0 13214<\/a><\/li>\n<\/ul>\n<h2 class=\"wsp-n-internacionals-title\">Normativa Internacional<\/h2>\n<ul class=\"wsp-n-internacionals-list\">\n<li><a href=\"https:\/\/mintrabajo.gob.bo\/index.php\/n-internacional\/reglamento-interno-de-personal\/\">REGLAMENTO INTERNO DE PERSONAL<\/a><\/li>\n<li><a href=\"https:\/\/mintrabajo.gob.bo\/index.php\/n-internacional\/21176\/\">C\u00d3DIGO DE \u00c9TICA<\/a><\/li>\n<li><a href=\"https:\/\/mintrabajo.gob.bo\/index.php\/n-internacional\/decreto-supremo-n-1233-declaracion-jurada-de-bienes-y-rentas\/\">DECRETO SUPREMO N\u00b0 1233, DECLARACI\u00d3N JURADA DE BIENES Y RENTAS<\/a><\/li>\n<\/ul>\n<h2 class=\"wsp-escala_salarials-title\">Escala salarial<\/h2>\n<ul class=\"wsp-escala_salarials-list\">\n<li><a href=\"https:\/\/mintrabajo.gob.bo\/index.php\/escala_salarial\/escala-salarial\/\">Escala Salarial 2024<\/a><\/li>\n<li><a href=\"https:\/\/mintrabajo.gob.bo\/index.php\/escala_salarial\/escala-2024\/\">Escala Salarial 2023<\/a><\/li>\n<li><a href=\"https:\/\/mintrabajo.gob.bo\/index.php\/escala_salarial\/escala-salarial-2\/\">Escala Salarial 2022<\/a><\/li>\n<\/ul>\n<h2 class=\"wsp-manual_organizacions-title\">Manula de organizaci\u00f3n funcional<\/h2>\n<ul class=\"wsp-manual_organizacions-list\">\n<li><a href=\"https:\/\/mintrabajo.gob.bo\/index.php\/manual_organizacion\/manuales-de-organizacion-y-funciones-correspondientes-al-ministerio-de-trabajo-empleo-y-prevision-social-3\/\">Manuales de Organizaci\u00f3n y Funciones correspondientes al Ministerio de Trabajo, Empleo y Previsi\u00f3n Social.<\/a><\/li>\n<li><a href=\"https:\/\/mintrabajo.gob.bo\/index.php\/manual_organizacion\/manuales-de-organizacion-y-funciones-correspondientes-al-ministerio-de-trabajo-empleo-y-prevision-social-2\/\">Manuales de Organizaci\u00f3n y Funciones correspondientes al Ministerio de Trabajo, Empleo y Previsi\u00f3n Social.<\/a><\/li>\n<li><a href=\"https:\/\/mintrabajo.gob.bo\/index.php\/manual_organizacion\/manuales-de-organizacion-y-funciones-correspondientes-al-ministerio-de-trabajo-empleo-y-prevision-social\/\">Manuales de Organizaci\u00f3n y Funciones correspondientes al Ministerio de Trabajo, Empleo y Previsi\u00f3n Social.<\/a><\/li>\n<\/ul>\n<h2 class=\"wsp-poas-title\">Plan operativo Anual<\/h2>\n<ul class=\"wsp-poas-list\">\n<li><a href=\"https:\/\/mintrabajo.gob.bo\/index.php\/poa\/programa-operativo-anual-2022\/\">Programa Operativo Anual 2022<\/a><\/li>\n<li><a href=\"https:\/\/mintrabajo.gob.bo\/index.php\/poa\/programa-operativo-anual-2024\/\">Programa Operativo Anual 2024<\/a><\/li>\n<li><a href=\"https:\/\/mintrabajo.gob.bo\/index.php\/poa\/programa-operativo-anual-2025\/\">Programa Operativo Anual 2025<\/a><\/li>\n<li><a href=\"https:\/\/mintrabajo.gob.bo\/index.php\/poa\/programa-operativo-anual-2023\/\">Programa Operativo Anual 2023<\/a><\/li>\n<\/ul>\n<h2 class=\"wsp-procedimientoss-title\">Manuel de procedimiento<\/h2>\n<ul class=\"wsp-procedimientoss-list\">\n<li><a href=\"https:\/\/mintrabajo.gob.bo\/index.php\/procedimientos\/direccion-general-de-asuntos-sindicales-2\/\">DIRECCI\u00d3N GENERAL DE ASUNTOS SINDICALES<\/a><\/li>\n<li><a href=\"https:\/\/mintrabajo.gob.bo\/index.php\/procedimientos\/direccion-general-de-asuntos-sindicales\/\">DIRECCI\u00d3N GENERAL DE ASUNTOS SINDICALES<\/a><\/li>\n<li><a href=\"https:\/\/mintrabajo.gob.bo\/index.php\/procedimientos\/manual-2022\/\">DIRECCI\u00d3N GENERAL DEL SERVICIO CIVIL<\/a><\/li>\n<\/ul>\n<h2 class=\"wsp-normativa-inters-title\">Reglamentos Vigentes<\/h2>\n<ul class=\"wsp-normativa-inters-list\">\n<li><a href=\"https:\/\/mintrabajo.gob.bo\/index.php\/normativa-inter\/resolucion-ministerial-no-259-25\/\">Resoluci\u00f3n Ministerial No 259\/25<\/a><\/li>\n<li><a href=\"https:\/\/mintrabajo.gob.bo\/index.php\/normativa-inter\/resolucion-ministerial-no-285-26\/\">Resoluci\u00f3n Ministerial No 285\/26<\/a><\/li>\n<li><a href=\"https:\/\/mintrabajo.gob.bo\/index.php\/normativa-inter\/resolucion-ministerial-no-1549-25\/\">Resoluci\u00f3n Ministerial No.- 1549\/25<\/a><\/li>\n<li><a href=\"https:\/\/mintrabajo.gob.bo\/index.php\/normativa-inter\/resolucion-admnistrativa-no-049-26\/\">Resoluci\u00f3n Administrativa No.- 049\/26<\/a><\/li>\n<li><a href=\"https:\/\/mintrabajo.gob.bo\/index.php\/normativa-inter\/resolucion-ministerial-no-088-26\/\">Resoluci\u00f3n Ministerial No.- 088\/26<\/a><\/li>\n<li><a href=\"https:\/\/mintrabajo.gob.bo\/index.php\/normativa-inter\/resolucion-ministerial-no-086-26\/\">Resoluci\u00f3n Ministerial No.- 086\/26<\/a><\/li>\n<li><a href=\"https:\/\/mintrabajo.gob.bo\/index.php\/normativa-inter\/resolucion-ministerial-no-019-26\/\">Resolucion Administrativa No.- 019\/26<\/a><\/li>\n<li><a href=\"https:\/\/mintrabajo.gob.bo\/index.php\/normativa-inter\/resolucion-ministerial-no-1623-25\/\">Resoluci\u00f3n Ministerial No.- 1623\/25<\/a><\/li>\n<li><a href=\"https:\/\/mintrabajo.gob.bo\/index.php\/normativa-inter\/resolucion-ministerial-no-1581-25\/\">Resoluci\u00f3n Ministerial No.- 1581\/25<\/a><\/li>\n<li><a href=\"https:\/\/mintrabajo.gob.bo\/index.php\/normativa-inter\/resolucion-ministerial-no-1580-25\/\">Resoluci\u00f3n Ministerial No.- 1580\/25<\/a><\/li>\n<li><a href=\"https:\/\/mintrabajo.gob.bo\/index.php\/normativa-inter\/resolucion-ministerial-no-1556\/\">Resoluci\u00f3n Ministerial No.- 1556\/25<\/a><\/li>\n<li><a href=\"https:\/\/mintrabajo.gob.bo\/index.php\/normativa-inter\/resolucion-ministerial-no-1555-25\/\">Resoluci\u00f3n Ministerial No.- 1555\/25<\/a><\/li>\n<li><a href=\"https:\/\/mintrabajo.gob.bo\/index.php\/normativa-inter\/resolucion-ministerial-no-1534-25\/\">Resoluci\u00f3n Ministerial No.- 1534\/25<\/a><\/li>\n<li><a href=\"https:\/\/mintrabajo.gob.bo\/index.php\/normativa-inter\/21558\/\">Resoluci\u00f3n Ministerial No.- 1491\/25<\/a><\/li>\n<li><a href=\"https:\/\/mintrabajo.gob.bo\/index.php\/normativa-inter\/resolucion-ministerial-no-1358-25-2\/\">Resoluci\u00f3n Ministerial No.- 1358\/25<\/a><\/li>\n<li><a href=\"https:\/\/mintrabajo.gob.bo\/index.php\/normativa-inter\/resolucion-ministerial-no-1358-25\/\">Resoluci\u00f3n Ministerial No.- 001358\/25<\/a><\/li>\n<li><a href=\"https:\/\/mintrabajo.gob.bo\/index.php\/normativa-inter\/resolucion-ministerial-no-922-25\/\">Resoluci\u00f3n Ministerial No.- 922\/25<\/a><\/li>\n<li><a href=\"https:\/\/mintrabajo.gob.bo\/index.php\/normativa-inter\/resolucion-ministerial-no-921-25\/\">Resoluci\u00f3n Ministerial No.- 921\/25<\/a><\/li>\n<li><a href=\"https:\/\/mintrabajo.gob.bo\/index.php\/normativa-inter\/resolucion-ministerial-no-666-25\/\">Resoluci\u00f3n Ministerial No.- 666\/25<\/a><\/li>\n<li><a href=\"https:\/\/mintrabajo.gob.bo\/index.php\/normativa-inter\/13278\/\">Resoluci\u00f3n Ministerial No.- 640\/25<\/a><\/li>\n<li><a href=\"https:\/\/mintrabajo.gob.bo\/index.php\/normativa-inter\/resolucion-ministerial-no-489-25\/\">Resoluci\u00f3n Ministerial No.- 489\/25<\/a><\/li>\n<li><a href=\"https:\/\/mintrabajo.gob.bo\/index.php\/normativa-inter\/resolucion-ministerial-no-512-25\/\">RESOLUCION MINISTERIAL No. 512\/25<\/a><\/li>\n<li><a href=\"https:\/\/mintrabajo.gob.bo\/index.php\/normativa-inter\/resolucion-ministerial-no-463-25\/\">Resoluci\u00f3n Ministerial No.- 463\/25<\/a><\/li>\n<li><a href=\"https:\/\/mintrabajo.gob.bo\/index.php\/normativa-inter\/resolucion-ministerial\/\">Resoluci\u00f3n Ministerial N\u00b0 105\/25<\/a><\/li>\n<li><a href=\"https:\/\/mintrabajo.gob.bo\/index.php\/normativa-inter\/resolucion-ministerial-no-1529-24\/\">Resoluci\u00f3n Ministerial No.- 1529\/24<\/a><\/li>\n<li><a href=\"https:\/\/mintrabajo.gob.bo\/index.php\/normativa-inter\/resolucion-ministerial-no-1443-24\/\">Resoluci\u00f3n Ministerial No.- 1443\/24<\/a><\/li>\n<li><a href=\"https:\/\/mintrabajo.gob.bo\/index.php\/normativa-inter\/resolucion-ministerial-no-1220-24\/\">Resoluci\u00f3n Ministerial No.- 1220\/24<\/a><\/li>\n<li><a href=\"https:\/\/mintrabajo.gob.bo\/index.php\/normativa-inter\/resolucion-ministerial-no-1225-24\/\">Resoluci\u00f3n Ministerial No.- 1225\/24<\/a><\/li>\n<li><a href=\"https:\/\/mintrabajo.gob.bo\/index.php\/normativa-inter\/resolucion-ministerial-no-1192-24\/\">Resoluci\u00f3n Ministerial No.- 1192\/24<\/a><\/li>\n<li><a href=\"https:\/\/mintrabajo.gob.bo\/index.php\/normativa-inter\/resolucion-ministerial-no-1183-24\/\">Resoluci\u00f3n Ministerial No.- 1183\/24<\/a><\/li>\n<li><a href=\"https:\/\/mintrabajo.gob.bo\/index.php\/normativa-inter\/resolucion-ministerial-no-1184-24\/\">Resoluci\u00f3n Ministerial No.- 1184\/24<\/a><\/li>\n<li><a href=\"https:\/\/mintrabajo.gob.bo\/index.php\/normativa-inter\/resolucion-ministerial-no-1185-24\/\">Resoluci\u00f3n Ministerial No.- 1185\/24<\/a><\/li>\n<li><a href=\"https:\/\/mintrabajo.gob.bo\/index.php\/normativa-inter\/resolucion-ministerial-no-1151-24\/\">Resoluci\u00f3n Ministerial No.- 1151\/24<\/a><\/li>\n<li><a href=\"https:\/\/mintrabajo.gob.bo\/index.php\/normativa-inter\/resolucion-ministerial-no-1154-24\/\">Resoluci\u00f3n Ministerial No.- 1154\/24<\/a><\/li>\n<li><a href=\"https:\/\/mintrabajo.gob.bo\/index.php\/normativa-inter\/resolucion-ministerial-no-1161-24\/\">Resoluci\u00f3n Ministerial No.- 1161\/24<\/a><\/li>\n<li><a href=\"https:\/\/mintrabajo.gob.bo\/index.php\/normativa-inter\/resolucion-ministerial-no-933-24\/\">Resoluci\u00f3n Ministerial No.- 933\/24<\/a><\/li>\n<li><a href=\"https:\/\/mintrabajo.gob.bo\/index.php\/normativa-inter\/resolucion-ministerial-no-635-24\/\">Resoluci\u00f3n Ministerial No.- 635\/24<\/a><\/li>\n<li><a href=\"https:\/\/mintrabajo.gob.bo\/index.php\/normativa-inter\/resolucion-ministerial-no-521-24\/\">Resoluci\u00f3n Ministerial No.- 521\/24<\/a><\/li>\n<li><a href=\"https:\/\/mintrabajo.gob.bo\/index.php\/normativa-inter\/resolucion-ministerial-no-411-24\/\">Resoluci\u00f3n Ministerial No.- 411\/24<\/a><\/li>\n<li><a href=\"https:\/\/mintrabajo.gob.bo\/index.php\/normativa-inter\/resolucion-ministerial-no-176-24\/\">Resoluci\u00f3n Ministerial No.- 176\/24<\/a><\/li>\n<li><a href=\"https:\/\/mintrabajo.gob.bo\/index.php\/normativa-inter\/resolucion-ministerial-no-175-24\/\">Resoluci\u00f3n Ministerial No.- 175\/24<\/a><\/li>\n<li><a href=\"https:\/\/mintrabajo.gob.bo\/index.php\/normativa-inter\/resolucion-ministerial-no-051-24\/\">Resoluci\u00f3n Ministerial No.- 051\/24<\/a><\/li>\n<li><a href=\"https:\/\/mintrabajo.gob.bo\/index.php\/normativa-inter\/resolucion-ministerial-no-152-24\/\">Resoluci\u00f3n Ministerial No.- 152\/24<\/a><\/li>\n<li><a href=\"https:\/\/mintrabajo.gob.bo\/index.php\/normativa-inter\/resolucion-ministerial-no-001-24\/\">Resoluci\u00f3n Ministerial No.- 001\/24<\/a><\/li>\n<li><a href=\"https:\/\/mintrabajo.gob.bo\/index.php\/normativa-inter\/resolucion-ministerial-no-1443-23\/\">Resoluci\u00f3n Ministerial No.- 1443\/23<\/a><\/li>\n<li><a href=\"https:\/\/mintrabajo.gob.bo\/index.php\/normativa-inter\/resolucion-ministerial-no-007-24\/\">Resoluci\u00f3n Ministerial No.- 007\/24<\/a><\/li>\n<li><a href=\"https:\/\/mintrabajo.gob.bo\/index.php\/normativa-inter\/resolucion-ministerial-no-1444-23\/\">Resoluci\u00f3n Ministerial No.- 1444\/23<\/a><\/li>\n<li><a href=\"https:\/\/mintrabajo.gob.bo\/index.php\/normativa-inter\/resolucion-ministerial-no-1761-23\/\">Resoluci\u00f3n Ministerial No.- 1761\/23<\/a><\/li>\n<li><a href=\"https:\/\/mintrabajo.gob.bo\/index.php\/normativa-inter\/resolucion-ministerial-no-156-23\/\">Resoluci\u00f3n Ministerial No.- 156\/23<\/a><\/li>\n<li><a href=\"https:\/\/mintrabajo.gob.bo\/index.php\/normativa-inter\/resolucion-ministerial-no-1690-23\/\">Resoluci\u00f3n Ministerial No.- 1690\/23<\/a><\/li>\n<li><a href=\"https:\/\/mintrabajo.gob.bo\/index.php\/normativa-inter\/resolucion-ministerial-no-1571-23\/\">Resoluci\u00f3n Ministerial No.- 1571\/23<\/a><\/li>\n<li><a href=\"https:\/\/mintrabajo.gob.bo\/index.php\/normativa-inter\/resolucion-ministerial-no-1545-23\/\">Resoluci\u00f3n Ministerial No.- 1545\/23<\/a><\/li>\n<li><a href=\"https:\/\/mintrabajo.gob.bo\/index.php\/normativa-inter\/resolucion-ministerial-no-1349-23\/\">Resoluci\u00f3n Ministerial No.- 1349\/23<\/a><\/li>\n<li><a href=\"https:\/\/mintrabajo.gob.bo\/index.php\/normativa-inter\/resolucion-ministerial-no-1158-23\/\">Resoluci\u00f3n Ministerial No.- 1158\/23<\/a><\/li>\n<li><a href=\"https:\/\/mintrabajo.gob.bo\/index.php\/normativa-inter\/resolucion-ministerial-no-1094-23\/\">Resoluci\u00f3n Ministerial No.- 1094\/23<\/a><\/li>\n<li><a href=\"https:\/\/mintrabajo.gob.bo\/index.php\/normativa-inter\/resolucion-ministerial-no-992-23\/\">Resoluci\u00f3n Ministerial No.- 992\/23<\/a><\/li>\n<li><a href=\"https:\/\/mintrabajo.gob.bo\/index.php\/normativa-inter\/resolucion-ministerial-no-823-23\/\">Resoluci\u00f3n Ministerial No.- 823\/23<\/a><\/li>\n<li><a href=\"https:\/\/mintrabajo.gob.bo\/index.php\/normativa-inter\/resolucion-ministerial-no-752-23\/\">Resoluci\u00f3n Ministerial No.- 752\/23<\/a><\/li>\n<li><a href=\"https:\/\/mintrabajo.gob.bo\/index.php\/normativa-inter\/resolucion-ministerial-no-536-23\/\">Resoluci\u00f3n Ministerial No.- 536\/23<\/a><\/li>\n<li><a href=\"https:\/\/mintrabajo.gob.bo\/index.php\/normativa-inter\/resolucion-ministerial-no-479-23\/\">Resoluci\u00f3n Ministerial No.- 479\/23<\/a><\/li>\n<li><a href=\"https:\/\/mintrabajo.gob.bo\/index.php\/normativa-inter\/resolucion-ministerial-no-489-23\/\">Resoluci\u00f3n Ministerial No.- 489\/23<\/a><\/li>\n<li><a href=\"https:\/\/mintrabajo.gob.bo\/index.php\/normativa-inter\/resolucion-ministerial-no-505-23\/\">Resoluci\u00f3n Ministerial No.- 505\/23<\/a><\/li>\n<li><a href=\"https:\/\/mintrabajo.gob.bo\/index.php\/normativa-inter\/resolucion-ministerial-no-295-23\/\">Resoluci\u00f3n Ministerial No.- 295\/23<\/a><\/li>\n<li><a href=\"https:\/\/mintrabajo.gob.bo\/index.php\/normativa-inter\/resolucion-ministerial-no-293-23\/\">Resoluci\u00f3n Ministerial No.- 293\/23<\/a><\/li>\n<li><a href=\"https:\/\/mintrabajo.gob.bo\/index.php\/normativa-inter\/resolucion-ministerial-no-290-23\/\">Resoluci\u00f3n Ministerial No.- 290\/23<\/a><\/li>\n<li><a href=\"https:\/\/mintrabajo.gob.bo\/index.php\/normativa-inter\/resolucion-ministerial-no-264-23\/\">Resoluci\u00f3n Ministerial No.- 264\/23<\/a><\/li>\n<li><a href=\"https:\/\/mintrabajo.gob.bo\/index.php\/normativa-inter\/resolucion-ministerial-no-127-23\/\">Resoluci\u00f3n Ministerial No.- 127\/23<\/a><\/li>\n<li><a href=\"https:\/\/mintrabajo.gob.bo\/index.php\/normativa-inter\/resolucion-ministerial-no-1563-22\/\">Resoluci\u00f3n Ministerial No.- 1563\/22<\/a><\/li>\n<li><a href=\"https:\/\/mintrabajo.gob.bo\/index.php\/normativa-inter\/resolucion-ministerial-no-1377-22\/\">Resoluci\u00f3n Ministerial No.- 1377\/22<\/a><\/li>\n<li><a href=\"https:\/\/mintrabajo.gob.bo\/index.php\/normativa-inter\/resolucion-ministerial-no-1302-22\/\">Resoluci\u00f3n Ministerial No.- 1302\/22<\/a><\/li>\n<li><a href=\"https:\/\/mintrabajo.gob.bo\/index.php\/normativa-inter\/resolucion-ministerial-no-1209-22\/\">Resoluci\u00f3n Ministerial No.- 1209\/22<\/a><\/li>\n<li><a href=\"https:\/\/mintrabajo.gob.bo\/index.php\/normativa-inter\/resolucion-ministerial-no-1203-22\/\">Resoluci\u00f3n Ministerial No.- 1203\/22<\/a><\/li>\n<li><a href=\"https:\/\/mintrabajo.gob.bo\/index.php\/normativa-inter\/resolucion-ministerial-no-1102-22\/\">Resoluci\u00f3n Ministerial No.- 1102\/22<\/a><\/li>\n<li><a href=\"https:\/\/mintrabajo.gob.bo\/index.php\/normativa-inter\/resolucion-ministerial-no-1104-22\/\">Resoluci\u00f3n Ministerial No.- 1104\/22<\/a><\/li>\n<li><a href=\"https:\/\/mintrabajo.gob.bo\/index.php\/normativa-inter\/resolucion-ministerial-no-1055-22\/\">Resoluci\u00f3n Ministerial No.- 1055\/22<\/a><\/li>\n<li><a href=\"https:\/\/mintrabajo.gob.bo\/index.php\/normativa-inter\/resolucion-ministerial-no-1001-22\/\">Resoluci\u00f3n Ministerial No.- 1001\/22<\/a><\/li>\n<li><a href=\"https:\/\/mintrabajo.gob.bo\/index.php\/normativa-inter\/resolucion-ministerial-no-802-22\/\">Resoluci\u00f3n Ministerial No.- 802\/22<\/a><\/li>\n<li><a href=\"https:\/\/mintrabajo.gob.bo\/index.php\/normativa-inter\/resolucion-ministerial-no-801-22\/\">Resoluci\u00f3n Ministerial No.- 801\/22<\/a><\/li>\n<li><a href=\"https:\/\/mintrabajo.gob.bo\/index.php\/normativa-inter\/resolucion-ministerial-no-731-22\/\">Resoluci\u00f3n Ministerial No.- 731\/22<\/a><\/li>\n<li><a href=\"https:\/\/mintrabajo.gob.bo\/index.php\/normativa-inter\/resolucion-ministerial-no-672-22\/\">Resoluci\u00f3n Ministerial No.- 672\/22<\/a><\/li>\n<li><a href=\"https:\/\/mintrabajo.gob.bo\/index.php\/normativa-inter\/resolucion-ministerial-no-544-22\/\">Resoluci\u00f3n Ministerial No.- 544\/22<\/a><\/li>\n<li><a href=\"https:\/\/mintrabajo.gob.bo\/index.php\/normativa-inter\/resolucion-ministerial-no-462-22\/\">Resoluci\u00f3n Ministerial No.- 462\/22<\/a><\/li>\n<li><a href=\"https:\/\/mintrabajo.gob.bo\/index.php\/normativa-inter\/resolucion-ministerial-no-437-22\/\">Resoluci\u00f3n Ministerial No.- 437\/22<\/a><\/li>\n<li><a href=\"https:\/\/mintrabajo.gob.bo\/index.php\/normativa-inter\/resolucion-ministerial-no-427-22\/\">Resoluci\u00f3n Ministerial No.- 427\/22<\/a><\/li>\n<li><a href=\"https:\/\/mintrabajo.gob.bo\/index.php\/normativa-inter\/resolucion-ministerial-no-321-22\/\">Resoluci\u00f3n Ministerial No.- 321\/22<\/a><\/li>\n<li><a href=\"https:\/\/mintrabajo.gob.bo\/index.php\/normativa-inter\/resolucion-ministerial-no-181-22\/\">Resoluci\u00f3n Ministerial No.- 181\/22<\/a><\/li>\n<li><a href=\"https:\/\/mintrabajo.gob.bo\/index.php\/normativa-inter\/resolucion-ministerial-no-139-22\/\">Resoluci\u00f3n Ministerial No.- 139\/22<\/a><\/li>\n<li><a href=\"https:\/\/mintrabajo.gob.bo\/index.php\/normativa-inter\/resolucion-ministerial-no-132-22\/\">Resoluci\u00f3n Ministerial No.- 132\/22<\/a><\/li>\n<li><a href=\"https:\/\/mintrabajo.gob.bo\/index.php\/normativa-inter\/resolucion-ministerial-no-029-22\/\">Resoluci\u00f3n Ministerial No.- 029\/22<\/a><\/li>\n<li><a href=\"https:\/\/mintrabajo.gob.bo\/index.php\/normativa-inter\/resolucion-ministerial-no-576-21\/\">Resoluci\u00f3n Ministerial No.- 576\/21<\/a><\/li>\n<li><a href=\"https:\/\/mintrabajo.gob.bo\/index.php\/normativa-inter\/resolucion-ministerial-no-1271-21\/\">Resoluci\u00f3n Ministerial No.- 1271\/21<\/a><\/li>\n<li><a href=\"https:\/\/mintrabajo.gob.bo\/index.php\/normativa-inter\/resolucion-ministerial-no-1266-21\/\">Resoluci\u00f3n Ministerial No.- 1266\/21<\/a><\/li>\n<li><a href=\"https:\/\/mintrabajo.gob.bo\/index.php\/normativa-inter\/resolucion-ministerial-no-1293-21\/\">Resoluci\u00f3n Ministerial No.- 1293\/21<\/a><\/li>\n<li><a href=\"https:\/\/mintrabajo.gob.bo\/index.php\/normativa-inter\/resolucion-ministerial-no-1289-21\/\">Resoluci\u00f3n Ministerial No.- 1289\/21<\/a><\/li>\n<li><a href=\"https:\/\/mintrabajo.gob.bo\/index.php\/normativa-inter\/resolucion-ministerial-no-1258-21\/\">Resoluci\u00f3n Ministerial No.- 1258\/21<\/a><\/li>\n<li><a href=\"https:\/\/mintrabajo.gob.bo\/index.php\/normativa-inter\/resolucion-ministerial-no-1204-21\/\">Resoluci\u00f3n Ministerial No.- 1204\/21<\/a><\/li>\n<li><a href=\"https:\/\/mintrabajo.gob.bo\/index.php\/normativa-inter\/resolucion-ministerial-no-1161-21\/\">Resoluci\u00f3n Ministerial No.- 1161\/21<\/a><\/li>\n<li><a href=\"https:\/\/mintrabajo.gob.bo\/index.php\/normativa-inter\/resolucion-ministerial-no-1112-21\/\">Resoluci\u00f3n Ministerial No.- 1112\/21<\/a><\/li>\n<li><a href=\"https:\/\/mintrabajo.gob.bo\/index.php\/normativa-inter\/resolucion-ministerial-no-943-21\/\">Resoluci\u00f3n Ministerial No.- 943\/21<\/a><\/li>\n<li><a href=\"https:\/\/mintrabajo.gob.bo\/index.php\/normativa-inter\/resolucion-ministerial-no-872-21\/\">Resoluci\u00f3n Ministerial No.- 872\/21<\/a><\/li>\n<li><a href=\"https:\/\/mintrabajo.gob.bo\/index.php\/normativa-inter\/resolucion-ministerial-no-864-21\/\">Resoluci\u00f3n Ministerial No.- 864\/21<\/a><\/li>\n<li><a href=\"https:\/\/mintrabajo.gob.bo\/index.php\/normativa-inter\/resolucion-ministerial-no-817-21\/\">Resoluci\u00f3n Ministerial No.- 817\/21<\/a><\/li>\n<li><a href=\"https:\/\/mintrabajo.gob.bo\/index.php\/normativa-inter\/resolucion-ministerial-no-699-21\/\">Resoluci\u00f3n Ministerial No.- 699\/21<\/a><\/li>\n<li><a href=\"https:\/\/mintrabajo.gob.bo\/index.php\/normativa-inter\/resolucion-ministerial-no-631-21\/\">Resoluci\u00f3n Ministerial No.- 631\/21<\/a><\/li>\n<li><a href=\"https:\/\/mintrabajo.gob.bo\/index.php\/normativa-inter\/resolucion-ministerial-no-579-21\/\">Resoluci\u00f3n Ministerial No.- 579\/21<\/a><\/li>\n<li><a href=\"https:\/\/mintrabajo.gob.bo\/index.php\/normativa-inter\/resolucion-ministerial-no-512-21\/\">Resoluci\u00f3n Ministerial No.- 512\/21<\/a><\/li>\n<li><a href=\"https:\/\/mintrabajo.gob.bo\/index.php\/normativa-inter\/resolucion-ministerial-no-431-21\/\">Resoluci\u00f3n Ministerial No.- 431\/21<\/a><\/li>\n<li><a href=\"https:\/\/mintrabajo.gob.bo\/index.php\/normativa-inter\/resolucion-ministerial-no-432-21\/\">Resoluci\u00f3n Ministerial No.- 432\/21<\/a><\/li>\n<li><a href=\"https:\/\/mintrabajo.gob.bo\/index.php\/normativa-inter\/resolucion-ministerial-no-334-21\/\">Resoluci\u00f3n Ministerial No.- 334\/21<\/a><\/li>\n<li><a href=\"https:\/\/mintrabajo.gob.bo\/index.php\/normativa-inter\/resolucion-ministerial-no-335-21\/\">Resoluci\u00f3n Ministerial No.- 335\/21<\/a><\/li>\n<li><a href=\"https:\/\/mintrabajo.gob.bo\/index.php\/normativa-inter\/resolucion-ministerial-no-326-21\/\">Resoluci\u00f3n Ministerial No.- 326\/21<\/a><\/li>\n<li><a href=\"https:\/\/mintrabajo.gob.bo\/index.php\/normativa-inter\/resolucion-ministerial-no-325-21\/\">Resoluci\u00f3n Ministerial No.- 325\/21<\/a><\/li>\n<li><a href=\"https:\/\/mintrabajo.gob.bo\/index.php\/normativa-inter\/resolucion-ministerial-no-320-21\/\">Resoluci\u00f3n Ministerial No.- 320\/21<\/a><\/li>\n<li><a href=\"https:\/\/mintrabajo.gob.bo\/index.php\/normativa-inter\/resolucion-ministerial-no-196-21\/\">Resoluci\u00f3n Ministerial N\u00ba 196\/21<\/a><\/li>\n<li><a href=\"https:\/\/mintrabajo.gob.bo\/index.php\/normativa-inter\/resolucion-ministerial-no-186-21\/\">Resoluci\u00f3n Ministerial No.- 186\/21<\/a><\/li>\n<li><a href=\"https:\/\/mintrabajo.gob.bo\/index.php\/normativa-inter\/resolucion-ministerial-no-171-21\/\">Resoluci\u00f3n Ministerial No.- 171\/21<\/a><\/li>\n<li><a href=\"https:\/\/mintrabajo.gob.bo\/index.php\/normativa-inter\/resolucion-ministerial-no-026-21\/\">Resoluci\u00f3n Ministerial No.- 026\/21<\/a><\/li>\n<li><a href=\"https:\/\/mintrabajo.gob.bo\/index.php\/normativa-inter\/resolucion-bi-ministerial-no-001-21\/\">Resoluci\u00f3n BI \u2013 Ministerial No.- 001\/21<\/a><\/li>\n<li><a href=\"https:\/\/mintrabajo.gob.bo\/index.php\/normativa-inter\/resolucion-ministerial-012-21\/\">Resoluci\u00f3n Ministerial 012\/21<\/a><\/li>\n<li><a href=\"https:\/\/mintrabajo.gob.bo\/index.php\/normativa-inter\/resolucion-ministerial-n-760-20\/\">Resoluci\u00f3n Ministerial N\u00b0 760\/20<\/a><\/li>\n<li><a href=\"https:\/\/mintrabajo.gob.bo\/index.php\/normativa-inter\/resolucion-ministerial-n-606-20\/\">Resoluci\u00f3n Ministerial N\u00b0 606\/20<\/a><\/li>\n<li><a href=\"https:\/\/mintrabajo.gob.bo\/index.php\/normativa-inter\/resolucion-ministerial-n-695-20\/\">Resoluci\u00f3n Ministerial N\u00b0 695\/20<\/a><\/li>\n<li><a href=\"https:\/\/mintrabajo.gob.bo\/index.php\/normativa-inter\/resolucion-ministerial-n-679-20\/\">Resoluci\u00f3n Ministerial N\u00b0 679\/20<\/a><\/li>\n<li><a href=\"https:\/\/mintrabajo.gob.bo\/index.php\/normativa-inter\/resolucion-ministerial-no-612-20\/\">Resoluci\u00f3n Ministerial No.- 612\/20<\/a><\/li>\n<li><a href=\"https:\/\/mintrabajo.gob.bo\/index.php\/normativa-inter\/resolucion-ministerial-n-307-2020\/\">Resoluci\u00f3n Ministerial N\u00b0 307\/2020<\/a><\/li>\n<li><a href=\"https:\/\/mintrabajo.gob.bo\/index.php\/normativa-inter\/resolucion-ministerial-n-271-2020\/\">Resoluci\u00f3n Ministerial N\u00b0 271\/2020<\/a><\/li>\n<li><a href=\"https:\/\/mintrabajo.gob.bo\/index.php\/normativa-inter\/resolucion-ministerial-n-229-20\/\">Resoluci\u00f3n Ministerial N\u00b0 229\/20<\/a><\/li>\n<li><a href=\"https:\/\/mintrabajo.gob.bo\/index.php\/normativa-inter\/resolucion-ministerial-n-225-2020\/\">Resoluci\u00f3n Ministerial N\u00b0 225\/2020<\/a><\/li>\n<li><a href=\"https:\/\/mintrabajo.gob.bo\/index.php\/normativa-inter\/resolucion-ministerial-n-1136-19\/\">Resoluci\u00f3n Ministerial N\u00b0 1136\/19<\/a><\/li>\n<li><a href=\"https:\/\/mintrabajo.gob.bo\/index.php\/normativa-inter\/resolucion-ministerial-n-1051-19\/\">Resoluci\u00f3n Ministerial N\u00b0 1051\/19<\/a><\/li>\n<li><a href=\"https:\/\/mintrabajo.gob.bo\/index.php\/normativa-inter\/resolucion-ministerial-n-1036-19\/\">Resoluci\u00f3n Ministerial N\u00b0 1036\/19<\/a><\/li>\n<li><a href=\"https:\/\/mintrabajo.gob.bo\/index.php\/normativa-inter\/resolucion-ministerial-n-532-19\/\">Resoluci\u00f3n Ministerial N\u00b0 532\/19<\/a><\/li>\n<li><a href=\"https:\/\/mintrabajo.gob.bo\/index.php\/normativa-inter\/resolucion-ministerial-n-480-19\/\">Resoluci\u00f3n Ministerial N\u00b0 480\/19<\/a><\/li>\n<li><a href=\"https:\/\/mintrabajo.gob.bo\/index.php\/normativa-inter\/resolucion-ministerial-no-425-19\/\">Resoluci\u00f3n Ministerial No.- 425\/19<\/a><\/li>\n<li><a href=\"https:\/\/mintrabajo.gob.bo\/index.php\/normativa-inter\/resolucion-ministerial-no-379-19\/\">Resoluci\u00f3n Ministerial No.- 379\/19<\/a><\/li>\n<li><a href=\"https:\/\/mintrabajo.gob.bo\/index.php\/normativa-inter\/resolucion-ministerial-no-346-19\/\">Resoluci\u00f3n Ministerial No.- 346\/19<\/a><\/li>\n<li><a href=\"https:\/\/mintrabajo.gob.bo\/index.php\/normativa-inter\/resolucion-ministerial-no-108-19\/\">Resoluci\u00f3n Ministerial No.- 108\/19<\/a><\/li>\n<li><a href=\"https:\/\/mintrabajo.gob.bo\/index.php\/normativa-inter\/resolucion-ministerial-no-107-19\/\">Resoluci\u00f3n Ministerial No.- 107\/19<\/a><\/li>\n<li><a href=\"https:\/\/mintrabajo.gob.bo\/index.php\/normativa-inter\/resolucion-ministerial-no-036-19\/\">Resoluci\u00f3n Ministerial No.- 036\/19<\/a><\/li>\n<li><a href=\"https:\/\/mintrabajo.gob.bo\/index.php\/normativa-inter\/resolucion-ministerial-no-1436-18\/\">Resoluci\u00f3n Ministerial No.- 1436\/18<\/a><\/li>\n<li><a href=\"https:\/\/mintrabajo.gob.bo\/index.php\/normativa-inter\/resolucion-ministerial-no-1411-18\/\">Resoluci\u00f3n Ministerial No.- 1411\/18<\/a><\/li>\n<li><a href=\"https:\/\/mintrabajo.gob.bo\/index.php\/normativa-inter\/resolucion-ministerial-no-1373-18\/\">Resoluci\u00f3n Ministerial No.- 1373\/18<\/a><\/li>\n<li><a href=\"https:\/\/mintrabajo.gob.bo\/index.php\/normativa-inter\/resolucion-ministerial-no-959-18\/\">Resoluci\u00f3n Ministerial No.- 959\/18<\/a><\/li>\n<li><a href=\"https:\/\/mintrabajo.gob.bo\/index.php\/normativa-inter\/resolucion-ministerial-no-739-18\/\">Resoluci\u00f3n Ministerial No.- 739\/18<\/a><\/li>\n<li><a href=\"https:\/\/mintrabajo.gob.bo\/index.php\/normativa-inter\/resolucion-ministerial-no-258-18\/\">Resoluci\u00f3n Ministerial No.- 258\/18<\/a><\/li>\n<li><a href=\"https:\/\/mintrabajo.gob.bo\/index.php\/normativa-inter\/resolucion-ministerial-no-212-18\/\">Resoluci\u00f3n Ministerial No.- 212\/18<\/a><\/li>\n<li><a href=\"https:\/\/mintrabajo.gob.bo\/index.php\/normativa-inter\/resolucion-ministerial-no-387-17\/\">Resoluci\u00f3n Ministerial No.- 387\/17<\/a><\/li>\n<li><a href=\"https:\/\/mintrabajo.gob.bo\/index.php\/normativa-inter\/resolucion-bi-ministerial-002-15\/\">Resoluci\u00f3n Bi-Ministerial No.- 002\/15<\/a><\/li>\n<\/ul>\n<h2 class=\"wsp-programa-proyectos-title\">Programas y proyectos de inversi\u00f3n<\/h2>\n<ul class=\"wsp-programa-proyectos-list\">\n<li><a href=\"https:\/\/mintrabajo.gob.bo\/index.php\/programa-proyecto\/2021-estado-de-la-ejecucion-presupuestaria-de-gastos\/\">2021 Estado de la Ejecuci\u00f3n Presupuestaria de Gastos<\/a><\/li>\n<li><a href=\"https:\/\/mintrabajo.gob.bo\/index.php\/programa-proyecto\/ejecucion-presupuestaria-de-gastos-2\/\">2021 Ejecuci\u00f3n Presupuestaria de Gastos<\/a><\/li>\n<li><a href=\"https:\/\/mintrabajo.gob.bo\/index.php\/programa-proyecto\/ejecucion-presupuestaria-de-gastos\/\">2021 Ejecuci\u00f3n Presupuestaria de Gastos<\/a><\/li>\n<li><a href=\"https:\/\/mintrabajo.gob.bo\/index.php\/programa-proyecto\/9175\/\">2021 Ejecuci\u00f3n Presupuestaria Institucional<\/a><\/li>\n<\/ul>\n<h2 class=\"wsp-nota_prensas-title\">Notas<\/h2>\n<ul class=\"wsp-nota_prensas-list\">\n<li><a href=\"https:\/\/mintrabajo.gob.bo\/index.php\/nota_prensa\/la-paz-71\/\">Pando<\/a><\/li>\n<li><a href=\"https:\/\/mintrabajo.gob.bo\/index.php\/nota_prensa\/la-paz-70\/\">La Paz<\/a><\/li>\n<li><a href=\"https:\/\/mintrabajo.gob.bo\/index.php\/nota_prensa\/la-paz-69\/\">La Paz<\/a><\/li>\n<li><a href=\"https:\/\/mintrabajo.gob.bo\/index.php\/nota_prensa\/la-paz-68\/\">La Paz<\/a><\/li>\n<li><a href=\"https:\/\/mintrabajo.gob.bo\/index.php\/nota_prensa\/puerto-suarez-21\/\">Puerto S\u00faarez<\/a><\/li>\n<li><a href=\"https:\/\/mintrabajo.gob.bo\/index.php\/nota_prensa\/pando-12\/\">Pando<\/a><\/li>\n<li><a href=\"https:\/\/mintrabajo.gob.bo\/index.php\/nota_prensa\/monteagudo-22\/\">Monteagudo<\/a><\/li>\n<li><a href=\"https:\/\/mintrabajo.gob.bo\/index.php\/nota_prensa\/la-paz-67\/\">La Paz<\/a><\/li>\n<li><a href=\"https:\/\/mintrabajo.gob.bo\/index.php\/nota_prensa\/riberalta-2\/\">Riberalta<\/a><\/li>\n<li><a href=\"https:\/\/mintrabajo.gob.bo\/index.php\/nota_prensa\/la-paz-66\/\">La Paz<\/a><\/li>\n<li><a href=\"https:\/\/mintrabajo.gob.bo\/index.php\/nota_prensa\/la-paz-65\/\">La Paz<\/a><\/li>\n<li><a href=\"https:\/\/mintrabajo.gob.bo\/index.php\/nota_prensa\/tarija-3\/\">Tarija<\/a><\/li>\n<li><a href=\"https:\/\/mintrabajo.gob.bo\/index.php\/nota_prensa\/tarija-2\/\">Tarija<\/a><\/li>\n<li><a href=\"https:\/\/mintrabajo.gob.bo\/index.php\/nota_prensa\/tarija\/\">Tarija<\/a><\/li>\n<li><a href=\"https:\/\/mintrabajo.gob.bo\/index.php\/nota_prensa\/la-paz-64\/\">La Paz<\/a><\/li>\n<li><a href=\"https:\/\/mintrabajo.gob.bo\/index.php\/nota_prensa\/la-paz-63\/\">La Paz<\/a><\/li>\n<li><a href=\"https:\/\/mintrabajo.gob.bo\/index.php\/nota_prensa\/la-paz-62\/\">La Paz<\/a><\/li>\n<li><a href=\"https:\/\/mintrabajo.gob.bo\/index.php\/nota_prensa\/monteagudo-21\/\">Monteagudo<\/a><\/li>\n<li><a href=\"https:\/\/mintrabajo.gob.bo\/index.php\/nota_prensa\/monteagudo-20\/\">Monteagudo<\/a><\/li>\n<li><a href=\"https:\/\/mintrabajo.gob.bo\/index.php\/nota_prensa\/la-paz-61\/\">La Paz<\/a><\/li>\n<li><a href=\"https:\/\/mintrabajo.gob.bo\/index.php\/nota_prensa\/monteagudo-19\/\">Monteagudo<\/a><\/li>\n<li><a href=\"https:\/\/mintrabajo.gob.bo\/index.php\/nota_prensa\/villa-montes-9\/\">Villa Montes<\/a><\/li>\n<li><a href=\"https:\/\/mintrabajo.gob.bo\/index.php\/nota_prensa\/puerto-suarez-20\/\">Puerto Su\u00e1rez<\/a><\/li>\n<li><a href=\"https:\/\/mintrabajo.gob.bo\/index.php\/nota_prensa\/la-paz-60\/\">La Paz<\/a><\/li>\n<li><a href=\"https:\/\/mintrabajo.gob.bo\/index.php\/nota_prensa\/la-paz-59\/\">La Paz<\/a><\/li>\n<li><a href=\"https:\/\/mintrabajo.gob.bo\/index.php\/nota_prensa\/la-paz-58\/\">La Paz<\/a><\/li>\n<li><a href=\"https:\/\/mintrabajo.gob.bo\/index.php\/nota_prensa\/oruro-19\/\">Oruro<\/a><\/li>\n<li><a href=\"https:\/\/mintrabajo.gob.bo\/index.php\/nota_prensa\/puerto-suarez-19\/\">Puerto Su\u00e1rez<\/a><\/li>\n<li><a href=\"https:\/\/mintrabajo.gob.bo\/index.php\/nota_prensa\/yacuiba\/\">Yacuiba<\/a><\/li>\n<li><a href=\"https:\/\/mintrabajo.gob.bo\/index.php\/nota_prensa\/monteagudo-18\/\">Monteagudo<\/a><\/li>\n<li><a href=\"https:\/\/mintrabajo.gob.bo\/index.php\/nota_prensa\/puerto-suarez-18\/\">Puerto Su\u00e1rez<\/a><\/li>\n<li><a href=\"https:\/\/mintrabajo.gob.bo\/index.php\/nota_prensa\/monteagudo-17\/\">Monteagudo<\/a><\/li>\n<li><a href=\"https:\/\/mintrabajo.gob.bo\/index.php\/nota_prensa\/el-alto-8\/\">El Alto<\/a><\/li>\n<li><a href=\"https:\/\/mintrabajo.gob.bo\/index.php\/nota_prensa\/la-paz-57\/\">La Paz<\/a><\/li>\n<li><a href=\"https:\/\/mintrabajo.gob.bo\/index.php\/nota_prensa\/la-paz-56\/\">La Paz<\/a><\/li>\n<li><a href=\"https:\/\/mintrabajo.gob.bo\/index.php\/nota_prensa\/la-paz-54\/\">La Paz<\/a><\/li>\n<li><a href=\"https:\/\/mintrabajo.gob.bo\/index.php\/nota_prensa\/la-paz-53\/\">La Paz<\/a><\/li>\n<li><a href=\"https:\/\/mintrabajo.gob.bo\/index.php\/nota_prensa\/la-paz-52\/\">La Paz<\/a><\/li>\n<li><a href=\"https:\/\/mintrabajo.gob.bo\/index.php\/nota_prensa\/la-paz-55\/\">La Paz<\/a><\/li>\n<li><a href=\"https:\/\/mintrabajo.gob.bo\/index.php\/nota_prensa\/el-alto-7\/\">El Alto<\/a><\/li>\n<li><a href=\"https:\/\/mintrabajo.gob.bo\/index.php\/nota_prensa\/la-paz-51\/\">La Paz<\/a><\/li>\n<li><a href=\"https:\/\/mintrabajo.gob.bo\/index.php\/nota_prensa\/puerto-suarez-17\/\">Puerto Su\u00e1rez<\/a><\/li>\n<li><a href=\"https:\/\/mintrabajo.gob.bo\/index.php\/nota_prensa\/monteagudo-16\/\">Monteagudo<\/a><\/li>\n<li><a href=\"https:\/\/mintrabajo.gob.bo\/index.php\/nota_prensa\/monteagudo-15\/\">Monteagudo<\/a><\/li>\n<li><a href=\"https:\/\/mintrabajo.gob.bo\/index.php\/nota_prensa\/oruro-18\/\">Oruro<\/a><\/li>\n<li><a href=\"https:\/\/mintrabajo.gob.bo\/index.php\/nota_prensa\/monteagudo-14\/\">Monteagudo<\/a><\/li>\n<li><a href=\"https:\/\/mintrabajo.gob.bo\/index.php\/nota_prensa\/puerto-suarez-16\/\">Puerto Su\u00e1rez<\/a><\/li>\n<li><a href=\"https:\/\/mintrabajo.gob.bo\/index.php\/nota_prensa\/trinidad\/\">Trinidad<\/a><\/li>\n<li><a href=\"https:\/\/mintrabajo.gob.bo\/index.php\/nota_prensa\/la-paz-50\/\">La Paz<\/a><\/li>\n<li><a href=\"https:\/\/mintrabajo.gob.bo\/index.php\/nota_prensa\/el-alto-6\/\">El Alto<\/a><\/li>\n<li><a href=\"https:\/\/mintrabajo.gob.bo\/index.php\/nota_prensa\/el-alto-5\/\">El Alto<\/a><\/li>\n<li><a href=\"https:\/\/mintrabajo.gob.bo\/index.php\/nota_prensa\/el-alto-4\/\">El Alto<\/a><\/li>\n<li><a href=\"https:\/\/mintrabajo.gob.bo\/index.php\/nota_prensa\/beni-7\/\">Beni<\/a><\/li>\n<li><a href=\"https:\/\/mintrabajo.gob.bo\/index.php\/nota_prensa\/oruro-17\/\">Oruro<\/a><\/li>\n<li><a href=\"https:\/\/mintrabajo.gob.bo\/index.php\/nota_prensa\/beni-6\/\">Beni<\/a><\/li>\n<li><a href=\"https:\/\/mintrabajo.gob.bo\/index.php\/nota_prensa\/pando-11\/\">Pando<\/a><\/li>\n<li><a href=\"https:\/\/mintrabajo.gob.bo\/index.php\/nota_prensa\/monteagudo-13\/\">Monteagudo<\/a><\/li>\n<li><a href=\"https:\/\/mintrabajo.gob.bo\/index.php\/nota_prensa\/villa-montes-8\/\">Villa Montes<\/a><\/li>\n<li><a href=\"https:\/\/mintrabajo.gob.bo\/index.php\/nota_prensa\/cochabamba-14\/\">Cochabamba<\/a><\/li>\n<li><a href=\"https:\/\/mintrabajo.gob.bo\/index.php\/nota_prensa\/internacional-2\/\">INTERNACIONAL<\/a><\/li>\n<li><a href=\"https:\/\/mintrabajo.gob.bo\/index.php\/nota_prensa\/internacional\/\">INTERNACIONAL<\/a><\/li>\n<li><a href=\"https:\/\/mintrabajo.gob.bo\/index.php\/nota_prensa\/la-paz-49\/\">La Paz<\/a><\/li>\n<li><a href=\"https:\/\/mintrabajo.gob.bo\/index.php\/nota_prensa\/la-paz-48\/\">La Paz<\/a><\/li>\n<li><a href=\"https:\/\/mintrabajo.gob.bo\/index.php\/nota_prensa\/la-paz-47\/\">La Paz<\/a><\/li>\n<li><a href=\"https:\/\/mintrabajo.gob.bo\/index.php\/nota_prensa\/la-paz-46\/\">La Paz<\/a><\/li>\n<li><a href=\"https:\/\/mintrabajo.gob.bo\/index.php\/nota_prensa\/cochabamba-13\/\">Cochabamba<\/a><\/li>\n<li><a href=\"https:\/\/mintrabajo.gob.bo\/index.php\/nota_prensa\/cochabamba-12\/\">Cochabamba<\/a><\/li>\n<li><a href=\"https:\/\/mintrabajo.gob.bo\/index.php\/nota_prensa\/la-paz-45\/\">La Paz<\/a><\/li>\n<li><a href=\"https:\/\/mintrabajo.gob.bo\/index.php\/nota_prensa\/la-paz-44\/\">La Paz<\/a><\/li>\n<li><a href=\"https:\/\/mintrabajo.gob.bo\/index.php\/nota_prensa\/santa-cruz-5\/\">Santa Cruz<\/a><\/li>\n<li><a href=\"https:\/\/mintrabajo.gob.bo\/index.php\/nota_prensa\/santa-cruz-4\/\">Santa Cruz<\/a><\/li>\n<li><a href=\"https:\/\/mintrabajo.gob.bo\/index.php\/nota_prensa\/santa-cruz-3\/\">Santa Cruz<\/a><\/li>\n<li><a href=\"https:\/\/mintrabajo.gob.bo\/index.php\/nota_prensa\/cochabamba-11\/\">Cochabamba<\/a><\/li>\n<li><a href=\"https:\/\/mintrabajo.gob.bo\/index.php\/nota_prensa\/la-paz-43\/\">La Paz<\/a><\/li>\n<li><a href=\"https:\/\/mintrabajo.gob.bo\/index.php\/nota_prensa\/oruro-16\/\">Oruro<\/a><\/li>\n<li><a href=\"https:\/\/mintrabajo.gob.bo\/index.php\/nota_prensa\/la-paz-42\/\">La Paz<\/a><\/li>\n<li><a href=\"https:\/\/mintrabajo.gob.bo\/index.php\/nota_prensa\/oruro-15\/\">Oruro<\/a><\/li>\n<li><a href=\"https:\/\/mintrabajo.gob.bo\/index.php\/nota_prensa\/oruro-14\/\">Oruro<\/a><\/li>\n<li><a href=\"https:\/\/mintrabajo.gob.bo\/index.php\/nota_prensa\/la-paz-41\/\">La Paz<\/a><\/li>\n<li><a href=\"https:\/\/mintrabajo.gob.bo\/index.php\/nota_prensa\/la-paz-40\/\">La Paz<\/a><\/li>\n<li><a href=\"https:\/\/mintrabajo.gob.bo\/index.php\/nota_prensa\/santa-cruz-2\/\">Santa Cruz<\/a><\/li>\n<li><a href=\"https:\/\/mintrabajo.gob.bo\/index.php\/nota_prensa\/la-paz-39\/\">La Paz<\/a><\/li>\n<li><a href=\"https:\/\/mintrabajo.gob.bo\/index.php\/nota_prensa\/oruro-13\/\">Oruro<\/a><\/li>\n<li><a href=\"https:\/\/mintrabajo.gob.bo\/index.php\/nota_prensa\/puerto-suarez-15\/\">Puerto Su\u00e1rez<\/a><\/li>\n<li><a href=\"https:\/\/mintrabajo.gob.bo\/index.php\/nota_prensa\/cochabamba-10\/\">Cochabamba<\/a><\/li>\n<li><a href=\"https:\/\/mintrabajo.gob.bo\/index.php\/nota_prensa\/oruro-12\/\">Oruro<\/a><\/li>\n<li><a href=\"https:\/\/mintrabajo.gob.bo\/index.php\/nota_prensa\/omasuyos\/\">Omasuyos<\/a><\/li>\n<li><a href=\"https:\/\/mintrabajo.gob.bo\/index.php\/nota_prensa\/la-paz-38\/\">La Paz<\/a><\/li>\n<li><a href=\"https:\/\/mintrabajo.gob.bo\/index.php\/nota_prensa\/la-paz-37\/\">La Paz<\/a><\/li>\n<li><a href=\"https:\/\/mintrabajo.gob.bo\/index.php\/nota_prensa\/oruro-11\/\">Oruro<\/a><\/li>\n<li><a href=\"https:\/\/mintrabajo.gob.bo\/index.php\/nota_prensa\/monteagudo-12\/\">Monteagudo<\/a><\/li>\n<li><a href=\"https:\/\/mintrabajo.gob.bo\/index.php\/nota_prensa\/villa-montes-7\/\">Villa Montes<\/a><\/li>\n<li><a href=\"https:\/\/mintrabajo.gob.bo\/index.php\/nota_prensa\/cochabamba-9\/\">Cochabamba<\/a><\/li>\n<li><a href=\"https:\/\/mintrabajo.gob.bo\/index.php\/nota_prensa\/la-paz-36\/\">La Paz<\/a><\/li>\n<li><a href=\"https:\/\/mintrabajo.gob.bo\/index.php\/nota_prensa\/tupiza-2\/\">Tupiza<\/a><\/li>\n<li><a href=\"https:\/\/mintrabajo.gob.bo\/index.php\/nota_prensa\/tupiza\/\">Tupiza<\/a><\/li>\n<li><a href=\"https:\/\/mintrabajo.gob.bo\/index.php\/nota_prensa\/la-paz-35\/\">La Paz<\/a><\/li>\n<li><a href=\"https:\/\/mintrabajo.gob.bo\/index.php\/nota_prensa\/pando-10\/\">Pando<\/a><\/li>\n<li><a href=\"https:\/\/mintrabajo.gob.bo\/index.php\/nota_prensa\/la-paz-34\/\">La Paz<\/a><\/li>\n<li><a href=\"https:\/\/mintrabajo.gob.bo\/index.php\/nota_prensa\/cochabamba-8\/\">Cochabamba<\/a><\/li>\n<li><a href=\"https:\/\/mintrabajo.gob.bo\/index.php\/nota_prensa\/la-paz-33\/\">La Paz<\/a><\/li>\n<li><a href=\"https:\/\/mintrabajo.gob.bo\/index.php\/nota_prensa\/cochabamba-7\/\">Cochabamba<\/a><\/li>\n<li><a href=\"https:\/\/mintrabajo.gob.bo\/index.php\/nota_prensa\/beni-5\/\">Beni<\/a><\/li>\n<li><a href=\"https:\/\/mintrabajo.gob.bo\/index.php\/nota_prensa\/la-paz-32\/\">La Paz<\/a><\/li>\n<li><a href=\"https:\/\/mintrabajo.gob.bo\/index.php\/nota_prensa\/beni-4\/\">Beni<\/a><\/li>\n<li><a href=\"https:\/\/mintrabajo.gob.bo\/index.php\/nota_prensa\/cochabamba-6\/\">Cochabamba<\/a><\/li>\n<li><a href=\"https:\/\/mintrabajo.gob.bo\/index.php\/nota_prensa\/monteagudo-11\/\">Monteagudo<\/a><\/li>\n<li><a href=\"https:\/\/mintrabajo.gob.bo\/index.php\/nota_prensa\/puerto-suarez-14\/\">Puerto Su\u00e1rez<\/a><\/li>\n<li><a href=\"https:\/\/mintrabajo.gob.bo\/index.php\/nota_prensa\/la-paz-31\/\">La Paz<\/a><\/li>\n<li><a href=\"https:\/\/mintrabajo.gob.bo\/index.php\/nota_prensa\/llallagua\/\">Llallagua<\/a><\/li>\n<li><a href=\"https:\/\/mintrabajo.gob.bo\/index.php\/nota_prensa\/puerto-suarez-13\/\">Puerto Su\u00e1rez<\/a><\/li>\n<li><a href=\"https:\/\/mintrabajo.gob.bo\/index.php\/nota_prensa\/bermejo-4\/\">Bermejo<\/a><\/li>\n<li><a href=\"https:\/\/mintrabajo.gob.bo\/index.php\/nota_prensa\/oruro-10\/\">Oruro<\/a><\/li>\n<li><a href=\"https:\/\/mintrabajo.gob.bo\/index.php\/nota_prensa\/la-paz-30\/\">La Paz<\/a><\/li>\n<li><a href=\"https:\/\/mintrabajo.gob.bo\/index.php\/nota_prensa\/bermejo-3\/\">Bermejo<\/a><\/li>\n<li><a href=\"https:\/\/mintrabajo.gob.bo\/index.php\/nota_prensa\/puerto-suarez-12\/\">Puerto Su\u00e1rez<\/a><\/li>\n<li><a href=\"https:\/\/mintrabajo.gob.bo\/index.php\/nota_prensa\/la-paz-29\/\">La Paz<\/a><\/li>\n<li><a href=\"https:\/\/mintrabajo.gob.bo\/index.php\/nota_prensa\/la-paz-28\/\">La Paz<\/a><\/li>\n<li><a href=\"https:\/\/mintrabajo.gob.bo\/index.php\/nota_prensa\/villazon\/\">Villaz\u00f3n<\/a><\/li>\n<li><a href=\"https:\/\/mintrabajo.gob.bo\/index.php\/nota_prensa\/villa-montes-6\/\">Villa Montes<\/a><\/li>\n<li><a href=\"https:\/\/mintrabajo.gob.bo\/index.php\/nota_prensa\/puerto-suarez-11\/\">Puerto Su\u00e1rez<\/a><\/li>\n<li><a href=\"https:\/\/mintrabajo.gob.bo\/index.php\/nota_prensa\/rurrenabaque-3\/\">Rurrenabaque<\/a><\/li>\n<li><a href=\"https:\/\/mintrabajo.gob.bo\/index.php\/nota_prensa\/cochabamba-5\/\">Cochabamba<\/a><\/li>\n<li><a href=\"https:\/\/mintrabajo.gob.bo\/index.php\/nota_prensa\/la-paz-27\/\">La Paz<\/a><\/li>\n<li><a href=\"https:\/\/mintrabajo.gob.bo\/index.php\/nota_prensa\/puerto-suarez-10\/\">Puerto Su\u00e1rez<\/a><\/li>\n<li><a href=\"https:\/\/mintrabajo.gob.bo\/index.php\/nota_prensa\/monteagudo-10\/\">Monteagudo<\/a><\/li>\n<li><a href=\"https:\/\/mintrabajo.gob.bo\/index.php\/nota_prensa\/la-paz-26\/\">La Paz<\/a><\/li>\n<li><a href=\"https:\/\/mintrabajo.gob.bo\/index.php\/nota_prensa\/la-paz-25\/\">La Paz<\/a><\/li>\n<li><a href=\"https:\/\/mintrabajo.gob.bo\/index.php\/nota_prensa\/oruro-9\/\">Oruro<\/a><\/li>\n<li><a href=\"https:\/\/mintrabajo.gob.bo\/index.php\/nota_prensa\/oruro-8\/\">Oruro<\/a><\/li>\n<li><a href=\"https:\/\/mintrabajo.gob.bo\/index.php\/nota_prensa\/cochabamba-4\/\">Cochabamba<\/a><\/li>\n<li><a href=\"https:\/\/mintrabajo.gob.bo\/index.php\/nota_prensa\/el-alto-3\/\">El Alto<\/a><\/li>\n<li><a href=\"https:\/\/mintrabajo.gob.bo\/index.php\/nota_prensa\/la-paz-24\/\">La Paz<\/a><\/li>\n<li><a href=\"https:\/\/mintrabajo.gob.bo\/index.php\/nota_prensa\/cochabamba-3\/\">Cochabamba<\/a><\/li>\n<li><a href=\"https:\/\/mintrabajo.gob.bo\/index.php\/nota_prensa\/puerto-suarez-9\/\">Puerto Su\u00e1rez<\/a><\/li>\n<li><a href=\"https:\/\/mintrabajo.gob.bo\/index.php\/nota_prensa\/villa-montes-5\/\">Villa Montes<\/a><\/li>\n<li><a href=\"https:\/\/mintrabajo.gob.bo\/index.php\/nota_prensa\/la-paz-23\/\">La Paz<\/a><\/li>\n<li><a href=\"https:\/\/mintrabajo.gob.bo\/index.php\/nota_prensa\/la-paz-22\/\">La Paz<\/a><\/li>\n<li><a href=\"https:\/\/mintrabajo.gob.bo\/index.php\/nota_prensa\/la-paz-21\/\">La Paz<\/a><\/li>\n<li><a href=\"https:\/\/mintrabajo.gob.bo\/index.php\/nota_prensa\/puerto-suarez-8\/\">Puerto Su\u00e1rez<\/a><\/li>\n<li><a href=\"https:\/\/mintrabajo.gob.bo\/index.php\/nota_prensa\/oruro-7\/\">Oruro<\/a><\/li>\n<li><a href=\"https:\/\/mintrabajo.gob.bo\/index.php\/nota_prensa\/oruro-6\/\">Oruro<\/a><\/li>\n<li><a href=\"https:\/\/mintrabajo.gob.bo\/index.php\/nota_prensa\/la-paz-20\/\">La Paz<\/a><\/li>\n<li><a href=\"https:\/\/mintrabajo.gob.bo\/index.php\/nota_prensa\/oruro-5\/\">Oruro<\/a><\/li>\n<li><a href=\"https:\/\/mintrabajo.gob.bo\/index.php\/nota_prensa\/villa-montes-3\/\">Villa Montes<\/a><\/li>\n<li><a href=\"https:\/\/mintrabajo.gob.bo\/index.php\/nota_prensa\/el-alto-2\/\">El Alto<\/a><\/li>\n<li><a href=\"https:\/\/mintrabajo.gob.bo\/index.php\/nota_prensa\/puerto-quijarro-2\/\">Puerto Quijarro<\/a><\/li>\n<li><a href=\"https:\/\/mintrabajo.gob.bo\/index.php\/nota_prensa\/pando-9\/\">Pando<\/a><\/li>\n<li><a href=\"https:\/\/mintrabajo.gob.bo\/index.php\/nota_prensa\/villa-montes-4\/\">Villa Montes<\/a><\/li>\n<li><a href=\"https:\/\/mintrabajo.gob.bo\/index.php\/nota_prensa\/la-paz-19\/\">La Paz<\/a><\/li>\n<li><a href=\"https:\/\/mintrabajo.gob.bo\/index.php\/nota_prensa\/puerto-suarez-7\/\">Puerto Suarez<\/a><\/li>\n<li><a href=\"https:\/\/mintrabajo.gob.bo\/index.php\/nota_prensa\/pando-8\/\">Pando<\/a><\/li>\n<li><a href=\"https:\/\/mintrabajo.gob.bo\/index.php\/nota_prensa\/la-paz-18\/\">La Paz<\/a><\/li>\n<li><a href=\"https:\/\/mintrabajo.gob.bo\/index.php\/nota_prensa\/la-paz-17\/\">La Paz<\/a><\/li>\n<li><a href=\"https:\/\/mintrabajo.gob.bo\/index.php\/nota_prensa\/la-paz-16\/\">La Paz<\/a><\/li>\n<li><a href=\"https:\/\/mintrabajo.gob.bo\/index.php\/nota_prensa\/la-paz-15\/\">La Paz<\/a><\/li>\n<li><a href=\"https:\/\/mintrabajo.gob.bo\/index.php\/nota_prensa\/monteagudo-9\/\">Monteagudo<\/a><\/li>\n<li><a href=\"https:\/\/mintrabajo.gob.bo\/index.php\/nota_prensa\/monteagudo-8\/\">Monteagudo<\/a><\/li>\n<li><a href=\"https:\/\/mintrabajo.gob.bo\/index.php\/nota_prensa\/monteagudo-7\/\">Monteagudo<\/a><\/li>\n<li><a href=\"https:\/\/mintrabajo.gob.bo\/index.php\/nota_prensa\/riberalta\/\">Riberalta<\/a><\/li>\n<li><a href=\"https:\/\/mintrabajo.gob.bo\/index.php\/nota_prensa\/monteagudo-6\/\">Monteagudo<\/a><\/li>\n<li><a href=\"https:\/\/mintrabajo.gob.bo\/index.php\/nota_prensa\/la-paz-14\/\">La Paz<\/a><\/li>\n<li><a href=\"https:\/\/mintrabajo.gob.bo\/index.php\/nota_prensa\/la-paz-13\/\">La Paz<\/a><\/li>\n<li><a href=\"https:\/\/mintrabajo.gob.bo\/index.php\/nota_prensa\/pando-7\/\">Pando<\/a><\/li>\n<li><a href=\"https:\/\/mintrabajo.gob.bo\/index.php\/nota_prensa\/pando-6\/\">Pando<\/a><\/li>\n<li><a href=\"https:\/\/mintrabajo.gob.bo\/index.php\/nota_prensa\/beni-3\/\">Beni<\/a><\/li>\n<li><a href=\"https:\/\/mintrabajo.gob.bo\/index.php\/nota_prensa\/la-paz-12\/\">La Paz<\/a><\/li>\n<li><a href=\"https:\/\/mintrabajo.gob.bo\/index.php\/nota_prensa\/la-paz-11\/\">La Paz<\/a><\/li>\n<li><a href=\"https:\/\/mintrabajo.gob.bo\/index.php\/nota_prensa\/potosi-7\/\">Potos\u00ed<\/a><\/li>\n<li><a href=\"https:\/\/mintrabajo.gob.bo\/index.php\/nota_prensa\/la-paz-10\/\">La Paz<\/a><\/li>\n<li><a href=\"https:\/\/mintrabajo.gob.bo\/index.php\/nota_prensa\/monteagudo-2\/\">Monteagudo<\/a><\/li>\n<li><a href=\"https:\/\/mintrabajo.gob.bo\/index.php\/nota_prensa\/rurrenabaque-2\/\">Rurrenabaque<\/a><\/li>\n<li><a href=\"https:\/\/mintrabajo.gob.bo\/index.php\/nota_prensa\/cochabamba-2\/\">Cochabamba<\/a><\/li>\n<li><a href=\"https:\/\/mintrabajo.gob.bo\/index.php\/nota_prensa\/la-paz-9\/\">La Paz<\/a><\/li>\n<li><a href=\"https:\/\/mintrabajo.gob.bo\/index.php\/nota_prensa\/la-paz-8\/\">La Paz<\/a><\/li>\n<li><a href=\"https:\/\/mintrabajo.gob.bo\/index.php\/nota_prensa\/monteagudo-5\/\">Monteagudo<\/a><\/li>\n<li><a href=\"https:\/\/mintrabajo.gob.bo\/index.php\/nota_prensa\/la-paz-7\/\">La Paz<\/a><\/li>\n<li><a href=\"https:\/\/mintrabajo.gob.bo\/index.php\/nota_prensa\/puerto-suarez-6\/\">Puerto Su\u00e1rez<\/a><\/li>\n<li><a href=\"https:\/\/mintrabajo.gob.bo\/index.php\/nota_prensa\/puerto-suarez-5\/\">Puerto Su\u00e1rez<\/a><\/li>\n<li><a href=\"https:\/\/mintrabajo.gob.bo\/index.php\/nota_prensa\/puerto-suarez-4\/\">Puerto Suarez<\/a><\/li>\n<li><a href=\"https:\/\/mintrabajo.gob.bo\/index.php\/nota_prensa\/monteagudo-4\/\">Monteagudo<\/a><\/li>\n<li><a href=\"https:\/\/mintrabajo.gob.bo\/index.php\/nota_prensa\/la-paz-6\/\">La Paz<\/a><\/li>\n<li><a href=\"https:\/\/mintrabajo.gob.bo\/index.php\/nota_prensa\/monteagudo-3\/\">Monteagudo<\/a><\/li>\n<li><a href=\"https:\/\/mintrabajo.gob.bo\/index.php\/nota_prensa\/bermejo-2\/\">Bermejo<\/a><\/li>\n<li><a href=\"https:\/\/mintrabajo.gob.bo\/index.php\/nota_prensa\/oruro-4\/\">Oruro<\/a><\/li>\n<li><a href=\"https:\/\/mintrabajo.gob.bo\/index.php\/nota_prensa\/la-paz-5\/\">La Paz<\/a><\/li>\n<li><a href=\"https:\/\/mintrabajo.gob.bo\/index.php\/nota_prensa\/potosi-6\/\">Potos\u00ed<\/a><\/li>\n<li><a href=\"https:\/\/mintrabajo.gob.bo\/index.php\/nota_prensa\/villamontes\/\">Villamontes<\/a><\/li>\n<li><a href=\"https:\/\/mintrabajo.gob.bo\/index.php\/nota_prensa\/potosi-5\/\">Potos\u00ed<\/a><\/li>\n<li><a href=\"https:\/\/mintrabajo.gob.bo\/index.php\/nota_prensa\/villa-montes\/\">Villa Montes<\/a><\/li>\n<li><a href=\"https:\/\/mintrabajo.gob.bo\/index.php\/nota_prensa\/oruro-3\/\">Oruro<\/a><\/li>\n<li><a href=\"https:\/\/mintrabajo.gob.bo\/index.php\/nota_prensa\/puerto-suarez-3\/\">Puerto Su\u00e1rez<\/a><\/li>\n<li><a href=\"https:\/\/mintrabajo.gob.bo\/index.php\/nota_prensa\/51733\/\">verdad<\/a><\/li>\n<li><a href=\"https:\/\/mintrabajo.gob.bo\/index.php\/nota_prensa\/potosi-4\/\">Potos\u00ed<\/a><\/li>\n<li><a href=\"https:\/\/mintrabajo.gob.bo\/index.php\/nota_prensa\/rurrenabaque\/\">Rurrenabaque<\/a><\/li>\n<li><a href=\"https:\/\/mintrabajo.gob.bo\/index.php\/nota_prensa\/potosi-3\/\">Potos\u00ed<\/a><\/li>\n<li><a href=\"https:\/\/mintrabajo.gob.bo\/index.php\/nota_prensa\/villa-montes-2\/\">Villa Montes<\/a><\/li>\n<li><a href=\"https:\/\/mintrabajo.gob.bo\/index.php\/nota_prensa\/pando-5\/\">Pando<\/a><\/li>\n<li><a href=\"https:\/\/mintrabajo.gob.bo\/index.php\/nota_prensa\/jefatura-departamental-de-trabajo-santa-cruz-realiza-inspeccion-laboral-a-empresa-pollo-campeon-tras-denuncia-en-redes-sociales\/\">Santa Cruz<\/a><\/li>\n<li><a href=\"https:\/\/mintrabajo.gob.bo\/index.php\/nota_prensa\/la-paz-4\/\">La Paz<\/a><\/li>\n<li><a href=\"https:\/\/mintrabajo.gob.bo\/index.php\/nota_prensa\/cochabamba\/\">Cochabamba<\/a><\/li>\n<li><a href=\"https:\/\/mintrabajo.gob.bo\/index.php\/nota_prensa\/santa-cruz\/\">Santa Cruz<\/a><\/li>\n<li><a href=\"https:\/\/mintrabajo.gob.bo\/index.php\/nota_prensa\/el-alto\/\">El Alto<\/a><\/li>\n<li><a href=\"https:\/\/mintrabajo.gob.bo\/index.php\/nota_prensa\/potosi-2\/\">Potos\u00ed<\/a><\/li>\n<li><a href=\"https:\/\/mintrabajo.gob.bo\/index.php\/nota_prensa\/la-paz-3\/\">La Paz<\/a><\/li>\n<li><a href=\"https:\/\/mintrabajo.gob.bo\/index.php\/nota_prensa\/potosi\/\">POTOSI<\/a><\/li>\n<li><a href=\"https:\/\/mintrabajo.gob.bo\/index.php\/nota_prensa\/pando-4\/\">PANDO<\/a><\/li>\n<li><a href=\"https:\/\/mintrabajo.gob.bo\/index.php\/nota_prensa\/pando-3\/\">Pando<\/a><\/li>\n<li><a href=\"https:\/\/mintrabajo.gob.bo\/index.php\/nota_prensa\/monteagudo\/\">Monteagudo<\/a><\/li>\n<li><a href=\"https:\/\/mintrabajo.gob.bo\/index.php\/nota_prensa\/pando-2\/\">Pando<\/a><\/li>\n<li><a href=\"https:\/\/mintrabajo.gob.bo\/index.php\/nota_prensa\/puerto-suarez-2\/\">PUERTO SUAREZ<\/a><\/li>\n<li><a href=\"https:\/\/mintrabajo.gob.bo\/index.php\/nota_prensa\/la-paz-2\/\">LA PAZ<\/a><\/li>\n<li><a href=\"https:\/\/mintrabajo.gob.bo\/index.php\/nota_prensa\/puerto-quijarro\/\">PUERTO QUIJARRO<\/a><\/li>\n<li><a href=\"https:\/\/mintrabajo.gob.bo\/index.php\/nota_prensa\/la-paz\/\">LA PAZ<\/a><\/li>\n<li><a href=\"https:\/\/mintrabajo.gob.bo\/index.php\/nota_prensa\/puerto-suarez\/\">PUERTO SUAREZ<\/a><\/li>\n<li><a href=\"https:\/\/mintrabajo.gob.bo\/index.php\/nota_prensa\/beni-2\/\">BENI<\/a><\/li>\n<li><a href=\"https:\/\/mintrabajo.gob.bo\/index.php\/nota_prensa\/39858\/\"><\/a><\/li>\n<li><a href=\"https:\/\/mintrabajo.gob.bo\/index.php\/nota_prensa\/cotel\/\">COTEL<\/a><\/li>\n<li><a href=\"https:\/\/mintrabajo.gob.bo\/index.php\/nota_prensa\/oruro-2\/\">Oruro<\/a><\/li>\n<li><a href=\"https:\/\/mintrabajo.gob.bo\/index.php\/nota_prensa\/pando\/\">Pando<\/a><\/li>\n<li><a href=\"https:\/\/mintrabajo.gob.bo\/index.php\/nota_prensa\/posesion-de-viceministro\/\">Posesi\u00f3n de Viceministro<\/a><\/li>\n<li><a href=\"https:\/\/mintrabajo.gob.bo\/index.php\/nota_prensa\/oruro\/\">Oruro<\/a><\/li>\n<li><a href=\"https:\/\/mintrabajo.gob.bo\/index.php\/nota_prensa\/bermejo\/\">BERMEJO<\/a><\/li>\n<li><a href=\"https:\/\/mintrabajo.gob.bo\/index.php\/nota_prensa\/beni\/\">BENI<\/a><\/li>\n<li><a href=\"https:\/\/mintrabajo.gob.bo\/index.php\/nota_prensa\/camiri\/\">CAMIRI<\/a><\/li>\n<li><a href=\"https:\/\/mintrabajo.gob.bo\/index.php\/nota_prensa\/reinspeccion-tecnica-confirma-que-cooperativa-de-transporte-se-adecuo-a-la-normativa\/\">REINSPECCI\u00d3N T\u00c9CNICA CONFIRMA QUE COOPERATIVA DE TRANSPORTE SE ADECU\u00d3 A LA NORMATIVA<\/a><\/li>\n<li><a href=\"https:\/\/mintrabajo.gob.bo\/index.php\/nota_prensa\/ministerio-de-trabajo-en-puerto-suarez-interviene-para-que-trabajadora-cobre-su-desahucio\/\">MINISTERIO DE TRABAJO EN PUERTO SU\u00c1REZ INTERVIENE PARA QUE TRABAJADORA COBRE SU DESAHUCIO<\/a><\/li>\n<li><a href=\"https:\/\/mintrabajo.gob.bo\/index.php\/nota_prensa\/empleador-sancionado-con-multa-por-retraso-en-el-pago-de-beneficios-sociales\/\">EMPLEADOR SANCIONADO CON MULTA POR RETRASO EN EL PAGO DE BENEFICIOS SOCIALES<\/a><\/li>\n<li><a href=\"https:\/\/mintrabajo.gob.bo\/index.php\/nota_prensa\/trabajadores-jornaleros-reciben-sus-beneficios-sociales-gracias-a-intervencion-del-ministerio-de-trabajo\/\">TRABAJADORES JORNALEROS RECIBEN SUS BENEFICIOS SOCIALES GRACIAS A INTERVENCI\u00d3N DEL MINISTERIO DE TRABAJO<\/a><\/li>\n<li><a href=\"https:\/\/mintrabajo.gob.bo\/index.php\/nota_prensa\/jefatura-dptal-de-trabajo-beni-participa-de-la-feria-informativa-por-el-dia-internacional-de-la-eliminacion-de-la-violencia-contra-la-mujer\/\">JEFATURA DPTAL. DE TRABAJO BENI PARTICIPA DE LA FERIA INFORMATIVA POR EL DIA INTERNACIONAL DE LA ELIMINACI\u00d3N DE LA VIOLENCIA CONTRA LA MUJER<\/a><\/li>\n<li><a href=\"https:\/\/mintrabajo.gob.bo\/index.php\/nota_prensa\/ministro-de-trabajo-participa-de-reunion-interinstitucional-con-confeagro-y-productores-para-impulsar-propuestas-normativas-en-aras-del-desarrollo-nacional\/\">MINISTRO DE TRABAJO PARTICIPA DE REUNI\u00d3N INTERINSTITUCIONAL CON CONFEAGRO Y PRODUCTORES PARA IMPULSAR PROPUESTAS NORMATIVAS EN ARAS DEL DESARROLLO NACIONAL<\/a><\/li>\n<li><a href=\"https:\/\/mintrabajo.gob.bo\/index.php\/nota_prensa\/el-ministerio-de-trabajo-en-monteagudo-participa-en-marcha-por-el-dia-internacional-de-la-lucha-contra-la-violencia\/\">EL MINISTERIO DE TRABAJO EN MONTEAGUDO PARTICIPA EN MARCHA POR EL \u201cD\u00cdA INTERNACIONAL DE LA LUCHA CONTRA LA VIOLENCIA\u201d<\/a><\/li>\n<li><a href=\"https:\/\/mintrabajo.gob.bo\/index.php\/nota_prensa\/la-denuncia-interpuesta-ante-el-ministerio-de-trabajo-impulsa-a-la-empresa-a-pagar-los-jornales-adeudados\/\">LA DENUNCIA INTERPUESTA ANTE EL MINISTERIO DE TRABAJO IMPULSA A LA EMPRESA A PAGAR LOS JORNALES ADEUDADOS.<\/a><\/li>\n<li><a href=\"https:\/\/mintrabajo.gob.bo\/index.php\/nota_prensa\/restituyen-derechos-laborales-de-trabajadora-campesina-en-monteagudo\/\">RESTITUYEN DERECHOS LABORALES DE TRABAJADORA CAMPESINA EN MONTEAGUDO<\/a><\/li>\n<li><a href=\"https:\/\/mintrabajo.gob.bo\/index.php\/nota_prensa\/ministro-de-trabajo-retoma-talleres-de-asistencia-tecnica-en-cooperacion-bilateral-con-espana\/\">MINISTRO DE TRABAJO RETOMA TALLERES DE ASISTENCIA T\u00c9CNICA EN COOPERACI\u00d3N BILATERAL CON ESPA\u00d1A<\/a><\/li>\n<li><a href=\"https:\/\/mintrabajo.gob.bo\/index.php\/nota_prensa\/denuncia-viabiliza-el-pago-de-beneficios-sociales-a-extrabajadora-por-parte-de-empresa-de-transporte\/\">DENUNCIA VIABILIZA EL PAGO DE BENEFICIOS SOCIALES A EXTRABAJADORA POR PARTE DE EMPRESA DE TRANSPORTE<\/a><\/li>\n<li><a href=\"https:\/\/mintrabajo.gob.bo\/index.php\/nota_prensa\/ministerio-de-trabajo-posesiono-a-comite-de-higiene-del-sedcam-pando\/\">MINISTERIO DE TRABAJO POSESION\u00d3 A COMIT\u00c9 DE HIGIENE DEL SEDCAM PANDO<\/a><\/li>\n<li><a href=\"https:\/\/mintrabajo.gob.bo\/index.php\/nota_prensa\/ministerio-de-trabajo-participa-en-junta-de-trabajo-en-el-centro-penitenciario-de-monteagudo\/\">MINISTERIO DE TRABAJO PARTICIPA EN \u201cJUNTA DE TRABAJO\u201d EN EL CENTRO PENITENCIARIO DE MONTEAGUDO<\/a><\/li>\n<li><a href=\"https:\/\/mintrabajo.gob.bo\/index.php\/nota_prensa\/comite-de-proteccion-de-nino-nina-y-adolescente-de-bermejo-se-capacito-sobre-la-ley-de-autorizacion-de-trabajo\/\">COMIT\u00c9 DE PROTECCI\u00d3N DE NI\u00d1O, NI\u00d1A Y ADOLESCENTE DE BERMEJO SE CAPACIT\u00d3 SOBRE LA LEY DE AUTORIZACI\u00d3N DE TRABAJO<\/a><\/li>\n<li><a href=\"https:\/\/mintrabajo.gob.bo\/index.php\/nota_prensa\/reinspeccion-tecnica-corrobora-que-aserradero-subsano-observaciones-realizadas-por-el-ministerio-de-trabajo\/\">REINSPECCI\u00d3N T\u00c9CNICA CORROBORA QUE ASERRADERO SUBSAN\u00d3 OBSERVACIONES REALIZADAS POR EL MINISTERIO DE TRABAJO<\/a><\/li>\n<li><a href=\"https:\/\/mintrabajo.gob.bo\/index.php\/nota_prensa\/trabajadores-de-empresa-productora-de-gaseosas-en-tarija-eligieron-a-su-comite-mixto\/\">TRABAJADORES DE EMPRESA PRODUCTORA DE GASEOSAS EN TARIJA ELIGIERON A SU COMIT\u00c9 MIXTO<\/a><\/li>\n<li><a href=\"https:\/\/mintrabajo.gob.bo\/index.php\/nota_prensa\/restituyen-derechos-laborales-de-trabajadora-en-villa-montes\/\">RESTITUYEN DERECHOS LABORALES DE TRABAJADORA EN VILLA MONTES<\/a><\/li>\n<li><a href=\"https:\/\/mintrabajo.gob.bo\/index.php\/nota_prensa\/ministerio-de-trabajo-dispone-tolerancia-laboral-en-el-municipio-de-samaipata\/\">MINISTERIO DE TRABAJO DISPONE TOLERANCIA LABORAL EN EL MUNICIPIO DE SAMAIPATA<\/a><\/li>\n<li><a href=\"https:\/\/mintrabajo.gob.bo\/index.php\/nota_prensa\/ministro-de-trabajo-participa-en-actos-protocolares-por-el-dia-del-himno-nacional-de-bolivia\/\">MINISTRO DE TRABAJO PARTICIPA EN ACTOS PROTOCOLARES POR EL D\u00cdA DEL HIMNO NACIONAL DE BOLIVIA<\/a><\/li>\n<li><a href=\"https:\/\/mintrabajo.gob.bo\/index.php\/nota_prensa\/jefatura-de-trabajo-en-santa-cruz-socializa-normativas-laborales-a-favor-de-trabajadores-en-la-cor-camiri\/\">JEFATURA DE TRABAJO EN SANTA CRUZ SOCIALIZA NORMATIVAS LABORALES A FAVOR DE TRABAJADORES EN LA COR CAMIRI<\/a><\/li>\n<li><a href=\"https:\/\/mintrabajo.gob.bo\/index.php\/nota_prensa\/reinspeccion-tecnica-garantiza-cumplimiento-de-normas-de-higiene-y-seguridad-ocupacional-en-unidad-educativa-de-bermejo\/\">REINSPECCI\u00d3N T\u00c9CNICA GARANTIZA CUMPLIMIENTO DE NORMAS DE HIGIENE Y SEGURIDAD OCUPACIONAL EN UNIDAD EDUCATIVA DE BERMEJO<\/a><\/li>\n<li><a href=\"https:\/\/mintrabajo.gob.bo\/index.php\/nota_prensa\/posesion-del-comite-mixto-de-la-empresa-comercializadora-de-minerales-cerro-rico-s-a\/\">POSESI\u00d3N DEL COMIT\u00c9 MIXTO DE LA EMPRESA COMERCIALIZADORA DE MINERALES CERRO RICO S.A.<\/a><\/li>\n<li><a href=\"https:\/\/mintrabajo.gob.bo\/index.php\/nota_prensa\/ministerio-de-trabajo-en-pando-realiza-inspeccion-laboral-en-empresa-metalurgica\/\">MINISTERIO DE TRABAJO EN PANDO REALIZA INSPECCI\u00d3N LABORAL EN EMPRESA METAL\u00daRGICA<\/a><\/li>\n<li><a href=\"https:\/\/mintrabajo.gob.bo\/index.php\/nota_prensa\/intervencion-del-ministerio-de-trabajo-en-puerto-suarez-viabiliza-pago-de-beneficios-a-trabajador\/\">INTERVENCI\u00d3N DEL MINISTERIO DE TRABAJO EN PUERTO SU\u00c1REZ VIABILIZA PAGO DE BENEFICIOS A TRABAJADOR<\/a><\/li>\n<li><a href=\"https:\/\/mintrabajo.gob.bo\/index.php\/nota_prensa\/trabajador-de-hacienda-cobra-beneficios-sociales-en-pando\/\">TRABAJADOR DE HACIENDA COBRA BENEFICIOS SOCIALES EN PANDO<\/a><\/li>\n<li><a href=\"https:\/\/mintrabajo.gob.bo\/index.php\/nota_prensa\/ministro-de-trabajo-entabla-reunion-protocolar-con-dirigencia-de-la-federacion-de-trabajadores-petroleros-de-bolivia\/\">MINISTRO DE TRABAJO ENTABLA REUNI\u00d3N PROTOCOLAR CON DIRIGENCIA DE LA FEDERACI\u00d3N DE TRABAJADORES PETROLEROS DE BOLIVIA<\/a><\/li>\n<li><a href=\"https:\/\/mintrabajo.gob.bo\/index.php\/nota_prensa\/edgar-morales-toma-posesion-del-ministerio-de-trabajo-e-inicia-gestion-con-reuniones-protocolares\/\">EDGAR MORALES TOMA POSESI\u00d3N DEL MINISTERIO DE TRABAJO E INICIA GESTI\u00d3N CON REUNIONES PROTOCOLARES<\/a><\/li>\n<li><a href=\"https:\/\/mintrabajo.gob.bo\/index.php\/nota_prensa\/ministerio-de-trabajo-reincorpora-a-trabajador-por-despido-injustificado\/\">MINISTERIO DE TRABAJO REINCORPORA A TRABAJADOR POR DESPIDO INJUSTIFICADO<\/a><\/li>\n<li><a href=\"https:\/\/mintrabajo.gob.bo\/index.php\/nota_prensa\/ministerio-de-trabajo-interviene-en-accidente-laboral-en-propiedad-agraria-de-monteagudo\/\">MINISTERIO DE TRABAJO INTERVIENE EN ACCIDENTE LABORAL EN PROPIEDAD AGRARIA DE MONTEAGUDO<\/a><\/li>\n<li><a href=\"https:\/\/mintrabajo.gob.bo\/index.php\/nota_prensa\/empresa-distribuidora-no-cuenta-con-programa-general-de-salud-y-seguridad-en-el-trabajo-en-monteagudo\/\">EMPRESA DISTRIBUIDORA NO CUENTA CON PROGRAMA GENERAL DE SALUD Y SEGURIDAD EN EL TRABAJO EN MONTEAGUDO<\/a><\/li>\n<li><a href=\"https:\/\/mintrabajo.gob.bo\/index.php\/nota_prensa\/ministerio-de-trabajo-y-estudiantes-de-la-universidad-amazonica-de-pando-brindan-capacitacion-laboral-a-privados-de-libertad\/\">MINISTERIO DE TRABAJO Y ESTUDIANTES DE LA UNIVERSIDAD AMAZ\u00d3NICA DE PANDO BRINDAN CAPACITACI\u00d3N LABORAL A PRIVADOS DE LIBERTAD<\/a><\/li>\n<li><a href=\"https:\/\/mintrabajo.gob.bo\/index.php\/nota_prensa\/empresa-denunciada-por-no-entregar-certificado-de-trabajo\/\">EMPRESA DENUNCIADA POR NO ENTREGAR CERTIFICADO DE TRABAJO<\/a><\/li>\n<li><a href=\"https:\/\/mintrabajo.gob.bo\/index.php\/nota_prensa\/entregan-certificados-de-participacion-a-graduados-de-escuela-politica-sindical-en-santa-cruz\/\">ENTREGAN CERTIFICADOS DE PARTICIPACI\u00d3N A GRADUADOS DE ESCUELA POL\u00cdTICA SINDICAL EN SANTA CRUZ<\/a><\/li>\n<li><a href=\"https:\/\/mintrabajo.gob.bo\/index.php\/nota_prensa\/regional-de-trabajo-en-monteagudo-coadyuva-en-pago-de-indemnizacion-a-auxiliar-de-farmacia\/\">REGIONAL DE TRABAJO EN MONTEAGUDO COADYUVA EN PAGO DE INDEMNIZACI\u00d3N A AUXILIAR DE FARMACIA<\/a><\/li>\n<li><a href=\"https:\/\/mintrabajo.gob.bo\/index.php\/nota_prensa\/trabajadora-del-hogar-cobra-indemnizacion-en-potosi\/\">TRABAJADORA DEL HOGAR COBRA INDEMNIZACI\u00d3N EN POTOS\u00cd<\/a><\/li>\n<li><a href=\"https:\/\/mintrabajo.gob.bo\/index.php\/nota_prensa\/trabajadores-se-capacitan-sobre-procedimientos-para-la-restitucion-de-derechos-laborales\/\">TRABAJADORES SE CAPACITAN SOBRE PROCEDIMIENTOS PARA LA RESTITUCI\u00d3N DE DERECHOS LABORALES<\/a><\/li>\n<li><a href=\"https:\/\/mintrabajo.gob.bo\/index.php\/nota_prensa\/ministerio-de-trabajo-en-pando-viabiliza-pago-de-beneficios-sociales-a-trabajadora-de-empresa\/\">MINISTERIO DE TRABAJO EN PANDO VIABILIZA PAGO DE BENEFICIOS SOCIALES A TRABAJADORA DE EMPRESA<\/a><\/li>\n<li><a href=\"https:\/\/mintrabajo.gob.bo\/index.php\/nota_prensa\/posesionan-a-comite-mixto-de-empresa-zemerbolivia-ltda-en-puerto-suarez\/\">POSESIONAN A COMIT\u00c9 MIXTO DE EMPRESA ZEMERBOLIVIA LTDA. EN PUERTO SU\u00c1REZ<\/a><\/li>\n<li><a href=\"https:\/\/mintrabajo.gob.bo\/index.php\/nota_prensa\/empresa-c-b-i-contratistas-generales-s-a-conforma-su-comite-mixto-en-monteagudo\/\">EMPRESA C.B.I. CONTRATISTAS GENERALES S.A. CONFORMA SU COMIT\u00c9 MIXTO EN MONTEAGUDO<\/a><\/li>\n<li><a href=\"https:\/\/mintrabajo.gob.bo\/index.php\/nota_prensa\/jefatura-departamental-de-trabajo-en-pando-realiza-inspecciones-laborales-en-aserraderos-alejados-de-la-capital\/\">JEFATURA DEPARTAMENTAL DE TRABAJO EN PANDO REALIZA INSPECCIONES LABORALES EN ASERRADEROS ALEJADOS DE LA CAPITAL<\/a><\/li>\n<li><a href=\"https:\/\/mintrabajo.gob.bo\/index.php\/nota_prensa\/posesionan-a-comite-mixto-de-empresa-gravetal-bolivia-s-a-en-puerto-suarez\/\">POSESIONAN A COMIT\u00c9 MIXTO DE EMPRESA GRAVETAL BOLIVIA S.A. EN PUERTO SU\u00c1REZ<\/a><\/li>\n<li><a href=\"https:\/\/mintrabajo.gob.bo\/index.php\/nota_prensa\/ministerio-de-trabajo-restituye-derechos-laborales-de-trabajadora-en-tarija\/\">MINISTERIO DE TRABAJO RESTITUYE DERECHOS LABORALES DE TRABAJADORA EN TARIJA<\/a><\/li>\n<li><a href=\"https:\/\/mintrabajo.gob.bo\/index.php\/nota_prensa\/jefatura-de-beni-supervisa-pago-de-beneficios-sociales-a-trabajadora-del-hogar\/\">JEFATURA DE BENI SUPERVISA PAGO DE BENEFICIOS SOCIALES A TRABAJADORA DEL HOGAR<\/a><\/li>\n<li><a href=\"https:\/\/mintrabajo.gob.bo\/index.php\/nota_prensa\/cooperativa-minera-aurifera-quri-pukara-r-l-amplia-conocimientos-sobre-administracion-de-su-organizacion\/\">COOPERATIVA MINERA \u201cAUR\u00cdFERA QURI PUKARA\u201d R.L. AMPL\u00cdA CONOCIMIENTOS SOBRE ADMINISTRACI\u00d3N DE SU ORGANIZACI\u00d3N<\/a><\/li>\n<li><a href=\"https:\/\/mintrabajo.gob.bo\/index.php\/nota_prensa\/estudiantes-de-potosi-se-benefician-con-visitas-guiadas-a-empresa-publica-organizadas-por-la-direccion-general-de-empleo\/\">ESTUDIANTES DE POTOS\u00cd SE BENEFICIAN CON VISITAS GUIADAS A EMPRESA P\u00daBLICA ORGANIZADAS POR LA DIRECCI\u00d3N GENERAL DE EMPLEO<\/a><\/li>\n<li><a href=\"https:\/\/mintrabajo.gob.bo\/index.php\/nota_prensa\/ministerio-de-trabajo-participa-en-seminario-de-la-carrera-de-derecho-de-la-upea\/\">MINISTERIO DE TRABAJO PARTICIPA EN SEMINARIO DE LA CARRERA DE DERECHO DE LA UPEA<\/a><\/li>\n<li><a href=\"https:\/\/mintrabajo.gob.bo\/index.php\/nota_prensa\/restitucion-de-derechos-laborales-en-oruro\/\">RESTITUCI\u00d3N DE DERECHOS LABORALES EN ORURO<\/a><\/li>\n<li><a href=\"https:\/\/mintrabajo.gob.bo\/index.php\/nota_prensa\/restituyen-beneficios-sociales-de-trabajador-en-pando\/\">RESTITUYEN BENEFICIOS SOCIALES DE TRABAJADOR EN PANDO<\/a><\/li>\n<li><a href=\"https:\/\/mintrabajo.gob.bo\/index.php\/nota_prensa\/entrega-de-sello-de-inclusividad\/\">ENTREGA DE \"SELLO DE INCLUSIVIDAD\"<\/a><\/li>\n<li><a href=\"https:\/\/mintrabajo.gob.bo\/index.php\/nota_prensa\/premiacion-a-ganadoras-del-concurso-premio-anual-del-ensayo-literario-domitila-barrios-2024\/\">PREMIACI\u00d3N A GANADORAS DEL CONCURSO PREMIO ANUAL DEL ENSAYO LITERARIO \u201cDOMITILA BARRIOS 2024\u201d<\/a><\/li>\n<li><a href=\"https:\/\/mintrabajo.gob.bo\/index.php\/nota_prensa\/ministerio-de-trabajo-firma-convenio-con-la-fundacion-del-banco-central-de-bolivia-para-custodiar-publicaciones-de-la-biblioteca-laboral\/\">MINISTERIO DE TRABAJO FIRMA CONVENIO CON LA FUNDACI\u00d3N DEL BANCO CENTRAL DE BOLIVIA PARA CUSTODIAR PUBLICACIONES DE LA BIBLIOTECA LABORAL<\/a><\/li>\n<li><a href=\"https:\/\/mintrabajo.gob.bo\/index.php\/nota_prensa\/mediacion-del-ministerio-de-trabajo-permitio-que-trabajadores-de-industrias-venado-suspendan-huelga-de-brazos-caidos\/\">MEDIACI\u00d3N DEL MINISTERIO DE TRABAJO PERMITI\u00d3 QUE TRABAJADORES DE INDUSTRIAS VENADO SUSPENDAN HUELGA DE BRAZOS CA\u00cdDOS<\/a><\/li>\n<li><a href=\"https:\/\/mintrabajo.gob.bo\/index.php\/nota_prensa\/familiares-de-trabajador-que-fallecio-en-mina-cobran-indemnizacion-en-potosi-2\/\">FAMILIARES DE TRABAJADOR QUE FALLECI\u00d3 EN MINA COBRAN INDEMNIZACI\u00d3N EN POTOS\u00cd<\/a><\/li>\n<li><a href=\"https:\/\/mintrabajo.gob.bo\/index.php\/nota_prensa\/ministro-de-trabajo-preside-primera-sesion-ordinaria-del-consejo-permanente-para-el-fomento-cooperativo\/\">MINISTRO DE TRABAJO PRESIDE PRIMERA SESI\u00d3N ORDINARIA DEL CONSEJO PERMANENTE PARA EL FOMENTO COOPERATIVO<\/a><\/li>\n<li><a href=\"https:\/\/mintrabajo.gob.bo\/index.php\/nota_prensa\/garantizan-pago-de-beneficios-sociales-a-encargada-de-operaciones-en-puerto-suarez\/\">GARANTIZAN PAGO DE BENEFICIOS SOCIALES A ENCARGADA DE OPERACIONES EN PUERTO SU\u00c1REZ<\/a><\/li>\n<li><a href=\"https:\/\/mintrabajo.gob.bo\/index.php\/nota_prensa\/ministerio-de-trabajo-confirma-que-feriado-por-todos-los-santos-se-traslada-al-dia-lunes-3-de-noviembre\/\">GOBIERNO CONFIRMA QUE FERIADO POR TODOS LOS SANTOS SE TRASLADA AL D\u00cdA LUNES 3 DE NOVIEMBRE<\/a><\/li>\n<li><a href=\"https:\/\/mintrabajo.gob.bo\/index.php\/nota_prensa\/ministro-de-trabajo-firma-memorandum-de-entendimiento-con-la-federacion-de-rusia-en-materia-de-inspeccion-de-trabajo-y-fomento-del-empleo\/\">MINISTRO DE TRABAJO FIRMA MEMOR\u00c1NDUM DE ENTENDIMIENTO CON LA FEDERACI\u00d3N DE RUSIA EN MATERIA DE INSPECCI\u00d3N DE TRABAJO Y FOMENTO DEL EMPLEO<\/a><\/li>\n<li><a href=\"https:\/\/mintrabajo.gob.bo\/index.php\/nota_prensa\/20829\/\"><\/a><\/li>\n<li><a href=\"https:\/\/mintrabajo.gob.bo\/index.php\/nota_prensa\/ministro-de-trabajo-y-comision-de-transicion-celebran-reunion-de-coordinacion-y-entrega-de-informacion\/\">MINISTRO DE TRABAJO Y COMISI\u00d3N DE TRANSICI\u00d3N CELEBRAN REUNI\u00d3N DE COORDINACI\u00d3N Y ENTREGA DE INFORMACI\u00d3N<\/a><\/li>\n<li><a href=\"https:\/\/mintrabajo.gob.bo\/index.php\/nota_prensa\/ministerio-fortalece-conocimiento-de-socios-y-socias-de-cooperativas-en-formacion\/\">MINISTERIO FORTALECE CONOCIMIENTO DE SOCIOS Y SOCIAS DE COOPERATIVAS EN FORMACI\u00d3N<\/a><\/li>\n<li><a href=\"https:\/\/mintrabajo.gob.bo\/index.php\/nota_prensa\/servidores-publicos-del-ministerio-de-trabajo-se-sumaron-a-la-campana-de-donacion-de-sangre\/\">SERVIDORES P\u00daBLICOS DEL MINISTERIO DE TRABAJO SE SUMARON A LA CAMPA\u00d1A DE DONACI\u00d3N DE SANGRE<\/a><\/li>\n<li><a href=\"https:\/\/mintrabajo.gob.bo\/index.php\/nota_prensa\/gestiones-del-ministerio-de-trabajo-permiten-a-dos-trabajadores-cobrar-beneficios-sociales-en-chuquisaca\/\">GESTIONES DEL MINISTERIO DE TRABAJO PERMITEN A DOS TRABAJADORES COBRAR BENEFICIOS SOCIALES EN CHUQUISACA<\/a><\/li>\n<li><a href=\"https:\/\/mintrabajo.gob.bo\/index.php\/nota_prensa\/ministerio-de-trabajo-en-pando-restituye-derechos-laborales-de-trabajador-agricultor\/\">MINISTERIO DE TRABAJO EN PANDO RESTITUYE DERECHOS LABORALES DE TRABAJADOR AGRICULTOR<\/a><\/li>\n<li><a href=\"https:\/\/mintrabajo.gob.bo\/index.php\/nota_prensa\/empresa-de-transporte-reconoce-obligaciones-y-hace-pago-de-beneficios-sociales-a-trabajador\/\">EMPRESA DE TRANSPORTE RECONOCE OBLIGACIONES Y HACE PAGO DE BENEFICIOS SOCIALES A TRABAJADOR<\/a><\/li>\n<li><a href=\"https:\/\/mintrabajo.gob.bo\/index.php\/nota_prensa\/empresa-dekma-bolivia-s-a-eligio-a-los-integrantes-de-su-comite-mixto-en-pando\/\">EMPRESA DEKMA BOLIVIA S.A. ELIGI\u00d3 A LOS INTEGRANTES DE SU COMIT\u00c9 MIXTO EN PANDO<\/a><\/li>\n<li><a href=\"https:\/\/mintrabajo.gob.bo\/index.php\/nota_prensa\/proyecto-de-orientacion-vocacional-del-ministerio-de-trabajo-beneficia-a-estudiantes-con-visitas-a-empresas-estrategicas\/\">PROYECTO DE ORIENTACI\u00d3N VOCACIONAL DEL MINISTERIO DE TRABAJO BENEFICIA A ESTUDIANTES CON VISITAS A EMPRESAS ESTRAT\u00c9GICAS<\/a><\/li>\n<li><a href=\"https:\/\/mintrabajo.gob.bo\/index.php\/nota_prensa\/tres-cooperativas-amplian-conocimiento-sobre-ley-general-de-cooperativas\/\">TRES COOPERATIVAS AMPLIAN CONOCIMIENTO SOBRE LEY GENERAL DE COOPERATIVAS<\/a><\/li>\n<li><a href=\"https:\/\/mintrabajo.gob.bo\/index.php\/nota_prensa\/empresa-caja-petrolera-de-salud-subzonal-villa-montes-conformo-su-comite-mixto\/\">EMPRESA \u201cCAJA PETROLERA DE SALUD SUBZONAL VILLA MONTES\u201d CONFORM\u00d3 SU COMIT\u00c9 MIXTO<\/a><\/li>\n<li><a href=\"https:\/\/mintrabajo.gob.bo\/index.php\/nota_prensa\/ministerio-de-trabajo-realiza-inspecciones-laborales-a-ingenios-mineros-en-potosi\/\">MINISTERIO DE TRABAJO REALIZA INSPECCIONES LABORALES A INGENIOS MINEROS EN POTOS\u00cd<\/a><\/li>\n<li><a href=\"https:\/\/mintrabajo.gob.bo\/index.php\/nota_prensa\/el-ministerio-de-trabajo-y-el-ministerio-de-salud-lanzan-la-primera-campana-de-donacion-de-sangre\/\">EL MINISTERIO DE TRABAJO Y EL MINISTERIO DE SALUD LANZAN LA PRIMERA CAMPA\u00d1A DE DONACI\u00d3N DE SANGRE<\/a><\/li>\n<li><a href=\"https:\/\/mintrabajo.gob.bo\/index.php\/nota_prensa\/intervencion-del-ministerio-permite-a-trabajador-de-taller-de-muebles-cobrar-beneficios-sociales\/\">INTERVENCI\u00d3N DEL MINISTERIO PERMITE A TRABAJADOR DE TALLER DE MUEBLES COBRAR BENEFICIOS SOCIALES<\/a><\/li>\n<li><a href=\"https:\/\/mintrabajo.gob.bo\/index.php\/nota_prensa\/cooperativas-mineras-auriferas-del-norte-de-la-paz-r-l-se-beneficiaron-de-taller-de-educacion-cooperativa\/\">COOPERATIVAS MINERAS AUR\u00cdFERAS DEL NORTE DE LA PAZ R.L. SE BENEFICIARON DE TALLER DE EDUCACI\u00d3N COOPERATIVA<\/a><\/li>\n<li><a href=\"https:\/\/mintrabajo.gob.bo\/index.php\/nota_prensa\/empresa-de-transporte-se-expone-a-sanciones-por-posibles-infracciones-a-leyes-sociales-en-puerto-quijarro\/\">EMPRESA DE TRANSPORTE SE EXPONE A SANCIONES POR POSIBLES INFRACCIONES A LEYES SOCIALES EN PUERTO QUIJARRO<\/a><\/li>\n<li><a href=\"https:\/\/mintrabajo.gob.bo\/index.php\/nota_prensa\/reinspeccion-corrobora-que-empresa-se-adecuo-a-normas-laborales-a-favor-de-trabajadores\/\">REINSPECCI\u00d3N CORROBORA QUE EMPRESA SE ADECU\u00d3 A NORMAS LABORALES A FAVOR DE TRABAJADORES<\/a><\/li>\n<li><a href=\"https:\/\/mintrabajo.gob.bo\/index.php\/nota_prensa\/ministerio-de-trabajo-continua-socializando-nuevo-reglamento-de-registro-de-funcionamiento-de-agencias-de-empleo\/\">MINISTERIO DE TRABAJO CONTIN\u00daA SOCIALIZANDO NUEVO REGLAMENTO DE REGISTRO DE FUNCIONAMIENTO DE AGENCIAS DE EMPLEO<\/a><\/li>\n<li><a href=\"https:\/\/mintrabajo.gob.bo\/index.php\/nota_prensa\/direccion-general-de-empleo-en-santa-cruz-realiza-inspecciones-en-agencias-privadas-de-empleo\/\">DIRECCI\u00d3N GENERAL DE EMPLEO EN SANTA CRUZ REALIZA INSPECCIONES EN AGENCIAS PRIVADAS DE EMPLEO<\/a><\/li>\n<li><a href=\"https:\/\/mintrabajo.gob.bo\/index.php\/nota_prensa\/ministro-de-trabajo-posesiona-a-nuevo-viceministro-de-trabajo-y-a-director-ejecutivo-de-las-afcoop\/\">MINISTRO DE TRABAJO POSESIONA A NUEVO VICEMINISTRO DE TRABAJO Y A DIRECTOR EJECUTIVO DE LAS AFCOOP<\/a><\/li>\n<li><a href=\"https:\/\/mintrabajo.gob.bo\/index.php\/nota_prensa\/ministerio-de-trabajo-en-oruro-se-suma-a-investigaciones-por-muerte-de-trabajador-en-una-trituradora\/\">MINISTERIO DE TRABAJO EN ORURO SE SUMA A INVESTIGACIONES POR MUERTE DE TRABAJADOR EN UNA TRITURADORA<\/a><\/li>\n<li><a href=\"https:\/\/mintrabajo.gob.bo\/index.php\/nota_prensa\/empresa-de-transporte-en-beni-paga-beneficios-sociales-a-extrabajadora-boletera\/\">EMPRESA DE TRANSPORTE EN BENI PAGA BENEFICIOS SOCIALES A EXTRABAJADORA BOLETERA<\/a><\/li>\n<li><a href=\"https:\/\/mintrabajo.gob.bo\/index.php\/nota_prensa\/cooperativa-de-transporte-el-papacho-r-l-se-beneficio-con-curso-basico-de-cooperativismo\/\">COOPERATIVA DE TRANSPORTE \u201cEL PAPACHO\u201d R.L. SE BENEFICI\u00d3 CON CURSO B\u00c1SICO DE COOPERATIVISMO<\/a><\/li>\n<li><a href=\"https:\/\/mintrabajo.gob.bo\/index.php\/nota_prensa\/ministerio-de-trabajo-en-potosi-restituye-derechos-laborales-de-contador\/\">MINISTERIO DE TRABAJO EN POTOS\u00cd RESTITUYE DERECHOS LABORALES DE CONTADOR<\/a><\/li>\n<li><a href=\"https:\/\/mintrabajo.gob.bo\/index.php\/nota_prensa\/asistencia-tecnica-internacional-fortalecera-acciones-para-la-defensa-de-derechos-laborales-del-ministerio-de-trabajo\/\">ASISTENCIA T\u00c9CNICA INTERNACIONAL FORTALECER\u00c1 ACCIONES PARA LA DEFENSA DE DERECHOS LABORALES DEL MINISTERIO DE TRABAJO<\/a><\/li>\n<li><a href=\"https:\/\/mintrabajo.gob.bo\/index.php\/nota_prensa\/ministerio-de-trabajo-en-tarija-continua-realizando-la-posesion-de-comites-mixtos\/\">MINISTERIO DE TRABAJO EN TARIJA CONTIN\u00daA REALIZANDO LA POSESI\u00d3N DE COMIT\u00c9S MIXTOS<\/a><\/li>\n<li><a href=\"https:\/\/mintrabajo.gob.bo\/index.php\/nota_prensa\/jefatura-de-trabajo-en-pando-entrega-resolucion-ministerial-a-directiva-de-maestros-urbanos\/\">JEFATURA DE TRABAJO EN PANDO ENTREGA RESOLUCI\u00d3N MINISTERIAL A DIRECTIVA DE MAESTROS URBANOS<\/a><\/li>\n<li><a href=\"https:\/\/mintrabajo.gob.bo\/index.php\/nota_prensa\/ministerio-de-trabajo-en-monteagudo-participa-en-feria-informativa-dirigida-a-estudiantes-de-colegios\/\">MINISTERIO DE TRABAJO EN MONTEAGUDO PARTICIPA EN FERIA INFORMATIVA DIRIGIDA A ESTUDIANTES DE COLEGIOS<\/a><\/li>\n<li><a href=\"https:\/\/mintrabajo.gob.bo\/index.php\/nota_prensa\/ministerio-de-trabajo-en-cochabamba-supervisa-el-cumplimiento-del-pago-de-beneficios-sociales-2\/\">MINISTERIO DE TRABAJO EN COCHABAMBA SUPERVISA EL CUMPLIMIENTO DEL PAGO DE BENEFICIOS SOCIALES<\/a><\/li>\n<li><a href=\"https:\/\/mintrabajo.gob.bo\/index.php\/nota_prensa\/negocios-en-pando-no-cumplen-laborales-para-sus-trabajadores\/\">NEGOCIOS EN PANDO NO CUMPLEN LABORALES PARA SUS TRABAJADORES<\/a><\/li>\n<li><a href=\"https:\/\/mintrabajo.gob.bo\/index.php\/nota_prensa\/director-ejecutivo-de-la-autoridad-de-fiscalizacion-y-control-de-cooperativas-afcoop-entrega-50-viviendas-en-beneficio-de-familias-de-san-ramon-y-san-joaquin\/\">DIRECTOR EJECUTIVO DE LA AUTORIDAD DE FISCALIZACI\u00d3N Y CONTROL DE COOPERATIVAS (AFCOOP) ENTREGA 50 VIVIENDAS EN BENEFICIO DE FAMILIAS DE SAN RAM\u00d3N Y SAN JOAQU\u00cdN.<\/a><\/li>\n<li><a href=\"https:\/\/mintrabajo.gob.bo\/index.php\/nota_prensa\/gobierno-nacional-entrega-en-guayaramerin-viviendas-radiobases-de-comunicaciones-y-enlosetados\/\">GOBIERNO NACIONAL ENTREGA EN GUAYARAMER\u00cdN VIVIENDAS, RADIOBASES DE COMUNICACIONES Y ENLOSETADOS<\/a><\/li>\n<li><a href=\"https:\/\/mintrabajo.gob.bo\/index.php\/nota_prensa\/jefatura-departamental-de-trabajo-en-beni-en-nombre-del-gobierno-nacional-entrega-unidades-educativas-viviendas-sociales-y-radio-bases\/\">JEFATURA DEPARTAMENTAL DE TRABAJO EN BENI, EN NOMBRE DEL GOBIERNO NACIONAL, ENTREGA UNIDADES EDUCATIVAS, VIVIENDAS SOCIALES Y RADIO BASES<\/a><\/li>\n<li><a href=\"https:\/\/mintrabajo.gob.bo\/index.php\/nota_prensa\/jefatura-departamental-de-trabajo-en-oruro-realiza-posesion-de-dos-comites-mixtos\/\">JEFATURA DEPARTAMENTAL DE TRABAJO EN ORURO REALIZA POSESI\u00d3N DE DOS COMIT\u00c9S MIXTOS<\/a><\/li>\n<li><a href=\"https:\/\/mintrabajo.gob.bo\/index.php\/nota_prensa\/citacion-del-ministerio-de-trabajo-en-tarija-permite-que-empresa-constructora-pague-salarios-adeudados\/\">CITACI\u00d3N DEL MINISTERIO DE TRABAJO EN TARIJA PERMITE QUE EMPRESA CONSTRUCTORA PAGUE SALARIOS ADEUDADOS<\/a><\/li>\n<li><a href=\"https:\/\/mintrabajo.gob.bo\/index.php\/nota_prensa\/jefatura-de-trabajo-en-pando-participa-en-operativos-de-control-contra-la-trata-y-trafico-de-personas\/\">JEFATURA DE TRABAJO EN PANDO PARTICIPA EN OPERATIVOS DE CONTROL CONTRA LA TRATA Y TR\u00c1FICO DE PERSONAS<\/a><\/li>\n<li><a href=\"https:\/\/mintrabajo.gob.bo\/index.php\/nota_prensa\/ministerio-de-trabajo-en-santa-cruz-se-suma-a-investigacion-sobre-deceso-de-trabajador-de-la-construccion\/\">MINISTERIO DE TRABAJO EN SANTA CRUZ SE SUMA A INVESTIGACI\u00d3N SOBRE DECESO DE TRABAJADOR DE LA CONSTRUCCI\u00d3N<\/a><\/li>\n<li><a href=\"https:\/\/mintrabajo.gob.bo\/index.php\/nota_prensa\/comite-mixto-de-la-empresa-distribuidora-de-electricidad-ende-del-beni-s-a-m-recibe-capacitacion-sobre-sus-funciones\/\">COMIT\u00c9 MIXTO DE LA EMPRESA DISTRIBUIDORA DE ELECTRICIDAD ENDE DEL BENI S.A.M. RECIBE CAPACITACI\u00d3N SOBRE SUS FUNCIONES<\/a><\/li>\n<li><a href=\"https:\/\/mintrabajo.gob.bo\/index.php\/nota_prensa\/cooperativistas-se-preparan-en-el-buen-manejo-de-su-cooperativa\/\">COOPERATIVISTAS SE PREPARAN EN EL BUEN MANEJO DE SU COOPERATIVA<\/a><\/li>\n<li><a href=\"https:\/\/mintrabajo.gob.bo\/index.php\/nota_prensa\/extrabajadora-de-aseo-urbano-de-el-alto-recibe-pago-de-beneficios-sociales\/\">EXTRABAJADORA DE ASEO URBANO DE EL ALTO RECIBE PAGO DE BENEFICIOS SOCIALES<\/a><\/li>\n<li><a href=\"https:\/\/mintrabajo.gob.bo\/index.php\/nota_prensa\/ministro-de-trabajo-participa-en-actos-protocolares-de-inauguracion-de-xviii-congreso-de-la-cob\/\">MINISTRO DE TRABAJO PARTICIPA EN ACTOS PROTOCOLARES DE INAUGURACI\u00d3N DE XVIII CONGRESO DE LA COB<\/a><\/li>\n<li><a href=\"https:\/\/mintrabajo.gob.bo\/index.php\/nota_prensa\/empresa-industrial-es-orientada-para-pagar-beneficio-social-prima-a-trabajador\/\">EMPRESA INDUSTRIAL ES ORIENTADA PARA PAGAR BENEFICIO SOCIAL \u201cPRIMA\u201d A TRABAJADOR<\/a><\/li>\n<li><a href=\"https:\/\/mintrabajo.gob.bo\/index.php\/nota_prensa\/jefatura-de-trabajo-en-el-alto-viabiliza-pago-de-indemnizacion-a-trabajadora\/\">JEFATURA DE TRABAJO EN EL ALTO VIABILIZA PAGO DE INDEMNIZACI\u00d3N A TRABAJADORA<\/a><\/li>\n<li><a href=\"https:\/\/mintrabajo.gob.bo\/index.php\/nota_prensa\/estudiantes-y-profesores-se-benefician-con-taller-sobre-trata-de-personas-impartido-por-el-ministerio-de-trabajo-en-monteagudo\/\">ESTUDIANTES Y PROFESORES SE BENEFICIAN CON TALLER SOBRE TRATA DE PERSONAS IMPARTIDO POR EL MINISTERIO DE TRABAJO EN MONTEAGUDO<\/a><\/li>\n<li><a href=\"https:\/\/mintrabajo.gob.bo\/index.php\/nota_prensa\/ministerio-de-trabajo-realiza-inspecciones-laborales-en-campamentos-zafreros-de-cana-de-azucar-en-bermejo\/\">MINISTERIO DE TRABAJO REALIZA INSPECCIONES LABORALES EN CAMPAMENTOS ZAFREROS DE CA\u00d1A DE AZ\u00daCAR EN BERMEJO<\/a><\/li>\n<li><a href=\"https:\/\/mintrabajo.gob.bo\/index.php\/nota_prensa\/regional-de-trabajo-en-villamontes-restituye-pago-de-salarios-devengados-de-5-trabajadores\/\">REGIONAL DE TRABAJO EN VILLAMONTES RESTITUYE PAGO DE SALARIOS DEVENGADOS DE 5 TRABAJADORES<\/a><\/li>\n<li><a href=\"https:\/\/mintrabajo.gob.bo\/index.php\/nota_prensa\/control-del-ministerio-de-trabajo-en-beni-permite-a-trabajador-cobrar-saldo-de-beneficios-sociales\/\">CONTROL DEL MINISTERIO DE TRABAJO EN BENI PERMITE A TRABAJADOR COBRAR SALDO DE BENEFICIOS SOCIALES<\/a><\/li>\n<li><a href=\"https:\/\/mintrabajo.gob.bo\/index.php\/nota_prensa\/ministerio-de-trabajo-realiza-inspeccion-de-verficacicion-a-presunto-caso-de-acoso-laboral-en-la-alcaldia-de-el-alto\/\">MINISTERIO DE TRABAJO REALIZA INSPECCI\u00d3N DE VERFICACICI\u00d3N A PRESUNTO CASO DE ACOSO LABORAL EN LA ALCALD\u00cdA DE EL ALTO<\/a><\/li>\n<li><a href=\"https:\/\/mintrabajo.gob.bo\/index.php\/nota_prensa\/jefatura-regional-de-trabajo-en-tupiza-coadyuva-con-trabajadores-y-empleador-para-pago-de-beneficios-sociales\/\">JEFATURA REGIONAL DE TRABAJO EN TUPIZA COADYUVA CON TRABAJADORES Y EMPLEADOR PARA PAGO DE BENEFICIOS SOCIALES<\/a><\/li>\n<li><a href=\"https:\/\/mintrabajo.gob.bo\/index.php\/nota_prensa\/empresa-se-expone-a-ser-sancionada-por-infraccion-a-leyes-sociales\/\">EMPRESA SE EXPONE A SER SANCIONADA POR INFRACCI\u00d3N A LEYES SOCIALES<\/a><\/li>\n<li><a href=\"https:\/\/mintrabajo.gob.bo\/index.php\/nota_prensa\/privados-de-libertad-en-tarija-reciben-capacitacion-en-derechos-laborales\/\">PRIVADOS DE LIBERTAD EN TARIJA RECIBEN CAPACITACI\u00d3N EN DERECHOS LABORALES<\/a><\/li>\n<li><a href=\"https:\/\/mintrabajo.gob.bo\/index.php\/nota_prensa\/empleador-hizo-pago-de-beneficios-sociales-a-trabajador-en-potosi\/\">EMPLEADOR HIZO PAGO DE BENEFICIOS SOCIALES A TRABAJADOR EN POTOSI<\/a><\/li>\n<li><a href=\"https:\/\/mintrabajo.gob.bo\/index.php\/nota_prensa\/presidente-luis-arce-promulga-ley-de-incorporacion-a-red-vial-fundamental-tramos-carrteros-en-beneficio-de-tres-departamentos\/\">PRESIDENTE LUIS ARCE PROMULGA LEY DE INCORPORACI\u00d3N A RED VIAL FUNDAMENTAL TRAMOS CARRTEROS EN BENEFICIO DE TRES DEPARTAMENTOS<\/a><\/li>\n<li><a href=\"https:\/\/mintrabajo.gob.bo\/index.php\/nota_prensa\/ministerio-de-trabajo-realiza-verificacion-del-seguro-soat-c-en-empresa-en-comunidad-del-zapallar\/\">MINISTERIO DE TRABAJO REALIZA VERIFICACI\u00d3N DEL SEGURO SOAT-C EN EMPRESA EN COMUNIDAD DEL ZAPALLAR<\/a><\/li>\n<li><a href=\"https:\/\/mintrabajo.gob.bo\/index.php\/nota_prensa\/sindicato-mixto-de-micros-paga-beneficios-sociales-a-trabajadora-en-monteagudo\/\">SINDICATO MIXTO DE MICROS PAGA BENEFICIOS SOCIALES A TRABAJADORA EN MONTEAGUDO<\/a><\/li>\n<li><a href=\"https:\/\/mintrabajo.gob.bo\/index.php\/nota_prensa\/jefatura-regional-de-trabajo-en-monteagudo-logra-que-pareja-de-esposos-cobre-beneficios-sociales\/\">JEFATURA REGIONAL DE TRABAJO EN MONTEAGUDO LOGRA QUE PAREJA DE ESPOSOS COBRE BENEFICIOS SOCIALES<\/a><\/li>\n<li><a href=\"https:\/\/mintrabajo.gob.bo\/index.php\/nota_prensa\/asociacion-es-informada-sobre-beneficios-sociales-a-pagar-a-trabajadora-en-riberalta\/\">ASOCIACI\u00d3N ES INFORMADA SOBRE BENEFICIOS SOCIALES A PAGAR A TRABAJADORA EN RIBERALTA<\/a><\/li>\n<li><a href=\"https:\/\/mintrabajo.gob.bo\/index.php\/nota_prensa\/intervencion-de-la-jefatura-de-trabajo-en-potosi-logra-que-chofer-cobre-beneficios-sociales\/\">INTERVENCI\u00d3N DE LA JEFATURA DE TRABAJO EN POTOS\u00cd LOGRA QUE CHOFER COBRE BENEFICIOS SOCIALES<\/a><\/li>\n<li><a href=\"https:\/\/mintrabajo.gob.bo\/index.php\/nota_prensa\/ministerio-de-trabajo-toma-juramento-al-comite-mixto-de-la-empresa-nudelpa-ltda-en-pando\/\">MINISTERIO DE TRABAJO TOMA JURAMENTO AL COMIT\u00c9 MIXTO DE LA EMPRESA NUDELPA LTDA. EN PANDO<\/a><\/li>\n<li><a href=\"https:\/\/mintrabajo.gob.bo\/index.php\/nota_prensa\/empresa-unipersonal-no-cumple-normas-laborales-en-monteagudo\/\">EMPRESA UNIPERSONAL NO CUMPLE NORMAS LABORALES EN MONTEAGUDO<\/a><\/li>\n<li><a href=\"https:\/\/mintrabajo.gob.bo\/index.php\/nota_prensa\/dos-choferes-logran-cobrar-sus-beneficios-sociales-en-el-alto\/\">DOS CHOFERES LOGRAN COBRAR SUS BENEFICIOS SOCIALES EN EL ALTO<\/a><\/li>\n<li><a href=\"https:\/\/mintrabajo.gob.bo\/index.php\/nota_prensa\/maestros-en-cochabamba-amplian-conocimientos-sindicales-en-taller-impartido-por-el-ministerio-de-trabajo\/\">MAESTROS EN COCHABAMBA AMPLIAN CONOCIMIENTOS SINDICALES EN TALLER IMPARTIDO POR EL MINISTERIO DE TRABAJO<\/a><\/li>\n<li><a href=\"https:\/\/mintrabajo.gob.bo\/index.php\/nota_prensa\/en-coordinacion-con-la-union-europea-y-la-oit-se-inauguro-el-curso-especializado-de-prevencion-de-la-trata-y-trafico-enfocado-en-agencias-privadas-de-empleo\/\">EN COORDINACI\u00d3N CON LA UNI\u00d3N EUROPEA Y LA OIT SE INAUGUR\u00d3 EL CURSO ESPECIALIZADO DE PREVENCI\u00d3N DE LA TRATA Y TR\u00c1FICO, ENFOCADO EN AGENCIAS PRIVADAS DE EMPLEO<\/a><\/li>\n<li><a href=\"https:\/\/mintrabajo.gob.bo\/index.php\/nota_prensa\/empleadora-honra-obligaciones-con-trabajadora-pagando-sus-beneficios-sociales-en-sucre\/\">EMPLEADORA HONRA OBLIGACIONES CON TRABAJADORA PAGANDO SUS BENEFICIOS SOCIALES EN SUCRE<\/a><\/li>\n<li><a href=\"https:\/\/mintrabajo.gob.bo\/index.php\/nota_prensa\/institucion-financiera-de-desarrollo-credito-con-educacion-cumple-con-normas-laborales\/\">INSTITUCI\u00d3N FINANCIERA DE DESARROLLO CR\u00c9DITO CON EDUCACI\u00d3N CUMPLE CON NORMAS LABORALES<\/a><\/li>\n<li><a href=\"https:\/\/mintrabajo.gob.bo\/index.php\/nota_prensa\/jefatura-regional-de-el-alto-restituye-derechos-laborales-de-dos-trabajadores\/\">JEFATURA REGIONAL DE EL ALTO RESTITUYE DERECHOS LABORALES DE DOS TRABAJADORES<\/a><\/li>\n<li><a href=\"https:\/\/mintrabajo.gob.bo\/index.php\/nota_prensa\/reinspeccion-a-cooperativa-comercializadora-de-combustible-garantiza-cumplimiento-de-leyes-laborales-en-monteagudo\/\">REINSPECCI\u00d3N A COOPERATIVA COMERCIALIZADORA DE COMBUSTIBLE GARANTIZA CUMPLIMIENTO DE LEYES LABORALES EN MONTEAGUDO<\/a><\/li>\n<li><a href=\"https:\/\/mintrabajo.gob.bo\/index.php\/nota_prensa\/jefatura-de-trabajo-en-tarija-coordina-acciones-de-prevencion-con-la-federacion-de-trabajadores-zafreros-en-bermejo\/\">JEFATURA DE TRABAJO EN TARIJA COORDINA ACCIONES DE PREVENCI\u00d3N CON LA FEDERACI\u00d3N DE TRABAJADORES ZAFREROS EN BERMEJO<\/a><\/li>\n<li><a href=\"https:\/\/mintrabajo.gob.bo\/index.php\/nota_prensa\/jefatura-regional-en-tupiza-realiza-inspecciones-laborales-en-dos-entidades-financieras\/\">JEFATURA REGIONAL EN TUPIZA REALIZA INSPECCIONES LABORALES EN DOS ENTIDADES FINANCIERAS<\/a><\/li>\n<li><a href=\"https:\/\/mintrabajo.gob.bo\/index.php\/nota_prensa\/cooperativas-mineras-en-la-paz-reciben-informacion-sobre-la-ley-general-de-cooperativas-para-su-sostenibilidad\/\">COOPERATIVAS MINERAS EN LA PAZ RECIBEN INFORMACI\u00d3N SOBRE LA LEY GENERAL DE COOPERATIVAS PARA SU SOSTENIBILIDAD<\/a><\/li>\n<li><a href=\"https:\/\/mintrabajo.gob.bo\/index.php\/nota_prensa\/curso-basico-de-cooperativismo-minero-beneficia-a-cooperativa-4-de-septiembre-chejje-r-l-en-el-municipio-de-sorata\/\">CURSO B\u00c1SICO DE COOPERATIVISMO MINERO BENEFICIA A COOPERATIVA 4 DE SEPTIEMBRE CHEJJE R.L. EN EL MUNICIPIO DE SORATA<\/a><\/li>\n<li><a href=\"https:\/\/mintrabajo.gob.bo\/index.php\/nota_prensa\/familiares-de-trabajador-que-fallecio-en-mina-cobran-indemnizacion-en-potosi\/\">FAMILIARES DE TRABAJADOR QUE FALLECI\u00d3 EN MINA COBRAN INDEMNIZACI\u00d3N EN POTOS\u00cd<\/a><\/li>\n<li><a href=\"https:\/\/mintrabajo.gob.bo\/index.php\/nota_prensa\/viceministro-de-empleo-entrega-30-viviendas-cualitativas-en-representacion-del-gobierno-nacional\/\">VICEMINISTRO DE EMPLEO ENTREGA 30 VIVIENDAS CUALITATIVAS EN REPRESENTACI\u00d3N DEL GOBIERNO NACIONAL<\/a><\/li>\n<li><a href=\"https:\/\/mintrabajo.gob.bo\/index.php\/nota_prensa\/viceministro-de-empleo-entrega-proyectos-de-comunicaciones-por-radiobases-en-el-municipio-de-reyes-beni\/\">VICEMINISTRO DE EMPLEO ENTREGA PROYECTOS DE COMUNICACIONES POR RADIOBASES EN EL MUNICIPIO DE REYES, BENI<\/a><\/li>\n<li><a href=\"https:\/\/mintrabajo.gob.bo\/index.php\/nota_prensa\/empresa-en-villamontes-es-observada-por-impago-de-salarios-a-sus-trabajadores\/\">EMPRESA EN VILLAMONTES ES OBSERVADA POR IMPAGO DE SALARIOS A SUS TRABAJADORES<\/a><\/li>\n<li><a href=\"https:\/\/mintrabajo.gob.bo\/index.php\/nota_prensa\/ministerio-de-trabajo-ultima-detalles-para-apertura-de-jefatura-regional-en-rurrenabaque\/\">MINISTERIO DE TRABAJO ULTIMA DETALLES PARA APERTURA DE JEFATURA REGIONAL EN RURRENABAQUE<\/a><\/li>\n<li><a href=\"https:\/\/mintrabajo.gob.bo\/index.php\/nota_prensa\/7202-pobladores-de-reyes-beni-se-benefician-con-entrega-de-enlosetado\/\">7,202 POBLADORES DE REYES-BENI SE BENEFICIAN CON ENTREGA DE ENLOSETADO<\/a><\/li>\n<li><a href=\"https:\/\/mintrabajo.gob.bo\/index.php\/nota_prensa\/director-ejecutivo-de-la-afcoop-entrega-30-viviendas-en-beneficio-de-familias-de-san-borja\/\">DIRECTOR EJECUTIVO DE LA AFCOOP ENTREGA 30 VIVIENDAS EN BENEFICIO DE FAMILIAS DE SAN BORJA<\/a><\/li>\n<li><a href=\"https:\/\/mintrabajo.gob.bo\/index.php\/nota_prensa\/ministro-de-trabajo-en-nombre-del-gobierno-nacional-entrega-viviendas-en-beni\/\">MINISTRO DE TRABAJO, EN NOMBRE DEL GOBIERNO NACIONAL, ENTREGA VIVIENDAS EN BENI<\/a><\/li>\n<li><a href=\"https:\/\/mintrabajo.gob.bo\/index.php\/nota_prensa\/ministerios-de-trabajo-y-educacion-entregan-certificados-de-competencias-a-productores-agroecologicos-urbanos\/\">MINISTERIOS DE TRABAJO Y EDUCACI\u00d3N ENTREGAN CERTIFICADOS DE COMPETENCIAS A PRODUCTORES AGROECOL\u00d3GICOS URBANOS<\/a><\/li>\n<li><a href=\"https:\/\/mintrabajo.gob.bo\/index.php\/nota_prensa\/empresa-yellow-river-co-ltda-sucursal-bolivia-en-funcionamiento-en-sucre-ya-cuenta-con-comite-mixto-2\/\">\u201cEMPRESA YELLOW RIVER CO. LTDA SUCURSAL BOLIVIA\u201d EN FUNCIONAMIENTO EN SUCRE YA CUENTA CON COMIT\u00c9 MIXTO<\/a><\/li>\n<li><a href=\"https:\/\/mintrabajo.gob.bo\/index.php\/nota_prensa\/ministro-de-trabajo-entrega-radiobases-de-telecomunicaciones-en-pando\/\">MINISTRO DE TRABAJO ENTREGA RADIOBASES DE TELECOMUNICACIONES EN PANDO<\/a><\/li>\n<li><a href=\"https:\/\/mintrabajo.gob.bo\/index.php\/nota_prensa\/audiencia-de-mediacion-permite-a-trabajador-cobrar-beneficios-sociales-en-chuquisaca\/\">AUDIENCIA DE MEDIACI\u00d3N PERMITE A TRABAJADOR COBRAR BENEFICIOS SOCIALES EN CHUQUISACA<\/a><\/li>\n<li><a href=\"https:\/\/mintrabajo.gob.bo\/index.php\/nota_prensa\/trabajador-cobra-jornadas-trabajadas-gracias-a-intervencion-del-ministerio-de-trabajo-en-chuquisaca\/\">TRABAJADOR COBRA JORNADAS TRABAJADAS GRACIAS A INTERVENCI\u00d3N DEL MINISTERIO DE TRABAJO EN CHUQUISACA<\/a><\/li>\n<li><a href=\"https:\/\/mintrabajo.gob.bo\/index.php\/nota_prensa\/afiliados-a-la-central-obrera-departamental-de-beni-inician-escuela-de-formacion-sindical-en-guayaramerin\/\">AFILIADOS A LA CENTRAL OBRERA DEPARTAMENTAL DE BENI INICIAN ESCUELA DE FORMACI\u00d3N SINDICAL EN GUAYARAMER\u00cdN<\/a><\/li>\n<li><a href=\"https:\/\/mintrabajo.gob.bo\/index.php\/nota_prensa\/comunidades-en-cochabamba-se-capacitan-en-curso-de-cooperativismo-minero\/\">COMUNIDADES EN COCHABAMBA SE CAPACITAN EN CURSO DE COOPERATIVISMO MINERO<\/a><\/li>\n<li><a href=\"https:\/\/mintrabajo.gob.bo\/index.php\/nota_prensa\/ministerio-de-trabajo-brinda-asesoramiento-con-oficina-movil-en-municipio-de-coroico\/\">MINISTERIO DE TRABAJO BRINDA ASESORAMIENTO CON OFICINA M\u00d3VIL EN MUNICIPIO DE COROICO<\/a><\/li>\n<li><a href=\"https:\/\/mintrabajo.gob.bo\/index.php\/nota_prensa\/direccion-general-de-empleo-brinda-taller-de-habilidades-blandas-a-personas-con-discapacidad-en-el-alto\/\">DIRECCI\u00d3N GENERAL DE EMPLEO BRINDA TALLER DE HABILIDADES BLANDAS A PERSONAS CON DISCAPACIDAD EN EL ALTO<\/a><\/li>\n<li><a href=\"https:\/\/mintrabajo.gob.bo\/index.php\/nota_prensa\/cod-tarija-fortalece-conocimientos-de-sus-representantes-en-escuela-de-formacion-sindical\/\">COD TARIJA FORTALECE CONOCIMIENTOS DE SUS REPRESENTANTES EN ESCUELA DE FORMACI\u00d3N SINDICAL<\/a><\/li>\n<li><a href=\"https:\/\/mintrabajo.gob.bo\/index.php\/nota_prensa\/jefatura-de-trabajo-en-tarija-garantiza-el-pago-de-beneficios-sociales-a-trabajadora-de-vinedos\/\">JEFATURA DE TRABAJO EN TARIJA GARANTIZA EL PAGO DE BENEFICIOS SOCIALES A TRABAJADORA DE VI\u00d1EDOS<\/a><\/li>\n<li><a href=\"https:\/\/mintrabajo.gob.bo\/index.php\/nota_prensa\/empresa-minera-cumple-con-normativa-de-seguridad-ocupacional-en-tupiza\/\">EMPRESA MINERA CUMPLE CON NORMATIVA DE SEGURIDAD OCUPACIONAL EN TUPIZA<\/a><\/li>\n<li><a href=\"https:\/\/mintrabajo.gob.bo\/index.php\/nota_prensa\/empresa-distribuidora-en-chuquisaca-omitia-pago-de-vacaciones-en-planilla-de-finiquitoempresa-distribuidora-en-chuquisaca-omitia-pago-de-vacaciones-en-planilla-de-finiquito\/\">EMPRESA DISTRIBUIDORA EN CHUQUISACA OMIT\u00cdA PAGO DE VACACIONES EN PLANILLA DE FINIQUITOEMPRESA DISTRIBUIDORA EN CHUQUISACA OMIT\u00cdA PAGO DE VACACIONES EN PLANILLA DE FINIQUITO<\/a><\/li>\n<li><a href=\"https:\/\/mintrabajo.gob.bo\/index.php\/nota_prensa\/jefatura-de-trabajo-en-chuquisaca-coadyuva-con-trabajadora-para-que-cobre-beneficios-sociales\/\">JEFATURA DE TRABAJO EN CHUQUISACA COADYUVA CON TRABAJADORA PARA QUE COBRE BENEFICIOS SOCIALES<\/a><\/li>\n<li><a href=\"https:\/\/mintrabajo.gob.bo\/index.php\/nota_prensa\/banco-para-el-fomento-a-iniciativas-economicas-s-a-cumple-con-normativa-de-seguridad-ocupacional-en-tupiza\/\">BANCO PARA EL FOMENTO A INICIATIVAS ECON\u00d3MICAS S.A. CUMPLE CON NORMATIVA DE SEGURIDAD OCUPACIONAL EN TUPIZA<\/a><\/li>\n<li><a href=\"https:\/\/mintrabajo.gob.bo\/index.php\/nota_prensa\/audiencia-de-conciliacion-permite-que-trabajadora-cobre-salarios-adeudados-en-chuquisaca\/\">AUDIENCIA DE CONCILIACI\u00d3N PERMITE QUE TRABAJADORA COBRE SALARIOS ADEUDADOS EN CHUQUISACA<\/a><\/li>\n<li><a href=\"https:\/\/mintrabajo.gob.bo\/index.php\/nota_prensa\/inspeccion-revela-que-libreria-no-brinda-condiciones-laborales-adecuadas-para-sus-trabajadores-en-chuquisaca\/\">INSPECCI\u00d3N REVELA QUE LIBRER\u00cdA NO BRINDA CONDICIONES LABORALES ADECUADAS PARA SUS TRABAJADORES EN CHUQUISACA<\/a><\/li>\n<li><a href=\"https:\/\/mintrabajo.gob.bo\/index.php\/nota_prensa\/ministerio-de-trabajo-en-pando-participa-en-feria-multisectorial\/\">MINISTERIO DE TRABAJO EN PANDO PARTICIPA EN FERIA MULTISECTORIAL<\/a><\/li>\n<li><a href=\"https:\/\/mintrabajo.gob.bo\/index.php\/nota_prensa\/jefatura-de-trabajo-en-chuquisaca-participa-de-junta-de-trabajo-en-regimen-carcelario-san-roque\/\">JEFATURA DE TRABAJO EN CHUQUISACA PARTICIPA DE JUNTA DE TRABAJO EN R\u00c9GIMEN CARCELARIO SAN ROQUE<\/a><\/li>\n<li><a href=\"https:\/\/mintrabajo.gob.bo\/index.php\/nota_prensa\/colegio-en-bermejo-eligio-a-su-comite-mixto-de-higiene-y-seguridad-ocupacional\/\">COLEGIO EN BERMEJO ELIGI\u00d3 A SU COMIT\u00c9 MIXTO DE HIGIENE Y SEGURIDAD OCUPACIONAL<\/a><\/li>\n<li><a href=\"https:\/\/mintrabajo.gob.bo\/index.php\/nota_prensa\/estudiantes-de-la-carrera-de-secretariado-administrativo-en-puerto-suarez-participan-de-taller-sobre-trata-y-trafico\/\">ESTUDIANTES DE LA CARRERA DE SECRETARIADO ADMINISTRATIVO EN PUERTO SU\u00c1REZ PARTICIPAN DE TALLER SOBRE TRATA Y TR\u00c1FICO<\/a><\/li>\n<li><a href=\"https:\/\/mintrabajo.gob.bo\/index.php\/nota_prensa\/elaboracion-de-prefiniquito-permite-a-trabajador-cobrar-beneficios-sociales-en-tupiza\/\">ELABORACI\u00d3N DE PREFINIQUITO PERMITE A TRABAJADOR COBRAR BENEFICIOS SOCIALES EN TUPIZA<\/a><\/li>\n<li><a href=\"https:\/\/mintrabajo.gob.bo\/index.php\/nota_prensa\/ministerio-de-trabajo-participa-en-mesa-de-dialogo-con-movilizados-de-comteco\/\">MINISTERIO DE TRABAJO PARTICIPA EN MESA DE DI\u00c1LOGO CON MOVILIZADOS DE COMTECO<\/a><\/li>\n<li><a href=\"https:\/\/mintrabajo.gob.bo\/index.php\/nota_prensa\/chofer-cobra-beneficios-sociales-en-cochabamba-tras-intervencion-del-ministerio-de-trabajo\/\">CHOFER COBRA BENEFICIOS SOCIALES EN COCHABAMBA TRAS INTERVENCI\u00d3N DEL MINISTERIO DE TRABAJO<\/a><\/li>\n<li><a href=\"https:\/\/mintrabajo.gob.bo\/index.php\/nota_prensa\/servidores-publicos-de-la-contraloria-general-del-estado-en-cobija-participan-del-servicio-social-comunitario\/\">SERVIDORES P\u00daBLICOS DE LA CONTRALOR\u00cdA GENERAL DEL ESTADO EN COBIJA PARTICIPAN DEL SERVICIO SOCIAL COMUNITARIO<\/a><\/li>\n<li><a href=\"https:\/\/mintrabajo.gob.bo\/index.php\/nota_prensa\/vendedora-de-hamburguesas-cobra-salario-por-dias-de-trabajo\/\">VENDEDORA DE HAMBURGUESAS COBRA SALARIO POR D\u00cdAS DE TRABAJO<\/a><\/li>\n<li><a href=\"https:\/\/mintrabajo.gob.bo\/index.php\/nota_prensa\/trabajador-de-ganaderia-cobra-salarios-devengados-en-audiencia-de-conciliacion-laboral\/\">TRABAJADOR DE GANADER\u00cdA COBRA SALARIOS DEVENGADOS EN AUDIENCIA DE CONCILIACI\u00d3N LABORAL<\/a><\/li>\n<li><a href=\"https:\/\/mintrabajo.gob.bo\/index.php\/nota_prensa\/establecimiento-educativo-en-pando-elige-a-su-comite-mixto-de-higiene-seguridad-ocupacional-y-bienestar\/\">ESTABLECIMIENTO EDUCATIVO EN PANDO ELIGE A SU COMIT\u00c9 MIXTO DE HIGIENE, SEGURIDAD OCUPACIONAL Y BIENESTAR<\/a><\/li>\n<li><a href=\"https:\/\/mintrabajo.gob.bo\/index.php\/nota_prensa\/intervencion-del-ministerio-de-trabajo-en-santa-cruz-viabiliza-pago-de-beneficios-sociales-a-trabajador\/\">INTERVENCI\u00d3N DEL MINISTERIO DE TRABAJO EN SANTA CRUZ VIABILIZA PAGO DE BENEFICIOS SOCIALES A TRABAJADOR<\/a><\/li>\n<li><a href=\"https:\/\/mintrabajo.gob.bo\/index.php\/nota_prensa\/empresa-de-transporte-en-puerto-suarez-no-cuenta-con-senalizaciones-de-seguridad\/\">EMPRESA DE TRANSPORTE EN PUERTO SU\u00c1REZ NO CUENTA CON SE\u00d1ALIZACIONES DE SEGURIDAD<\/a><\/li>\n<li><a href=\"https:\/\/mintrabajo.gob.bo\/index.php\/nota_prensa\/la-agetic-lleva-adelante-su-rendicion-publica-de-cuentas-inicial-2024\/\">RESTITUYEN DERECHOS LABORALES DE DOS TRABAJADORAS EN EL BENI<\/a><\/li>\n<li><a href=\"https:\/\/mintrabajo.gob.bo\/index.php\/nota_prensa\/bolivia-participo-en-la-xix-edicion-de-la-convencion-y-feria-internacional-informatica-2024-y-el-iv-encuentro-nacional-sobre-observatorios-de-ciencia-tecnologia-e-innovacion-en-la-habana-cuba\/\">SERVIDORES P\u00daBLICOS DE LA AGENCIA BOLIVIANA DE CORREOS Y V\u00cdAS BOLIVIA SE PREPARAN EN \u00c9TICA P\u00daBLICA PLURINACIONAL<\/a><\/li>\n<li><a href=\"https:\/\/mintrabajo.gob.bo\/index.php\/nota_prensa\/el-ministerio-de-la-presidencia-y-la-agetic-conmemoran-el-8m-con-una-nuevageneracion-de-ninas-y-adolescentes-en-la-ciencia-y-la-tecnologia\/\">EMPRESA CONSTRUCTORA EN LA PAZ NO CUENTA CON SEGURO PARA TODOS SUS TRABAJADORES<\/a><\/li>\n<li><a href=\"https:\/\/mintrabajo.gob.bo\/index.php\/nota_prensa\/jefatura-departamental-de-trabajo-pando-posesiona-a-comite-mixto-de-empresa-china-international-water-electric-corp-2\/\">JEFATURA DEPARTAMENTAL DE TRABAJO PANDO POSESIONA A COMIT\u00c9 MIXTO DE EMPRESA CHINA INTERNATIONAL WATER &amp; ELECTRIC CORP.<\/a><\/li>\n<li><a href=\"https:\/\/mintrabajo.gob.bo\/index.php\/nota_prensa\/ministerio-de-trabajo-restituye-derechos-laborales-de-trabajadora-en-yacuiba-2\/\">MINISTERIO DE TRABAJO RESTITUYE DERECHOS LABORALES DE TRABAJADORA EN YACUIBA<\/a><\/li>\n<li><a href=\"https:\/\/mintrabajo.gob.bo\/index.php\/nota_prensa\/cooperativa-minera-olla-de-oro-r-l-se-beneficia-con-curso-basico-de-cooperativismo\/\">COOPERATIVA MINERA \u201cOLLA DE ORO R.L.\u201d SE BENEFICIA CON CURSO B\u00c1SICO DE COOPERATIVISMO<\/a><\/li>\n<li><a href=\"https:\/\/mintrabajo.gob.bo\/index.php\/nota_prensa\/empresas-en-beni-conforman-sus-comites-mixtos-para-ser-posesionados-por-el-ministerio-de-trabajo\/\">EMPRESAS EN BENI CONFORMAN SUS COMIT\u00c9S MIXTOS PARA SER POSESIONADOS POR EL MINISTERIO DE TRABAJO<\/a><\/li>\n<li><a href=\"https:\/\/mintrabajo.gob.bo\/index.php\/nota_prensa\/ministerio-de-trabajo-en-monteagudo-inspecciona-vigencia-de-seguros-contra-accidentes\/\">MINISTERIO DE TRABAJO EN MONTEAGUDO INSPECCIONA VIGENCIA DE SEGUROS CONTRA ACCIDENTES<\/a><\/li>\n<li><a href=\"https:\/\/mintrabajo.gob.bo\/index.php\/nota_prensa\/pareja-de-trabajadores-en-cuidado-de-ganado-vacuno-cobra-beneficios-sociales-en-monteagudo\/\">PAREJA DE TRABAJADORES EN CUIDADO DE GANADO VACUNO COBRA BENEFICIOS SOCIALES EN MONTEAGUDO<\/a><\/li>\n<li><a href=\"https:\/\/mintrabajo.gob.bo\/index.php\/nota_prensa\/ministro-de-trabajo-participa-del-acto-central-por-los-215-anos-de-la-gesta-libertaria-de-cochabamba\/\">MINISTRO DE TRABAJO PARTICIPA DEL ACTO CENTRAL POR LOS 215 A\u00d1OS DE LA GESTA LIBERTARIA DE COCHABAMBA<\/a><\/li>\n<li><a href=\"https:\/\/mintrabajo.gob.bo\/index.php\/nota_prensa\/empresa-c-n-p-c-bohai-drilling-engineering-ltd-sucursal-bolivia-cumple-con-normativa-de-seguridad-laboral\/\">EMPRESA C.N.P.C. BOHAI DRILLING ENGINEERING LTD SUCURSAL BOLIVIA CUMPLE CON NORMATIVA DE SEGURIDAD LABORAL<\/a><\/li>\n<li><a href=\"https:\/\/mintrabajo.gob.bo\/index.php\/nota_prensa\/ministro-de-trabajo-participa-taller-sindical-a-favor-de-trabajadores-afiliados-a-la-central-obrera-boliviana\/\">MINISTRO DE TRABAJO PARTICIPA TALLER SINDICAL A FAVOR DE TRABAJADORES AFILIADOS A LA CENTRAL OBRERA BOLIVIANA<\/a><\/li>\n<li><a href=\"https:\/\/mintrabajo.gob.bo\/index.php\/nota_prensa\/jefatura-de-trabajo-en-cochabamba-restituye-derechos-laborales-de-adolescente-vendedora\/\">JEFATURA DE TRABAJO EN COCHABAMBA RESTITUYE DERECHOS LABORALES DE ADOLESCENTE VENDEDORA<\/a><\/li>\n<li><a href=\"https:\/\/mintrabajo.gob.bo\/index.php\/nota_prensa\/chofer-de-aserradero-cobra-beneficios-sociales-en-montero\/\">CHOFER DE ASERRADERO COBRA BENEFICIOS SOCIALES EN MONTERO<\/a><\/li>\n<li><a href=\"https:\/\/mintrabajo.gob.bo\/index.php\/nota_prensa\/ministerio-de-trabajo-y-fundacion-del-banco-central-coordinan-custodia-de-biblioteca-laboral\/\">MINISTERIO DE TRABAJO Y FUNDACI\u00d3N DEL BANCO CENTRAL COORDINAN CUSTODIA DE BIBLIOTECA LABORAL<\/a><\/li>\n<li><a href=\"https:\/\/mintrabajo.gob.bo\/index.php\/nota_prensa\/ministerio-de-trabajo-imparte-cursos-de-educacion-cooperativa-a-asociados-de-cooperativas-mineras-auriferas\/\">MINISTERIO DE TRABAJO IMPARTE CURSOS DE EDUCACI\u00d3N COOPERATIVA A ASOCIADOS DE COOPERATIVAS MINERAS AUR\u00cdFERAS<\/a><\/li>\n<li><a href=\"https:\/\/mintrabajo.gob.bo\/index.php\/nota_prensa\/ministerio-de-trabajo-investiga-presunto-caso-de-acoso-laboral-en-el-municipio-de-villazon\/\">MINISTERIO DE TRABAJO INVESTIGA PRESUNTO CASO DE ACOSO LABORAL EN EL MUNICIPIO DE VILLAZ\u00d3N<\/a><\/li>\n<li><a href=\"https:\/\/mintrabajo.gob.bo\/index.php\/nota_prensa\/restaurante-en-puerto-suarez-infringe-leyes-sociales\/\">RESTAURANTE EN PUERTO SU\u00c1REZ INFRINGE LEYES SOCIALES<\/a><\/li>\n<li><a href=\"https:\/\/mintrabajo.gob.bo\/index.php\/nota_prensa\/jefatura-departamental-de-trabajo-en-tarija-participa-en-sesion-contra-la-trata-de-personas\/\">JEFATURA DEPARTAMENTAL DE TRABAJO EN TARIJA PARTICIPA EN SESI\u00d3N CONTRA LA TRATA DE PERSONAS<\/a><\/li>\n<li><a href=\"https:\/\/mintrabajo.gob.bo\/index.php\/nota_prensa\/ypfb-transporte-s-a-ya-cuenta-con-comite-mixto-en-tarija\/\">YPFB TRANSPORTE S.A. YA CUENTA CON COMIT\u00c9 MIXTO EN TARIJA<\/a><\/li>\n<li><a href=\"https:\/\/mintrabajo.gob.bo\/index.php\/nota_prensa\/mediacion-del-ministerio-de-trabajo-en-cochabamba-evita-paro-de-trabajo-en-salud\/\">MEDIACI\u00d3N DEL MINISTERIO DE TRABAJO EN COCHABAMBA EVITA PARO DE TRABAJO EN SALUD<\/a><\/li>\n<li><a href=\"https:\/\/mintrabajo.gob.bo\/index.php\/nota_prensa\/taller-de-coordinacion-del-ministerio-de-trabajo-reafirma-compromiso-de-defensa-de-derechos-laborales\/\">TALLER DE COORDINACI\u00d3N DEL MINISTERIO DE TRABAJO REAFIRMA COMPROMISO DE DEFENSA DE DERECHOS LABORALES<\/a><\/li>\n<li><a href=\"https:\/\/mintrabajo.gob.bo\/index.php\/nota_prensa\/ministro-de-trabajo-inaugura-proyecto-electrico-de-alimentadores-en-colcapirhua\/\">MINISTRO DE TRABAJO INAUGURA PROYECTO EL\u00c9CTRICO DE ALIMENTADORES EN COLCAPIRHUA<\/a><\/li>\n<li><a href=\"https:\/\/mintrabajo.gob.bo\/index.php\/nota_prensa\/gobierno-nacional-a-traves-del-ministro-de-trabajo-entrega-equipamiento-y-kits-para-laboratorio-en-sacaba-2\/\">GOBIERNO NACIONAL, A TRAV\u00c9S DEL MINISTRO DE TRABAJO, ENTREGA EQUIPAMIENTO Y KITS PARA LABORATORIO EN SACABA<\/a><\/li>\n<li><a href=\"https:\/\/mintrabajo.gob.bo\/index.php\/nota_prensa\/gobierno-nacional-a-traves-del-ministro-de-trabajo-entrega-equipamiento-y-kits-para-laboratorio-en-sacaba\/\">GOBIERNO NACIONAL, A TRAV\u00c9S DEL MINISTRO DE TRABAJO, ENTREGA EQUIPAMIENTO Y KITS PARA LABORATORIO EN SACABA<\/a><\/li>\n<li><a href=\"https:\/\/mintrabajo.gob.bo\/index.php\/nota_prensa\/viceministro-de-empleo-realiza-la-entrega-de-viviendas-como-parte-de-las-gestiones-gubernamentales-por-el-bicentenario-de-bolivia\/\">VICEMINISTRO DE EMPLEO REALIZA LA ENTREGA DE VIVIENDAS COMO PARTE DE LAS GESTIONES GUBERNAMENTALES POR EL BICENTENARIO DE BOLIVIA<\/a><\/li>\n<li><a href=\"https:\/\/mintrabajo.gob.bo\/index.php\/nota_prensa\/empresa-de-transporte-en-puerto-suarez-no-cuenta-con-senalizaciones-de-seguridad-2\/\">EMPRESA DE TRANSPORTE EN PUERTO SU\u00c1REZ NO CUENTA CON SE\u00d1ALIZACIONES DE SEGURIDAD<\/a><\/li>\n<li><a href=\"https:\/\/mintrabajo.gob.bo\/index.php\/nota_prensa\/ministerio-de-trabajo-en-oruro-garantiza-pago-de-beneficios-sociales-a-trabajadora-del-hogar\/\">MINISTERIO DE TRABAJO EN ORURO GARANTIZA PAGO DE BENEFICIOS SOCIALES A TRABAJADORA DEL HOGAR<\/a><\/li>\n<li><a href=\"https:\/\/mintrabajo.gob.bo\/index.php\/nota_prensa\/inspector-laboral-verifica-cumplimiento-de-reincorporacion-laboral-en-el-alto\/\">INSPECTOR LABORAL VERIFICA CUMPLIMIENTO DE REINCORPORACI\u00d3N LABORAL EN EL ALTO<\/a><\/li>\n<li><a href=\"https:\/\/mintrabajo.gob.bo\/index.php\/nota_prensa\/inspecciones-laborales-se-realizan-en-ferreterias-del-municipio-de-puerto-quijarro\/\">INSPECCIONES LABORALES SE REALIZAN EN FERRETER\u00cdAS DEL MUNICIPIO DE PUERTO QUIJARRO<\/a><\/li>\n<li><a href=\"https:\/\/mintrabajo.gob.bo\/index.php\/nota_prensa\/empresa-dedicada-a-la-extraccion-de-aridos-es-observada-por-carencia-de-senaleticas-de-seguridad-en-puerto-suarez\/\">EMPRESA DEDICADA A LA EXTRACCI\u00d3N DE \u00c1RIDOS ES OBSERVADA POR CARENCIA DE SE\u00d1AL\u00c9TICAS DE SEGURIDAD EN PUERTO SU\u00c1REZ<\/a><\/li>\n<li><a href=\"https:\/\/mintrabajo.gob.bo\/index.php\/nota_prensa\/jefatura-regional-de-trabajo-llallagua-posesiona-a-comite-mixto-de-empresa\/\">JEFATURA REGIONAL DE TRABAJO LLALLAGUA POSESIONA A COMIT\u00c9 MIXTO DE EMPRESA<\/a><\/li>\n<li><a href=\"https:\/\/mintrabajo.gob.bo\/index.php\/nota_prensa\/trabajadores-de-cotel-denuncian-impago-de-retroactivo-2025\/\">TRABAJADORES DE COTEL DENUNCIAN IMPAGO DE RETROACTIVO 2025<\/a><\/li>\n<li><a href=\"https:\/\/mintrabajo.gob.bo\/index.php\/nota_prensa\/unidad-de-derechos-fundamentales-udf-en-santa-cruz-logra-que-asociacion-pague-beneficios-sociales-a-trabajadora-2\/\">UNIDAD DE DERECHOS FUNDAMENTALES (UDF) EN SANTA CRUZ LOGRA QUE ASOCIACI\u00d3N PAGUE BENEFICIOS SOCIALES A TRABAJADORA<\/a><\/li>\n<li><a href=\"https:\/\/mintrabajo.gob.bo\/index.php\/nota_prensa\/denuncia-de-presunto-caso-de-acoso-laboral-en-instituto-es-investigado-por-el-ministerio-de-trabajo-en-el-alto\/\">DENUNCIA DE PRESUNTO CASO DE ACOSO LABORAL EN INSTITUTO ES INVESTIGADO POR EL MINISTERIO DE TRABAJO EN EL ALTO<\/a><\/li>\n<li><a href=\"https:\/\/mintrabajo.gob.bo\/index.php\/nota_prensa\/posesionan-al-comite-mixto-de-la-empresa-tarijena-de-gas-emtagas\/\">POSESIONAN AL COMIT\u00c9 MIXTO DE LA EMPRESA TARIJE\u00d1A DE GAS EMTAGAS<\/a><\/li>\n<li><a href=\"https:\/\/mintrabajo.gob.bo\/index.php\/nota_prensa\/ministerio-de-trabajo-toma-juramento-al-comite-mixto-de-la-empresa-nudelpa-ltda-en-pando-posted-on\/\">MINISTERIO DE TRABAJO TOMA JURAMENTO AL COMIT\u00c9 MIXTO DE LA EMPRESA NUDELPA LTDA. EN PANDO Posted on<\/a><\/li>\n<li><a href=\"https:\/\/mintrabajo.gob.bo\/index.php\/nota_prensa\/vendedora-de-caseta-de-comidas-cobra-salarios-devengados-en-oruro-posted-on\/\">VENDEDORA DE CASETA DE COMIDAS COBRA SALARIOS DEVENGADOS EN ORURO Posted on<\/a><\/li>\n<li><a href=\"https:\/\/mintrabajo.gob.bo\/index.php\/nota_prensa\/en-oruro-se-realizo-la-posesion-del-comite-mixto-del-banco-economico\/\">EN ORURO SE REALIZ\u00d3 LA POSESI\u00d3N DEL COMIT\u00c9 MIXTO DEL BANCO ECON\u00d3MICO<\/a><\/li>\n<li><a href=\"https:\/\/mintrabajo.gob.bo\/index.php\/nota_prensa\/posesionan-comite-mixto-de-higiene-y-seguridad-ocupacional-de-la-empresa-ypfb-refinacion-s-a\/\">POSESIONAN COMIT\u00c9 MIXTO DE HIGIENE Y SEGURIDAD OCUPACIONAL DE LA EMPRESA YPFB REFINACI\u00d3N S.A.<\/a><\/li>\n<li><a href=\"https:\/\/mintrabajo.gob.bo\/index.php\/nota_prensa\/jefatura-de-trabajo-en-puerto-suarez-realiza-inspecciones-laborales-a-empresas\/\">JEFATURA DE TRABAJO EN PUERTO SU\u00c1REZ REALIZA INSPECCIONES LABORALES A EMPRESAS<\/a><\/li>\n<li><a href=\"https:\/\/mintrabajo.gob.bo\/index.php\/nota_prensa\/mediacion-del-ministerio-de-trabajo-logra-suspension-de-paro-de-trabajadores-en-salud-de-cochabamba-2\/\">MEDIACI\u00d3N DEL MINISTERIO DE TRABAJO LOGRA SUSPENSI\u00d3N DE PARO DE TRABAJADORES EN SALUD DE COCHABAMBA<\/a><\/li>\n<li><a href=\"https:\/\/mintrabajo.gob.bo\/index.php\/nota_prensa\/ministerio-de-trabajo-en-tarija-participa-del-encuentro-departamental-de-evaluacion-redes-comunitarias-2\/\">MINISTERIO DE TRABAJO EN TARIJA PARTICIPA DEL ENCUENTRO DEPARTAMENTAL DE EVALUACI\u00d3N \u201cREDES COMUNITARIAS\u201d<\/a><\/li>\n<li><a href=\"https:\/\/mintrabajo.gob.bo\/index.php\/nota_prensa\/jefatura-de-trabajo-en-puerto-suarez-realiza-inspecciones-laborales-a-empresas-2\/\">JEFATURA DE TRABAJO EN PUERTO SU\u00c1REZ REALIZA INSPECCIONES LABORALES A EMPRESAS<\/a><\/li>\n<li><a href=\"https:\/\/mintrabajo.gob.bo\/index.php\/nota_prensa\/posesionan-comite-mixto-de-higiene-y-seguridad-ocupacional-de-la-empresa-ypfb-refinacion-s-a-2\/\">POSESIONAN COMIT\u00c9 MIXTO DE HIGIENE Y SEGURIDAD OCUPACIONAL DE LA EMPRESA YPFB REFINACI\u00d3N S.A.<\/a><\/li>\n<li><a href=\"https:\/\/mintrabajo.gob.bo\/index.php\/nota_prensa\/ministerio-de-trabajo-en-tarija-participa-del-encuentro-departamental-de-evaluacion-redes-comunitarias\/\">MINISTERIO DE TRABAJO EN TARIJA PARTICIPA DEL ENCUENTRO DEPARTAMENTAL DE EVALUACI\u00d3N \u201cREDES COMUNITARIAS\u201d<\/a><\/li>\n<li><a href=\"https:\/\/mintrabajo.gob.bo\/index.php\/nota_prensa\/vendedora-de-caseta-de-comidas-cobra-salarios-devengados-en-oruro\/\">VENDEDORA DE CASETA DE COMIDAS COBRA SALARIOS DEVENGADOS EN ORURO<\/a><\/li>\n<li><a href=\"https:\/\/mintrabajo.gob.bo\/index.php\/nota_prensa\/posesionan-al-comite-mixto-de-la-empresa-tarijena-de-gas-emtagas-2\/\">POSESIONAN AL COMIT\u00c9 MIXTO DE LA EMPRESA TARIJE\u00d1A DE GAS EMTAGAS<\/a><\/li>\n<li><a href=\"https:\/\/mintrabajo.gob.bo\/index.php\/nota_prensa\/mediacion-del-ministerio-de-trabajo-logra-suspension-de-paro-de-trabajadores-en-salud-de-cochabamba\/\">MEDIACI\u00d3N DEL MINISTERIO DE TRABAJO LOGRA SUSPENSI\u00d3N DE PARO DE TRABAJADORES EN SALUD DE COCHABAMBA<\/a><\/li>\n<li><a href=\"https:\/\/mintrabajo.gob.bo\/index.php\/nota_prensa\/ministerio-de-trabajo-realiza-ofrenda-a-la-pachamama-en-muestra-de-agradecimiento\/\">MINISTERIO DE TRABAJO REALIZA OFRENDA A LA PACHAMAMA EN MUESTRA DE AGRADECIMIENTO<\/a><\/li>\n<li><a href=\"https:\/\/mintrabajo.gob.bo\/index.php\/nota_prensa\/afiliados-a-la-central-obrera-departamental-de-cochabamba-fortalecen-conocimientos-de-sindicalismo-en-escuela-de-formacion\/\">AFILIADOS A LA CENTRAL OBRERA DEPARTAMENTAL DE COCHABAMBA FORTALECEN CONOCIMIENTOS DE SINDICALISMO EN ESCUELA DE FORMACI\u00d3N<\/a><\/li>\n<li><a href=\"https:\/\/mintrabajo.gob.bo\/index.php\/nota_prensa\/ministerio-de-trabajo-continua-fortaleciendo-campana-de-donacion-de-sangre-con-entidades-del-estado\/\">MINISTERIO DE TRABAJO CONTIN\u00daA FORTALECIENDO CAMPA\u00d1A DE DONACI\u00d3N DE SANGRE CON ENTIDADES DEL ESTADO<\/a><\/li>\n<li><a href=\"https:\/\/mintrabajo.gob.bo\/index.php\/nota_prensa\/jefatura-de-trabajo-en-chuquisaca-intercede-para-que-empresa-marmolera-pague-beneficios-sociales\/\">JEFATURA DE TRABAJO EN CHUQUISACA INTERCEDE PARA QUE EMPRESA MARMOLERA PAGUE BENEFICIOS SOCIALES<\/a><\/li>\n<li><a href=\"https:\/\/mintrabajo.gob.bo\/index.php\/nota_prensa\/cochabamba-albergara-el-servicio-social-comunitario-que-organiza-la-direccion-del-servicio-civil\/\">COCHABAMBA ALBERGAR\u00c1 EL SERVICIO SOCIAL COMUNITARIO QUE ORGANIZA LA DIRECCI\u00d3N DEL SERVICIO CIVIL<\/a><\/li>\n<li><a href=\"https:\/\/mintrabajo.gob.bo\/index.php\/nota_prensa\/direccion-de-empleo-fortalece-conocimiento-de-estudiantes-de-la-universidad-autonoma-tomas-frias\/\">DIRECCI\u00d3N DE EMPLEO FORTALECE CONOCIMIENTO DE ESTUDIANTES DE LA UNIVERSIDAD AUT\u00d3NOMA TOM\u00c1S FR\u00cdAS<\/a><\/li>\n<li><a href=\"https:\/\/mintrabajo.gob.bo\/index.php\/nota_prensa\/afiliados-de-la-central-obrera-departamental-de-la-paz-participan-en-escuela-de-formacion-sindical\/\">AFILIADOS DE LA CENTRAL OBRERA DEPARTAMENTAL DE LA PAZ PARTICIPAN EN ESCUELA DE FORMACI\u00d3N SINDICAL<\/a><\/li>\n<li><a href=\"https:\/\/mintrabajo.gob.bo\/index.php\/nota_prensa\/ministerio-de-trabajo-en-oruro-participa-en-junta-de-trabajo-en-el-penal-de-san-pedro\/\">MINISTERIO DE TRABAJO EN ORURO PARTICIPA EN JUNTA DE TRABAJO EN EL PENAL DE SAN PEDRO<\/a><\/li>\n<li><a href=\"https:\/\/mintrabajo.gob.bo\/index.php\/nota_prensa\/soboce-s-a-en-tarija-ya-cuenta-con-comite-mixto-de-higiene-y-seguridad-ocupacional\/\">SOBOCE S.A. EN TARIJA YA CUENTA CON COMIT\u00c9 MIXTO DE HIGIENE Y SEGURIDAD OCUPACIONAL<\/a><\/li>\n<li><a href=\"https:\/\/mintrabajo.gob.bo\/index.php\/nota_prensa\/intervencion-del-ministerio-de-trabajo-en-potosi-permite-que-trabajadora-cobre-beneficios-sociales\/\">INTERVENCI\u00d3N DEL MINISTERIO DE TRABAJO EN POTOS\u00cd PERMITE QUE TRABAJADORA COBRE BENEFICIOS SOCIALES<\/a><\/li>\n<li><a href=\"https:\/\/mintrabajo.gob.bo\/index.php\/nota_prensa\/ministerio-de-trabajo-en-beni-logra-que-trabajadora-de-estancia-ganadera-cobre-indemnizacion-por-tiempo-trabajado\/\">MINISTERIO DE TRABAJO EN BENI LOGRA QUE TRABAJADORA DE ESTANCIA GANADERA COBRE INDEMNIZACI\u00d3N POR TIEMPO TRABAJADO<\/a><\/li>\n<li><a href=\"https:\/\/mintrabajo.gob.bo\/index.php\/nota_prensa\/ministerio-de-trabajo-socializa-documento-de-politica-nacional-de-empleo-para-su-posterior-aprobacion\/\">MINISTERIO DE TRABAJO SOCIALIZA DOCUMENTO DE POL\u00cdTICA NACIONAL DE EMPLEO PARA SU POSTERIOR APROBACI\u00d3N<\/a><\/li>\n<li><a href=\"https:\/\/mintrabajo.gob.bo\/index.php\/nota_prensa\/ministerio-de-trabajo-y-otras-instituciones-logran-la-suspension-del-paro-de-trabajadores-de-salud-en-santa-cruz\/\">MINISTERIO DE TRABAJO Y OTRAS INSTITUCIONES LOGRAN LA SUSPENSI\u00d3N DEL PARO DE TRABAJADORES DE SALUD EN SANTA CRUZ<\/a><\/li>\n<li><a href=\"https:\/\/mintrabajo.gob.bo\/index.php\/nota_prensa\/corporacion-vista-cobija-ya-cuenta-con-el-comite-mixto-de-higiene-y-seguridad-ocupacional\/\">CORPORACI\u00d3N VISTA COBIJA YA CUENTA CON EL COMIT\u00c9 MIXTO DE HIGIENE Y SEGURIDAD OCUPACIONAL<\/a><\/li>\n<li><a href=\"https:\/\/mintrabajo.gob.bo\/index.php\/nota_prensa\/jefatura-de-trabajo-en-chuquisaca-consolida-pago-de-beneficios-sociales-a-favor-de-trabajadora-de-supermercado\/\">JEFATURA DE TRABAJO EN CHUQUISACA CONSOLIDA PAGO DE BENEFICIOS SOCIALES A FAVOR DE TRABAJADORA DE SUPERMERCADO<\/a><\/li>\n<li><a href=\"https:\/\/mintrabajo.gob.bo\/index.php\/nota_prensa\/ministerio-de-trabajo-en-puerto-suarez-logra-que-trabajador-de-la-construccion-cobre-salarios-adeudados-y-horas-extras\/\">MINISTERIO DE TRABAJO EN PUERTO SU\u00c1REZ LOGRA QUE TRABAJADOR DE LA CONSTRUCCI\u00d3N COBRE SALARIOS ADEUDADOS Y HORAS EXTRAS<\/a><\/li>\n<li><a href=\"https:\/\/mintrabajo.gob.bo\/index.php\/nota_prensa\/cosechador-de-maiz-cobra-saldo-adeudado-tras-intervencion-de-la-jefatura-de-trabajo-en-monteagudo\/\">COSECHADOR DE MA\u00cdZ COBRA SALDO ADEUDADO TRAS INTERVENCI\u00d3N DE LA JEFATURA DE TRABAJO EN MONTEAGUDO<\/a><\/li>\n<li><a href=\"https:\/\/mintrabajo.gob.bo\/index.php\/nota_prensa\/unidad-de-investigaciones-financieras-a-punto-de-concluir-ciclo-de-construccion-de-etica-publica\/\">UNIDAD DE INVESTIGACIONES FINANCIERAS A PUNTO DE CONCLUIR CICLO DE CONSTRUCCI\u00d3N DE \u00c9TICA P\u00daBLICA<\/a><\/li>\n<li><a href=\"https:\/\/mintrabajo.gob.bo\/index.php\/nota_prensa\/ministerio-de-trabajo-en-beni-posesiona-a-comite-mixto-de-planta-de-procesamiento-de-lacteos-san-andres\/\">MINISTERIO DE TRABAJO EN BENI POSESIONA A COMIT\u00c9 MIXTO DE PLANTA DE PROCESAMIENTO DE L\u00c1CTEOS SAN ANDR\u00c9S<\/a><\/li>\n<li><a href=\"https:\/\/mintrabajo.gob.bo\/index.php\/nota_prensa\/empresa-minera-pan-american-silver-bolivia-s-a-en-san-vicente-cumple-con-normas-de-seguridad-ocupacional\/\">EMPRESA MINERA PAN AMERICAN SILVER BOLIVIA S.A. EN SAN VICENTE CUMPLE CON NORMAS DE SEGURIDAD OCUPACIONAL<\/a><\/li>\n<li><a href=\"https:\/\/mintrabajo.gob.bo\/index.php\/nota_prensa\/taller-de-despatriarcalizacion-en-el-ambito-laboral-capacita-a-trabajadores-de-comteco-en-temas-de-violencia-e-igualdad-de-genero\/\">TALLER DE \u201cDESPATRIARCALIZACI\u00d3N EN EL \u00c1MBITO LABORAL\u201d CAPACITA A TRABAJADORES DE COMTECO EN TEMAS DE VIOLENCIA E IGUALDAD DE G\u00c9NERO<\/a><\/li>\n<li><a href=\"https:\/\/mintrabajo.gob.bo\/index.php\/nota_prensa\/ministerio-de-trabajo-en-chuquisaca-participa-de-junta-de-trabajo-en-el-regimen-penitenciario-san-roque\/\">MINISTERIO DE TRABAJO EN CHUQUISACA PARTICIPA DE JUNTA DE TRABAJO EN EL R\u00c9GIMEN PENITENCIARIO SAN ROQUE<\/a><\/li>\n<li><a href=\"https:\/\/mintrabajo.gob.bo\/index.php\/nota_prensa\/inspeccion-halla-presunto-incumplimiento-de-normas-laborales-por-empresa-en-pando-posted-on\/\">INSPECCI\u00d3N HALLA PRESUNTO INCUMPLIMIENTO DE NORMAS LABORALES POR EMPRESA EN PANDO Posted on<\/a><\/li>\n<li><a href=\"https:\/\/mintrabajo.gob.bo\/index.php\/nota_prensa\/posesionan-comite-mixto-de-higiene-y-seguridad-ocupacional-de-la-empresa-ende-beni-riberalta\/\">POSESIONAN COMIT\u00c9 MIXTO DE HIGIENE Y SEGURIDAD OCUPACIONAL DE LA EMPRESA ENDE BENI \u2013 RIBERALTA<\/a><\/li>\n<li><a href=\"https:\/\/mintrabajo.gob.bo\/index.php\/nota_prensa\/ministerio-de-trabajo-se-suma-a-campana-de-ayuda-humanitaria-para-internos-de-villa-busch-en-pando\/\">MINISTERIO DE TRABAJO SE SUMA A CAMPA\u00d1A DE AYUDA HUMANITARIA PARA INTERNOS DE VILLA BUSCH EN PANDO<\/a><\/li>\n<li><a href=\"https:\/\/mintrabajo.gob.bo\/index.php\/nota_prensa\/trabajadora-en-yacuiba-cobra-sus-beneficios-sociales\/\">TRABAJADORA EN YACUIBA COBRA SUS BENEFICIOS SOCIALES<\/a><\/li>\n<li><a href=\"https:\/\/mintrabajo.gob.bo\/index.php\/nota_prensa\/ministerio-de-trabajo-en-villamontes-promueve-acuerdos-conciliatorios-para-pago-de-beneficios-sociales\/\">MINISTERIO DE TRABAJO EN VILLAMONTES PROMUEVE ACUERDOS CONCILIATORIOS PARA PAGO DE BENEFICIOS SOCIALES<\/a><\/li>\n<li><a href=\"https:\/\/mintrabajo.gob.bo\/index.php\/nota_prensa\/trabajadores-de-avicola-rico-pollo-en-tarija-reciben-capacitacion-sobre-derechos-laborales\/\">TRABAJADORES DE AV\u00cdCOLA RICO POLLO EN TARIJA RECIBEN CAPACITACI\u00d3N SOBRE DERECHOS LABORALES<\/a><\/li>\n<li><a href=\"https:\/\/mintrabajo.gob.bo\/index.php\/nota_prensa\/cooperativa-minera-colquechata-r-l-ya-cuenta-con-reglamento-de-tribunal-disciplinario\/\">COOPERATIVA MINERA COLQUECHATA R.L. YA CUENTA CON REGLAMENTO DE TRIBUNAL DISCIPLINARIO<\/a><\/li>\n<li><a href=\"https:\/\/mintrabajo.gob.bo\/index.php\/nota_prensa\/taller-de-equidad-de-genero-beneficia-a-estudiantes-de-colegio-y-universidad-en-cochabamba\/\">TALLER DE EQUIDAD DE G\u00c9NERO BENEFICIA A ESTUDIANTES DE COLEGIO Y UNIVERSIDAD EN COCHABAMBA<\/a><\/li>\n<li><a href=\"https:\/\/mintrabajo.gob.bo\/index.php\/nota_prensa\/ministerio-de-trabajo-coordina-capacitacion-entre-la-gestora-publica-y-el-sindicato-de-trabajadores-de-cotel\/\">MINISTERIO DE TRABAJO COORDINA CAPACITACI\u00d3N ENTRE LA GESTORA P\u00daBLICA Y EL SINDICATO DE TRABAJADORES DE COTEL<\/a><\/li>\n<li><a href=\"https:\/\/mintrabajo.gob.bo\/index.php\/nota_prensa\/vaquero-cobra-beneficios-sociales-tras-intervencion-de-la-jefatura-de-trabajo-en-monteagudo\/\">\u201cVAQUERO\u201d COBRA BENEFICIOS SOCIALES TRAS INTERVENCI\u00d3N DE LA JEFATURA DE TRABAJO EN MONTEAGUDO<\/a><\/li>\n<li><a href=\"https:\/\/mintrabajo.gob.bo\/index.php\/nota_prensa\/jefatura-de-trabajo-monteagudo-restituye-derechos-laborales-de-adulto-mayor\/\">JEFATURA DE TRABAJO MONTEAGUDO RESTITUYE DERECHOS LABORALES DE ADULTO MAYOR<\/a><\/li>\n<li><a href=\"https:\/\/mintrabajo.gob.bo\/index.php\/nota_prensa\/gestion-del-ministerio-de-trabajo-en-tarija-consolida-el-pago-de-beneficios-sociales\/\">GESTI\u00d3N DEL MINISTERIO DE TRABAJO EN TARIJA CONSOLIDA EL PAGO DE BENEFICIOS SOCIALES<\/a><\/li>\n<li><a href=\"https:\/\/mintrabajo.gob.bo\/index.php\/nota_prensa\/audiencia-de-conciliacion-viabiliza-el-pago-de-indemnizacion-laboral-en-camiri\/\">AUDIENCIA DE CONCILIACI\u00d3N VIABILIZA EL PAGO DE INDEMNIZACI\u00d3N LABORAL EN CAMIRI<\/a><\/li>\n<li><a href=\"https:\/\/mintrabajo.gob.bo\/index.php\/nota_prensa\/servidores-publicos-se-suman-a-la-campana-de-donacion-de-sangre-impulsada-por-la-direccion-de-prevision-social\/\">SERVIDORES P\u00daBLICOS SE SUMAN A LA CAMPA\u00d1A DE DONACI\u00d3N DE SANGRE IMPULSADA POR LA DIRECCI\u00d3N DE PREVISI\u00d3N SOCIAL<\/a><\/li>\n<li><a href=\"https:\/\/mintrabajo.gob.bo\/index.php\/nota_prensa\/ministerio-de-trabajo-restituye-derechos-laborales-de-trabajador-en-tarija\/\">MINISTERIO DE TRABAJO RESTITUYE DERECHOS LABORALES DE TRABAJADOR EN TARIJA<\/a><\/li>\n<li><a href=\"https:\/\/mintrabajo.gob.bo\/index.php\/nota_prensa\/trabajadora-en-construccion-cobra-beneficios-sociales-en-tarija\/\">TRABAJADORA EN CONSTRUCCI\u00d3N COBRA BENEFICIOS SOCIALES EN TARIJA<\/a><\/li>\n<li><a href=\"https:\/\/mintrabajo.gob.bo\/index.php\/nota_prensa\/jefatura-de-trabajo-en-beni-logra-que-encargada-de-limpieza-cobre-indemnizacion\/\">JEFATURA DE TRABAJO EN BENI LOGRA QUE ENCARGADA DE LIMPIEZA COBRE INDEMNIZACI\u00d3N<\/a><\/li>\n<li><a href=\"https:\/\/mintrabajo.gob.bo\/index.php\/nota_prensa\/ministerio-de-trabajo-coordina-acciones-conjuntas-con-sindicato-de-trabajadores-de-cotel-para-restitucion-de-derechos-laborales\/\">MINISTERIO DE TRABAJO COORDINA ACCIONES CONJUNTAS CON SINDICATO DE TRABAJADORES DE COTEL PARA RESTITUCI\u00d3N DE DERECHOS LABORALES<\/a><\/li>\n<li><a href=\"https:\/\/mintrabajo.gob.bo\/index.php\/nota_prensa\/brigada-parlamentaria-de-la-paz-condecora-a-ministro-de-trabajo-por-su-trayectoria-sindical\/\">BRIGADA PARLAMENTARIA DE LA PAZ CONDECORA A MINISTRO DE TRABAJO POR SU TRAYECTORIA SINDICAL<\/a><\/li>\n<li><a href=\"https:\/\/mintrabajo.gob.bo\/index.php\/nota_prensa\/ministerio-de-trabajo-impartio-curso-de-cooperativismo-minero-en-el-municipio-de-san-julian-departamento-de-santa-cruz\/\">MINISTERIO DE TRABAJO IMPARTI\u00d3 CURSO DE COOPERATIVISMO MINERO EN EL MUNICIPIO DE SAN JULI\u00c1N, DEPARTAMENTO DE SANTA CRUZ<\/a><\/li>\n<li><a href=\"https:\/\/mintrabajo.gob.bo\/index.php\/nota_prensa\/jefatura-de-trabajo-en-pando-posesiona-a-comite-mixto-de-la-empresa-castanera-tahumanu-s-a\/\">JEFATURA DE TRABAJO EN PANDO POSESIONA A COMIT\u00c9 MIXTO DE LA EMPRESA CASTA\u00d1ERA TAHUMANU S.A.<\/a><\/li>\n<li><a href=\"https:\/\/mintrabajo.gob.bo\/index.php\/nota_prensa\/jefatura-de-trabajo-en-beni-garantiza-pago-de-saldo-de-salario-a-cocinera\/\">JEFATURA DE TRABAJO EN BENI GARANTIZA PAGO DE SALDO DE SALARIO A COCINERA<\/a><\/li>\n<li><a href=\"https:\/\/mintrabajo.gob.bo\/index.php\/nota_prensa\/central-obrera-departamental-de-la-paz-y-ministro-de-trabajo-sostienen-reunion-de-coordinacion\/\">CENTRAL OBRERA DEPARTAMENTAL DE LA PAZ Y MINISTRO DE TRABAJO SOSTIENEN REUNI\u00d3N DE COORDINACI\u00d3N<\/a><\/li>\n<li><a href=\"https:\/\/mintrabajo.gob.bo\/index.php\/nota_prensa\/curso-de-educacion-cooperativa-se-imparte-en-la-comunidad-canqui-grande\/\">CURSO DE EDUCACI\u00d3N COOPERATIVA SE IMPARTE EN LA COMUNIDAD CANQUI GRANDE<\/a><\/li>\n<li><a href=\"https:\/\/mintrabajo.gob.bo\/index.php\/nota_prensa\/acuerdo-conciliatorio-permite-a-persona-con-discapacidad-cobrar-salario-adeudado\/\">ACUERDO CONCILIATORIO PERMITE A PERSONA CON DISCAPACIDAD COBRAR SALARIO ADEUDADO<\/a><\/li>\n<li><a href=\"https:\/\/mintrabajo.gob.bo\/index.php\/nota_prensa\/ministerio-de-trabajo-en-villamontes-posesiona-a-comite-mixto-de-cooperativa-virgen-de-los-remedios-r-l\/\">MINISTERIO DE TRABAJO EN VILLAMONTES POSESIONA A COMIT\u00c9 MIXTO DE COOPERATIVA VIRGEN DE LOS REMEDIOS R.L.<\/a><\/li>\n<li><a href=\"https:\/\/mintrabajo.gob.bo\/index.php\/nota_prensa\/cooperativa-minera-concepcion-santa-felicidad-recibe-capacitacion-para-la-conformacion-de-un-tribunal-disciplinario\/\">COOPERATIVA MINERA \u201cCONCEPCI\u00d3N SANTA FELICIDAD\u201d RECIBE CAPACITACI\u00d3N PARA LA CONFORMACI\u00d3N DE UN TRIBUNAL DISCIPLINARIO<\/a><\/li>\n<li><a href=\"https:\/\/mintrabajo.gob.bo\/index.php\/nota_prensa\/restituyen-derechos-laborales-de-vendedora-de-ferreteria-en-puerto-suarez\/\">RESTITUYEN DERECHOS LABORALES DE VENDEDORA DE FERRETER\u00cdA EN PUERTO SU\u00c1REZ<\/a><\/li>\n<li><a href=\"https:\/\/mintrabajo.gob.bo\/index.php\/nota_prensa\/acto-conciliatorio-de-pago-de-beneficios-sociales-restituye-derechos-de-trabajador-en-camiri\/\">ACTO CONCILIATORIO DE PAGO DE BENEFICIOS SOCIALES RESTITUYE DERECHOS DE TRABAJADOR EN CAMIRI<\/a><\/li>\n<li><a href=\"https:\/\/mintrabajo.gob.bo\/index.php\/nota_prensa\/posesionan-en-beni-a-comite-mixto-de-empresa-loch-tel-s-r-l\/\">POSESIONAN EN BENI A COMIT\u00c9 MIXTO DE EMPRESA LOCH TEL S.R.L.<\/a><\/li>\n<li><a href=\"https:\/\/mintrabajo.gob.bo\/index.php\/nota_prensa\/jefatura-departamental-de-trabajo-en-pando-realiza-inspeccion-tecnica-en-aserraderos\/\">JEFATURA DEPARTAMENTAL DE TRABAJO EN PANDO REALIZA INSPECCI\u00d3N T\u00c9CNICA EN ASERRADEROS<\/a><\/li>\n<li><a href=\"https:\/\/mintrabajo.gob.bo\/index.php\/nota_prensa\/empresa-ypfb-en-villamontes-ya-cuenta-con-su-comite-mixto\/\">EMPRESA YPFB EN VILLAMONTES YA CUENTA CON SU COMIT\u00c9 MIXTO<\/a><\/li>\n<li><a href=\"https:\/\/mintrabajo.gob.bo\/index.php\/nota_prensa\/comite-mixto-de-cbi-contratistas-generales-s-a-posesionado-por-el-ministerio-de-trabajo\/\">COMIT\u00c9 MIXTO DE CBI CONTRATISTAS GENERALES S.A. POSESIONADO POR EL MINISTERIO DE TRABAJO<\/a><\/li>\n<li><a href=\"https:\/\/mintrabajo.gob.bo\/index.php\/nota_prensa\/ministerio-de-trabajo-en-riberalta-logra-que-propietario-de-estancia-ganadera-pague-beneficios-sociales\/\">MINISTERIO DE TRABAJO EN RIBERALTA LOGRA QUE PROPIETARIO DE ESTANCIA GANADERA PAGUE BENEFICIOS SOCIALES<\/a><\/li>\n<li><a href=\"https:\/\/mintrabajo.gob.bo\/index.php\/nota_prensa\/ministro-de-trabajo-participa-de-ampliado-de-la-confederacion-general-de-trabajadores-fabriles-de-bolivia\/\">MINISTRO DE TRABAJO PARTICIPA DE AMPLIADO DE LA CONFEDERACI\u00d3N GENERAL DE TRABAJADORES FABRILES DE BOLIVIA<\/a><\/li>\n<li><a href=\"https:\/\/mintrabajo.gob.bo\/index.php\/nota_prensa\/ministro-de-trabajo-entabla-reunion-de-coordinacion-con-dirigentes-de-la-cor-el-alto-y-fabriles-de-la-paz\/\">MINISTRO DE TRABAJO ENTABLA REUNI\u00d3N DE COORDINACI\u00d3N CON DIRIGENTES DE LA COR EL ALTO Y FABRILES DE LA PAZ<\/a><\/li>\n<li><a href=\"https:\/\/mintrabajo.gob.bo\/index.php\/nota_prensa\/servidores-publicos-de-fonabosque-y-personal-de-la-empresa-tamep-continuan-formacion-para-la-construccion-de-la-etica-publica\/\">SERVIDORES P\u00daBLICOS DE FONABOSQUE Y PERSONAL DE LA EMPRESA TAMep CONTIN\u00daAN FORMACI\u00d3N PARA LA CONSTRUCCI\u00d3N DE LA \u00c9TICA P\u00daBLICA<\/a><\/li>\n<li><a href=\"https:\/\/mintrabajo.gob.bo\/index.php\/nota_prensa\/afiliados-a-la-central-obrera-departamental-de-chuquisaca-avanzan-en-la-formacion-sindical-modulo-ii\/\">AFILIADOS A LA CENTRAL OBRERA DEPARTAMENTAL DE CHUQUISACA AVANZAN EN LA FORMACI\u00d3N SINDICAL: M\u00d3DULO II<\/a><\/li>\n<li><a href=\"https:\/\/mintrabajo.gob.bo\/index.php\/nota_prensa\/curso-basico-de-cooperativismo-se-realiza-en-la-comunidad-khapi-del-municipio-de-palca\/\">CURSO B\u00c1SICO DE COOPERATIVISMO SE REALIZA EN LA COMUNIDAD KHAPI DEL MUNICIPIO DE PALCA<\/a><\/li>\n<li><a href=\"https:\/\/mintrabajo.gob.bo\/index.php\/nota_prensa\/jefatura-de-trabajo-en-beni-garantiza-que-vendedor-de-motocicletas-cobre-sus-beneficios-sociales-tras-despido\/\">JEFATURA DE TRABAJO EN BENI GARANTIZA QUE VENDEDOR DE MOTOCICLETAS COBRE SUS BENEFICIOS SOCIALES TRAS DESPIDO<\/a><\/li>\n<li><a href=\"https:\/\/mintrabajo.gob.bo\/index.php\/nota_prensa\/internado-nuestra-senora-de-fatima-se-beneficia-con-taller-de-capacitacion-sobre-trabajo-adolescente-en-monteagudo\/\">INTERNADO NUESTRA SE\u00d1ORA DE F\u00c1TIMA SE BENEFICIA CON TALLER DE CAPACITACI\u00d3N SOBRE TRABAJO ADOLESCENTE EN MONTEAGUDO<\/a><\/li>\n<li><a href=\"https:\/\/mintrabajo.gob.bo\/index.php\/nota_prensa\/jefatura-de-trabajo-en-puerto-suarez-logra-que-empresa-devuelva-dinero-retenido-a-trabajador\/\">JEFATURA DE TRABAJO EN PUERTO SU\u00c1REZ LOGRA QUE EMPRESA DEVUELVA DINERO RETENIDO A TRABAJADOR<\/a><\/li>\n<li><a href=\"https:\/\/mintrabajo.gob.bo\/index.php\/nota_prensa\/ministerio-de-trabajo-en-tarija-restituye-derechos-laborales-de-un-transportista\/\">MINISTERIO DE TRABAJO EN TARIJA RESTITUYE DERECHOS LABORALES DE UN TRANSPORTISTA<\/a><\/li>\n<li><a href=\"https:\/\/mintrabajo.gob.bo\/index.php\/nota_prensa\/servidores-de-la-alcaldia-de-quillacollo-fortalecen-conocimiento-sobre-edad-permitida-para-que-menores-trabajen\/\">SERVIDORES DE LA ALCALD\u00cdA DE QUILLACOLLO FORTALECEN CONOCIMIENTO SOBRE EDAD PERMITIDA PARA QUE MENORES TRABAJEN<\/a><\/li>\n<li><a href=\"https:\/\/mintrabajo.gob.bo\/index.php\/nota_prensa\/jefatura-de-trabajo-en-beni-garantiza-pago-de-salario-a-adolescente-delivery\/\">JEFATURA DE TRABAJO EN BENI GARANTIZA PAGO DE SALARIO A ADOLESCENTE DELIVERY<\/a><\/li>\n<li><a href=\"https:\/\/mintrabajo.gob.bo\/index.php\/nota_prensa\/ministerio-de-trabajo-en-cochabamba-posesiona-a-comite-mixto-de-empresa-ende-corporacion\/\">MINISTERIO DE TRABAJO EN COCHABAMBA POSESIONA A COMIT\u00c9 MIXTO DE EMPRESA ENDE CORPORACI\u00d3N<\/a><\/li>\n<li><a href=\"https:\/\/mintrabajo.gob.bo\/index.php\/nota_prensa\/presidente-luis-arce-resalta-que-el-legado-de-este-bicentenario-es-el-inicio-de-la-industrializacion\/\">PRESIDENTE LUIS ARCE RESALTA QUE EL LEGADO DE ESTE BICENTENARIO ES EL INICIO DE LA INDUSTRIALIZACI\u00d3N<\/a><\/li>\n<li><a href=\"https:\/\/mintrabajo.gob.bo\/index.php\/nota_prensa\/ministerio-de-trabajo-ratifica-feriado-para-este-6-y-7-de-agosto\/\">MINISTERIO DE TRABAJO RATIFICA FERIADO PARA ESTE 6 Y 7 DE AGOSTO<\/a><\/li>\n<li><a href=\"https:\/\/mintrabajo.gob.bo\/index.php\/nota_prensa\/ministro-de-trabajo-asiste-a-presentacion-del-libro-del-segundo-centenario-de-bolivia-tomo-i-en-sucre\/\">MINISTRO DE TRABAJO ASISTE A PRESENTACI\u00d3N DEL \u201cLIBRO DEL SEGUNDO CENTENARIO DE BOLIVIA \u2013 TOMO I\u201d EN SUCRE<\/a><\/li>\n<li><a href=\"https:\/\/mintrabajo.gob.bo\/index.php\/nota_prensa\/presidente-luis-arce-inaugura-salon-de-vinos-y-singani-del-bicentenario-en-sucre\/\">PRESIDENTE LUIS ARCE INAUGURA SAL\u00d3N DE VINOS Y SINGANI DEL BICENTENARIO EN SUCRE<\/a><\/li>\n<li><a href=\"https:\/\/mintrabajo.gob.bo\/index.php\/nota_prensa\/ministerio-de-trabajo-interviene-y-logra-acuerdos-en-conflicto-de-trabajadores-con-la-empresa-carlos-caballero-s-a-industria-metalurgica\/\">MINISTERIO DE TRABAJO INTERVIENE Y LOGRA ACUERDOS EN CONFLICTO DE TRABAJADORES CON LA EMPRESA \u201cCARLOS CABALLERO S.A.- INDUSTRIA METAL\u00daRGICA\u201d<\/a><\/li>\n<li><a href=\"https:\/\/mintrabajo.gob.bo\/index.php\/nota_prensa\/inspeccion-tecnica-en-chuquisaca-descubre-infracciones-laborales-en-hotel\/\">INSPECCI\u00d3N T\u00c9CNICA EN CHUQUISACA DESCUBRE INFRACCIONES LABORALES EN HOTEL<\/a><\/li>\n<li><a href=\"https:\/\/mintrabajo.gob.bo\/index.php\/nota_prensa\/ministerio-de-trabajo-en-chuquisaca-posesiona-a-comite-mixto-del-establecimiento-educativo-maria-auxiliadora\/\">MINISTERIO DE TRABAJO EN CHUQUISACA POSESIONA A COMIT\u00c9 MIXTO DEL ESTABLECIMIENTO EDUCATIVO MAR\u00cdA AUXILIADORA<\/a><\/li>\n<li><a href=\"https:\/\/mintrabajo.gob.bo\/index.php\/nota_prensa\/jefatura-de-trabajo-en-camiri-realiza-posesion-de-comite-mixto-de-la-empresa-cbi-contratistas-generales-s-a\/\">JEFATURA DE TRABAJO EN CAMIRI REALIZA POSESI\u00d3N DE COMIT\u00c9 MIXTO DE LA EMPRESA CBI CONTRATISTAS GENERALES S.A.<\/a><\/li>\n<li><a href=\"https:\/\/mintrabajo.gob.bo\/index.php\/nota_prensa\/ministro-de-trabajo-acompana-al-presidente-luis-arce-en-el-descubrimiento-del-monumento-de-juana-azurduy-de-padilla-en-sucre\/\">MINISTRO DE TRABAJO ACOMPA\u00d1A AL PRESIDENTE LUIS ARCE EN EL DESCUBRIMIENTO DEL MONUMENTO DE JUANA AZURDUY DE PADILLA EN SUCRE<\/a><\/li>\n<li><a href=\"https:\/\/mintrabajo.gob.bo\/index.php\/nota_prensa\/ministerio-de-trabajo-impulsa-campana-dona-sangre-suma-vida\/\">MINISTERIO DE TRABAJO IMPULSA CAMPA\u00d1A \u201cDONA SANGRE, SUMA VIDA\u201d<\/a><\/li>\n<li><a href=\"https:\/\/mintrabajo.gob.bo\/index.php\/nota_prensa\/ministro-de-trabajo-entrega-nuevos-ambientes-para-destruccion-de-mercaderia-decomisada-en-santa-cruz\/\">MINISTRO DE TRABAJO ENTREGA NUEVOS AMBIENTES PARA DESTRUCCI\u00d3N DE MERCADER\u00cdA DECOMISADA EN SANTA CRUZ<\/a><\/li>\n<li><a href=\"https:\/\/mintrabajo.gob.bo\/index.php\/nota_prensa\/ministro-de-trabajo-inaugura-ampliacion-de-red-de-gas-a-domicilio-en-el-distrito-6-de-santa-cruz-de-la-sierra\/\">MINISTRO DE TRABAJO INAUGURA AMPLIACI\u00d3N DE RED DE GAS A DOMICILIO EN EL DISTRITO 6 DE SANTA CRUZ DE LA SIERRA<\/a><\/li>\n<li><a href=\"https:\/\/mintrabajo.gob.bo\/index.php\/nota_prensa\/socios-de-cooperativa-en-la-comunidad-yaco-se-capacitan-en-curso-de-cooperativismo-minero\/\">SOCIOS DE COOPERATIVA EN LA COMUNIDAD YACO SE CAPACITAN EN CURSO DE COOPERATIVISMO MINERO<\/a><\/li>\n<li><a href=\"https:\/\/mintrabajo.gob.bo\/index.php\/nota_prensa\/ministerio-de-trabajo-en-tarija-participa-de-la-feria-informativa-por-el-dia-mundial-contra-la-trata-de-personas\/\">MINISTERIO DE TRABAJO EN TARIJA PARTICIPA DE LA FERIA INFORMATIVA POR EL \u201cD\u00cdA MUNDIAL CONTRA LA TRATA DE PERSONAS\u201d<\/a><\/li>\n<li><a href=\"https:\/\/mintrabajo.gob.bo\/index.php\/nota_prensa\/ministerio-de-trabajo-realizo-taller-de-capacitacion-sindical-para-afiliados-de-casegural\/\">MINISTERIO DE TRABAJO REALIZ\u00d3 TALLER DE CAPACITACI\u00d3N SINDICAL PARA AFILIADOS DE CASEGURAL<\/a><\/li>\n<li><a href=\"https:\/\/mintrabajo.gob.bo\/index.php\/nota_prensa\/ministerio-de-trabajo-en-monteagudo-coadyuva-a-adulto-mayor-para-desbloqueo-en-gestora-publica\/\">MINISTERIO DE TRABAJO EN MONTEAGUDO COADYUVA A ADULTO MAYOR PARA DESBLOQUEO EN GESTORA P\u00daBLICA<\/a><\/li>\n<li><a href=\"https:\/\/mintrabajo.gob.bo\/index.php\/nota_prensa\/gobierno-nacional-dispone-feriado-nacional-excepcional-para-el-jueves-7-de-agosto\/\">GOBIERNO NACIONAL DISPONE FERIADO NACIONAL EXCEPCIONAL PARA EL JUEVES 7 DE AGOSTO<\/a><\/li>\n<li><a href=\"https:\/\/mintrabajo.gob.bo\/index.php\/nota_prensa\/ministerio-de-trabajo-se-suma-a-investigacion-sobre-muerte-de-trabajador-extranjero\/\">MINISTERIO DE TRABAJO SE SUMA A INVESTIGACI\u00d3N SOBRE MUERTE DE TRABAJADOR EXTRANJERO<\/a><\/li>\n<li><a href=\"https:\/\/mintrabajo.gob.bo\/index.php\/nota_prensa\/cooperativa-de-servicios-publicos-de-electricidad-tupiza-r-l-ya-cuenta-con-comite-mixto-de-higiene\/\">COOPERATIVA DE SERVICIOS P\u00daBLICOS DE ELECTRICIDAD \u201cTUPIZA\u201d R.L. YA CUENTA CON COMIT\u00c9 MIXTO DE HIGIENE<\/a><\/li>\n<li><a href=\"https:\/\/mintrabajo.gob.bo\/index.php\/nota_prensa\/curso-basico-del-cooperativismo-beneficia-a-cooperativa-de-transporte-nacional-e-internacional-timoneles-unidos-r-l\/\">CURSO B\u00c1SICO DEL COOPERATIVISMO BENEFICIA A COOPERATIVA DE TRANSPORTE NACIONAL E INTERNACIONAL \u201cTIMONELES UNIDOS\u201d R.L.<\/a><\/li>\n<li><a href=\"https:\/\/mintrabajo.gob.bo\/index.php\/nota_prensa\/afiliados-a-la-central-obrera-departamental-de-cochabamba-continuan-formacion-sindical\/\">AFILIADOS A LA CENTRAL OBRERA DEPARTAMENTAL DE COCHABAMBA CONTIN\u00daAN FORMACI\u00d3N SINDICAL<\/a><\/li>\n<li><a href=\"https:\/\/mintrabajo.gob.bo\/index.php\/nota_prensa\/instituciones-publicas-continuan-preparandose-en-la-construccion-de-la-etica-publica\/\">INSTITUCIONES P\u00daBLICAS CONTIN\u00daAN PREPAR\u00c1NDOSE EN LA CONSTRUCCI\u00d3N DE LA \u00c9TICA P\u00daBLICA<\/a><\/li>\n<li><a href=\"https:\/\/mintrabajo.gob.bo\/index.php\/nota_prensa\/jefatura-de-trabajo-en-monteagudo-restituye-derechos-laborales-de-trabajador-albanil\/\">JEFATURA DE TRABAJO EN MONTEAGUDO RESTITUYE DERECHOS LABORALES DE TRABAJADOR ALBA\u00d1IL<\/a><\/li>\n<li><a href=\"https:\/\/mintrabajo.gob.bo\/index.php\/nota_prensa\/ministerio-de-trabajo-en-oruro-posesiono-a-comite-mixto-de-empresa-c-b-i-contratistas-generales-s-a\/\">MINISTERIO DE TRABAJO EN ORURO POSESION\u00d3 A COMIT\u00c9 MIXTO DE EMPRESA C.B.I. CONTRATISTAS GENERALES S.A.<\/a><\/li>\n<li><a href=\"https:\/\/mintrabajo.gob.bo\/index.php\/nota_prensa\/jefatura-regional-de-trabajo-monteagudo-supervisa-cumplimiento-de-pago-de-salarios-adeudados\/\">JEFATURA REGIONAL DE TRABAJO MONTEAGUDO SUPERVISA CUMPLIMIENTO DE PAGO DE SALARIOS ADEUDADOS<\/a><\/li>\n<li><a href=\"https:\/\/mintrabajo.gob.bo\/index.php\/nota_prensa\/empresa-yellow-river-co-ltda-sucursal-bolivia-en-funcionamiento-en-sucre-ya-cuenta-con-comite-mixto\/\">\u201cEMPRESA YELLOW RIVER CO. LTDA SUCURSAL BOLIVIA\u201d EN FUNCIONAMIENTO EN SUCRE YA CUENTA CON COMIT\u00c9 MIXTO<\/a><\/li>\n<\/ul>\n<h2 class=\"wsp-comunicadoss-title\">Comunicados<\/h2>\n<ul class=\"wsp-comunicadoss-list\">\n<li><a href=\"https:\/\/mintrabajo.gob.bo\/index.php\/comunicados\/comunicado-dgthso-018-2026\/\">COMUNICADO DGTHSO-018\/2026<\/a><\/li>\n<li><a href=\"https:\/\/mintrabajo.gob.bo\/index.php\/comunicados\/comunicado-dgthso-017-2026\/\">COMUNICADO DGTHSO-017\/2026<\/a><\/li>\n<li><a href=\"https:\/\/mintrabajo.gob.bo\/index.php\/comunicados\/comunicado-d-m-t-e-p-s-0004-26\/\">COMUNICADO D.M.T.E.P.S. \u2013 0004\/26<\/a><\/li>\n<li><a href=\"https:\/\/mintrabajo.gob.bo\/index.php\/comunicados\/comunicado-d-m-t-e-p-s-0003-26\/\">COMUNICADO D.M.T.E.P.S. \u2013 0003\/26<\/a><\/li>\n<li><a href=\"https:\/\/mintrabajo.gob.bo\/index.php\/comunicados\/comunicado-dgthso-016-2026\/\">COMUNICADO DGTHSO-016\/2026<\/a><\/li>\n<li><a href=\"https:\/\/mintrabajo.gob.bo\/index.php\/comunicados\/comunicado-dgthso-015-2026\/\">COMUNICADO DGTHSO-015\/2026<\/a><\/li>\n<li><a href=\"https:\/\/mintrabajo.gob.bo\/index.php\/comunicados\/comunicado-dgthso-014-2026\/\">COMUNICADO DGTHSO-014\/2026<\/a><\/li>\n<li><a href=\"https:\/\/mintrabajo.gob.bo\/index.php\/comunicados\/comunicado-dgthso-013-2026\/\">COMUNICADO DGTHSO-013\/2026<\/a><\/li>\n<li><a href=\"https:\/\/mintrabajo.gob.bo\/index.php\/comunicados\/comunicado-d-m-t-e-p-s-0002-26\/\">COMUNICADO D.M.T.E.P.S. \u2013 0002\/26<\/a><\/li>\n<li><a href=\"https:\/\/mintrabajo.gob.bo\/index.php\/comunicados\/comunicado-dgthso-012-2026\/\">COMUNICADO DGTHSO-012\/2026<\/a><\/li>\n<li><a href=\"https:\/\/mintrabajo.gob.bo\/index.php\/comunicados\/comunicado-dgthso-011-2026\/\">COMUNICADO DGTHSO-011\/2026<\/a><\/li>\n<li><a href=\"https:\/\/mintrabajo.gob.bo\/index.php\/comunicados\/comunicado-dgthso-010-2026\/\">COMUNICADO DGTHSO-010\/2026<\/a><\/li>\n<li><a href=\"https:\/\/mintrabajo.gob.bo\/index.php\/comunicados\/comunicado-dgthso-009-2026\/\">COMUNICADO DGTHSO-009\/2026<\/a><\/li>\n<li><a href=\"https:\/\/mintrabajo.gob.bo\/index.php\/comunicados\/invitacion-audiencia-publica-de-rendicion-de-cuentas-final-2025\/\">INVITACI\u00d3N - AUDIENCIA P\u00daBLICA DE RENDICI\u00d3N DE CUENTAS FINAL 2025<\/a><\/li>\n<li><a href=\"https:\/\/mintrabajo.gob.bo\/index.php\/comunicados\/comunicado-d-m-t-e-p-s-0001-26\/\">COMUNICADO D.M.T.E.P.S. \u2013 0001\/26<\/a><\/li>\n<li><a href=\"https:\/\/mintrabajo.gob.bo\/index.php\/comunicados\/comunicado-dgthso-008-26\/\">COMUNICADO DGTHSO-008\/26<\/a><\/li>\n<li><a href=\"https:\/\/mintrabajo.gob.bo\/index.php\/comunicados\/comunicado-dgthso-007-26\/\">COMUNICADO DGTHSO-007\/26<\/a><\/li>\n<li><a href=\"https:\/\/mintrabajo.gob.bo\/index.php\/comunicados\/comunicado-dgpps-com-001-2026\/\">COMUNICADO DGPPS COM-001\/2026<\/a><\/li>\n<li><a href=\"https:\/\/mintrabajo.gob.bo\/index.php\/comunicados\/comunicado-dgthso-006-26\/\">COMUNICADO DGTHSO-006\/26<\/a><\/li>\n<li><a href=\"https:\/\/mintrabajo.gob.bo\/index.php\/comunicados\/comunicado-dgthso-005-26\/\">COMUNICADO DGTHSO-005\/26<\/a><\/li>\n<li><a href=\"https:\/\/mintrabajo.gob.bo\/index.php\/comunicados\/comunicado-jdtor-plcv-001-2026\/\">COMUNICADO JDTOR-PLCV-001\/2026<\/a><\/li>\n<li><a href=\"https:\/\/mintrabajo.gob.bo\/index.php\/comunicados\/comunicado-mteps-jdtpa-no-01-2026\/\">COMUNICADO MTEPS JDTPA N\u00ba 01-2026<\/a><\/li>\n<li><a href=\"https:\/\/mintrabajo.gob.bo\/index.php\/comunicados\/comunicado-mteps-dgp-etcc-0001-com-26\/\">COMUNICADO MTEPS-DGP-ETCC-0001-COM\/26<\/a><\/li>\n<li><a href=\"https:\/\/mintrabajo.gob.bo\/index.php\/comunicados\/comunicado-dgthso-04-2026\/\">COMUNICADO DGTHSO-04\/2026<\/a><\/li>\n<li><a href=\"https:\/\/mintrabajo.gob.bo\/index.php\/comunicados\/comunicado-dgthso-03-2026\/\">COMUNICADO DGTHSO-03\/2026<\/a><\/li>\n<li><a href=\"https:\/\/mintrabajo.gob.bo\/index.php\/comunicados\/comunicado-dgthso-02-2026\/\">COMUNICADO DGTHSO-02\/2026<\/a><\/li>\n<li><a href=\"https:\/\/mintrabajo.gob.bo\/index.php\/comunicados\/comunicado-dgthso-01-2026\/\">COMUNICADO DGTHSO-01\/2026<\/a><\/li>\n<li><a href=\"https:\/\/mintrabajo.gob.bo\/index.php\/comunicados\/comunicado-dgthso-45-2025\/\">COMUNICADO DGTHSO-45\/2025<\/a><\/li>\n<li><a href=\"https:\/\/mintrabajo.gob.bo\/index.php\/comunicados\/comunicado-dgthso-44-2025\/\">COMUNICADO DGTHSO-44\/2025<\/a><\/li>\n<li><a href=\"https:\/\/mintrabajo.gob.bo\/index.php\/comunicados\/comunicado-dgthso-43-2025\/\">COMUNICADO DGTHSO-43\/2025<\/a><\/li>\n<li><a href=\"https:\/\/mintrabajo.gob.bo\/index.php\/comunicados\/comunicado-dgthso-42-2025\/\">COMUNICADO DGTHSO-42\/2025<\/a><\/li>\n<li><a href=\"https:\/\/mintrabajo.gob.bo\/index.php\/comunicados\/comunicado-dgthso-41-2025\/\">COMUNICADO DGTHSO-41\/2025<\/a><\/li>\n<li><a href=\"https:\/\/mintrabajo.gob.bo\/index.php\/comunicados\/comunicado-dgthso-40-2025\/\">COMUNICADO DGTHSO-40\/2025<\/a><\/li>\n<li><a href=\"https:\/\/mintrabajo.gob.bo\/index.php\/comunicados\/comunicado-dgthso-39-2025\/\">COMUNICADO DGTHSO-39\/2025<\/a><\/li>\n<li><a href=\"https:\/\/mintrabajo.gob.bo\/index.php\/comunicados\/instructivo-dgthso-no0119-2025\/\">INSTRUCTIVO DGTHSO N\u00ba0119\/2025<\/a><\/li>\n<li><a href=\"https:\/\/mintrabajo.gob.bo\/index.php\/comunicados\/comunicado-jdtsc-twcp-010-2025\/\">COMUNICADO JDTSC-TWCP-010\/2025<\/a><\/li>\n<li><a href=\"https:\/\/mintrabajo.gob.bo\/index.php\/comunicados\/comunicado-mteps-jdtbe-n001-2025\/\">COMUNICADO MTEPS JDTBE-N\u00b0001\/2025<\/a><\/li>\n<li><a href=\"https:\/\/mintrabajo.gob.bo\/index.php\/comunicados\/comunicado-mteps-jdtco-n002-2025\/\">COMUNICADO MTEPS-JDTCO-N\u00b0002\/2025<\/a><\/li>\n<li><a href=\"https:\/\/mintrabajo.gob.bo\/index.php\/comunicados\/comunicado-mteps-jdtlp-n002-2025\/\">COMUNICADO MTEPS-JDTLP-N\u00b0002\/2025<\/a><\/li>\n<li><a href=\"https:\/\/mintrabajo.gob.bo\/index.php\/comunicados\/comunicado-jdtp-vom-001-2025\/\">COMUNICADO JDTP-VOM-001\/2025<\/a><\/li>\n<li><a href=\"https:\/\/mintrabajo.gob.bo\/index.php\/comunicados\/comunicado-jdt-ta-rpd-001-2025\/\">COMUNICADO JDT TA-RPD-001\/2025<\/a><\/li>\n<li><a href=\"https:\/\/mintrabajo.gob.bo\/index.php\/comunicados\/comunicado-dgthso-037-2025\/\">COMUNICADO DGTHSO-037\/2025<\/a><\/li>\n<li><a href=\"https:\/\/mintrabajo.gob.bo\/index.php\/comunicados\/comunicado-dgthso-036-2025\/\">Comunicado DGTHSO-036\/2025<\/a><\/li>\n<li><a href=\"https:\/\/mintrabajo.gob.bo\/index.php\/comunicados\/comunicado-mteps-jdtpa-n-002-2025\/\">Comunicado MTEPS-JDTPA-N 002\/2025<\/a><\/li>\n<li><a href=\"https:\/\/mintrabajo.gob.bo\/index.php\/comunicados\/comunicado-dgthso-035-2025\/\">Comunicado DGTHSO-035\/2025<\/a><\/li>\n<li><a href=\"https:\/\/mintrabajo.gob.bo\/index.php\/comunicados\/comunicado-dgthso-034-2025\/\">Comunicado DGTHSO-034\/2025<\/a><\/li>\n<li><a href=\"https:\/\/mintrabajo.gob.bo\/index.php\/comunicados\/comunicado-jdtor-loop-001-2025\/\">Comunicado JDTOR-LOOP-001\/2025<\/a><\/li>\n<li><a href=\"https:\/\/mintrabajo.gob.bo\/index.php\/comunicados\/comunicado-jdtch-003-2025\/\">Comunicado JDTCH-003\/2025<\/a><\/li>\n<li><a href=\"https:\/\/mintrabajo.gob.bo\/index.php\/comunicados\/comunicado-dgthso-033-2025\/\">Comunicado DGTHSO-033\/2025<\/a><\/li>\n<li><a href=\"https:\/\/mintrabajo.gob.bo\/index.php\/comunicados\/jdtsc-twqp-09-2025\/\">Comunicado JDTSC-TWQP-09\/2025<\/a><\/li>\n<li><a href=\"https:\/\/mintrabajo.gob.bo\/index.php\/comunicados\/mteps-jdtpa-n-01-2025\/\">Comunicado MTEPS-JDTPA-N\u00b0 001\/2025<\/a><\/li>\n<li><a href=\"https:\/\/mintrabajo.gob.bo\/index.php\/comunicados\/dgthso-32-2025\/\">Comunicado DGTHSO-032\/2025<\/a><\/li>\n<li><a href=\"https:\/\/mintrabajo.gob.bo\/index.php\/comunicados\/comunicado-san-juan\/\">Comunicado JDT CO-LLRB-01-2025<\/a><\/li>\n<li><a href=\"https:\/\/mintrabajo.gob.bo\/index.php\/comunicados\/comunicado-1\/\">Comunicado DGTHSO-031\/2025<\/a><\/li>\n<li><a href=\"https:\/\/mintrabajo.gob.bo\/index.php\/comunicados\/comunicado-2\/\">Comunicado MTEPS-JDT TA-SCTA-N\u00b0002\/2025<\/a><\/li>\n<li><a href=\"https:\/\/mintrabajo.gob.bo\/index.php\/comunicados\/san-juan\/\">Comunicado DGTHSO-030\/2025<\/a><\/li>\n<li><a href=\"https:\/\/mintrabajo.gob.bo\/index.php\/comunicados\/2892\/\">Comunicado J.D.T.CH-002\/2025<\/a><\/li>\n<li><a href=\"https:\/\/mintrabajo.gob.bo\/index.php\/comunicados\/comunicado-mteps-jdtb-jezm-n-002-2025\/\">Comunicado MTEPS-JDTB-JEZM-N\u00b0 002\/2025<\/a><\/li>\n<li><a href=\"https:\/\/mintrabajo.gob.bo\/index.php\/comunicados\/comunicado-dgthso-029-2025\/\">Comunicado DGTHSO-029\/2025<\/a><\/li>\n<li><a href=\"https:\/\/mintrabajo.gob.bo\/index.php\/comunicados\/comunicado-mteps-jdt-lp-opn-no-001-2025\/\">Comunicado MTEPS-JDT LP-OPN-N\u00ba-001\/2025<\/a><\/li>\n<li><a href=\"https:\/\/mintrabajo.gob.bo\/index.php\/comunicados\/comunicado-dgthso-028-2025\/\">Comunicado DGTHSO-028\/2025<\/a><\/li>\n<li><a href=\"https:\/\/mintrabajo.gob.bo\/index.php\/comunicados\/comunicado-dgthso-027-2025\/\">Comunicado DGTHSO-027\/2025<\/a><\/li>\n<li><a href=\"https:\/\/mintrabajo.gob.bo\/index.php\/comunicados\/dgthso-026-2025\/\">Comunicado DGTHSO N\u00b0 026\/2025<\/a><\/li>\n<li><a href=\"https:\/\/mintrabajo.gob.bo\/index.php\/comunicados\/comunicado-dgthso-025\/\">Comunicado DGTHSO-025\/2025<\/a><\/li>\n<li><a href=\"https:\/\/mintrabajo.gob.bo\/index.php\/comunicados\/comunicado-dgthso-024-2025\/\">COMUNICADO DGTHSO-024\/2025<\/a><\/li>\n<li><a href=\"https:\/\/mintrabajo.gob.bo\/index.php\/comunicados\/comunicado-dgthso-023-2025\/\">COMUNICADO DGTHSO-023\/2025<\/a><\/li>\n<li><a href=\"https:\/\/mintrabajo.gob.bo\/index.php\/comunicados\/comunicado-dgthso-022-2025\/\">COMUNICADO DGTHSO-022\/2025<\/a><\/li>\n<li><a href=\"https:\/\/mintrabajo.gob.bo\/index.php\/comunicados\/comunicado-jdt-ch-manv-no-001-2025\/\">COMUNICADO JDT CH-MANV-N\u00ba 001\/2025<\/a><\/li>\n<li><a href=\"https:\/\/mintrabajo.gob.bo\/index.php\/comunicados\/comunicado-dgthso-021-2025\/\">COMUNICADO DGTHSO-021\/2025<\/a><\/li>\n<li><a href=\"https:\/\/mintrabajo.gob.bo\/index.php\/comunicados\/comunicado-dgthso-020-2025-ovt\/\">COMUNICADO DGTHSO-020\/2025-OVT<\/a><\/li>\n<li><a href=\"https:\/\/mintrabajo.gob.bo\/index.php\/comunicados\/comunicado-dgthso-019-2025\/\">COMUNICADO DGTHSO-019\/2025<\/a><\/li>\n<\/ul>\n<h2 class=\"wsp-enlace_interess-title\">Enlaces<\/h2>\n<ul class=\"wsp-enlace_interess-list\">\n<li><a href=\"https:\/\/mintrabajo.gob.bo\/index.php\/enlace_interes\/video-tutorial-d-ticket\/\">VIDEO TUTORIAL D-TICKET<\/a><\/li>\n<li><a href=\"https:\/\/mintrabajo.gob.bo\/index.php\/enlace_interes\/tutorial-verificacion-de-apostilla\/\">TUTORIAL - VERIFICACI\u00d3N DE APOSTILLA<\/a><\/li>\n<li><a href=\"https:\/\/mintrabajo.gob.bo\/index.php\/enlace_interes\/tutorial-pago-de-apostilla\/\">TUTORIAL - PAGO DE APOSTILLA<\/a><\/li>\n<li><a href=\"https:\/\/mintrabajo.gob.bo\/index.php\/enlace_interes\/tutorial-seguimiento-tramite-de-apostilla\/\">TUTORIAL - SEGUIMIENTO TR\u00c1MITE DE APOSTILLA<\/a><\/li>\n<li><a href=\"https:\/\/mintrabajo.gob.bo\/index.php\/enlace_interes\/tutorial-solicitud-de-apostilla\/\">TUTORIAL - SOLICITUD DE APOSTILLA<\/a><\/li>\n<li><a href=\"https:\/\/mintrabajo.gob.bo\/index.php\/enlace_interes\/pagina-web-apostilla-bolivia\/\">P\u00c1GINA WEB - APOSTILLA BOLIVIA<\/a><\/li>\n<li><a href=\"https:\/\/mintrabajo.gob.bo\/index.php\/enlace_interes\/protocolo-para-el-llenado-del-formulario-de-registro-y-o-autorizacion-de-trabajo-adolescente-version-para-adolescentes\/\">PROTOCOLO PARA EL LLENADO DEL FORMULARIO DE REGISTRO Y\/O AUTORIZACI\u00d3N DE TRABAJO ADOLESCENTE  VERSI\u00d3N PARA ADOLESCENTES<\/a><\/li>\n<li><a href=\"https:\/\/mintrabajo.gob.bo\/index.php\/enlace_interes\/protocolo-para-el-llenado-del-formulario-de-registro-y-o-autorizacion-de-trabajo-adolescente-version-para-las-defensorias-de-la-ninez-y-adolescencia\/\">PROTOCOLO PARA EL LLENADO DEL FORMULARIO DE REGISTRO Y\/O AUTORIZACI\u00d3N DE TRABAJO ADOLESCENTE  VERSI\u00d3N PARA LAS DEFENSOR\u00cdAS DE LA NI\u00d1EZ Y ADOLESCENCIA<\/a><\/li>\n<li><a href=\"https:\/\/mintrabajo.gob.bo\/index.php\/enlace_interes\/requisitos-para-la-autorizacion-de-trabajo-adolescente\/\">REQUISITOS PARA LA AUTORIZACI\u00d3N DE TRABAJO ADOLESCENTE<\/a><\/li>\n<li><a href=\"https:\/\/mintrabajo.gob.bo\/index.php\/enlace_interes\/formulario-de-registro-y-o-autorizacion-de-trabajo-adolescente\/\">FORMULARIO DE REGISTRO Y\/O AUTORIZACI\u00d3N DE TRABAJO ADOLESCENTE<\/a><\/li>\n<\/ul>\n<h2 class=\"wsp-cursoss-title\">Cursos<\/h2>\n<ul class=\"wsp-cursoss-list\">\n<li><a href=\"https:\/\/mintrabajo.gob.bo\/index.php\/cursos\/lorem-titulo-curso\/\">Lorem Titulo Curso<\/a><\/li>\n<li><a href=\"https:\/\/mintrabajo.gob.bo\/index.php\/cursos\/curso-2\/\">Lorem curso 1<\/a><\/li>\n<li><a href=\"https:\/\/mintrabajo.gob.bo\/index.php\/cursos\/curso-1\/\">Lorem T\u00edtulo Curso<\/a><\/li>\n<\/ul>\n<h2 class=\"wsp-autoridads-title\">Autoridades<\/h2>\n<ul class=\"wsp-autoridads-list\">\n<li><a href=\"https:\/\/mintrabajo.gob.bo\/index.php\/autoridad\/17860\/\">MINISTRO DE TRABAJO EMPLEO Y PREVISI\u00d3N SOCIAL<\/a><\/li>\n<li><a href=\"https:\/\/mintrabajo.gob.bo\/index.php\/autoridad\/vtps\/\">VCEMINISTERIO DE TRABAJO Y PREVISI\u00d3N SOCIAL<\/a><\/li>\n<li><a href=\"https:\/\/mintrabajo.gob.bo\/index.php\/autoridad\/17864\/\">VICEMINISTRO DE EMPLEO, SERVICIO CIVIL Y COOPERATIVAS<\/a><\/li>\n<\/ul>\n<h2 class=\"wsp-campanias-title\">Campa\u00f1as<\/h2>\n<ul class=\"wsp-campanias-list\">\n<li><a href=\"https:\/\/mintrabajo.gob.bo\/index.php\/campania\/lorem-campana-3\/\">Lorem Campa\u00f1a 3<\/a><\/li>\n<li><a href=\"https:\/\/mintrabajo.gob.bo\/index.php\/campania\/lorem-campana-2\/\">Lorem Campa\u00f1a 2<\/a><\/li>\n<li><a href=\"https:\/\/mintrabajo.gob.bo\/index.php\/campania\/campana-covid\/\">Lorem Campa\u00f1a 1<\/a><\/li>\n<\/ul>\n<h2 class=\"wsp-documentoss-title\">Documento<\/h2>\n<ul class=\"wsp-documentoss-list\">\n<li><a href=\"https:\/\/mintrabajo.gob.bo\/index.php\/documentos\/resolucion-ministerial-con-el-que-se-aprueba-el-pei-2\/\">Lorem Ipsum Resoluci\u00f3n Ministerial con el que se aprueba el PEI<\/a><\/li>\n<li><a href=\"https:\/\/mintrabajo.gob.bo\/index.php\/documentos\/resolucion-ministerial-con-el-que-se-aprueba-el-pei\/\">Lorem Ipsum documentos del PEI<\/a><\/li>\n<\/ul>\n<h2 class=\"wsp-proveedors-title\">Proveedores<\/h2>\n<ul class=\"wsp-proveedors-list\">\n<li><a href=\"https:\/\/mintrabajo.gob.bo\/index.php\/proveedor\/nomina-proveedores-2025-10\/\">NOMINA PROVEEDORES 2025<\/a><\/li>\n<li><a href=\"https:\/\/mintrabajo.gob.bo\/index.php\/proveedor\/nomina-proveedores-2025\/\">NOMINA PROVEEDORES 2025<\/a><\/li>\n<li><a href=\"https:\/\/mintrabajo.gob.bo\/index.php\/proveedor\/nomina-proveedores-202\/\">NOMINA PROVEEDORES 2025<\/a><\/li>\n<li><a href=\"https:\/\/mintrabajo.gob.bo\/index.php\/proveedor\/nomina-proveedores-2025-9\/\">NOMINA PROVEEDORES 2025<\/a><\/li>\n<li><a href=\"https:\/\/mintrabajo.gob.bo\/index.php\/proveedor\/nomina-proveedores-2025-8\/\">NOMINA PROVEEDORES 2025<\/a><\/li>\n<li><a href=\"https:\/\/mintrabajo.gob.bo\/index.php\/proveedor\/nomina-proveedores-2025-7\/\">NOMINA PROVEEDORES 2025<\/a><\/li>\n<li><a href=\"https:\/\/mintrabajo.gob.bo\/index.php\/proveedor\/nomina-proveedores-2025-6\/\">NOMINA PROVEEDORES 2025<\/a><\/li>\n<li><a href=\"https:\/\/mintrabajo.gob.bo\/index.php\/proveedor\/nomina-proveedores-2025-5\/\">NOMINA PROVEEDORES 2025<\/a><\/li>\n<li><a href=\"https:\/\/mintrabajo.gob.bo\/index.php\/proveedor\/nomina-proveedores-2025-4\/\">NOMINA PROVEEDORES 2025<\/a><\/li>\n<li><a href=\"https:\/\/mintrabajo.gob.bo\/index.php\/proveedor\/nomina-proveedores-2025-3\/\">NOMINA PROVEEDORES 2025<\/a><\/li>\n<li><a href=\"https:\/\/mintrabajo.gob.bo\/index.php\/proveedor\/nomina-proveedores-2025-2\/\">NOMINA PROVEEDORES 2025<\/a><\/li>\n<li><a href=\"https:\/\/mintrabajo.gob.bo\/index.php\/proveedor\/nomina-proveedores-2024-18\/\">NOMINA PROVEEDORES 2024<\/a><\/li>\n<li><a href=\"https:\/\/mintrabajo.gob.bo\/index.php\/proveedor\/nomina-proveedores-2024-17\/\">NOMINA PROVEEDORES 2024<\/a><\/li>\n<li><a href=\"https:\/\/mintrabajo.gob.bo\/index.php\/proveedor\/nomina-proveedores-2024-16\/\">NOMINA PROVEEDORES 2024<\/a><\/li>\n<li><a href=\"https:\/\/mintrabajo.gob.bo\/index.php\/proveedor\/nomina-proveedores-2024-15\/\">NOMINA PROVEEDORES 2024<\/a><\/li>\n<li><a href=\"https:\/\/mintrabajo.gob.bo\/index.php\/proveedor\/nomina-proveedores-2024-14\/\">NOMINA PROVEEDORES 2024<\/a><\/li>\n<li><a href=\"https:\/\/mintrabajo.gob.bo\/index.php\/proveedor\/nomina-proveedores-2024-13\/\">NOMINA PROVEEDORES 2024<\/a><\/li>\n<li><a href=\"https:\/\/mintrabajo.gob.bo\/index.php\/proveedor\/nomina-proveedores-2024-12\/\">NOMINA PROVEEDORES 2024<\/a><\/li>\n<li><a href=\"https:\/\/mintrabajo.gob.bo\/index.php\/proveedor\/nomina-proveedores-2024-11\/\">NOMINA PROVEEDORES 2024<\/a><\/li>\n<li><a href=\"https:\/\/mintrabajo.gob.bo\/index.php\/proveedor\/nomina-proveedores-2024-10\/\">NOMINA PROVEEDORES 2024<\/a><\/li>\n<li><a href=\"https:\/\/mintrabajo.gob.bo\/index.php\/proveedor\/nomina-proveedores-2024-9\/\">NOMINA PROVEEDORES 2024<\/a><\/li>\n<li><a href=\"https:\/\/mintrabajo.gob.bo\/index.php\/proveedor\/nomina-proveedores-2024-8\/\">NOMINA PROVEEDORES 2024<\/a><\/li>\n<li><a href=\"https:\/\/mintrabajo.gob.bo\/index.php\/proveedor\/nomina-proveedores-2024-7\/\">NOMINA PROVEEDORES 2024<\/a><\/li>\n<li><a href=\"https:\/\/mintrabajo.gob.bo\/index.php\/proveedor\/nomina-proveedores-2024-6\/\">NOMINA PROVEEDORES 2024<\/a><\/li>\n<li><a href=\"https:\/\/mintrabajo.gob.bo\/index.php\/proveedor\/nomina-proveedores-2024-5\/\">NOMINA PROVEEDORES 2024<\/a><\/li>\n<li><a href=\"https:\/\/mintrabajo.gob.bo\/index.php\/proveedor\/nomina-proveedores-2024-4\/\">NOMINA PROVEEDORES 2024<\/a><\/li>\n<li><a href=\"https:\/\/mintrabajo.gob.bo\/index.php\/proveedor\/nomina-proveedores-2024-3\/\">NOMINA PROVEEDORES 2024<\/a><\/li>\n<li><a href=\"https:\/\/mintrabajo.gob.bo\/index.php\/proveedor\/nomina-proveedores-2024-2\/\">NOMINA PROVEEDORES 2024<\/a><\/li>\n<li><a href=\"https:\/\/mintrabajo.gob.bo\/index.php\/proveedor\/nomina-proveedores-2024\/\">NOMINA PROVEEDORES 2024<\/a><\/li>\n<li><a href=\"https:\/\/mintrabajo.gob.bo\/index.php\/proveedor\/nomina-proveedores-2023-22\/\">NOMINA PROVEEDORES 2024<\/a><\/li>\n<li><a href=\"https:\/\/mintrabajo.gob.bo\/index.php\/proveedor\/nomina-proveedores-2023-21\/\">NOMINA PROVEEDORES 2023<\/a><\/li>\n<li><a href=\"https:\/\/mintrabajo.gob.bo\/index.php\/proveedor\/nomina-proveedores-2023-20\/\">NOMINA PROVEEDORES 2023<\/a><\/li>\n<li><a href=\"https:\/\/mintrabajo.gob.bo\/index.php\/proveedor\/proveedores-2023-8\/\">NOMINA DE PROVEEDORES 2023<\/a><\/li>\n<li><a href=\"https:\/\/mintrabajo.gob.bo\/index.php\/proveedor\/proveedores-2023-7\/\">NOMINA DE PROVEEDORES 2023<\/a><\/li>\n<li><a href=\"https:\/\/mintrabajo.gob.bo\/index.php\/proveedor\/proveedores-2023-6\/\">NOMINA DE PROVEEDORES 2023<\/a><\/li>\n<li><a href=\"https:\/\/mintrabajo.gob.bo\/index.php\/proveedor\/proveedores-2023-5\/\">NOMINA DE PROVEEDORES 2023<\/a><\/li>\n<li><a href=\"https:\/\/mintrabajo.gob.bo\/index.php\/proveedor\/proveedores-2023-4\/\">NOMINA DE PROVEEDORES 2023<\/a><\/li>\n<li><a href=\"https:\/\/mintrabajo.gob.bo\/index.php\/proveedor\/proveedores-2023-3\/\">NOMINA DE PROVEEDORES 2023<\/a><\/li>\n<li><a href=\"https:\/\/mintrabajo.gob.bo\/index.php\/proveedor\/proveedores-2023-2\/\">NOMINA DE PROVEEDORES 2023<\/a><\/li>\n<li><a href=\"https:\/\/mintrabajo.gob.bo\/index.php\/proveedor\/proveedores-2023\/\">NOMINA DE PROVEEDORES 2023<\/a><\/li>\n<li><a href=\"https:\/\/mintrabajo.gob.bo\/index.php\/proveedor\/19368\/\">NOMINA DE PROVEEDORES 2022<\/a><\/li>\n<li><a href=\"https:\/\/mintrabajo.gob.bo\/index.php\/proveedor\/19366\/\">NOMINA DE PROVEEDORES 2022<\/a><\/li>\n<li><a href=\"https:\/\/mintrabajo.gob.bo\/index.php\/proveedor\/19364\/\">NOMINA DE PROVEEDORES 2022<\/a><\/li>\n<li><a href=\"https:\/\/mintrabajo.gob.bo\/index.php\/proveedor\/nomina-proveedores-2023-19\/\">NOMINA PROVEEDORES 2023<\/a><\/li>\n<li><a href=\"https:\/\/mintrabajo.gob.bo\/index.php\/proveedor\/nomina-proveedores-2023-18\/\">NOMINA PROVEEDORES 2023<\/a><\/li>\n<li><a href=\"https:\/\/mintrabajo.gob.bo\/index.php\/proveedor\/nomina-proveedores-2023-17\/\">NOMINA PROVEEDORES 2023<\/a><\/li>\n<li><a href=\"https:\/\/mintrabajo.gob.bo\/index.php\/proveedor\/nomina-proveedores-2023-16\/\">NOMINA PROVEEDORES 2023<\/a><\/li>\n<li><a href=\"https:\/\/mintrabajo.gob.bo\/index.php\/proveedor\/nomina-proveedores-2023-15\/\">NOMINA PROVEEDORES 2023<\/a><\/li>\n<li><a href=\"https:\/\/mintrabajo.gob.bo\/index.php\/proveedor\/nomina-proveedores-2023-14\/\">NOMINA PROVEEDORES 2023<\/a><\/li>\n<li><a href=\"https:\/\/mintrabajo.gob.bo\/index.php\/proveedor\/nomina-proveedores-2023-13\/\">NOMINA PROVEEDORES 2023<\/a><\/li>\n<li><a href=\"https:\/\/mintrabajo.gob.bo\/index.php\/proveedor\/nomina-proveedores-2023-12\/\">NOMINA PROVEEDORES 2023<\/a><\/li>\n<li><a href=\"https:\/\/mintrabajo.gob.bo\/index.php\/proveedor\/nomina-proveedores-2023-11\/\">NOMINA PROVEEDORES 2023<\/a><\/li>\n<li><a href=\"https:\/\/mintrabajo.gob.bo\/index.php\/proveedor\/nomina-proveedores-2023-10\/\">NOMINA PROVEEDORES 2023<\/a><\/li>\n<li><a href=\"https:\/\/mintrabajo.gob.bo\/index.php\/proveedor\/nomina-proveedores-2023-9\/\">NOMINA PROVEEDORES 2023<\/a><\/li>\n<li><a href=\"https:\/\/mintrabajo.gob.bo\/index.php\/proveedor\/nomina-proveedores-2023-8\/\">NOMINA PROVEEDORES 2023<\/a><\/li>\n<li><a href=\"https:\/\/mintrabajo.gob.bo\/index.php\/proveedor\/nomina-proveedores-2023-7\/\">NOMINA PROVEEDORES 2023<\/a><\/li>\n<li><a href=\"https:\/\/mintrabajo.gob.bo\/index.php\/proveedor\/nomina-proveedores-2023-6\/\">NOMINA PROVEEDORES 2023<\/a><\/li>\n<li><a href=\"https:\/\/mintrabajo.gob.bo\/index.php\/proveedor\/nomina-proveedores-2023-5\/\">NOMINA PROVEEDORES 2023<\/a><\/li>\n<li><a href=\"https:\/\/mintrabajo.gob.bo\/index.php\/proveedor\/nomina-proveedores-2023-4\/\">NOMINA PROVEEDORES 2023<\/a><\/li>\n<li><a href=\"https:\/\/mintrabajo.gob.bo\/index.php\/proveedor\/nomina-proveedores-2023-3\/\">NOMINA PROVEEDORES 2023<\/a><\/li>\n<li><a href=\"https:\/\/mintrabajo.gob.bo\/index.php\/proveedor\/nomina-proveedores-2023-2\/\">NOMINA PROVEEDORES 2023<\/a><\/li>\n<li><a href=\"https:\/\/mintrabajo.gob.bo\/index.php\/proveedor\/nomina-proveedores-2023\/\">NOMINA PROVEEDORES 2023<\/a><\/li>\n<li><a href=\"https:\/\/mintrabajo.gob.bo\/index.php\/proveedor\/nomina-proveedores-2022-28\/\">NOMINA PROVEEDORES 2022<\/a><\/li>\n<li><a href=\"https:\/\/mintrabajo.gob.bo\/index.php\/proveedor\/nomina-proveedores-2022-27\/\">NOMINA PROVEEDORES 2022<\/a><\/li>\n<li><a href=\"https:\/\/mintrabajo.gob.bo\/index.php\/proveedor\/nomina-proveedores-2022-26\/\">NOMINA PROVEEDORES 2022<\/a><\/li>\n<li><a href=\"https:\/\/mintrabajo.gob.bo\/index.php\/proveedor\/nomina-proveedores-2022-25\/\">NOMINA PROVEEDORES 2022<\/a><\/li>\n<li><a href=\"https:\/\/mintrabajo.gob.bo\/index.php\/proveedor\/19367\/\">NOMINA DE PROVEEDORES 2022<\/a><\/li>\n<li><a href=\"https:\/\/mintrabajo.gob.bo\/index.php\/proveedor\/19365\/\">NOMINA DE PROVEEDORES 2022<\/a><\/li>\n<li><a href=\"https:\/\/mintrabajo.gob.bo\/index.php\/proveedor\/19363\/\">NOMINA DE PROVEEDORES 2022<\/a><\/li>\n<li><a href=\"https:\/\/mintrabajo.gob.bo\/index.php\/proveedor\/19362\/\">NOMINA DE PROVEEDORES 2022<\/a><\/li>\n<li><a href=\"https:\/\/mintrabajo.gob.bo\/index.php\/proveedor\/19361\/\">NOMINA DE PROVEEDORES 2022<\/a><\/li>\n<li><a href=\"https:\/\/mintrabajo.gob.bo\/index.php\/proveedor\/19360\/\">NOMINA DE PROVEEDORES 2022<\/a><\/li>\n<li><a href=\"https:\/\/mintrabajo.gob.bo\/index.php\/proveedor\/19359\/\">NOMINA DE PROVEEDORES 2022<\/a><\/li>\n<li><a href=\"https:\/\/mintrabajo.gob.bo\/index.php\/proveedor\/19358\/\">NOMINA DE PROVEEDORES 2022<\/a><\/li>\n<li><a href=\"https:\/\/mintrabajo.gob.bo\/index.php\/proveedor\/19357\/\">NOMINA DE PROVEEDORES 2022<\/a><\/li>\n<li><a href=\"https:\/\/mintrabajo.gob.bo\/index.php\/proveedor\/19356\/\">NOMINA DE PROVEEDORES 2022<\/a><\/li>\n<li><a href=\"https:\/\/mintrabajo.gob.bo\/index.php\/proveedor\/19355\/\">NOMINA DE PROVEEDORES 2022<\/a><\/li>\n<li><a href=\"https:\/\/mintrabajo.gob.bo\/index.php\/proveedor\/19354\/\">NOMINA DE PROVEEDORES 2022<\/a><\/li>\n<li><a href=\"https:\/\/mintrabajo.gob.bo\/index.php\/proveedor\/19353\/\">NOMINA DE PROVEEDORES 2022<\/a><\/li>\n<li><a href=\"https:\/\/mintrabajo.gob.bo\/index.php\/proveedor\/19352\/\">NOMINA DE PROVEEDORES 2022<\/a><\/li>\n<li><a href=\"https:\/\/mintrabajo.gob.bo\/index.php\/proveedor\/19351\/\">NOMINA DE PROVEEDORES 2022<\/a><\/li>\n<li><a href=\"https:\/\/mintrabajo.gob.bo\/index.php\/proveedor\/19350\/\">NOMINA DE PROVEEDORES 2022<\/a><\/li>\n<li><a href=\"https:\/\/mintrabajo.gob.bo\/index.php\/proveedor\/19349\/\">NOMINA DE PROVEEDORES 2022<\/a><\/li>\n<li><a href=\"https:\/\/mintrabajo.gob.bo\/index.php\/proveedor\/19348\/\">NOMINA DE PROVEEDORES 2022<\/a><\/li>\n<li><a href=\"https:\/\/mintrabajo.gob.bo\/index.php\/proveedor\/19347\/\">NOMINA DE PROVEEDORES 2022<\/a><\/li>\n<li><a href=\"https:\/\/mintrabajo.gob.bo\/index.php\/proveedor\/19346\/\">NOMINA DE PROVEEDORES 2022<\/a><\/li>\n<li><a href=\"https:\/\/mintrabajo.gob.bo\/index.php\/proveedor\/19345\/\">NOMINA DE PROVEEDORES 2022<\/a><\/li>\n<li><a href=\"https:\/\/mintrabajo.gob.bo\/index.php\/proveedor\/19344\/\">NOMINA DE PROVEEDORES 2022<\/a><\/li>\n<li><a href=\"https:\/\/mintrabajo.gob.bo\/index.php\/proveedor\/19343\/\">NOMINA DE PROVEEDORES 2022<\/a><\/li>\n<li><a href=\"https:\/\/mintrabajo.gob.bo\/index.php\/proveedor\/19342\/\">NOMINA DE PROVEEDORES 2022<\/a><\/li>\n<li><a href=\"https:\/\/mintrabajo.gob.bo\/index.php\/proveedor\/19341\/\">NOMINA DE PROVEEDORES 2022<\/a><\/li>\n<li><a href=\"https:\/\/mintrabajo.gob.bo\/index.php\/proveedor\/19340\/\">NOMINA DE PROVEEDORES 2022<\/a><\/li>\n<li><a href=\"https:\/\/mintrabajo.gob.bo\/index.php\/proveedor\/19338\/\">NOMINA DE PROVEEDORES 2022<\/a><\/li>\n<li><a href=\"https:\/\/mintrabajo.gob.bo\/index.php\/proveedor\/19337\/\">NOMINA DE PROVEEDORES 2022<\/a><\/li>\n<li><a href=\"https:\/\/mintrabajo.gob.bo\/index.php\/proveedor\/19336\/\">NOMINA DE PROVEEDORES 2022<\/a><\/li>\n<li><a href=\"https:\/\/mintrabajo.gob.bo\/index.php\/proveedor\/19335\/\">NOMINA DE PROVEEDORES 2022<\/a><\/li>\n<li><a href=\"https:\/\/mintrabajo.gob.bo\/index.php\/proveedor\/19334\/\">NOMINA DE PROVEEDORES 2022<\/a><\/li>\n<li><a href=\"https:\/\/mintrabajo.gob.bo\/index.php\/proveedor\/19333\/\">NOMINA DE PROVEEDORES 2022<\/a><\/li>\n<li><a href=\"https:\/\/mintrabajo.gob.bo\/index.php\/proveedor\/19332\/\">NOMINA DE PROVEEDORES 2022<\/a><\/li>\n<li><a href=\"https:\/\/mintrabajo.gob.bo\/index.php\/proveedor\/19331\/\">NOMINA DE PROVEEDORES 2022<\/a><\/li>\n<li><a href=\"https:\/\/mintrabajo.gob.bo\/index.php\/proveedor\/19330\/\">NOMINA DE PROVEEDORES 2022<\/a><\/li>\n<li><a href=\"https:\/\/mintrabajo.gob.bo\/index.php\/proveedor\/19329\/\">NOMINA DE PROVEEDORES 2022<\/a><\/li>\n<li><a href=\"https:\/\/mintrabajo.gob.bo\/index.php\/proveedor\/19328\/\">NOMINA DE PROVEEDORES 2022<\/a><\/li>\n<li><a href=\"https:\/\/mintrabajo.gob.bo\/index.php\/proveedor\/19327\/\">NOMINA DE PROVEEDORES 2022<\/a><\/li>\n<li><a href=\"https:\/\/mintrabajo.gob.bo\/index.php\/proveedor\/19326\/\">NOMINA DE PROVEEDORES 2022<\/a><\/li>\n<li><a href=\"https:\/\/mintrabajo.gob.bo\/index.php\/proveedor\/19325\/\">NOMINA DE PROVEEDORES 2022<\/a><\/li>\n<li><a href=\"https:\/\/mintrabajo.gob.bo\/index.php\/proveedor\/19324\/\">NOMINA DE PROVEEDORES 2022<\/a><\/li>\n<li><a href=\"https:\/\/mintrabajo.gob.bo\/index.php\/proveedor\/19323\/\">NOMINA DE PROVEEDORES 2022<\/a><\/li>\n<li><a href=\"https:\/\/mintrabajo.gob.bo\/index.php\/proveedor\/19322\/\">NOMINA DE PROVEEDORES 2022<\/a><\/li>\n<li><a href=\"https:\/\/mintrabajo.gob.bo\/index.php\/proveedor\/19321\/\">NOMINA DE PROVEEDORES 2022<\/a><\/li>\n<li><a href=\"https:\/\/mintrabajo.gob.bo\/index.php\/proveedor\/19320\/\">NOMINA DE PROVEEDORES 2022<\/a><\/li>\n<li><a href=\"https:\/\/mintrabajo.gob.bo\/index.php\/proveedor\/19319\/\">NOMINA DE PROVEEDORES 2022<\/a><\/li>\n<li><a href=\"https:\/\/mintrabajo.gob.bo\/index.php\/proveedor\/19318\/\">NOMINA DE PROVEEDORES 2022<\/a><\/li>\n<li><a href=\"https:\/\/mintrabajo.gob.bo\/index.php\/proveedor\/19317\/\">NOMINA DE PROVEEDORES 2022<\/a><\/li>\n<li><a href=\"https:\/\/mintrabajo.gob.bo\/index.php\/proveedor\/19316\/\">NOMINA DE PROVEEDORES 2022<\/a><\/li>\n<li><a href=\"https:\/\/mintrabajo.gob.bo\/index.php\/proveedor\/19315\/\">NOMINA DE PROVEEDORES 2022<\/a><\/li>\n<li><a href=\"https:\/\/mintrabajo.gob.bo\/index.php\/proveedor\/19314\/\">NOMINA DE PROVEEDORES 2022<\/a><\/li>\n<li><a href=\"https:\/\/mintrabajo.gob.bo\/index.php\/proveedor\/19313\/\">NOMINA DE PROVEEDORES 2022<\/a><\/li>\n<li><a href=\"https:\/\/mintrabajo.gob.bo\/index.php\/proveedor\/19312\/\">NOMINA DE PROVEEDORES 2022<\/a><\/li>\n<li><a href=\"https:\/\/mintrabajo.gob.bo\/index.php\/proveedor\/19311\/\">NOMINA DE PROVEEDORES 2022<\/a><\/li>\n<li><a href=\"https:\/\/mintrabajo.gob.bo\/index.php\/proveedor\/19310\/\">NOMINA DE PROVEEDORES 2022<\/a><\/li>\n<li><a href=\"https:\/\/mintrabajo.gob.bo\/index.php\/proveedor\/19309\/\">NOMINA DE PROVEEDORES 2022<\/a><\/li>\n<li><a href=\"https:\/\/mintrabajo.gob.bo\/index.php\/proveedor\/19308\/\">NOMINA DE PROVEEDORES 2022<\/a><\/li>\n<li><a href=\"https:\/\/mintrabajo.gob.bo\/index.php\/proveedor\/19307\/\">NOMINA DE PROVEEDORES 2022<\/a><\/li>\n<li><a href=\"https:\/\/mintrabajo.gob.bo\/index.php\/proveedor\/19306\/\">NOMINA DE PROVEEDORES 2022<\/a><\/li>\n<li><a href=\"https:\/\/mintrabajo.gob.bo\/index.php\/proveedor\/19305\/\">NOMINA DE PROVEEDORES 2022<\/a><\/li>\n<li><a href=\"https:\/\/mintrabajo.gob.bo\/index.php\/proveedor\/19304\/\">NOMINA DE PROVEEDORES 2022<\/a><\/li>\n<li><a href=\"https:\/\/mintrabajo.gob.bo\/index.php\/proveedor\/19303\/\">NOMINA DE PROVEEDORES 2022<\/a><\/li>\n<li><a href=\"https:\/\/mintrabajo.gob.bo\/index.php\/proveedor\/19302\/\">NOMINA DE PROVEEDORES 2022<\/a><\/li>\n<li><a href=\"https:\/\/mintrabajo.gob.bo\/index.php\/proveedor\/19301\/\">NOMINA DE PROVEEDORES 2022<\/a><\/li>\n<li><a href=\"https:\/\/mintrabajo.gob.bo\/index.php\/proveedor\/19300\/\">NOMINA DE PROVEEDORES 2022<\/a><\/li>\n<li><a href=\"https:\/\/mintrabajo.gob.bo\/index.php\/proveedor\/19299\/\">NOMINA DE PROVEEDORES 2022<\/a><\/li>\n<li><a href=\"https:\/\/mintrabajo.gob.bo\/index.php\/proveedor\/19298\/\">NOMINA DE PROVEEDORES 2022<\/a><\/li>\n<li><a href=\"https:\/\/mintrabajo.gob.bo\/index.php\/proveedor\/19297\/\">NOMINA DE PROVEEDORES 2022<\/a><\/li>\n<li><a href=\"https:\/\/mintrabajo.gob.bo\/index.php\/proveedor\/19296\/\">NOMINA DE PROVEEDORES 2022<\/a><\/li>\n<li><a href=\"https:\/\/mintrabajo.gob.bo\/index.php\/proveedor\/19295\/\">NOMINA DE PROVEEDORES 2022<\/a><\/li>\n<li><a href=\"https:\/\/mintrabajo.gob.bo\/index.php\/proveedor\/19294\/\">NOMINA DE PROVEEDORES 2022<\/a><\/li>\n<li><a href=\"https:\/\/mintrabajo.gob.bo\/index.php\/proveedor\/19293\/\">NOMINA DE PROVEEDORES 2022<\/a><\/li>\n<li><a href=\"https:\/\/mintrabajo.gob.bo\/index.php\/proveedor\/19292\/\">NOMINA DE PROVEEDORES 2022<\/a><\/li>\n<li><a href=\"https:\/\/mintrabajo.gob.bo\/index.php\/proveedor\/19291\/\">NOMINA DE PROVEEDORES 2022<\/a><\/li>\n<li><a href=\"https:\/\/mintrabajo.gob.bo\/index.php\/proveedor\/19290\/\">NOMINA DE PROVEEDORES 2022<\/a><\/li>\n<li><a href=\"https:\/\/mintrabajo.gob.bo\/index.php\/proveedor\/19289\/\">NOMINA DE PROVEEDORES 2022<\/a><\/li>\n<li><a href=\"https:\/\/mintrabajo.gob.bo\/index.php\/proveedor\/19288\/\">NOMINA DE PROVEEDORES 2022<\/a><\/li>\n<li><a href=\"https:\/\/mintrabajo.gob.bo\/index.php\/proveedor\/19287\/\">NOMINA DE PROVEEDORES 2022<\/a><\/li>\n<li><a href=\"https:\/\/mintrabajo.gob.bo\/index.php\/proveedor\/19286\/\">NOMINA DE PROVEEDORES 2022<\/a><\/li>\n<li><a href=\"https:\/\/mintrabajo.gob.bo\/index.php\/proveedor\/19285\/\">NOMINA DE PROVEEDORES 2022<\/a><\/li>\n<li><a href=\"https:\/\/mintrabajo.gob.bo\/index.php\/proveedor\/19284\/\">NOMINA DE PROVEEDORES 2022<\/a><\/li>\n<li><a href=\"https:\/\/mintrabajo.gob.bo\/index.php\/proveedor\/19283\/\">NOMINA DE PROVEEDORES 2022<\/a><\/li>\n<li><a href=\"https:\/\/mintrabajo.gob.bo\/index.php\/proveedor\/19282\/\">NOMINA DE PROVEEDORES 2022<\/a><\/li>\n<li><a href=\"https:\/\/mintrabajo.gob.bo\/index.php\/proveedor\/19281\/\">NOMINA DE PROVEEDORES 2022<\/a><\/li>\n<li><a href=\"https:\/\/mintrabajo.gob.bo\/index.php\/proveedor\/19280\/\">NOMINA DE PROVEEDORES 2022<\/a><\/li>\n<li><a href=\"https:\/\/mintrabajo.gob.bo\/index.php\/proveedor\/19279\/\">NOMINA DE PROVEEDORES 2022<\/a><\/li>\n<li><a href=\"https:\/\/mintrabajo.gob.bo\/index.php\/proveedor\/19278\/\">NOMINA DE PROVEEDORES 2022<\/a><\/li>\n<li><a href=\"https:\/\/mintrabajo.gob.bo\/index.php\/proveedor\/19277\/\">NOMINA DE PROVEEDORES 2022<\/a><\/li>\n<li><a href=\"https:\/\/mintrabajo.gob.bo\/index.php\/proveedor\/19276\/\">NOMINA DE PROVEEDORES 2022<\/a><\/li>\n<li><a href=\"https:\/\/mintrabajo.gob.bo\/index.php\/proveedor\/19275\/\">NOMINA DE PROVEEDORES 2022<\/a><\/li>\n<li><a href=\"https:\/\/mintrabajo.gob.bo\/index.php\/proveedor\/19274\/\">NOMINA DE PROVEEDORES 2022<\/a><\/li>\n<li><a href=\"https:\/\/mintrabajo.gob.bo\/index.php\/proveedor\/19273\/\">NOMINA DE PROVEEDORES 2022<\/a><\/li>\n<li><a href=\"https:\/\/mintrabajo.gob.bo\/index.php\/proveedor\/19272\/\">NOMINA DE PROVEEDORES 2022<\/a><\/li>\n<li><a href=\"https:\/\/mintrabajo.gob.bo\/index.php\/proveedor\/19271\/\">NOMINA DE PROVEEDORES 2022<\/a><\/li>\n<li><a href=\"https:\/\/mintrabajo.gob.bo\/index.php\/proveedor\/19270\/\">NOMINA DE PROVEEDORES 2022<\/a><\/li>\n<li><a href=\"https:\/\/mintrabajo.gob.bo\/index.php\/proveedor\/19269\/\">NOMINA DE PROVEEDORES 2022<\/a><\/li>\n<li><a href=\"https:\/\/mintrabajo.gob.bo\/index.php\/proveedor\/19268\/\">NOMINA DE PROVEEDORES 2022<\/a><\/li>\n<li><a href=\"https:\/\/mintrabajo.gob.bo\/index.php\/proveedor\/19266\/\">NOMINA DE PROVEEDORES 2022<\/a><\/li>\n<li><a href=\"https:\/\/mintrabajo.gob.bo\/index.php\/proveedor\/19265\/\">NOMINA DE PROVEEDORES 2022<\/a><\/li>\n<li><a href=\"https:\/\/mintrabajo.gob.bo\/index.php\/proveedor\/19264\/\">NOMINA DE PROVEEDORES 2022<\/a><\/li>\n<li><a href=\"https:\/\/mintrabajo.gob.bo\/index.php\/proveedor\/19263\/\">NOMINA DE PROVEEDORES 2022<\/a><\/li>\n<li><a href=\"https:\/\/mintrabajo.gob.bo\/index.php\/proveedor\/19262\/\">NOMINA DE PROVEEDORES 2022<\/a><\/li>\n<li><a href=\"https:\/\/mintrabajo.gob.bo\/index.php\/proveedor\/19261\/\">NOMINA DE PROVEEDORES 2022<\/a><\/li>\n<li><a href=\"https:\/\/mintrabajo.gob.bo\/index.php\/proveedor\/19260\/\">NOMINA DE PROVEEDORES 2022<\/a><\/li>\n<li><a href=\"https:\/\/mintrabajo.gob.bo\/index.php\/proveedor\/19259\/\">NOMINA DE PROVEEDORES 2022<\/a><\/li>\n<li><a href=\"https:\/\/mintrabajo.gob.bo\/index.php\/proveedor\/19258\/\">NOMINA DE PROVEEDORES 2022<\/a><\/li>\n<li><a href=\"https:\/\/mintrabajo.gob.bo\/index.php\/proveedor\/19257\/\">NOMINA DE PROVEEDORES 2022<\/a><\/li>\n<li><a href=\"https:\/\/mintrabajo.gob.bo\/index.php\/proveedor\/19256\/\">NOMINA DE PROVEEDORES 2022<\/a><\/li>\n<li><a href=\"https:\/\/mintrabajo.gob.bo\/index.php\/proveedor\/19255\/\">NOMINA DE PROVEEDORES 2022<\/a><\/li>\n<li><a href=\"https:\/\/mintrabajo.gob.bo\/index.php\/proveedor\/19254\/\">NOMINA DE PROVEEDORES 2022<\/a><\/li>\n<li><a href=\"https:\/\/mintrabajo.gob.bo\/index.php\/proveedor\/19253\/\">NOMINA DE PROVEEDORES 2022<\/a><\/li>\n<li><a href=\"https:\/\/mintrabajo.gob.bo\/index.php\/proveedor\/19252\/\">NOMINA DE PROVEEDORES 2022<\/a><\/li>\n<li><a href=\"https:\/\/mintrabajo.gob.bo\/index.php\/proveedor\/19251\/\">NOMINA DE PROVEEDORES 2022<\/a><\/li>\n<li><a href=\"https:\/\/mintrabajo.gob.bo\/index.php\/proveedor\/19250\/\">NOMINA DE PROVEEDORES 2022<\/a><\/li>\n<li><a href=\"https:\/\/mintrabajo.gob.bo\/index.php\/proveedor\/19249\/\">NOMINA DE PROVEEDORES 2022<\/a><\/li>\n<li><a href=\"https:\/\/mintrabajo.gob.bo\/index.php\/proveedor\/19248\/\">NOMINA DE PROVEEDORES 2022<\/a><\/li>\n<li><a href=\"https:\/\/mintrabajo.gob.bo\/index.php\/proveedor\/19247\/\">NOMINA DE PROVEEDORES 2022<\/a><\/li>\n<li><a href=\"https:\/\/mintrabajo.gob.bo\/index.php\/proveedor\/19246\/\">NOMINA DE PROVEEDORES 2022<\/a><\/li>\n<li><a href=\"https:\/\/mintrabajo.gob.bo\/index.php\/proveedor\/19245\/\">NOMINA DE PROVEEDORES 2022<\/a><\/li>\n<li><a href=\"https:\/\/mintrabajo.gob.bo\/index.php\/proveedor\/19244\/\">NOMINA DE PROVEEDORES 2022<\/a><\/li>\n<li><a href=\"https:\/\/mintrabajo.gob.bo\/index.php\/proveedor\/19243\/\">NOMINA DE PROVEEDORES 2022<\/a><\/li>\n<li><a href=\"https:\/\/mintrabajo.gob.bo\/index.php\/proveedor\/19239\/\">NOMINA DE PROVEEDORES 2022<\/a><\/li>\n<li><a href=\"https:\/\/mintrabajo.gob.bo\/index.php\/proveedor\/19238\/\">NOMINA DE PROVEEDORES 2022<\/a><\/li>\n<li><a href=\"https:\/\/mintrabajo.gob.bo\/index.php\/proveedor\/19237\/\">NOMINA DE PROVEEDORES 2022<\/a><\/li>\n<li><a href=\"https:\/\/mintrabajo.gob.bo\/index.php\/proveedor\/19236\/\">NOMINA DE PROVEEDORES 2022<\/a><\/li>\n<li><a href=\"https:\/\/mintrabajo.gob.bo\/index.php\/proveedor\/19235\/\">NOMINA DE PROVEEDORES 2022<\/a><\/li>\n<li><a href=\"https:\/\/mintrabajo.gob.bo\/index.php\/proveedor\/19234\/\">NOMINA DE PROVEEDORES 2022<\/a><\/li>\n<li><a href=\"https:\/\/mintrabajo.gob.bo\/index.php\/proveedor\/19233\/\">NOMINA DE PROVEEDORES 2022<\/a><\/li>\n<li><a href=\"https:\/\/mintrabajo.gob.bo\/index.php\/proveedor\/19232\/\">NOMINA DE PROVEEDORES 2022<\/a><\/li>\n<li><a href=\"https:\/\/mintrabajo.gob.bo\/index.php\/proveedor\/19231\/\">NOMINA DE PROVEEDORES 2022<\/a><\/li>\n<li><a href=\"https:\/\/mintrabajo.gob.bo\/index.php\/proveedor\/19230\/\">NOMINA DE PROVEEDORES 2022<\/a><\/li>\n<li><a href=\"https:\/\/mintrabajo.gob.bo\/index.php\/proveedor\/19229\/\">NOMINA DE PROVEEDORES 2022<\/a><\/li>\n<li><a href=\"https:\/\/mintrabajo.gob.bo\/index.php\/proveedor\/19228\/\">NOMINA DE PROVEEDORES 2022<\/a><\/li>\n<li><a href=\"https:\/\/mintrabajo.gob.bo\/index.php\/proveedor\/19227\/\">NOMINA DE PROVEEDORES 2022<\/a><\/li>\n<li><a href=\"https:\/\/mintrabajo.gob.bo\/index.php\/proveedor\/19226\/\">NOMINA DE PROVEEDORES 2022<\/a><\/li>\n<li><a href=\"https:\/\/mintrabajo.gob.bo\/index.php\/proveedor\/19225\/\">NOMINA DE PROVEEDORES 2022<\/a><\/li>\n<li><a href=\"https:\/\/mintrabajo.gob.bo\/index.php\/proveedor\/19224\/\">NOMINA DE PROVEEDORES 2022<\/a><\/li>\n<li><a href=\"https:\/\/mintrabajo.gob.bo\/index.php\/proveedor\/19223\/\">NOMINA DE PROVEEDORES 2022<\/a><\/li>\n<li><a href=\"https:\/\/mintrabajo.gob.bo\/index.php\/proveedor\/19222\/\">NOMINA DE PROVEEDORES 2022<\/a><\/li>\n<li><a href=\"https:\/\/mintrabajo.gob.bo\/index.php\/proveedor\/19221\/\">NOMINA DE PROVEEDORES 2022<\/a><\/li>\n<li><a href=\"https:\/\/mintrabajo.gob.bo\/index.php\/proveedor\/19220\/\">NOMINA DE PROVEEDORES 2022<\/a><\/li>\n<li><a href=\"https:\/\/mintrabajo.gob.bo\/index.php\/proveedor\/19219\/\">NOMINA DE PROVEEDORES 2022<\/a><\/li>\n<li><a href=\"https:\/\/mintrabajo.gob.bo\/index.php\/proveedor\/19218\/\">NOMINA DE PROVEEDORES 2022<\/a><\/li>\n<li><a href=\"https:\/\/mintrabajo.gob.bo\/index.php\/proveedor\/19217\/\">NOMINA DE PROVEEDORES 2022<\/a><\/li>\n<li><a href=\"https:\/\/mintrabajo.gob.bo\/index.php\/proveedor\/19216\/\">NOMINA DE PROVEEDORES 2022<\/a><\/li>\n<li><a href=\"https:\/\/mintrabajo.gob.bo\/index.php\/proveedor\/19215\/\">NOMINA DE PROVEEDORES 2022<\/a><\/li>\n<li><a href=\"https:\/\/mintrabajo.gob.bo\/index.php\/proveedor\/19214\/\">NOMINA DE PROVEEDORES 2022<\/a><\/li>\n<li><a href=\"https:\/\/mintrabajo.gob.bo\/index.php\/proveedor\/19213\/\">NOMINA DE PROVEEDORES 2022<\/a><\/li>\n<li><a href=\"https:\/\/mintrabajo.gob.bo\/index.php\/proveedor\/19212\/\">NOMINA DE PROVEEDORES 2022<\/a><\/li>\n<li><a href=\"https:\/\/mintrabajo.gob.bo\/index.php\/proveedor\/19211\/\">NOMINA DE PROVEEDORES 2022<\/a><\/li>\n<li><a href=\"https:\/\/mintrabajo.gob.bo\/index.php\/proveedor\/19210\/\">NOMINA DE PROVEEDORES 2022<\/a><\/li>\n<li><a href=\"https:\/\/mintrabajo.gob.bo\/index.php\/proveedor\/19209\/\">NOMINA DE PROVEEDORES 2022<\/a><\/li>\n<li><a href=\"https:\/\/mintrabajo.gob.bo\/index.php\/proveedor\/19208\/\">NOMINA DE PROVEEDORES 2022<\/a><\/li>\n<li><a href=\"https:\/\/mintrabajo.gob.bo\/index.php\/proveedor\/19207\/\">NOMINA DE PROVEEDORES 2022<\/a><\/li>\n<li><a href=\"https:\/\/mintrabajo.gob.bo\/index.php\/proveedor\/19206\/\">NOMINA DE PROVEEDORES 2022<\/a><\/li>\n<li><a href=\"https:\/\/mintrabajo.gob.bo\/index.php\/proveedor\/19205\/\">NOMINA DE PROVEEDORES 2022<\/a><\/li>\n<li><a href=\"https:\/\/mintrabajo.gob.bo\/index.php\/proveedor\/19204\/\">NOMINA DE PROVEEDORES 2022<\/a><\/li>\n<li><a href=\"https:\/\/mintrabajo.gob.bo\/index.php\/proveedor\/19203\/\">NOMINA DE PROVEEDORES 2022<\/a><\/li>\n<li><a href=\"https:\/\/mintrabajo.gob.bo\/index.php\/proveedor\/19202\/\">NOMINA DE PROVEEDORES 2022<\/a><\/li>\n<li><a href=\"https:\/\/mintrabajo.gob.bo\/index.php\/proveedor\/19201\/\">NOMINA DE PROVEEDORES 2022<\/a><\/li>\n<li><a href=\"https:\/\/mintrabajo.gob.bo\/index.php\/proveedor\/19200\/\">NOMINA DE PROVEEDORES 2022<\/a><\/li>\n<li><a href=\"https:\/\/mintrabajo.gob.bo\/index.php\/proveedor\/19199\/\">NOMINA DE PROVEEDORES 2022<\/a><\/li>\n<li><a href=\"https:\/\/mintrabajo.gob.bo\/index.php\/proveedor\/19197\/\">NOMINA DE PROVEEDORES 2022<\/a><\/li>\n<li><a href=\"https:\/\/mintrabajo.gob.bo\/index.php\/proveedor\/19196\/\">NOMINA DE PROVEEDORES 2022<\/a><\/li>\n<li><a href=\"https:\/\/mintrabajo.gob.bo\/index.php\/proveedor\/19195\/\">NOMINA DE PROVEEDORES 2022<\/a><\/li>\n<li><a href=\"https:\/\/mintrabajo.gob.bo\/index.php\/proveedor\/19194\/\">NOMINA DE PROVEEDORES 2022<\/a><\/li>\n<li><a href=\"https:\/\/mintrabajo.gob.bo\/index.php\/proveedor\/19193\/\">NOMINA DE PROVEEDORES 2022<\/a><\/li>\n<li><a href=\"https:\/\/mintrabajo.gob.bo\/index.php\/proveedor\/19192\/\">NOMINA DE PROVEEDORES 2022<\/a><\/li>\n<li><a href=\"https:\/\/mintrabajo.gob.bo\/index.php\/proveedor\/19191\/\">NOMINA DE PROVEEDORES 2022<\/a><\/li>\n<li><a href=\"https:\/\/mintrabajo.gob.bo\/index.php\/proveedor\/19190\/\">NOMINA DE PROVEEDORES 2022<\/a><\/li>\n<li><a href=\"https:\/\/mintrabajo.gob.bo\/index.php\/proveedor\/19189\/\">NOMINA DE PROVEEDORES 2022<\/a><\/li>\n<li><a href=\"https:\/\/mintrabajo.gob.bo\/index.php\/proveedor\/19188\/\">NOMINA DE PROVEEDORES 2022<\/a><\/li>\n<li><a href=\"https:\/\/mintrabajo.gob.bo\/index.php\/proveedor\/19187\/\">NOMINA DE PROVEEDORES 2022<\/a><\/li>\n<li><a href=\"https:\/\/mintrabajo.gob.bo\/index.php\/proveedor\/19186\/\">NOMINA DE PROVEEDORES 2022<\/a><\/li>\n<li><a href=\"https:\/\/mintrabajo.gob.bo\/index.php\/proveedor\/19185\/\">NOMINA DE PROVEEDORES 2022<\/a><\/li>\n<li><a href=\"https:\/\/mintrabajo.gob.bo\/index.php\/proveedor\/19184\/\">NOMINA DE PROVEEDORES 2022<\/a><\/li>\n<li><a href=\"https:\/\/mintrabajo.gob.bo\/index.php\/proveedor\/19183\/\">NOMINA DE PROVEEDORES 2022<\/a><\/li>\n<li><a href=\"https:\/\/mintrabajo.gob.bo\/index.php\/proveedor\/19181\/\">NOMINA DE PROVEEDORES 2022<\/a><\/li>\n<li><a href=\"https:\/\/mintrabajo.gob.bo\/index.php\/proveedor\/19180\/\">NOMINA DE PROVEEDORES 2022<\/a><\/li>\n<li><a href=\"https:\/\/mintrabajo.gob.bo\/index.php\/proveedor\/19179\/\">NOMINA DE PROVEEDORES 2022<\/a><\/li>\n<li><a href=\"https:\/\/mintrabajo.gob.bo\/index.php\/proveedor\/19178\/\">NOMINA DE PROVEEDORES 2022<\/a><\/li>\n<li><a href=\"https:\/\/mintrabajo.gob.bo\/index.php\/proveedor\/19176\/\">NOMINA DE PROVEEDORES 2022<\/a><\/li>\n<li><a href=\"https:\/\/mintrabajo.gob.bo\/index.php\/proveedor\/19175\/\">NOMINA DE PROVEEDORES 2022<\/a><\/li>\n<li><a href=\"https:\/\/mintrabajo.gob.bo\/index.php\/proveedor\/19174\/\">NOMINA DE PROVEEDORES 2022<\/a><\/li>\n<li><a href=\"https:\/\/mintrabajo.gob.bo\/index.php\/proveedor\/19173\/\">NOMINA DE PROVEEDORES 2022<\/a><\/li>\n<li><a href=\"https:\/\/mintrabajo.gob.bo\/index.php\/proveedor\/19172\/\">NOMINA DE PROVEEDORES 2022<\/a><\/li>\n<li><a href=\"https:\/\/mintrabajo.gob.bo\/index.php\/proveedor\/19171\/\">NOMINA DE PROVEEDORES 2022<\/a><\/li>\n<li><a href=\"https:\/\/mintrabajo.gob.bo\/index.php\/proveedor\/19170\/\">NOMINA DE PROVEEDORES 2022<\/a><\/li>\n<li><a href=\"https:\/\/mintrabajo.gob.bo\/index.php\/proveedor\/19169\/\">NOMINA DE PROVEEDORES 2022<\/a><\/li>\n<li><a href=\"https:\/\/mintrabajo.gob.bo\/index.php\/proveedor\/19168\/\">NOMINA DE PROVEEDORES 2022<\/a><\/li>\n<li><a href=\"https:\/\/mintrabajo.gob.bo\/index.php\/proveedor\/19167\/\">NOMINA DE PROVEEDORES 2022<\/a><\/li>\n<li><a href=\"https:\/\/mintrabajo.gob.bo\/index.php\/proveedor\/19166\/\">NOMINA DE PROVEEDORES 2022<\/a><\/li>\n<li><a href=\"https:\/\/mintrabajo.gob.bo\/index.php\/proveedor\/19165\/\">NOMINA DE PROVEEDORES 2022<\/a><\/li>\n<li><a href=\"https:\/\/mintrabajo.gob.bo\/index.php\/proveedor\/19164\/\">NOMINA DE PROVEEDORES 2022<\/a><\/li>\n<li><a href=\"https:\/\/mintrabajo.gob.bo\/index.php\/proveedor\/19163\/\">NOMINA DE PROVEEDORES 2022<\/a><\/li>\n<li><a href=\"https:\/\/mintrabajo.gob.bo\/index.php\/proveedor\/19162\/\">NOMINA DE PROVEEDORES 2022<\/a><\/li>\n<li><a href=\"https:\/\/mintrabajo.gob.bo\/index.php\/proveedor\/19161\/\">NOMINA DE PROVEEDORES 2022<\/a><\/li>\n<li><a href=\"https:\/\/mintrabajo.gob.bo\/index.php\/proveedor\/19160\/\">NOMINA DE PROVEEDORES 2022<\/a><\/li>\n<li><a href=\"https:\/\/mintrabajo.gob.bo\/index.php\/proveedor\/19159\/\">NOMINA DE PROVEEDORES 2022<\/a><\/li>\n<li><a href=\"https:\/\/mintrabajo.gob.bo\/index.php\/proveedor\/19158\/\">NOMINA DE PROVEEDORES 2022<\/a><\/li>\n<li><a href=\"https:\/\/mintrabajo.gob.bo\/index.php\/proveedor\/19157\/\">NOMINA DE PROVEEDORES 2022<\/a><\/li>\n<li><a href=\"https:\/\/mintrabajo.gob.bo\/index.php\/proveedor\/19156\/\">NOMINA DE PROVEEDORES 2022<\/a><\/li>\n<li><a href=\"https:\/\/mintrabajo.gob.bo\/index.php\/proveedor\/19155\/\">NOMINA DE PROVEEDORES 2022<\/a><\/li>\n<li><a href=\"https:\/\/mintrabajo.gob.bo\/index.php\/proveedor\/19154\/\">NOMINA DE PROVEEDORES 2022<\/a><\/li>\n<li><a href=\"https:\/\/mintrabajo.gob.bo\/index.php\/proveedor\/19153\/\">NOMINA DE PROVEEDORES 2022<\/a><\/li>\n<li><a href=\"https:\/\/mintrabajo.gob.bo\/index.php\/proveedor\/19152\/\">NOMINA DE PROVEEDORES 2022<\/a><\/li>\n<li><a href=\"https:\/\/mintrabajo.gob.bo\/index.php\/proveedor\/19151\/\">NOMINA DE PROVEEDORES 2022<\/a><\/li>\n<li><a href=\"https:\/\/mintrabajo.gob.bo\/index.php\/proveedor\/19150\/\">NOMINA DE PROVEEDORES 2022<\/a><\/li>\n<li><a href=\"https:\/\/mintrabajo.gob.bo\/index.php\/proveedor\/19149\/\">NOMINA DE PROVEEDORES 2022<\/a><\/li>\n<li><a href=\"https:\/\/mintrabajo.gob.bo\/index.php\/proveedor\/19148\/\">NOMINA DE PROVEEDORES 2022<\/a><\/li>\n<li><a href=\"https:\/\/mintrabajo.gob.bo\/index.php\/proveedor\/19147\/\">NOMINA DE PROVEEDORES 2022<\/a><\/li>\n<li><a href=\"https:\/\/mintrabajo.gob.bo\/index.php\/proveedor\/19146\/\">NOMINA DE PROVEEDORES 2022<\/a><\/li>\n<li><a href=\"https:\/\/mintrabajo.gob.bo\/index.php\/proveedor\/19145\/\">NOMINA DE PROVEEDORES 2022<\/a><\/li>\n<li><a href=\"https:\/\/mintrabajo.gob.bo\/index.php\/proveedor\/19144\/\">NOMINA DE PROVEEDORES 2022<\/a><\/li>\n<li><a href=\"https:\/\/mintrabajo.gob.bo\/index.php\/proveedor\/19143\/\">NOMINA DE PROVEEDORES 2022<\/a><\/li>\n<li><a href=\"https:\/\/mintrabajo.gob.bo\/index.php\/proveedor\/19142\/\">NOMINA DE PROVEEDORES 2022<\/a><\/li>\n<li><a href=\"https:\/\/mintrabajo.gob.bo\/index.php\/proveedor\/19141\/\">NOMINA DE PROVEEDORES 2022<\/a><\/li>\n<li><a href=\"https:\/\/mintrabajo.gob.bo\/index.php\/proveedor\/19140\/\">NOMINA DE PROVEEDORES 2022<\/a><\/li>\n<li><a href=\"https:\/\/mintrabajo.gob.bo\/index.php\/proveedor\/19139\/\">NOMINA DE PROVEEDORES 2022<\/a><\/li>\n<li><a href=\"https:\/\/mintrabajo.gob.bo\/index.php\/proveedor\/19138\/\">NOMINA DE PROVEEDORES 2022<\/a><\/li>\n<li><a href=\"https:\/\/mintrabajo.gob.bo\/index.php\/proveedor\/19137\/\">NOMINA DE PROVEEDORES 2022<\/a><\/li>\n<li><a href=\"https:\/\/mintrabajo.gob.bo\/index.php\/proveedor\/19136\/\">NOMINA DE PROVEEDORES 2022<\/a><\/li>\n<li><a href=\"https:\/\/mintrabajo.gob.bo\/index.php\/proveedor\/19135\/\">NOMINA DE PROVEEDORES 2022<\/a><\/li>\n<li><a href=\"https:\/\/mintrabajo.gob.bo\/index.php\/proveedor\/19134\/\">NOMINA DE PROVEEDORES 2022<\/a><\/li>\n<li><a href=\"https:\/\/mintrabajo.gob.bo\/index.php\/proveedor\/19133\/\">NOMINA DE PROVEEDORES 2022<\/a><\/li>\n<li><a href=\"https:\/\/mintrabajo.gob.bo\/index.php\/proveedor\/19132\/\">NOMINA DE PROVEEDORES 2022<\/a><\/li>\n<li><a href=\"https:\/\/mintrabajo.gob.bo\/index.php\/proveedor\/19131\/\">NOMINA DE PROVEEDORES 2022<\/a><\/li>\n<li><a href=\"https:\/\/mintrabajo.gob.bo\/index.php\/proveedor\/19130\/\">NOMINA DE PROVEEDORES 2022<\/a><\/li>\n<li><a href=\"https:\/\/mintrabajo.gob.bo\/index.php\/proveedor\/19129\/\">NOMINA DE PROVEEDORES 2022<\/a><\/li>\n<li><a href=\"https:\/\/mintrabajo.gob.bo\/index.php\/proveedor\/19128\/\">NOMINA DE PROVEEDORES 2022<\/a><\/li>\n<li><a href=\"https:\/\/mintrabajo.gob.bo\/index.php\/proveedor\/19127\/\">NOMINA DE PROVEEDORES 2022<\/a><\/li>\n<li><a href=\"https:\/\/mintrabajo.gob.bo\/index.php\/proveedor\/19126\/\">NOMINA DE PROVEEDORES 2022<\/a><\/li>\n<li><a href=\"https:\/\/mintrabajo.gob.bo\/index.php\/proveedor\/19124\/\">NOMINA DE PROVEEDORES 2022<\/a><\/li>\n<li><a href=\"https:\/\/mintrabajo.gob.bo\/index.php\/proveedor\/19123\/\">NOMINA DE PROVEEDORES 2022<\/a><\/li>\n<li><a href=\"https:\/\/mintrabajo.gob.bo\/index.php\/proveedor\/nomina-de-proveedores-2022\/\">NOMINA DE PROVEEDORES 2022<\/a><\/li>\n<li><a href=\"https:\/\/mintrabajo.gob.bo\/index.php\/proveedor\/nomina-proveedores-2022-24\/\">NOMINA PROVEEDORES 2022<\/a><\/li>\n<li><a href=\"https:\/\/mintrabajo.gob.bo\/index.php\/proveedor\/nomina-proveedores-2025-11\/\">NOMINA PROVEEDORES 2025<\/a><\/li>\n<li><a href=\"https:\/\/mintrabajo.gob.bo\/index.php\/proveedor\/nomina-proveedores-2022-23\/\">NOMINA PROVEEDORES 2022<\/a><\/li>\n<li><a href=\"https:\/\/mintrabajo.gob.bo\/index.php\/proveedor\/nomina-proveedores-2022-22\/\">NOMINA PROVEEDORES 2022<\/a><\/li>\n<li><a href=\"https:\/\/mintrabajo.gob.bo\/index.php\/proveedor\/nomina-proveedores-2022-21\/\">NOMINA PROVEEDORES 2022<\/a><\/li>\n<li><a href=\"https:\/\/mintrabajo.gob.bo\/index.php\/proveedor\/nomina-proveedores-2022-20\/\">NOMINA PROVEEDORES 2022<\/a><\/li>\n<li><a href=\"https:\/\/mintrabajo.gob.bo\/index.php\/proveedor\/nomina-proveedores-2022-19\/\">NOMINA PROVEEDORES 2022<\/a><\/li>\n<li><a href=\"https:\/\/mintrabajo.gob.bo\/index.php\/proveedor\/nomina-proveedores-2022-18\/\">NOMINA PROVEEDORES 2022<\/a><\/li>\n<li><a href=\"https:\/\/mintrabajo.gob.bo\/index.php\/proveedor\/nomina-proveedores-2022-17\/\">NOMINA PROVEEDORES 2022<\/a><\/li>\n<li><a href=\"https:\/\/mintrabajo.gob.bo\/index.php\/proveedor\/nomina-proveedores-2022-16\/\">NOMINA PROVEEDORES 2022<\/a><\/li>\n<li><a href=\"https:\/\/mintrabajo.gob.bo\/index.php\/proveedor\/nomina-proveedores-2022-15\/\">NOMINA PROVEEDORES 2022<\/a><\/li>\n<li><a href=\"https:\/\/mintrabajo.gob.bo\/index.php\/proveedor\/nomina-proveedores-2022-14\/\">NOMINA PROVEEDORES 2022<\/a><\/li>\n<li><a href=\"https:\/\/mintrabajo.gob.bo\/index.php\/proveedor\/nomina-proveedores-2022-13\/\">NOMINA PROVEEDORES 2022<\/a><\/li>\n<li><a href=\"https:\/\/mintrabajo.gob.bo\/index.php\/proveedor\/nomina-proveedores-2022-12\/\">NOMINA PROVEEDORES 2022<\/a><\/li>\n<li><a href=\"https:\/\/mintrabajo.gob.bo\/index.php\/proveedor\/nomina-proveedores-2022-11\/\">NOMINA PROVEEDORES 2022<\/a><\/li>\n<li><a href=\"https:\/\/mintrabajo.gob.bo\/index.php\/proveedor\/nomina-proveedores-2022-10\/\">NOMINA PROVEEDORES 2022<\/a><\/li>\n<li><a href=\"https:\/\/mintrabajo.gob.bo\/index.php\/proveedor\/nomina-proveedores-2022-9\/\">NOMINA PROVEEDORES 2022<\/a><\/li>\n<li><a href=\"https:\/\/mintrabajo.gob.bo\/index.php\/proveedor\/nomina-proveedores-2022-8\/\">NOMINA PROVEEDORES 2022<\/a><\/li>\n<li><a href=\"https:\/\/mintrabajo.gob.bo\/index.php\/proveedor\/nomina-proveedores-2022-7\/\">NOMINA PROVEEDORES 2022<\/a><\/li>\n<li><a href=\"https:\/\/mintrabajo.gob.bo\/index.php\/proveedor\/nomina-proveedores-2022-6\/\">NOMINA PROVEEDORES 2022<\/a><\/li>\n<li><a href=\"https:\/\/mintrabajo.gob.bo\/index.php\/proveedor\/nomina-proveedores-2022-5\/\">NOMINA PROVEEDORES 2022<\/a><\/li>\n<li><a href=\"https:\/\/mintrabajo.gob.bo\/index.php\/proveedor\/nomina-proveedores-2022-4\/\">NOMINA PROVEEDORES 2022<\/a><\/li>\n<li><a href=\"https:\/\/mintrabajo.gob.bo\/index.php\/proveedor\/nomina-proveedores-2022-3\/\">NOMINA PROVEEDORES 2022<\/a><\/li>\n<li><a href=\"https:\/\/mintrabajo.gob.bo\/index.php\/proveedor\/nomina-proveedores-2022-2\/\">NOMINA PROVEEDORES 2022<\/a><\/li>\n<li><a href=\"https:\/\/mintrabajo.gob.bo\/index.php\/proveedor\/nomina-proveedores-2022\/\">NOMINA PROVEEDORES 2022<\/a><\/li>\n<li><a href=\"https:\/\/mintrabajo.gob.bo\/index.php\/proveedor\/nomina-proveedores-2021-45\/\">NOMINA PROVEEDORES 2021<\/a><\/li>\n<li><a href=\"https:\/\/mintrabajo.gob.bo\/index.php\/proveedor\/nomina-proveedores-2021-44\/\">NOMINA PROVEEDORES 2021<\/a><\/li>\n<li><a href=\"https:\/\/mintrabajo.gob.bo\/index.php\/proveedor\/nomina-proveedores-2021-43\/\">NOMINA PROVEEDORES 2021<\/a><\/li>\n<li><a href=\"https:\/\/mintrabajo.gob.bo\/index.php\/proveedor\/nomina-proveedores-2021-42\/\">NOMINA PROVEEDORES 2021<\/a><\/li>\n<li><a href=\"https:\/\/mintrabajo.gob.bo\/index.php\/proveedor\/nomina-proveedores-2021-41\/\">NOMINA PROVEEDORES 2021<\/a><\/li>\n<li><a href=\"https:\/\/mintrabajo.gob.bo\/index.php\/proveedor\/nomina-proveedores-2021-40\/\">NOMINA PROVEEDORES 2021<\/a><\/li>\n<li><a href=\"https:\/\/mintrabajo.gob.bo\/index.php\/proveedor\/nomina-proveedores-2021-39\/\">NOMINA PROVEEDORES 2021<\/a><\/li>\n<li><a href=\"https:\/\/mintrabajo.gob.bo\/index.php\/proveedor\/nomina-proveedores-2021-38\/\">NOMINA PROVEEDORES 2021<\/a><\/li>\n<li><a href=\"https:\/\/mintrabajo.gob.bo\/index.php\/proveedor\/nomina-proveedores-2021-37\/\">NOMINA PROVEEDORES 2021<\/a><\/li>\n<li><a href=\"https:\/\/mintrabajo.gob.bo\/index.php\/proveedor\/nomina-proveedores-2021-36\/\">NOMINA PROVEEDORES 2021<\/a><\/li>\n<li><a href=\"https:\/\/mintrabajo.gob.bo\/index.php\/proveedor\/nomina-proveedores-2021-35\/\">NOMINA PROVEEDORES 2021<\/a><\/li>\n<li><a href=\"https:\/\/mintrabajo.gob.bo\/index.php\/proveedor\/nomina-proveedores-2021-34\/\">NOMINA PROVEEDORES 2021<\/a><\/li>\n<li><a href=\"https:\/\/mintrabajo.gob.bo\/index.php\/proveedor\/nomina-proveedores-2021-33\/\">NOMINA PROVEEDORES 2021<\/a><\/li>\n<li><a href=\"https:\/\/mintrabajo.gob.bo\/index.php\/proveedor\/nomina-proveedores-2021-32\/\">NOMINA PROVEEDORES 2021<\/a><\/li>\n<li><a href=\"https:\/\/mintrabajo.gob.bo\/index.php\/proveedor\/nomina-proveedores-2021-31\/\">NOMINA PROVEEDORES 2021<\/a><\/li>\n<li><a href=\"https:\/\/mintrabajo.gob.bo\/index.php\/proveedor\/nomina-proveedores-2021-30\/\">NOMINA PROVEEDORES 2021<\/a><\/li>\n<li><a href=\"https:\/\/mintrabajo.gob.bo\/index.php\/proveedor\/nomina-proveedores-2021-29\/\">NOMINA PROVEEDORES 2021<\/a><\/li>\n<li><a href=\"https:\/\/mintrabajo.gob.bo\/index.php\/proveedor\/nomina-proveedores-2021-28\/\">NOMINA PROVEEDORES 2021<\/a><\/li>\n<li><a href=\"https:\/\/mintrabajo.gob.bo\/index.php\/proveedor\/nomina-proveedores-2021-27\/\">NOMINA PROVEEDORES 2021<\/a><\/li>\n<li><a href=\"https:\/\/mintrabajo.gob.bo\/index.php\/proveedor\/nomina-proveedores-2021-26\/\">NOMINA PROVEEDORES 2021<\/a><\/li>\n<li><a href=\"https:\/\/mintrabajo.gob.bo\/index.php\/proveedor\/nomina-proveedores-2021-25\/\">NOMINA PROVEEDORES 2021<\/a><\/li>\n<li><a href=\"https:\/\/mintrabajo.gob.bo\/index.php\/proveedor\/nomina-proveedores-2021-9\/\">NOMINA PROVEEDORES 2021<\/a><\/li>\n<li><a href=\"https:\/\/mintrabajo.gob.bo\/index.php\/proveedor\/nomina-proveedores-2021-23\/\">NOMINA PROVEEDORES 2021<\/a><\/li>\n<li><a href=\"https:\/\/mintrabajo.gob.bo\/index.php\/proveedor\/nomina-proveedores-2021-24\/\">NOMINA PROVEEDORES 2021<\/a><\/li>\n<li><a href=\"https:\/\/mintrabajo.gob.bo\/index.php\/proveedor\/nomina-proveedores-2021-22\/\">NOMINA PROVEEDORES 2021<\/a><\/li>\n<li><a href=\"https:\/\/mintrabajo.gob.bo\/index.php\/proveedor\/nomina-proveedores-2021-21\/\">NOMINA PROVEEDORES 2021<\/a><\/li>\n<li><a href=\"https:\/\/mintrabajo.gob.bo\/index.php\/proveedor\/nomina-proveedores-2021-20\/\">NOMINA PROVEEDORES 2021<\/a><\/li>\n<li><a href=\"https:\/\/mintrabajo.gob.bo\/index.php\/proveedor\/nomina-proveedores-2021-19\/\">NOMINA PROVEEDORES 2021<\/a><\/li>\n<li><a href=\"https:\/\/mintrabajo.gob.bo\/index.php\/proveedor\/nomina-proveedores-2021-18\/\">NOMINA PROVEEDORES 2021<\/a><\/li>\n<li><a href=\"https:\/\/mintrabajo.gob.bo\/index.php\/proveedor\/nomina-proveedores-2021-17\/\">NOMINA PROVEEDORES 2021<\/a><\/li>\n<li><a href=\"https:\/\/mintrabajo.gob.bo\/index.php\/proveedor\/nomina-proveedores-2021nomina-proveedores-2021\/\">NOMINA PROVEEDORES 2021<\/a><\/li>\n<li><a href=\"https:\/\/mintrabajo.gob.bo\/index.php\/proveedor\/nomina-proveedores-2021-16\/\">NOMINA PROVEEDORES 2021<\/a><\/li>\n<li><a href=\"https:\/\/mintrabajo.gob.bo\/index.php\/proveedor\/nomina-proveedores-2021-15\/\">NOMINA PROVEEDORES 2021<\/a><\/li>\n<li><a href=\"https:\/\/mintrabajo.gob.bo\/index.php\/proveedor\/nomina-proveedores-2021-14\/\">NOMINA PROVEEDORES 2021<\/a><\/li>\n<li><a href=\"https:\/\/mintrabajo.gob.bo\/index.php\/proveedor\/nomina-proveedores-2021-13\/\">NOMINA PROVEEDORES 2021<\/a><\/li>\n<li><a href=\"https:\/\/mintrabajo.gob.bo\/index.php\/proveedor\/nomina-proveedores-2021-12\/\">NOMINA PROVEEDORES 2021<\/a><\/li>\n<li><a href=\"https:\/\/mintrabajo.gob.bo\/index.php\/proveedor\/nomina-proveedores-2021-11\/\">NOMINA PROVEEDORES 2021<\/a><\/li>\n<li><a href=\"https:\/\/mintrabajo.gob.bo\/index.php\/proveedor\/nomina-proveedores-2021-10\/\">NOMINA PROVEEDORES 2021<\/a><\/li>\n<li><a href=\"https:\/\/mintrabajo.gob.bo\/index.php\/proveedor\/nomina-proveedores-2021-8\/\">NOMINA PROVEEDORES 2021<\/a><\/li>\n<li><a href=\"https:\/\/mintrabajo.gob.bo\/index.php\/proveedor\/nomina-proveedores-2021-7\/\">NOMINA PROVEEDORES 2021<\/a><\/li>\n<li><a href=\"https:\/\/mintrabajo.gob.bo\/index.php\/proveedor\/nomina-proveedores-2021-6\/\">NOMINA PROVEEDORES 2021<\/a><\/li>\n<li><a href=\"https:\/\/mintrabajo.gob.bo\/index.php\/proveedor\/nomina-proveedores-2021-5\/\">NOMINA PROVEEDORES 2021<\/a><\/li>\n<li><a href=\"https:\/\/mintrabajo.gob.bo\/index.php\/proveedor\/nomina-proveedores-2021-4\/\">NOMINA PROVEEDORES 2021<\/a><\/li>\n<li><a href=\"https:\/\/mintrabajo.gob.bo\/index.php\/proveedor\/nomina-proveedores-2021-3\/\">NOMINA PROVEEDORES 2021<\/a><\/li>\n<li><a href=\"https:\/\/mintrabajo.gob.bo\/index.php\/proveedor\/nomina-proveedores-2021-2\/\">NOMINA PROVEEDORES 2021<\/a><\/li>\n<li><a href=\"https:\/\/mintrabajo.gob.bo\/index.php\/proveedor\/nomina-proveedores-2021\/\">NOMINA PROVEEDORES 2021<\/a><\/li>\n<li><a href=\"https:\/\/mintrabajo.gob.bo\/index.php\/proveedor\/nomina-proveedores-2020-9\/\">NOMINA PROVEEDORES 2020<\/a><\/li>\n<li><a href=\"https:\/\/mintrabajo.gob.bo\/index.php\/proveedor\/nomina-proveedores-2020-8\/\">NOMINA PROVEEDORES 2020<\/a><\/li>\n<li><a href=\"https:\/\/mintrabajo.gob.bo\/index.php\/proveedor\/nomina-proveedores-2020-7\/\">NOMINA PROVEEDORES 2020<\/a><\/li>\n<li><a href=\"https:\/\/mintrabajo.gob.bo\/index.php\/proveedor\/nomina-proveedores-2020-6\/\">NOMINA PROVEEDORES 2020<\/a><\/li>\n<li><a href=\"https:\/\/mintrabajo.gob.bo\/index.php\/proveedor\/nomina-proveedores-2020-5\/\">NOMINA PROVEEDORES 2020<\/a><\/li>\n<li><a href=\"https:\/\/mintrabajo.gob.bo\/index.php\/proveedor\/nomina-proveedores-2020-4\/\">NOMINA PROVEEDORES 2020<\/a><\/li>\n<li><a href=\"https:\/\/mintrabajo.gob.bo\/index.php\/proveedor\/nomina-proveedores-2020-3\/\">NOMINA PROVEEDORES 2020<\/a><\/li>\n<li><a href=\"https:\/\/mintrabajo.gob.bo\/index.php\/proveedor\/nomina-proveedores-2020-2\/\">NOMINA PROVEEDORES 2020<\/a><\/li>\n<li><a href=\"https:\/\/mintrabajo.gob.bo\/index.php\/proveedor\/nomina-proveedores-2020\/\">NOMINA PROVEEDORES 2020<\/a><\/li>\n<\/ul>\n<h2 class=\"wsp-rendicion_cuentas-title\">Rendici\u00f3n p\u00fablica de cuentas<\/h2>\n<ul class=\"wsp-rendicion_cuentas-list\">\n<li><a href=\"https:\/\/mintrabajo.gob.bo\/index.php\/rendicion_cuenta\/informe-de-audiencia-publica-de-rendicion-de-cuentas-final-2025\/\">INFORME DE AUDIENCIA P\u00daBLICA DE RENDICI\u00d3N DE CUENTAS FINAL \u2013 2025<\/a><\/li>\n<li><a href=\"https:\/\/mintrabajo.gob.bo\/index.php\/rendicion_cuenta\/informe-de-audiencia-publica-de-rendicion-de-cuentas-final-2020\/\">INFORME DE AUDIENCIA P\u00daBLICA DE RENDICI\u00d3N DE CUENTAS FINAL - 2020<\/a><\/li>\n<li><a href=\"https:\/\/mintrabajo.gob.bo\/index.php\/rendicion_cuenta\/informe-audiencia-publica-de-rendicion-de-cuentas-inicial-2021\/\">INFORME AUDIENCIA P\u00daBLICA DE RENDICI\u00d3N DE CUENTAS INICIAL 2021<\/a><\/li>\n<li><a href=\"https:\/\/mintrabajo.gob.bo\/index.php\/rendicion_cuenta\/informe-audiencia-publica-de-rendicion-de-cuentas-final-2021\/\">INFORME AUDIENCIA P\u00daBLICA DE RENDICI\u00d3N DE CUENTAS FINAL 2021<\/a><\/li>\n<li><a href=\"https:\/\/mintrabajo.gob.bo\/index.php\/rendicion_cuenta\/informe-audiencia-publica-de-rendicion-de-cuentas-inicial-2022\/\">INFORME AUDIENCIA P\u00daBLICA DE RENDICI\u00d3N DE CUENTAS INICIAL 2022<\/a><\/li>\n<li><a href=\"https:\/\/mintrabajo.gob.bo\/index.php\/rendicion_cuenta\/informe-audiencia-publica-de-rendicion-de-cuentas-final-2022\/\">INFORME AUDIENCIA P\u00daBLICA DE RENDICI\u00d3N DE CUENTAS FINAL 2022<\/a><\/li>\n<li><a href=\"https:\/\/mintrabajo.gob.bo\/index.php\/rendicion_cuenta\/informe-audiencia-publica-de-rendicion-de-cuentas-inicial-2023\/\">INFORME AUDIENCIA P\u00daBLICA DE RENDICI\u00d3N DE CUENTAS INICIAL 2023<\/a><\/li>\n<li><a href=\"https:\/\/mintrabajo.gob.bo\/index.php\/rendicion_cuenta\/informe-audiencia-publica-de-rendicion-de-cuentas-final-2023\/\">INFORME AUDIENCIA P\u00daBLICA DE RENDICI\u00d3N DE CUENTAS FINAL 2023<\/a><\/li>\n<li><a href=\"https:\/\/mintrabajo.gob.bo\/index.php\/rendicion_cuenta\/informe-audiencia-publica-de-rendicion-de-cuentas-inicial-2024-2\/\">INFORME AUDIENCIA P\u00daBLICA DE RENDICI\u00d3N DE CUENTAS INICIAL 2024<\/a><\/li>\n<li><a href=\"https:\/\/mintrabajo.gob.bo\/index.php\/rendicion_cuenta\/informe-audiencia-publica-de-rendicion-de-cuentas-inicial-2024\/\">INFORME DE RENDICI\u00d3N PUBLICA DE CUENTAS FINAL 2024<\/a><\/li>\n<li><a href=\"https:\/\/mintrabajo.gob.bo\/index.php\/rendicion_cuenta\/informe-rpc-inicial-2025-final\/\">Informe RPC Inicial 2025 (FINAL)<\/a><\/li>\n<\/ul>\n<h2 class=\"wsp-investigacions-title\">Banco de investigaciones<\/h2>\n<ul class=\"wsp-investigacions-list\">\n<li><a href=\"https:\/\/mintrabajo.gob.bo\/index.php\/investigacion\/lorem-ipsum-trabajo-de-investigacion\/\">Cochabamba Fondos en Custodia<\/a><\/li>\n<li><a href=\"https:\/\/mintrabajo.gob.bo\/index.php\/investigacion\/lorem-ipsum-trabajo-de-investigacion-3\/\">La Paz Fondos en Custodia<\/a><\/li>\n<li><a href=\"https:\/\/mintrabajo.gob.bo\/index.php\/investigacion\/lorem-ipsum-trabajo-de-investigacion-2\/\">Potos\u00ed Fondos en Custodia<\/a><\/li>\n<li><a href=\"https:\/\/mintrabajo.gob.bo\/index.php\/investigacion\/santa-cruz-fondos-en-custodia\/\">Santa Cruz Fondos en Custodia<\/a><\/li>\n<li><a href=\"https:\/\/mintrabajo.gob.bo\/index.php\/investigacion\/sucre-fondos-en-custodia\/\">Sucre Fondos en Custodia<\/a><\/li>\n<li><a href=\"https:\/\/mintrabajo.gob.bo\/index.php\/investigacion\/tarija-fondos-en-custodia\/\">Tarija Fondos en Custodia<\/a><\/li>\n<\/ul>\n<h2 class=\"wsp-viajes-title\">Informe de viaje al exterior<\/h2>\n<ul class=\"wsp-viajes-list\">\n<li><a href=\"https:\/\/mintrabajo.gob.bo\/index.php\/viaje\/lorem-titulo-del-informe-de-viaje-al-exterior\/\">Lorem titulo del Informe de Viaje al exterior<\/a><\/li>\n<\/ul>\n<h2 class=\"wsp-indicadors-title\">Indicadores<\/h2>\n<ul class=\"wsp-indicadors-list\">\n<li><a href=\"https:\/\/mintrabajo.gob.bo\/index.php\/indicador\/lorem-indicadores-2\/\">Lorem Indicadores<\/a><\/li>\n<li><a href=\"https:\/\/mintrabajo.gob.bo\/index.php\/indicador\/lorem-indicadores\/\">Lorem Indicadores<\/a><\/li>\n<li><a href=\"https:\/\/mintrabajo.gob.bo\/index.php\/indicador\/lorem-indicadores-1\/\">Lorem Indicadores 1<\/a><\/li>\n<\/ul>\n<h2 class=\"wsp-boletins-title\">Boletines<\/h2>\n<ul class=\"wsp-boletins-list\">\n<li><a href=\"https:\/\/mintrabajo.gob.bo\/index.php\/boletin\/16876\/\">Lorem Boletin Informativo 1<\/a><\/li>\n<li><a href=\"https:\/\/mintrabajo.gob.bo\/index.php\/boletin\/lorem-boletin-informativo-lorem\/\">Lorem boletin informativo lorem<\/a><\/li>\n<li><a href=\"https:\/\/mintrabajo.gob.bo\/index.php\/boletin\/boletin-informativo\/\">Lorem Boletin Informativo<\/a><\/li>\n<\/ul>\n<h2 class=\"wsp-articulos-title\">Articulos<\/h2>\n<ul class=\"wsp-articulos-list\">\n<li><a href=\"https:\/\/mintrabajo.gob.bo\/index.php\/articulo\/libro-n-79-los-graficos-en-bolivia\/\">Libro N\u00b0 79 LOS GR\u00c1FICOS EN BOLIVIA<\/a><\/li>\n<li><a href=\"https:\/\/mintrabajo.gob.bo\/index.php\/articulo\/libro-n-78-la-masacre-fabril\/\">Libro N\u00b0 78 La Masacre Fabril<\/a><\/li>\n<li><a href=\"https:\/\/mintrabajo.gob.bo\/index.php\/articulo\/libro-n-77-mujeres-del-sindicato-femenino-de-oficios-varios\/\">Libro N\u00b0 77 Mujeres del Sindicato Femenino de Oficios Varios<\/a><\/li>\n<li><a href=\"https:\/\/mintrabajo.gob.bo\/index.php\/articulo\/grandes-derechos-laborales\/\">Grandes Derechos Laborales<\/a><\/li>\n<li><a href=\"https:\/\/mintrabajo.gob.bo\/index.php\/articulo\/libro-n-76-juana-machaca-mujer-valiente\/\">Libro N\u00b0 76 JUANA MACHACA: MUJER VALIENTE<\/a><\/li>\n<li><a href=\"https:\/\/mintrabajo.gob.bo\/index.php\/articulo\/libro-n-75-guia-de-gestion-sindical\/\">Libro N\u00b0 75 Gu\u00eda de Gesti\u00f3n Sindical<\/a><\/li>\n<li><a href=\"https:\/\/mintrabajo.gob.bo\/index.php\/articulo\/libro-n-74-guia-basica-de-organizaciones-sindicales\/\">Libro N\u00b0 74 Gu\u00eda B\u00e1sica de Organizaciones Sindicales<\/a><\/li>\n<li><a href=\"https:\/\/mintrabajo.gob.bo\/index.php\/articulo\/libro-n-73-guia-de-derechos-laborales\/\">Libro N\u00b0 73 Gu\u00eda de Derechos Laborales<\/a><\/li>\n<li><a href=\"https:\/\/mintrabajo.gob.bo\/index.php\/articulo\/libro-n-71-de-la-chungara-que-me-pario\/\">Libro N\u00b0 71 \"DE LA CHUNGARA QUE ME PARI\u00d3\"<\/a><\/li>\n<li><a href=\"https:\/\/mintrabajo.gob.bo\/index.php\/articulo\/libro-n-70-memoria-contra-el-olvido\/\">Libro N\u00b0 70 Memoria Contra el Olvido<\/a><\/li>\n<li><a href=\"https:\/\/mintrabajo.gob.bo\/index.php\/articulo\/libro-n-67-en-la-selva-los-estudios-desconocidos-del-che-guevara\/\">Libro N\u00b0 67 En la Selva- Los estudios desconocidos del Che Guevara<\/a><\/li>\n<li><a href=\"https:\/\/mintrabajo.gob.bo\/index.php\/articulo\/libro-n-66-operacion-condor-pacto-criminal\/\">Libro N\u00b0 66 Operaci\u00f3n C\u00f3ndor pacto Criminal<\/a><\/li>\n<li><a href=\"https:\/\/mintrabajo.gob.bo\/index.php\/articulo\/libro-n-65-tesis-politica-de-la-central-obrera-boliviana\/\">Libro N\u00b0 65 TESIS POL\u00cdTICA DE LA CENTRAL OBRERA BOLIVIANA<\/a><\/li>\n<li><a href=\"https:\/\/mintrabajo.gob.bo\/index.php\/articulo\/libro-n-60-historia-del-movimiento-fabril-de-bolivia\/\">Libro N\u00b0 60 Historia del Movimiento Fabril de Bolivia<\/a><\/li>\n<li><a href=\"https:\/\/mintrabajo.gob.bo\/index.php\/articulo\/libro-n-58-historia-del-primero-de-mayo\/\">Libro N\u00b0 58 Historia del Primero de Mayo<\/a><\/li>\n<li><a href=\"https:\/\/mintrabajo.gob.bo\/index.php\/articulo\/libro-n-57-pan-comido\/\">Libro N\u00b0 57 Pan Comido<\/a><\/li>\n<li><a href=\"https:\/\/mintrabajo.gob.bo\/index.php\/articulo\/revista-octubre-n-3-a-50-anos-de-la-presencia-del-che\/\">Revista Octubre N\u00b0 3 A 50 a\u00f1os de la presencia del Che<\/a><\/li>\n<li><a href=\"https:\/\/mintrabajo.gob.bo\/index.php\/articulo\/libro-n-51-apuntes-sobre-la-masacre-de-navidad\/\">Libro N\u00b0 51 Apuntes Sobre la Masacre de Navidad<\/a><\/li>\n<li><a href=\"https:\/\/mintrabajo.gob.bo\/index.php\/articulo\/libro-n-43-andares-del-che-en-bolivia\/\">Libro N\u00b0 43 Andares del Che en Bolivia<\/a><\/li>\n<li><a href=\"https:\/\/mintrabajo.gob.bo\/index.php\/articulo\/libro-n-32-en-defensa-de-las-minas-cefot\/\">Libro N\u00b0 32 En Defensa de las Minas- CEFOT<\/a><\/li>\n<li><a href=\"https:\/\/mintrabajo.gob.bo\/index.php\/articulo\/libro-n-29-la-lucha-armada-en-bolivia\/\">Libro N\u00b0 29 la Lucha Armada en Bolivia<\/a><\/li>\n<li><a href=\"https:\/\/mintrabajo.gob.bo\/index.php\/articulo\/libro-n-28-1967-san-juan-a-sangre-y-fuego\/\">Libro N\u00b0 28 1967: San Juan a Sangre y Fuego<\/a><\/li>\n<li><a href=\"https:\/\/mintrabajo.gob.bo\/index.php\/articulo\/libro-n-26-historia-sindical-de-bolivia\/\">Libro N\u00b0 26 Historia Sindical de Bolivia<\/a><\/li>\n<li><a href=\"https:\/\/mintrabajo.gob.bo\/index.php\/articulo\/revista-octubre-n-2-los-constructores-de-la-patria\/\">Revista Octubre N\u00b0 2 Los Constructores de la Patria<\/a><\/li>\n<li><a href=\"https:\/\/mintrabajo.gob.bo\/index.php\/articulo\/lorem-ariticulo-2\/\">Libro N\u00b0 12 Medio Siglo de Luchas Sindicales<\/a><\/li>\n<li><a href=\"https:\/\/mintrabajo.gob.bo\/index.php\/articulo\/lorem-lorem-articulo\/\">Libro N\u00b0 10 Avances Normativos en favor de las Mujeres<\/a><\/li>\n<li><a href=\"https:\/\/mintrabajo.gob.bo\/index.php\/articulo\/articulo-1-2\/\">Libro de Bolsillo N\u00b01- ABC del Sindicalismo<\/a><\/li>\n<li><a href=\"https:\/\/mintrabajo.gob.bo\/index.php\/articulo\/revista-octubre-n-1-lecciones-de-la-guerra-del-agua\/\">Revista Octubre N\u00b0 1 Lecciones de la Guerra del Agua<\/a><\/li>\n<\/ul>\n<h2 class=\"wsp-revistas-title\">Revistas<\/h2>\n<ul class=\"wsp-revistas-list\">\n<li><a href=\"https:\/\/mintrabajo.gob.bo\/index.php\/revista\/revista-1\/\">Grandes Derechos Laborales - Trinchera Obrera<\/a><\/li>\n<li><a href=\"https:\/\/mintrabajo.gob.bo\/index.php\/revista\/06-revista-octubre-2017\/\">Revista Octubre N\u00b0 3 A 50 a\u00f1os de la presidencia del Che en Bolivia<\/a><\/li>\n<li><a href=\"https:\/\/mintrabajo.gob.bo\/index.php\/revista\/05-revista-octubre-2016\/\">Revista Octubre N\u00b0 2 Los Constructores de la Patria<\/a><\/li>\n<li><a href=\"https:\/\/mintrabajo.gob.bo\/index.php\/revista\/04-revista-octubre-2015\/\">Revista Octubre N\u00b0 1 Lecciones de la Guerra del Agua<\/a><\/li>\n<\/ul>\n<h2 class=\"wsp-servidor_publicos-title\">Servidor p\u00fablico<\/h2>\n<ul class=\"wsp-servidor_publicos-list\">\n<li><a href=\"https:\/\/mintrabajo.gob.bo\/index.php\/servidor_publico\/inspector-de-trabajo-rurrenabaque\/\">INSPECTOR DE TRABAJO RURRENABAQUE<\/a><\/li>\n<li><a href=\"https:\/\/mintrabajo.gob.bo\/index.php\/servidor_publico\/asistente-ventanilla-unica\/\">ASISTENTE VENTANILLA UNICA<\/a><\/li>\n<li><a href=\"https:\/\/mintrabajo.gob.bo\/index.php\/servidor_publico\/inspector-de-trabajo-santa-cruz-daril-herrera\/\">INSPECTOR DE TRABAJO SANTA CRUZ Daril Herrera<\/a><\/li>\n<li><a href=\"https:\/\/mintrabajo.gob.bo\/index.php\/servidor_publico\/jefe-regional-de-trabajo-el-alto\/\">JEFE REGIONAL DE TRABAJO EL ALTO<\/a><\/li>\n<li><a href=\"https:\/\/mintrabajo.gob.bo\/index.php\/servidor_publico\/inspector-de-trabajo-la-paz-sol-maria\/\">INSPECTOR DE TRABAJO LA PAZ Sol Maria<\/a><\/li>\n<li><a href=\"https:\/\/mintrabajo.gob.bo\/index.php\/servidor_publico\/profesional-de-regimen-laboral\/\">PROFESIONAL DE REGIMEN LABORAL<\/a><\/li>\n<li><a href=\"https:\/\/mintrabajo.gob.bo\/index.php\/servidor_publico\/supervisor-tecnico-ii\/\">SUPERVISOR T\u00c9CNICO II<\/a><\/li>\n<li><a href=\"https:\/\/mintrabajo.gob.bo\/index.php\/servidor_publico\/jefe-de-funcion-publica-y-registro-plurinacional\/\">JEFE DE FUNCION P\u00daBLICA Y REGISTRO PLURINACIONAL<\/a><\/li>\n<li><a href=\"https:\/\/mintrabajo.gob.bo\/index.php\/servidor_publico\/responsable-de-politicas-de-empleo\/\">RESPONSABLE DE POL\u00cdTICAS DE EMPLEO<\/a><\/li>\n<li><a href=\"https:\/\/mintrabajo.gob.bo\/index.php\/servidor_publico\/responsable-de-desarrollo-de-software\/\">RESPONSABLE DE DESARROLLO DE SOFTWARE<\/a><\/li>\n<li><a href=\"https:\/\/mintrabajo.gob.bo\/index.php\/servidor_publico\/asistente-de-jefatura-de-gabinete\/\">ASISTENTE DE JEFATURA DE GABINETE<\/a><\/li>\n<li><a href=\"https:\/\/mintrabajo.gob.bo\/index.php\/servidor_publico\/especialista-de-despacho\/\">ESPECIALISTA DE DESPACHO<\/a><\/li>\n<li><a href=\"https:\/\/mintrabajo.gob.bo\/index.php\/servidor_publico\/responsable-de-relaciones-internacionales\/\">RESPONSABLE DE RELACIONES INTERNACIONALES<\/a><\/li>\n<li><a href=\"https:\/\/mintrabajo.gob.bo\/index.php\/servidor_publico\/mensajero-despacho\/\">MENSAJERO - DESPACHO<\/a><\/li>\n<li><a href=\"https:\/\/mintrabajo.gob.bo\/index.php\/servidor_publico\/asistente-de-despacho\/\">ASISTENTE DE DESPACHO<\/a><\/li>\n<li><a href=\"https:\/\/mintrabajo.gob.bo\/index.php\/servidor_publico\/chofer-de-ministroa\/\">CHOFER DE MINISTRO(A)<\/a><\/li>\n<li><a href=\"https:\/\/mintrabajo.gob.bo\/index.php\/servidor_publico\/tecnico-de-despacho-i\/\">T\u00c9CNICO DE DESPACHO I<\/a><\/li>\n<li><a href=\"https:\/\/mintrabajo.gob.bo\/index.php\/servidor_publico\/profesional-de-despacho\/\">PROFESIONAL DE DESPACHO<\/a><\/li>\n<li><a href=\"https:\/\/mintrabajo.gob.bo\/index.php\/servidor_publico\/19627\/\">MINISTRO DE TRABAJO, EMPLEO Y PREVISI\u00d3N SOCIAL<\/a><\/li>\n<li><a href=\"https:\/\/mintrabajo.gob.bo\/index.php\/servidor_publico\/nelson-lopez-quispaya\/\">VICEMINISTRO DE TRABAJO Y PREVISI\u00d3N SOCIAL<\/a><\/li>\n<li><a href=\"https:\/\/mintrabajo.gob.bo\/index.php\/servidor_publico\/fabiola-helen-guaman-ledezma\/\">INSPECTOR INTEGRAL UDF MOVIL - CHUQUISACA<\/a><\/li>\n<li><a href=\"https:\/\/mintrabajo.gob.bo\/index.php\/servidor_publico\/mayra-alejandra-navarro-valda\/\">INSPECTOR  DE TRABAJO CHUQUISACA<\/a><\/li>\n<li><a href=\"https:\/\/mintrabajo.gob.bo\/index.php\/servidor_publico\/thania-belen-sandoval-rivero\/\">INSPECTOR  DE TRABAJO CHUQUISACA Gonzalo Pio<\/a><\/li>\n<li><a href=\"https:\/\/mintrabajo.gob.bo\/index.php\/servidor_publico\/jhanneth-aguirre-condori\/\">AUXILIAR CHUQUISACA<\/a><\/li>\n<li><a href=\"https:\/\/mintrabajo.gob.bo\/index.php\/servidor_publico\/eufronia-villca-mamani\/\">INSPECTOR DE TRABAJO CHAPARE<\/a><\/li>\n<li><a href=\"https:\/\/mintrabajo.gob.bo\/index.php\/servidor_publico\/gonzalo-pio-arellano-colque\/\">ENLACE ADMINISTRATIVO Chuquisaca<\/a><\/li>\n<li><a href=\"https:\/\/mintrabajo.gob.bo\/index.php\/servidor_publico\/norman-villa-vargas\/\">JEFE REGIONAL DE TRABAJO CHAPARE<\/a><\/li>\n<li><a href=\"https:\/\/mintrabajo.gob.bo\/index.php\/servidor_publico\/claudia-veronica-vedia-pacheco\/\">JEFE DEPARTAMENTAL DE TRABAJO CHUQUISACA<\/a><\/li>\n<li><a href=\"https:\/\/mintrabajo.gob.bo\/index.php\/servidor_publico\/ruth-gabriela-fernandez-lopez\/\">ENLACE ADMINISTRATIVO<\/a><\/li>\n<li><a href=\"https:\/\/mintrabajo.gob.bo\/index.php\/servidor_publico\/zulema-serrudo-arancibia\/\">JEFE REGIONAL DE TRABAJO MONTEAGUDO<\/a><\/li>\n<li><a href=\"https:\/\/mintrabajo.gob.bo\/index.php\/servidor_publico\/griselda-alvarez-llanos\/\">INSPECTOR DE TRABAJO MONTEAGUDO<\/a><\/li>\n<li><a href=\"https:\/\/mintrabajo.gob.bo\/index.php\/servidor_publico\/daniela-veronica-moreira-berazain\/\">REVISOR DE PLANILLAS COCHABAMBA<\/a><\/li>\n<li><a href=\"https:\/\/mintrabajo.gob.bo\/index.php\/servidor_publico\/luis-oswaldo-ortega-patino\/\">INSPECTOR DE TRABAJO ORURO<\/a><\/li>\n<li><a href=\"https:\/\/mintrabajo.gob.bo\/index.php\/servidor_publico\/danny-marisol-crespo-vila\/\">INSPECTOR DE TRABAJO COCHABAMBA Melissa Belen<\/a><\/li>\n<li><a href=\"https:\/\/mintrabajo.gob.bo\/index.php\/servidor_publico\/vanessa-gilda-santiestevez-mita\/\">INSPECTOR DE TRABAJO ORURO<\/a><\/li>\n<li><a href=\"https:\/\/mintrabajo.gob.bo\/index.php\/servidor_publico\/blanca-quispe-yupanqui\/\">INSPECTOR DE TRABAJO COCHABAMBA Dayana Camacho<\/a><\/li>\n<li><a href=\"https:\/\/mintrabajo.gob.bo\/index.php\/servidor_publico\/dayana-camacho-caceres\/\">INSPECTOR DE TRABAJO COCHABAMBA Lizeth Lidia<\/a><\/li>\n<li><a href=\"https:\/\/mintrabajo.gob.bo\/index.php\/servidor_publico\/claudia-jimena-lopez-pillco\/\">INSPECTOR DE TRABAJO ORURO<\/a><\/li>\n<li><a href=\"https:\/\/mintrabajo.gob.bo\/index.php\/servidor_publico\/lizeth-lidia-teran-herrera\/\">INSPECTOR DE TRABAJO COCHABAMBA Freddy Villca<\/a><\/li>\n<li><a href=\"https:\/\/mintrabajo.gob.bo\/index.php\/servidor_publico\/maritza-amparo-choquecallata-macias\/\">INSPECTOR DE TRABAJO ORURO<\/a><\/li>\n<li><a href=\"https:\/\/mintrabajo.gob.bo\/index.php\/servidor_publico\/ruben-adrian-lenis-chambi\/\">AUXILIAR ORURO<\/a><\/li>\n<li><a href=\"https:\/\/mintrabajo.gob.bo\/index.php\/servidor_publico\/ruth-torrez-condori\/\">INSPECTOR DE TRABAJO COCHABAMBA Ruth Torrez<\/a><\/li>\n<li><a href=\"https:\/\/mintrabajo.gob.bo\/index.php\/servidor_publico\/lizbeth-colque-rivera\/\">MENSAJERO - JDT.OR<\/a><\/li>\n<li><a href=\"https:\/\/mintrabajo.gob.bo\/index.php\/servidor_publico\/ronal-david-centellas-jemio\/\">INSPECTOR DE TRABAJO COCHABAMBA Ronal David<\/a><\/li>\n<li><a href=\"https:\/\/mintrabajo.gob.bo\/index.php\/servidor_publico\/silvia-marcela-perez-molina\/\">INSPECTOR DE TRABAJO COCHABAMBA Silvia Marcela<\/a><\/li>\n<li><a href=\"https:\/\/mintrabajo.gob.bo\/index.php\/servidor_publico\/wendy-viviana-gomez-rodriguez\/\">ENLACE ADMINISTRATIVO Oruro<\/a><\/li>\n<li><a href=\"https:\/\/mintrabajo.gob.bo\/index.php\/servidor_publico\/cesar-brito-crespo-ledezma\/\">INSPECTOR DE TRABAJO ORURO<\/a><\/li>\n<li><a href=\"https:\/\/mintrabajo.gob.bo\/index.php\/servidor_publico\/melquiades-quispe-chanez\/\">INSPECTOR DE TRABAJO COCHABAMBA Roger Alejandro<\/a><\/li>\n<li><a href=\"https:\/\/mintrabajo.gob.bo\/index.php\/servidor_publico\/juan-torrez-aramayo\/\">JEFE DEPARTAMENTAL DE TRABAJO ORURO<\/a><\/li>\n<li><a href=\"https:\/\/mintrabajo.gob.bo\/index.php\/servidor_publico\/veimar-noel-orellana-montecinos\/\">INSPECTOR DE TRABAJO POTOS\u00cd Noemi Coria<\/a><\/li>\n<li><a href=\"https:\/\/mintrabajo.gob.bo\/index.php\/servidor_publico\/vladimir-becker-moscoso-chacon\/\">INSPECTOR DE TRABAJO COCHABAMBA Melquiades<\/a><\/li>\n<li><a href=\"https:\/\/mintrabajo.gob.bo\/index.php\/servidor_publico\/reynaldo-torrez-zuleta\/\">INSPECTOR DE TRABAJO POTOS\u00cd Rodrigo Morales<\/a><\/li>\n<li><a href=\"https:\/\/mintrabajo.gob.bo\/index.php\/servidor_publico\/varinnia-corazon-vargas-loayza\/\">INSPECTOR DE TRABAJO POTOS\u00cd Edson Efrain<\/a><\/li>\n<li><a href=\"https:\/\/mintrabajo.gob.bo\/index.php\/servidor_publico\/rodrigo-oswaldo-patzi-rojas\/\">RESPONSABLE DE INSPECCI\u00d3N COCHABAMBA<\/a><\/li>\n<li><a href=\"https:\/\/mintrabajo.gob.bo\/index.php\/servidor_publico\/hector-anibal-geronimo-ignacio\/\">AUXILIAR COCHABAMBA<\/a><\/li>\n<li><a href=\"https:\/\/mintrabajo.gob.bo\/index.php\/servidor_publico\/joel-freddy-sanchez-zambrana\/\">INSPECTOR DE TRABAJO POTOS\u00cd Armenia Colque<\/a><\/li>\n<li><a href=\"https:\/\/mintrabajo.gob.bo\/index.php\/servidor_publico\/jorge-antonio-pinto-mendieta\/\">ASISTENTE ADMINISTRATIVO II<\/a><\/li>\n<li><a href=\"https:\/\/mintrabajo.gob.bo\/index.php\/servidor_publico\/bismarck-nelson-quispe-aviza\/\">INSPECTOR DE TRABAJO POTOS\u00cd Claudia Puma<\/a><\/li>\n<li><a href=\"https:\/\/mintrabajo.gob.bo\/index.php\/servidor_publico\/maria-eugenia-wieler-sevilla\/\">T\u00c9CNICO DE TRATA Y TRAFICO - COCHABAMBA<\/a><\/li>\n<li><a href=\"https:\/\/mintrabajo.gob.bo\/index.php\/servidor_publico\/claudia-puma-flores\/\">INSPECTOR DE TRABAJO POTOS\u00cd Bismarck Nelson<\/a><\/li>\n<li><a href=\"https:\/\/mintrabajo.gob.bo\/index.php\/servidor_publico\/magaly-villarroel-via\/\">RESPONSABLE LEGAL COCHABAMBA<\/a><\/li>\n<li><a href=\"https:\/\/mintrabajo.gob.bo\/index.php\/servidor_publico\/armenia-colque-cruz\/\">PROFESIONAL DE ERRADICACION DEL TRABAJO INFANTIL (EPTI) Potosi<\/a><\/li>\n<li><a href=\"https:\/\/mintrabajo.gob.bo\/index.php\/servidor_publico\/lizeth-lorena-rosas-blanco\/\">JEFE DEPARTAMENTAL DE TRABAJO COCHABAMBA<\/a><\/li>\n<li><a href=\"https:\/\/mintrabajo.gob.bo\/index.php\/servidor_publico\/edson-efrain-tacuri-ckacka\/\">AUXILIAR POTOS\u00cd<\/a><\/li>\n<li><a href=\"https:\/\/mintrabajo.gob.bo\/index.php\/servidor_publico\/rodrigo-morales-paurcara\/\">RESPONSABLE LEGAL POTOS\u00cd<\/a><\/li>\n<li><a href=\"https:\/\/mintrabajo.gob.bo\/index.php\/servidor_publico\/patricia-edith-martinez-sarzuri\/\">INSPECTOR INTEGRAL UDF M\u00d3VIL PUERTO SUAREZ<\/a><\/li>\n<li><a href=\"https:\/\/mintrabajo.gob.bo\/index.php\/servidor_publico\/mary-montecinos-rojas\/\">INSPECTOR DE TRABAJO PUERTO SUAREZ<\/a><\/li>\n<li><a href=\"https:\/\/mintrabajo.gob.bo\/index.php\/servidor_publico\/noemi-coria-renteria\/\">JEFE DEPARTAMENTAL DE TRABAJO POTOS\u00cd<\/a><\/li>\n<li><a href=\"https:\/\/mintrabajo.gob.bo\/index.php\/servidor_publico\/nadali-cristina-rivera-hilarion\/\">JEFE REGIONAL DE TRABAJO TUPIZA<\/a><\/li>\n<li><a href=\"https:\/\/mintrabajo.gob.bo\/index.php\/servidor_publico\/cinthya-damiana-paniagua-arauz\/\">JEFE REGIONAL DE TRABAJO PUERTO SUAREZ<\/a><\/li>\n<li><a href=\"https:\/\/mintrabajo.gob.bo\/index.php\/servidor_publico\/camila-denisse-lopez-miranda\/\">INSPECTOR DE TRABAJO CAMIRI<\/a><\/li>\n<li><a href=\"https:\/\/mintrabajo.gob.bo\/index.php\/servidor_publico\/freddy-oropeza-torrejon\/\">INSPECTOR DE TRABAJO VILLAZON<\/a><\/li>\n<li><a href=\"https:\/\/mintrabajo.gob.bo\/index.php\/servidor_publico\/franklin-colque-quisbert\/\">JEFE REGIONAL DE TRABAJO VILLAZON<\/a><\/li>\n<li><a href=\"https:\/\/mintrabajo.gob.bo\/index.php\/servidor_publico\/edmy-salvatierra-rocha\/\">TECNICO IV<\/a><\/li>\n<li><a href=\"https:\/\/mintrabajo.gob.bo\/index.php\/servidor_publico\/lucio-rodriguez-aldana\/\">INSPECTOR INTEGRAL UDF M\u00d3VIL - MONTERO<\/a><\/li>\n<li><a href=\"https:\/\/mintrabajo.gob.bo\/index.php\/servidor_publico\/pedro-santos-villa\/\">INSPECTOR DE TRABAJO MONTERO Pedro Santos<\/a><\/li>\n<li><a href=\"https:\/\/mintrabajo.gob.bo\/index.php\/servidor_publico\/luiz-gustavo-paniagua-alvarez\/\">INSPECTOR DE TRABAJO MONTERO Luiz Gustavo<\/a><\/li>\n<li><a href=\"https:\/\/mintrabajo.gob.bo\/index.php\/servidor_publico\/madelen-alarcon-senzano\/\">INSPECTOR DE TRABAJO MONTERO Madelen Alarcon<\/a><\/li>\n<li><a href=\"https:\/\/mintrabajo.gob.bo\/index.php\/servidor_publico\/guillan-huarayo-andrade\/\">INSPECTOR DE TRABAJO LLALLAGUA<\/a><\/li>\n<li><a href=\"https:\/\/mintrabajo.gob.bo\/index.php\/servidor_publico\/wilmer-raymundo-flores-calani\/\">JEFE REGIONAL DE TRABAJO LLALLAGUA<\/a><\/li>\n<li><a href=\"https:\/\/mintrabajo.gob.bo\/index.php\/servidor_publico\/arlet-milton-rengel-caceres\/\">JEFE REGIONAL DE TRABAJO MONTERO<\/a><\/li>\n<li><a href=\"https:\/\/mintrabajo.gob.bo\/index.php\/servidor_publico\/marco-antonio-tapia-flores\/\">JEFE REGIONAL DE TRABAJO UYUNI<\/a><\/li>\n<li><a href=\"https:\/\/mintrabajo.gob.bo\/index.php\/servidor_publico\/sonia-claudia-torrejon-alzu\/\">INSPECTOR DE TRABAJO TARIJA<\/a><\/li>\n<li><a href=\"https:\/\/mintrabajo.gob.bo\/index.php\/servidor_publico\/jean-carla-cabrera-hidalgo\/\">ASISTENTE VENTANILLA UNICA<\/a><\/li>\n<li><a href=\"https:\/\/mintrabajo.gob.bo\/index.php\/servidor_publico\/fernanda-maribel-flores-flores\/\">INSPECTOR DE TRABAJO TARIJA Dolly Mariluz<\/a><\/li>\n<li><a href=\"https:\/\/mintrabajo.gob.bo\/index.php\/servidor_publico\/nader-roxana-bonilla-justiniano\/\">ENLACE ADMINISTRATIVO<\/a><\/li>\n<li><a href=\"https:\/\/mintrabajo.gob.bo\/index.php\/servidor_publico\/sandra-pamela-leon-zenteno\/\">INSPECTOR DE TRABAJO TARIJA Cristian Beyby<\/a><\/li>\n<li><a href=\"https:\/\/mintrabajo.gob.bo\/index.php\/servidor_publico\/carlos-israel-escalada-ibarra\/\">ASISTENTE DE REGISTRO Y MIGRACI\u00d3N LABORAL SANTA CRUZ<\/a><\/li>\n<li><a href=\"https:\/\/mintrabajo.gob.bo\/index.php\/servidor_publico\/reyna-isabel-gonzales-alejo\/\">INSPECTOR DE TRABAJO TARIJA Jose Gonzalo<\/a><\/li>\n<li><a href=\"https:\/\/mintrabajo.gob.bo\/index.php\/servidor_publico\/olga-esperanza-ortiz-murillo\/\">REVISOR PLANILLAS SANTA CRUZ<\/a><\/li>\n<li><a href=\"https:\/\/mintrabajo.gob.bo\/index.php\/servidor_publico\/jose-gonzalo-espinoza-patzi\/\">AUXILIAR TARIJA<\/a><\/li>\n<li><a href=\"https:\/\/mintrabajo.gob.bo\/index.php\/servidor_publico\/cristian-beyby-arancibia-yucra\/\">RESPONSABLE LEGAL TARIJA<\/a><\/li>\n<li><a href=\"https:\/\/mintrabajo.gob.bo\/index.php\/servidor_publico\/leonela-belen-rivas-torrez\/\">INSPECTOR DE TRABAJO SANTA CRUZ Leonela Belen<\/a><\/li>\n<li><a href=\"https:\/\/mintrabajo.gob.bo\/index.php\/servidor_publico\/dolly-mariluz-ruiz-castillo\/\">JEFE DEPARTAMENTAL DE TRABAJO TARIJA<\/a><\/li>\n<li><a href=\"https:\/\/mintrabajo.gob.bo\/index.php\/servidor_publico\/laura-vanessa-chosgo-alfaro\/\">INSPECTOR DE TRABAJO BERMEJO Marcelo Cadena<\/a><\/li>\n<li><a href=\"https:\/\/mintrabajo.gob.bo\/index.php\/servidor_publico\/pabla-calixta-justiniano-muneiquitt\/\">INSPECTOR DE TRABAJO SANTA CRUZ Pabla Calixta<\/a><\/li>\n<li><a href=\"https:\/\/mintrabajo.gob.bo\/index.php\/servidor_publico\/jose-manuel-tavera-flores\/\">INSPECTOR DE TRABAJO BERMEJO Jose Manuel<\/a><\/li>\n<li><a href=\"https:\/\/mintrabajo.gob.bo\/index.php\/servidor_publico\/marcelo-cadena-becerra\/\">JEFE REGIONAL DE TRABAJO BERMEJO<\/a><\/li>\n<li><a href=\"https:\/\/mintrabajo.gob.bo\/index.php\/servidor_publico\/pablo-ernesto-quintanilla-sanchez\/\">INSPECTOR INTEGRAL UDF MOVIL - SANTA CRUZ Pablo Ernesto<\/a><\/li>\n<li><a href=\"https:\/\/mintrabajo.gob.bo\/index.php\/servidor_publico\/silvia-paricahua-mamani\/\">INSPECTOR DE TRABAJO YACUIBA Juan Marcelo<\/a><\/li>\n<li><a href=\"https:\/\/mintrabajo.gob.bo\/index.php\/servidor_publico\/lixy-daniela-sanchez-banegas\/\">INSPECTOR DE TRABAJO SANTA CRUZ Lixy Daniela<\/a><\/li>\n<li><a href=\"https:\/\/mintrabajo.gob.bo\/index.php\/servidor_publico\/juan-carlos-mamani-tapia\/\">INSPECTOR DE TRABAJO YACUIBA Juan Carlos<\/a><\/li>\n<li><a href=\"https:\/\/mintrabajo.gob.bo\/index.php\/servidor_publico\/karen-fabiola-eid-flores\/\">INSPECTOR DE TRABAJO SANTA CRUZ Karen Fabiola<\/a><\/li>\n<li><a href=\"https:\/\/mintrabajo.gob.bo\/index.php\/servidor_publico\/juan-marcelo-huanca-baron\/\">JEFE REGIONAL DE TRABAJO YACUIBA<\/a><\/li>\n<li><a href=\"https:\/\/mintrabajo.gob.bo\/index.php\/servidor_publico\/hilda-rojas-pena\/\">INSPECTOR DE TRABAJO SANTA CRUZ Hilda Rojas<\/a><\/li>\n<li><a href=\"https:\/\/mintrabajo.gob.bo\/index.php\/servidor_publico\/rolando-perez-duran\/\">INSPECTOR DE TRABAJO VILLAMONTES Rodrigo Marcelo<\/a><\/li>\n<li><a href=\"https:\/\/mintrabajo.gob.bo\/index.php\/servidor_publico\/wilson-huarachi-choque\/\">INSPECTOR DE TRABAJO SANTA CRUZ Wilson Huarachi<\/a><\/li>\n<li><a href=\"https:\/\/mintrabajo.gob.bo\/index.php\/servidor_publico\/elvis-ronald-yujra-cazana\/\">INSPECTOR DE TRABAJO VILLAMONTES Elvis Ronald<\/a><\/li>\n<li><a href=\"https:\/\/mintrabajo.gob.bo\/index.php\/servidor_publico\/rodrigo-marcelo-aparicio-balderrama\/\">JEFE REGIONAL DE TRABAJO VILLAMONTES<\/a><\/li>\n<li><a href=\"https:\/\/mintrabajo.gob.bo\/index.php\/servidor_publico\/adriana-soliz-paz\/\">INSPECTOR DE TRABAJO SANTA CRUZ Adriana Soliz<\/a><\/li>\n<li><a href=\"https:\/\/mintrabajo.gob.bo\/index.php\/servidor_publico\/lucia-guadalupe-camama-cambero\/\">INSPECTOR DE TRABAJO BENI Diana Iris<\/a><\/li>\n<li><a href=\"https:\/\/mintrabajo.gob.bo\/index.php\/servidor_publico\/yngly-hallizon-riglos-alcaraz\/\">INSPECTOR DE TRABAJO SANTA CRUZ<\/a><\/li>\n<li><a href=\"https:\/\/mintrabajo.gob.bo\/index.php\/servidor_publico\/noelia-sanchez-otubo\/\">INSPECTOR DE TRABAJO BENI Juan Edwin<\/a><\/li>\n<li><a href=\"https:\/\/mintrabajo.gob.bo\/index.php\/servidor_publico\/juan-edwin-zambrana-mamani\/\">INSPECTOR DE TRABAJO BENI Noelia Sanchez<\/a><\/li>\n<li><a href=\"https:\/\/mintrabajo.gob.bo\/index.php\/servidor_publico\/susana-delgado-salazar\/\">INSPECTOR DE TRABAJO SANTA CRUZ<\/a><\/li>\n<li><a href=\"https:\/\/mintrabajo.gob.bo\/index.php\/servidor_publico\/patricia-araceli-chinche-apaza\/\">INSPECTOR DE TRABAJO SANTA CRUZ<\/a><\/li>\n<li><a href=\"https:\/\/mintrabajo.gob.bo\/index.php\/servidor_publico\/diana-iris-hurtado-carrasco\/\">INSPECTOR DE TRABAJO BENI Luis Fernando<\/a><\/li>\n<li><a href=\"https:\/\/mintrabajo.gob.bo\/index.php\/servidor_publico\/teufilo-avendano-tejerina\/\">INSPECTOR DE TRABAJO SANTA CRUZ Teufilo Avenda\u00f1o<\/a><\/li>\n<li><a href=\"https:\/\/mintrabajo.gob.bo\/index.php\/servidor_publico\/lenny-laura-valencia-aruquipa\/\">JEFE DEPARTAMENTAL DE TRABAJO BENI<\/a><\/li>\n<li><a href=\"https:\/\/mintrabajo.gob.bo\/index.php\/servidor_publico\/steffany-darcy-balcazar-salas\/\">INSPECTOR DE TRABAJO SANTA CRUZ Steffany Darcy<\/a><\/li>\n<li><a href=\"https:\/\/mintrabajo.gob.bo\/index.php\/servidor_publico\/victor-hugo-vargas-mancilla\/\">PROFESIONAL VIII Riberalta<\/a><\/li>\n<li><a href=\"https:\/\/mintrabajo.gob.bo\/index.php\/servidor_publico\/cesar-dereck-vasquez-gutierrez\/\">INSPECTOR DE TRABAJO SANTA CRUZ<\/a><\/li>\n<li><a href=\"https:\/\/mintrabajo.gob.bo\/index.php\/servidor_publico\/miguel-mariaca-cori\/\">INSPECTOR DE TRABAJO RIBERALTA Jaime Copa<\/a><\/li>\n<li><a href=\"https:\/\/mintrabajo.gob.bo\/index.php\/servidor_publico\/marisa-montano-viravica\/\">RESPONSABLE DE INSPECCION SANTA CRUZ<\/a><\/li>\n<li><a href=\"https:\/\/mintrabajo.gob.bo\/index.php\/servidor_publico\/mario-esli-cuellar-montano\/\">INSPECTOR DE TRABAJO RIBERALTA Daniel Zelaya<\/a><\/li>\n<li><a href=\"https:\/\/mintrabajo.gob.bo\/index.php\/servidor_publico\/juan-avellaneda-pinaicobo\/\">INSPECTOR DE TRABAJO RIBERALTA Juan Avellaneda<\/a><\/li>\n<li><a href=\"https:\/\/mintrabajo.gob.bo\/index.php\/servidor_publico\/lorenzo-lino-castro\/\">CHOFER - JDT.SC<\/a><\/li>\n<li><a href=\"https:\/\/mintrabajo.gob.bo\/index.php\/servidor_publico\/daniel-zelaya-rocha\/\">INSPECTOR DE TRABAJO RIBERALTA Miguel Mariaca<\/a><\/li>\n<li><a href=\"https:\/\/mintrabajo.gob.bo\/index.php\/servidor_publico\/ramiro-sanizo-delgadillo\/\">T\u00c9CNICO DE EMPLEO - SANTA CRUZ<\/a><\/li>\n<li><a href=\"https:\/\/mintrabajo.gob.bo\/index.php\/servidor_publico\/jaime-copa-jorge\/\">JEFE REGIONAL DE TRABAJO RIBERALTA<\/a><\/li>\n<li><a href=\"https:\/\/mintrabajo.gob.bo\/index.php\/servidor_publico\/jose-ernesto-morales-rivero\/\">T\u00c9CNICO TRATA Y TRAFICO - SANTA CRUZ<\/a><\/li>\n<li><a href=\"https:\/\/mintrabajo.gob.bo\/index.php\/servidor_publico\/daril-herrera-cuellar\/\">RESPONSABLE LEGAL SANTA CRUZ<\/a><\/li>\n<li><a href=\"https:\/\/mintrabajo.gob.bo\/index.php\/servidor_publico\/tito-wilson-cuaquira-padilla\/\">JEFE DEPARTAMENTAL DE TRABAJO SANTA CRUZ<\/a><\/li>\n<li><a href=\"https:\/\/mintrabajo.gob.bo\/index.php\/servidor_publico\/jose-ignacio-ordonez-valdivia\/\">INSPECTOR DE TRABAJO EL ALTO Jose Ignacio<\/a><\/li>\n<li><a href=\"https:\/\/mintrabajo.gob.bo\/index.php\/servidor_publico\/isabel-hinojosa-flores\/\">INSPECTOR DE TRABAJO EL ALTO Isabel Hinojosa<\/a><\/li>\n<li><a href=\"https:\/\/mintrabajo.gob.bo\/index.php\/servidor_publico\/miguel-angel-luque-laura\/\">INSPECTOR DE TRABAJO EL ALTO Miguel Angel<\/a><\/li>\n<li><a href=\"https:\/\/mintrabajo.gob.bo\/index.php\/servidor_publico\/edgar-felix-martinez-aliaga\/\">INSPECTOR DE TRABAJO EL ALTO Edgar Felix<\/a><\/li>\n<li><a href=\"https:\/\/mintrabajo.gob.bo\/index.php\/servidor_publico\/alfredo-jesus-telleria-quispe\/\">ASISTENTE ADMINISTRATIVO<\/a><\/li>\n<li><a href=\"https:\/\/mintrabajo.gob.bo\/index.php\/servidor_publico\/lazaro-aruquipa-mamani\/\">INSPECTOR DE TRABAJO EL ALTO German Diego<\/a><\/li>\n<li><a href=\"https:\/\/mintrabajo.gob.bo\/index.php\/servidor_publico\/ruth-remy-quisbert-soria\/\">REVISOR PLANILLAS LP II<\/a><\/li>\n<li><a href=\"https:\/\/mintrabajo.gob.bo\/index.php\/servidor_publico\/rosa-espinoza-flores\/\">REVISOR PLANILLAS LP I<\/a><\/li>\n<li><a href=\"https:\/\/mintrabajo.gob.bo\/index.php\/servidor_publico\/nadir-rojas-calderon\/\">INSPECTOR DE TRABAJO LA PAZ Nadir Rojas<\/a><\/li>\n<li><a href=\"https:\/\/mintrabajo.gob.bo\/index.php\/servidor_publico\/rina-margarita-calizaya-cuentas\/\">INSPECTOR INTEGRAL UDF MOVIL LA PAZ<\/a><\/li>\n<li><a href=\"https:\/\/mintrabajo.gob.bo\/index.php\/servidor_publico\/grecia-helen-vargas-quisbert\/\">INSPECTOR DE TRABAJO LA PAZ Grecia Helen<\/a><\/li>\n<li><a href=\"https:\/\/mintrabajo.gob.bo\/index.php\/servidor_publico\/jessica-andrea-yanarico-jimenez\/\">INSPECTOR DE TRABAJO LA PAZ Jessica Andrea<\/a><\/li>\n<li><a href=\"https:\/\/mintrabajo.gob.bo\/index.php\/servidor_publico\/roxana-mendoza-limachi\/\">INSPECTOR DE TRABAJO LA PAZ Rozana Mendoza<\/a><\/li>\n<li><a href=\"https:\/\/mintrabajo.gob.bo\/index.php\/servidor_publico\/yocelin-miriam-flores-flores\/\">INSPECTOR DE TRABAJO LA PAZ Yocelin Miriam<\/a><\/li>\n<li><a href=\"https:\/\/mintrabajo.gob.bo\/index.php\/servidor_publico\/julieta-carmen-espejo-alanoca\/\">INSPECTOR DE TRABAJO LA PAZ Delia Amanda<\/a><\/li>\n<li><a href=\"https:\/\/mintrabajo.gob.bo\/index.php\/servidor_publico\/charlie-giovani-huarca-huayhua\/\">INSPECTOR DE TRABAJO LA PAZ Charlie Giovani<\/a><\/li>\n<li><a href=\"https:\/\/mintrabajo.gob.bo\/index.php\/servidor_publico\/fidelia-churata-mamani\/\">INSPECTOR DE TRABAJO LA PAZ Fidelia Churata<\/a><\/li>\n<li><a href=\"https:\/\/mintrabajo.gob.bo\/index.php\/servidor_publico\/zulma-alejo-garcia\/\">INSPECTOR DE TRABAJO LA PAZ Zulma Alejo<\/a><\/li>\n<li><a href=\"https:\/\/mintrabajo.gob.bo\/index.php\/servidor_publico\/saidi-alejandra-paucara-escalante\/\">INSPECTOR DE TRABAJO LA PAZ Jose Roberto<\/a><\/li>\n<li><a href=\"https:\/\/mintrabajo.gob.bo\/index.php\/servidor_publico\/sandra-liceth-jimenez-lopez\/\">INSPECTOR DE TRABAJO LA PAZ Sandra Liceth<\/a><\/li>\n<li><a href=\"https:\/\/mintrabajo.gob.bo\/index.php\/servidor_publico\/danitza-flores-mamani\/\">INSPECTOR DE TRABAJO LA PAZ Danitza Flores<\/a><\/li>\n<li><a href=\"https:\/\/mintrabajo.gob.bo\/index.php\/servidor_publico\/ivan-kevin-ticona-pari\/\">INSPECTOR DE TRABAJO LA PAZ Ivan Kevin<\/a><\/li>\n<li><a href=\"https:\/\/mintrabajo.gob.bo\/index.php\/servidor_publico\/jose-luis-rodriguez-mujica\/\">INSPECTOR DE TRABAJO LA PAZ jose luis<\/a><\/li>\n<li><a href=\"https:\/\/mintrabajo.gob.bo\/index.php\/servidor_publico\/andy-cristhian-aguilar-tapia\/\">AUXILIAR DE INSPECCION LA PAZ<\/a><\/li>\n<li><a href=\"https:\/\/mintrabajo.gob.bo\/index.php\/servidor_publico\/patricia-serrano-aguilar\/\">RESPONSABLE DE INSPECCI\u00d3N LA PAZ<\/a><\/li>\n<li><a href=\"https:\/\/mintrabajo.gob.bo\/index.php\/servidor_publico\/pablo-fernando-rodriguez-guzman\/\">AUXILIAR DE CORRESPONDENCIA<\/a><\/li>\n<li><a href=\"https:\/\/mintrabajo.gob.bo\/index.php\/servidor_publico\/edwin-mamani-quispe\/\">ADMINISTRATIVO DE CORRESPONDENCIA II<\/a><\/li>\n<li><a href=\"https:\/\/mintrabajo.gob.bo\/index.php\/servidor_publico\/ana-giovana-alanoca-ajoruro\/\">ADMINISTRATIVO DE PLATAFORMA DE TRAMITES II<\/a><\/li>\n<li><a href=\"https:\/\/mintrabajo.gob.bo\/index.php\/servidor_publico\/teclo-gonzales-puquimia\/\">ADMINISTRATIVO DE PLATAFORMA DE TRAMITES I<\/a><\/li>\n<li><a href=\"https:\/\/mintrabajo.gob.bo\/index.php\/servidor_publico\/claudia-gabriela-sirpa-sirpa\/\">ENCARGADO DE PLATAFORMA DE TRAMITES<\/a><\/li>\n<li><a href=\"https:\/\/mintrabajo.gob.bo\/index.php\/servidor_publico\/victor-hugo-lopez-calderon\/\">MENSAJERO - JDT.LP<\/a><\/li>\n<li><a href=\"https:\/\/mintrabajo.gob.bo\/index.php\/servidor_publico\/wilson-quispe-gonzales\/\">CHOFER-JDT.LP<\/a><\/li>\n<li><a href=\"https:\/\/mintrabajo.gob.bo\/index.php\/servidor_publico\/erika-callisaya-montes\/\">ASISTENTE ADMINISTRATIVO<\/a><\/li>\n<li><a href=\"https:\/\/mintrabajo.gob.bo\/index.php\/servidor_publico\/ana-ross-mery-miranda-rodriguez\/\">RESPONSABLE DE FONDOS EN CUSTODIA<\/a><\/li>\n<li><a href=\"https:\/\/mintrabajo.gob.bo\/index.php\/servidor_publico\/rosmery-laura-mamani-flores\/\">RESPONSABLE LEGAL LA PAZ<\/a><\/li>\n<li><a href=\"https:\/\/mintrabajo.gob.bo\/index.php\/servidor_publico\/ninoska-tania-loza-flores\/\">JEFE DEPARTAMENTAL DE TRABAJO LA PAZ<\/a><\/li>\n<li><a href=\"https:\/\/mintrabajo.gob.bo\/index.php\/servidor_publico\/gustavo-adolfo-aleman-quispe\/\">ASISTENTE DE ASESORAMIENTO A COOPERATIVAS<\/a><\/li>\n<li><a href=\"https:\/\/mintrabajo.gob.bo\/index.php\/servidor_publico\/jose-oscar-perez-balderrama\/\">T\u00c9CNICO DE PROMOCI\u00d3N Y CAPACITACI\u00d3N A COOPERATIVAS<\/a><\/li>\n<li><a href=\"https:\/\/mintrabajo.gob.bo\/index.php\/servidor_publico\/ruben-estrada-candia\/\">PROFESIONAL DE ANALISIS DE POL\u00cdTICAS P\u00daBLICAS<\/a><\/li>\n<li><a href=\"https:\/\/mintrabajo.gob.bo\/index.php\/servidor_publico\/mery-ruth-dick-de-la-vega\/\">SECRETARIA-DGPPFPPCOOP<\/a><\/li>\n<li><a href=\"https:\/\/mintrabajo.gob.bo\/index.php\/servidor_publico\/claudia-baldivieso-montalvo\/\">T\u00c9CNICO DE COOPERATIVAS<\/a><\/li>\n<li><a href=\"https:\/\/mintrabajo.gob.bo\/index.php\/servidor_publico\/sandra-griselda-berdeja-hurtado\/\">PROFESIONAL DGPPFPPCOOP<\/a><\/li>\n<li><a href=\"https:\/\/mintrabajo.gob.bo\/index.php\/servidor_publico\/luis-durval-garcia-rospigliosi\/\">DIRECTOR GENERAL DE POL\u00cdTICAS P\u00daBLICAS, FOMENTO, PROTECCI\u00d3N Y PROMOCI\u00d3N COOPERATIVA<\/a><\/li>\n<li><a href=\"https:\/\/mintrabajo.gob.bo\/index.php\/servidor_publico\/eva-edith-orellana-quispe\/\">T\u00c9CNICO DE CAPACITACI\u00d3N<\/a><\/li>\n<li><a href=\"https:\/\/mintrabajo.gob.bo\/index.php\/servidor_publico\/delina-nardy-poma-yana\/\">PROFESIONAL DE DESARROLLO NORMATIVO<\/a><\/li>\n<li><a href=\"https:\/\/mintrabajo.gob.bo\/index.php\/servidor_publico\/flora-gabriela-quispe-quispe\/\">PROFESIONAL DE \u00c9TICA<\/a><\/li>\n<li><a href=\"https:\/\/mintrabajo.gob.bo\/index.php\/servidor_publico\/javier-reynaldo-delgadillo-andrade\/\">JEFE DE CAPACITACI\u00d3N, \u00c9TICA Y DESARROLLO NORMATIVO<\/a><\/li>\n<li><a href=\"https:\/\/mintrabajo.gob.bo\/index.php\/servidor_publico\/michelle-mariza-velasco-zarate\/\">PROCURADOR<\/a><\/li>\n<li><a href=\"https:\/\/mintrabajo.gob.bo\/index.php\/servidor_publico\/viviana-carmela-sanchez-cruz\/\">PROFESIONAL DE REGIMEN DE IMPUGNACI\u00d3N II<\/a><\/li>\n<li><a href=\"https:\/\/mintrabajo.gob.bo\/index.php\/servidor_publico\/rene-rodrigo-perez-pardo\/\">PROFESIONAL DE REGIMEN DE IMPUGNACI\u00d3N I<\/a><\/li>\n<li><a href=\"https:\/\/mintrabajo.gob.bo\/index.php\/servidor_publico\/claudia-janeth-perez-madani\/\">JEFE DE REGIMEN LABORAL E IMPUGNACI\u00d3N<\/a><\/li>\n<li><a href=\"https:\/\/mintrabajo.gob.bo\/index.php\/servidor_publico\/ruben-mauro-silva-venegas\/\">MENSAJERO - DGSC<\/a><\/li>\n<li><a href=\"https:\/\/mintrabajo.gob.bo\/index.php\/servidor_publico\/jenny-valencia-escalante\/\">SECRETARIA-DGSC<\/a><\/li>\n<li><a href=\"https:\/\/mintrabajo.gob.bo\/index.php\/servidor_publico\/marilyn-mirna-penaloza-herrera\/\">RESPONSABLE LEGAL<\/a><\/li>\n<li><a href=\"https:\/\/mintrabajo.gob.bo\/index.php\/servidor_publico\/rafael-ruben-pabon-telleria\/\">DIRECTOR GENERAL DE SERVICIO CIVIL<\/a><\/li>\n<li><a href=\"https:\/\/mintrabajo.gob.bo\/index.php\/servidor_publico\/jose-alberto-ticona-balderrama\/\">ASISTENTE DE MERCADO DE TRABAJO<\/a><\/li>\n<li><a href=\"https:\/\/mintrabajo.gob.bo\/index.php\/servidor_publico\/jenny-rosio-martinez-retamozo\/\">T\u00c9CNICO GESTOR DE EMPLEO II<\/a><\/li>\n<li><a href=\"https:\/\/mintrabajo.gob.bo\/index.php\/servidor_publico\/jose-miguel-condori-mamani\/\">T\u00c9CNICO GESTOR DE EMPLEO I<\/a><\/li>\n<li><a href=\"https:\/\/mintrabajo.gob.bo\/index.php\/servidor_publico\/felipa-miriam-valdez-torrez\/\">T\u00c9CNICO DE EMPRENDIMIENTOS<\/a><\/li>\n<li><a href=\"https:\/\/mintrabajo.gob.bo\/index.php\/servidor_publico\/edwin-javier-honorio-mamani\/\">PROFESIONAL EN INFORMACI\u00d3N DE EMPLEO<\/a><\/li>\n<li><a href=\"https:\/\/mintrabajo.gob.bo\/index.php\/servidor_publico\/jenny-erika-valdivia-ticona\/\">RESPONSABLE DEL SERVICIO PUBLICO DE EMPLEO<\/a><\/li>\n<li><a href=\"https:\/\/mintrabajo.gob.bo\/index.php\/servidor_publico\/miguel-ascencio-yampara-laura\/\">T\u00c9CNICO EN POL\u00cdTICAS DE EMPLEO PARA GRUPOS VULNERABLES<\/a><\/li>\n<li><a href=\"https:\/\/mintrabajo.gob.bo\/index.php\/servidor_publico\/karen-tatiana-beltran-mendoza\/\">T\u00c9CNICO DE VINCULACI\u00d3N LABORAL<\/a><\/li>\n<li><a href=\"https:\/\/mintrabajo.gob.bo\/index.php\/servidor_publico\/sofia-huarachi-mamani\/\">T\u00c9CNICO DE POL\u00cdTICAS DE EMPLEO<\/a><\/li>\n<li><a href=\"https:\/\/mintrabajo.gob.bo\/index.php\/servidor_publico\/willyam-silva-perez\/\">T\u00c9CNICO DE INCLUSI\u00d3N LABORAL DE PERSONAS CON DISCAPACIDAD<\/a><\/li>\n<li><a href=\"https:\/\/mintrabajo.gob.bo\/index.php\/servidor_publico\/romel-pablo-mamani-mamani\/\">MENSAJERO - DGE<\/a><\/li>\n<li><a href=\"https:\/\/mintrabajo.gob.bo\/index.php\/servidor_publico\/lorena-paola-perez-tarifa\/\">SECRETARIA-DGE<\/a><\/li>\n<li><a href=\"https:\/\/mintrabajo.gob.bo\/index.php\/servidor_publico\/dayana-pamela-portillo-javier\/\">ASISTENTE ADMINISTRATIVO<\/a><\/li>\n<li><a href=\"https:\/\/mintrabajo.gob.bo\/index.php\/servidor_publico\/marco-antonio-calderon-rodriguez\/\">PROFESIONAL EN PROYECTOS DE EMPLEO<\/a><\/li>\n<li><a href=\"https:\/\/mintrabajo.gob.bo\/index.php\/servidor_publico\/juan-carlos-espinoza-quintanilla\/\">DIRECTOR GENERAL DE EMPLEO<\/a><\/li>\n<li><a href=\"https:\/\/mintrabajo.gob.bo\/index.php\/servidor_publico\/ruddy-poma-silva\/\">MENSAJERO-VMESCC<\/a><\/li>\n<li><a href=\"https:\/\/mintrabajo.gob.bo\/index.php\/servidor_publico\/efrain-hilarion-nina-avalos\/\">CHOFER-VMESCC<\/a><\/li>\n<li><a href=\"https:\/\/mintrabajo.gob.bo\/index.php\/servidor_publico\/fabiana-quino-mamani\/\">SECRETARIA-VMESCC<\/a><\/li>\n<li><a href=\"https:\/\/mintrabajo.gob.bo\/index.php\/servidor_publico\/rocio-mabel-clemente-tito\/\">PROFESIONAL - VMESCC<\/a><\/li>\n<li><a href=\"https:\/\/mintrabajo.gob.bo\/index.php\/servidor_publico\/gonzalo-omar-zambrana-avila\/\">VICEMINISTRO DE EMPLEO, SERVICIO CIVIL Y COOPERATIVAS<\/a><\/li>\n<li><a href=\"https:\/\/mintrabajo.gob.bo\/index.php\/servidor_publico\/luciano-david-acarapi-aruquipa\/\">T\u00c9CNICO EN DESARROLLO NORMATIVO<\/a><\/li>\n<li><a href=\"https:\/\/mintrabajo.gob.bo\/index.php\/servidor_publico\/fernando-felix-vera-bustillos\/\">T\u00c9CNICO DE POL\u00cdTICAS DE PREVISI\u00d3N SOCIAL<\/a><\/li>\n<li><a href=\"https:\/\/mintrabajo.gob.bo\/index.php\/servidor_publico\/alcira-anselma-cartagena-aliaga\/\">SECRETARIA - DGPPS<\/a><\/li>\n<li><a href=\"https:\/\/mintrabajo.gob.bo\/index.php\/servidor_publico\/patricia-teresa-lopez-quiroga\/\">PROFESIONAL DE POL\u00cdTICAS DE PREVISI\u00d3N SOCIAL<\/a><\/li>\n<li><a href=\"https:\/\/mintrabajo.gob.bo\/index.php\/servidor_publico\/miguel-angel-segundo-frank\/\">DIRECTOR GENERAL DE POL\u00cdTICAS DE PREVISI\u00d3N SOCIAL<\/a><\/li>\n<li><a href=\"https:\/\/mintrabajo.gob.bo\/index.php\/servidor_publico\/bryan-alam-fernandez-apaza\/\">T\u00c9CNICO EN CONFLICTOS III<\/a><\/li>\n<li><a href=\"https:\/\/mintrabajo.gob.bo\/index.php\/servidor_publico\/nesarely-alejandra-flores-arce\/\">T\u00c9CNICO EN CONFLICTOS II<\/a><\/li>\n<li><a href=\"https:\/\/mintrabajo.gob.bo\/index.php\/servidor_publico\/daniela-shirley-pinedo-javier\/\">T\u00c9CNICO EN CONFLICTOS I<\/a><\/li>\n<li><a href=\"https:\/\/mintrabajo.gob.bo\/index.php\/servidor_publico\/gerson-garcia-soto\/\">RESPONSABLE DE MONITOREO Y PREVENCI\u00d3N DE CONFLICTOS<\/a><\/li>\n<li><a href=\"https:\/\/mintrabajo.gob.bo\/index.php\/servidor_publico\/fabricio-ernesto-ormachea-fernandez\/\">ASISTENTE DE PROMOCI\u00d3N SINDICAL III<\/a><\/li>\n<li><a href=\"https:\/\/mintrabajo.gob.bo\/index.php\/servidor_publico\/victor-martin-peralta-uria\/\">ASISTENTE DE PROMOCI\u00d3N SINDICAL II<\/a><\/li>\n<li><a href=\"https:\/\/mintrabajo.gob.bo\/index.php\/servidor_publico\/christian-robert-apaza-condori\/\">ASISTENTE DE PROMOCI\u00d3N SINDICAL I<\/a><\/li>\n<li><a href=\"https:\/\/mintrabajo.gob.bo\/index.php\/servidor_publico\/rider-jesus-mollinedo-arratia\/\">T\u00c9CNICO DE PROMOCI\u00d3N SINDICAL<\/a><\/li>\n<li><a href=\"https:\/\/mintrabajo.gob.bo\/index.php\/servidor_publico\/policarpio-quiroz-quispe\/\">RESPONSABLE DE PROMOCI\u00d3N SINDICAL<\/a><\/li>\n<li><a href=\"https:\/\/mintrabajo.gob.bo\/index.php\/servidor_publico\/miriam-callisaya-tarqui\/\">ASISTENTE DE REVISI\u00d3N DE INFORMES ECON\u00d3MICOS DE SINDICATOS<\/a><\/li>\n<li><a href=\"https:\/\/mintrabajo.gob.bo\/index.php\/servidor_publico\/edmundo-edwin-calderon-benavides\/\">RESPONSABLE DE REVISI\u00d3N DE INFORMES ECON\u00d3MICOS DE SINDICATOS<\/a><\/li>\n<li><a href=\"https:\/\/mintrabajo.gob.bo\/index.php\/servidor_publico\/rodrigo-guzman-rivera\/\">AUXILIAR DE ASUNTOS SINDICALES<\/a><\/li>\n<li><a href=\"https:\/\/mintrabajo.gob.bo\/index.php\/servidor_publico\/juan-israel-quilo-navia\/\">ASISTENTE ASUNTOS SINDICALES<\/a><\/li>\n<li><a href=\"https:\/\/mintrabajo.gob.bo\/index.php\/servidor_publico\/vivianka-yelena-mamani-condori\/\">T\u00c9CNICO DE ASUNTOS SINDICALES II<\/a><\/li>\n<li><a href=\"https:\/\/mintrabajo.gob.bo\/index.php\/servidor_publico\/maya-katerin-sejas-saavedra\/\">T\u00c9CNICO DE ASUNTOS SINDICALES I<\/a><\/li>\n<li><a href=\"https:\/\/mintrabajo.gob.bo\/index.php\/servidor_publico\/boris-douglas-fernandez-bernal\/\">RESPONSABLE DE ASUNTOS SINDICALES Y LEGISLACI\u00d3N LABORAL<\/a><\/li>\n<li><a href=\"https:\/\/mintrabajo.gob.bo\/index.php\/servidor_publico\/ivonne-petruska-yanez-hurtado\/\">SECRETARIA-DGAS<\/a><\/li>\n<li><a href=\"https:\/\/mintrabajo.gob.bo\/index.php\/servidor_publico\/pastor-flores-calle\/\">DIRECTOR GENERAL DE ASUNTOS SINDICALES<\/a><\/li>\n<li><a href=\"https:\/\/mintrabajo.gob.bo\/index.php\/servidor_publico\/natalia-margarita-gumiel-castro\/\">INSPECTOR EN TRABAJO DE MINER\u00cdA E HIDROCARBUROS<\/a><\/li>\n<li><a href=\"https:\/\/mintrabajo.gob.bo\/index.php\/servidor_publico\/karla-fabiola-teran-eguez\/\">T\u00c9CNICO DE DISCRIMINACI\u00d3N<\/a><\/li>\n<li><a href=\"https:\/\/mintrabajo.gob.bo\/index.php\/servidor_publico\/edson-socaticona-mamani\/\">PROFESIONAL EN TRABAJO FORZOSO Y TRATA Y TR\u00c1FICO<\/a><\/li>\n<li><a href=\"https:\/\/mintrabajo.gob.bo\/index.php\/servidor_publico\/judith-romero-calderon\/\">T\u00c9CNICO DE G\u00c9NERO<\/a><\/li>\n<li><a href=\"https:\/\/mintrabajo.gob.bo\/index.php\/servidor_publico\/sandro-remberto-delgado-galvez\/\">PROFESIONAL EN ERRADICACION PROGRESIVA DEL TRABAJO INFANTIL (EPTI)<\/a><\/li>\n<li><a href=\"https:\/\/mintrabajo.gob.bo\/index.php\/servidor_publico\/alison-cintia-armaza-nunez\/\">ASISTENTE ADMINISTRATIVO II<\/a><\/li>\n<li><a href=\"https:\/\/mintrabajo.gob.bo\/index.php\/servidor_publico\/fredy-german-choque-mendoza\/\">JEFE DE DERECHOS FUNDAMENTALES<\/a><\/li>\n<li><a href=\"https:\/\/mintrabajo.gob.bo\/index.php\/servidor_publico\/freddy-prudencio-jimenez-clavijo\/\">T\u00c9CNICO DE DERECHO LABORAL<\/a><\/li>\n<li><a href=\"https:\/\/mintrabajo.gob.bo\/index.php\/servidor_publico\/cesar-luis-edgardo-garnica-chavez\/\">PROFESIONAL DE DERECHO LABORAL II<\/a><\/li>\n<li><a href=\"https:\/\/mintrabajo.gob.bo\/index.php\/servidor_publico\/erika-efigenia-alanoca-quispe\/\">PROFESIONAL EN DERECHO LABORAL I<\/a><\/li>\n<li><a href=\"https:\/\/mintrabajo.gob.bo\/index.php\/servidor_publico\/maria-angelica-loma-gutierrez\/\">RESPONSABLE DE DERECHO LABORAL<\/a><\/li>\n<li><a href=\"https:\/\/mintrabajo.gob.bo\/index.php\/servidor_publico\/pamela-monzon-gonzales\/\">T\u00c9CNICO DE SEGURIDAD OCUPACIONAL<\/a><\/li>\n<li><a href=\"https:\/\/mintrabajo.gob.bo\/index.php\/servidor_publico\/aneley-beatriz-flores-villca\/\">PROFESIONAL EN SEGURIDAD OCUPACIONAL<\/a><\/li>\n<li><a href=\"https:\/\/mintrabajo.gob.bo\/index.php\/servidor_publico\/harold-damaso-poma-alanoca\/\">RESPONSABLE DE SEGURIDAD OCUPACIONAL<\/a><\/li>\n<li><a href=\"https:\/\/mintrabajo.gob.bo\/index.php\/servidor_publico\/edelmiro-alfredo-gutierrez-alarcon\/\">ASISTENTE ADMINISTRATIVO I<\/a><\/li>\n<li><a href=\"https:\/\/mintrabajo.gob.bo\/index.php\/servidor_publico\/rosa-luisa-gutierrez-de-cortez\/\">SECRETARIA-DGTHSO<\/a><\/li>\n<li><a href=\"https:\/\/mintrabajo.gob.bo\/index.php\/servidor_publico\/alan-santiago-yujra-condori\/\">T\u00c9CNICO REVISOR DE PLANILLAS<\/a><\/li>\n<li><a href=\"https:\/\/mintrabajo.gob.bo\/index.php\/servidor_publico\/richard-pilco-tapia\/\">DIRECTOR GENERAL DE TRABAJO, HIGIENE Y SEGURIDAD OCUPACIONAL<\/a><\/li>\n<li><a href=\"https:\/\/mintrabajo.gob.bo\/index.php\/servidor_publico\/pedro-calderon-rodriguez\/\">MENSAJERO-VMTPS<\/a><\/li>\n<li><a href=\"https:\/\/mintrabajo.gob.bo\/index.php\/servidor_publico\/corcino-huanca-mamani\/\">CHOFER-VMTPS<\/a><\/li>\n<li><a href=\"https:\/\/mintrabajo.gob.bo\/index.php\/servidor_publico\/adhemar-mauricio-vasquez-calle\/\">ASISTENTE-VMTPS<\/a><\/li>\n<li><a href=\"https:\/\/mintrabajo.gob.bo\/index.php\/servidor_publico\/magaly-vivian-molina-zenteno\/\">SECRETARIA-VMTPS<\/a><\/li>\n<li><a href=\"https:\/\/mintrabajo.gob.bo\/index.php\/servidor_publico\/ximena-jhoselin-mamani-chambi\/\">T\u00c9CNICO DE DERECHO ADMINISTRATIVO<\/a><\/li>\n<li><a href=\"https:\/\/mintrabajo.gob.bo\/index.php\/servidor_publico\/jaqueline-katty-silva-vargas\/\">T\u00c9CNICO DE GESTI\u00d3N JUR\u00cdDICA III<\/a><\/li>\n<li><a href=\"https:\/\/mintrabajo.gob.bo\/index.php\/servidor_publico\/yolanda-quispe-quispe\/\">T\u00c9CNICO DE GESTI\u00d3N JUR\u00cdDICA II<\/a><\/li>\n<li><a href=\"https:\/\/mintrabajo.gob.bo\/index.php\/servidor_publico\/vicky-fernanda-flores-quisbert\/\">T\u00c9CNICO DE GESTI\u00d3N JUR\u00cdDICA I<\/a><\/li>\n<li><a href=\"https:\/\/mintrabajo.gob.bo\/index.php\/servidor_publico\/norah-isabel-castro-alvarez\/\">PROFESIONAL DE GESTI\u00d3N JURIDICO-ADMINISTRATIVA<\/a><\/li>\n<li><a href=\"https:\/\/mintrabajo.gob.bo\/index.php\/servidor_publico\/carlos-michel-andrade-ramos\/\">PROFESIONAL DE GESTI\u00d3N JUR\u00cdDICA III<\/a><\/li>\n<li><a href=\"https:\/\/mintrabajo.gob.bo\/index.php\/servidor_publico\/shariel-carla-jimenez-escobar\/\">PROFESIONAL DE GESTI\u00d3N JUR\u00cdDICA II<\/a><\/li>\n<li><a href=\"https:\/\/mintrabajo.gob.bo\/index.php\/servidor_publico\/gabriel-alejandro-miranda-gemio\/\">PROFESIONAL DE GESTI\u00d3N JUR\u00cdDICA I<\/a><\/li>\n<li><a href=\"https:\/\/mintrabajo.gob.bo\/index.php\/servidor_publico\/zurly-garay-montoya\/\">JEFE DE GESTI\u00d3N JUR\u00cdDICA<\/a><\/li>\n<li><a href=\"https:\/\/mintrabajo.gob.bo\/index.php\/servidor_publico\/jose-luis-gonzales-fernandez\/\">ASISTENTE DE AN\u00c1LISIS JUR\u00cdDICO<\/a><\/li>\n<li><a href=\"https:\/\/mintrabajo.gob.bo\/index.php\/servidor_publico\/paola-gabriela-daza-fuentes\/\">T\u00c9CNICO DE ANALISIS JURIDICO I<\/a><\/li>\n<li><a href=\"https:\/\/mintrabajo.gob.bo\/index.php\/servidor_publico\/brenda-beatriz-huanca-aliaga\/\">T\u00c9CNICO DE AN\u00c1LISIS JUR\u00cdDICO V<\/a><\/li>\n<li><a href=\"https:\/\/mintrabajo.gob.bo\/index.php\/servidor_publico\/juan-mauricio-ramos-paredes\/\">T\u00c9CNICO DE AN\u00c1LISIS JUR\u00cdDICO IV<\/a><\/li>\n<li><a href=\"https:\/\/mintrabajo.gob.bo\/index.php\/servidor_publico\/alejandra-teresa-pinto-vargas\/\">T\u00c9CNICO DE AN\u00c1LISIS JUR\u00cdDICO III<\/a><\/li>\n<li><a href=\"https:\/\/mintrabajo.gob.bo\/index.php\/servidor_publico\/carmen-luisa-ponce-achata\/\">T\u00c9CNICO DE AN\u00c1LISIS JUR\u00cdDICO II<\/a><\/li>\n<li><a href=\"https:\/\/mintrabajo.gob.bo\/index.php\/servidor_publico\/gabriel-liberth-clavijo-flores\/\">PROFESIONAL DE AN\u00c1LISIS JUR\u00cdDICO III<\/a><\/li>\n<li><a href=\"https:\/\/mintrabajo.gob.bo\/index.php\/servidor_publico\/adalid-rodny-ramos-estrada\/\">PROFESIONAL DE AN\u00c1LISIS JUR\u00cdDICO II<\/a><\/li>\n<li><a href=\"https:\/\/mintrabajo.gob.bo\/index.php\/servidor_publico\/blenda-jaimes-pineiro\/\">PROFESIONAL DE AN\u00c1LISIS JUR\u00cdDICO I<\/a><\/li>\n<li><a href=\"https:\/\/mintrabajo.gob.bo\/index.php\/servidor_publico\/evelyn-mery-viscarra-gutierrez\/\">JEFE DE AN\u00c1LISIS JUR\u00cdDICO<\/a><\/li>\n<li><a href=\"https:\/\/mintrabajo.gob.bo\/index.php\/servidor_publico\/tito-antonio-ramirez-prada\/\">AUXILIAR DE ASUNTOS JUR\u00cdDICOS<\/a><\/li>\n<li><a href=\"https:\/\/mintrabajo.gob.bo\/index.php\/servidor_publico\/cristian-raul-rodriguez-velasquez\/\">CHOFER - DGAJ<\/a><\/li>\n<li><a href=\"https:\/\/mintrabajo.gob.bo\/index.php\/servidor_publico\/lilian-veronica-marza-alcon\/\">PROCURADOR DE ASUNTOS JUR\u00cdDICOS<\/a><\/li>\n<li><a href=\"https:\/\/mintrabajo.gob.bo\/index.php\/servidor_publico\/eva-zulma-ramos-catari\/\">SECRETARIA-DGAJ<\/a><\/li>\n<li><a href=\"https:\/\/mintrabajo.gob.bo\/index.php\/servidor_publico\/betzy-giovana-yujra-yujra\/\">PROFESIONAL LEGAL<\/a><\/li>\n<li><a href=\"https:\/\/mintrabajo.gob.bo\/index.php\/servidor_publico\/ramiro-ariel-alanoca-mamani\/\">DIRECTOR GENERAL DE ASUNTOS JUR\u00cdDICOS<\/a><\/li>\n<li><a href=\"https:\/\/mintrabajo.gob.bo\/index.php\/servidor_publico\/ingrid-patricia-guzman-fernandez\/\">ASISTENTE ADMINISTRATIVO<\/a><\/li>\n<li><a href=\"https:\/\/mintrabajo.gob.bo\/index.php\/servidor_publico\/bethsabe-aruquipa-herrera\/\">ADMINISTRATIVO DE ALTAS Y BAJAS SEGURO SOCIAL<\/a><\/li>\n<li><a href=\"https:\/\/mintrabajo.gob.bo\/index.php\/servidor_publico\/nelly-cadena-aruquipa\/\">T\u00c9CNICO DE CAPACITACI\u00d3N Y EVALUACI\u00d3N<\/a><\/li>\n<li><a href=\"https:\/\/mintrabajo.gob.bo\/index.php\/servidor_publico\/alison-mendoza-jauregui\/\">T\u00c9CNICO DE CONTROL DE PERSONAL<\/a><\/li>\n<li><a href=\"https:\/\/mintrabajo.gob.bo\/index.php\/servidor_publico\/sandra-antonia-mendoza-gonzales\/\">T\u00c9CNICO DE REGISTRO DE PERSONAL<\/a><\/li>\n<li><a href=\"https:\/\/mintrabajo.gob.bo\/index.php\/servidor_publico\/zenon-apaza-quispe\/\">ENCARGADO DE PLANILLAS<\/a><\/li>\n<li><a href=\"https:\/\/mintrabajo.gob.bo\/index.php\/servidor_publico\/rosa-gabriela-perez-salinas\/\">JEFE DE RECURSOS HUMANOS<\/a><\/li>\n<li><a href=\"https:\/\/mintrabajo.gob.bo\/index.php\/servidor_publico\/veronica-mamani-colque\/\">T\u00c9CNICO DE TESORERIA II<\/a><\/li>\n<li><a href=\"https:\/\/mintrabajo.gob.bo\/index.php\/servidor_publico\/claudia-dionisia-villegas-conde\/\">T\u00c9CNICO DE TESORERIA I<\/a><\/li>\n<li><a href=\"https:\/\/mintrabajo.gob.bo\/index.php\/servidor_publico\/yola-bernal-escobar\/\">PROFESIONAL DE TESORERIA<\/a><\/li>\n<li><a href=\"https:\/\/mintrabajo.gob.bo\/index.php\/servidor_publico\/ruth-juana-tapia-portanda\/\">RESPONSABLE DE TESORERIA<\/a><\/li>\n<li><a href=\"https:\/\/mintrabajo.gob.bo\/index.php\/servidor_publico\/jhony-martin-lecona-amaru\/\">ANALISTA CONTABLE III<\/a><\/li>\n<li><a href=\"https:\/\/mintrabajo.gob.bo\/index.php\/servidor_publico\/tito-ticonipa-silva\/\">ANALISTA CONTABLE II<\/a><\/li>\n<li><a href=\"https:\/\/mintrabajo.gob.bo\/index.php\/servidor_publico\/wilmer-edgar-quispe-candy\/\">ANALISTA CONTABLE I<\/a><\/li>\n<li><a href=\"https:\/\/mintrabajo.gob.bo\/index.php\/servidor_publico\/mara-silvia-poma-averanga\/\">PROFESIONAL CONTABLE<\/a><\/li>\n<li><a href=\"https:\/\/mintrabajo.gob.bo\/index.php\/servidor_publico\/fabian-vasquez-cruz\/\">RESPONSABLE DE CONTABILIDAD<\/a><\/li>\n<li><a href=\"https:\/\/mintrabajo.gob.bo\/index.php\/servidor_publico\/irma-herminia-quispe-cori\/\">T\u00c9CNICO DE PRESUPUESTOS<\/a><\/li>\n<li><a href=\"https:\/\/mintrabajo.gob.bo\/index.php\/servidor_publico\/ines-sandra-gemio\/\">RESPONSABLE DE PRESUPUESTOS<\/a><\/li>\n<li><a href=\"https:\/\/mintrabajo.gob.bo\/index.php\/servidor_publico\/maria-rene-civera-vargas\/\">T\u00c9CNICO DE PASAJES<\/a><\/li>\n<li><a href=\"https:\/\/mintrabajo.gob.bo\/index.php\/servidor_publico\/sandra-mabel-munoz-guzman\/\">ASISTENTE ADMINISTRATIVO<\/a><\/li>\n<li><a href=\"https:\/\/mintrabajo.gob.bo\/index.php\/servidor_publico\/gema-monthserrad-duenas-tapia\/\">ENCARGADO DE CAJA CHICA<\/a><\/li>\n<li><a href=\"https:\/\/mintrabajo.gob.bo\/index.php\/servidor_publico\/miguel-angel-mendez-rios\/\">JEFE DE UNIDAD FINANCIERA<\/a><\/li>\n<li><a href=\"https:\/\/mintrabajo.gob.bo\/index.php\/servidor_publico\/edwin-richard-guarachi-orellana\/\">ASISTENTE DE ARCHIVO CENTRAL<\/a><\/li>\n<li><a href=\"https:\/\/mintrabajo.gob.bo\/index.php\/servidor_publico\/vanessa-karina-alfaro-flores\/\">ENCARGADO DE ARCHIVO CENTRAL<\/a><\/li>\n<li><a href=\"https:\/\/mintrabajo.gob.bo\/index.php\/servidor_publico\/armando-mamani-mamani\/\">OPERADOR DE CENTRAL TELEFONICA<\/a><\/li>\n<li><a href=\"https:\/\/mintrabajo.gob.bo\/index.php\/servidor_publico\/giovani-mamani-mamani\/\">AUXILIAR DE SERVICIOS GENERALES<\/a><\/li>\n<li><a href=\"https:\/\/mintrabajo.gob.bo\/index.php\/servidor_publico\/raquel-jenny-tarquino-monasterios\/\">RESPONSABLE DE SERVICIOS GENERALES<\/a><\/li>\n<li><a href=\"https:\/\/mintrabajo.gob.bo\/index.php\/servidor_publico\/victoria-rodriguez-mamani\/\">MENSAJERO - PORTERO<\/a><\/li>\n<li><a href=\"https:\/\/mintrabajo.gob.bo\/index.php\/servidor_publico\/mauricio-rodney-vitto-flores\/\">AUXILIAR EN MANTENIMIENTO<\/a><\/li>\n<li><a href=\"https:\/\/mintrabajo.gob.bo\/index.php\/servidor_publico\/adriana-mercedes-ticona-cruz\/\">T\u00c9CNICO DE INFRAESTRUCTURA Y MANTENIMIENTO<\/a><\/li>\n<li><a href=\"https:\/\/mintrabajo.gob.bo\/index.php\/servidor_publico\/david-mamani-moya\/\">ENCARGADO DE INFRAESTRUCTURA<\/a><\/li>\n<li><a href=\"https:\/\/mintrabajo.gob.bo\/index.php\/servidor_publico\/christian-ayrton-copa-perez\/\">ASISTENTE DE ALMACEN<\/a><\/li>\n<li><a href=\"https:\/\/mintrabajo.gob.bo\/index.php\/servidor_publico\/vladimir-zubieta-escobar\/\">ENCARGADO DE ALMACEN<\/a><\/li>\n<li><a href=\"https:\/\/mintrabajo.gob.bo\/index.php\/servidor_publico\/milton-jonhny-gomez-agostopa\/\">T\u00c9CNICO DE ACTIVOS FIJOS<\/a><\/li>\n<li><a href=\"https:\/\/mintrabajo.gob.bo\/index.php\/servidor_publico\/victor-hugo-belmonte-vega\/\">PROFESIONAL DE ACTIVOS FIJOS<\/a><\/li>\n<li><a href=\"https:\/\/mintrabajo.gob.bo\/index.php\/servidor_publico\/cristian-percy-bobarin-arroyo\/\">RESPONSABLE DE ACTIVOS FIJOS<\/a><\/li>\n<li><a href=\"https:\/\/mintrabajo.gob.bo\/index.php\/servidor_publico\/carlos-blanco-condori\/\">T\u00c9CNICO DE COMPRAS Y CONTRATACIONES<\/a><\/li>\n<li><a href=\"https:\/\/mintrabajo.gob.bo\/index.php\/servidor_publico\/martha-maruja-flores-huchani\/\">PROFESIONAL DE COMPRAS Y CONTRATACIONES<\/a><\/li>\n<li><a href=\"https:\/\/mintrabajo.gob.bo\/index.php\/servidor_publico\/ruben-aldo-ramos-machaca\/\">RESPONSABLE DE COMPRAS Y CONTRATACIONES<\/a><\/li>\n<li><a href=\"https:\/\/mintrabajo.gob.bo\/index.php\/servidor_publico\/monica-isabel-roman-pacheco\/\">ADMINISTRATIVO DE CORRESPONDENCIA I<\/a><\/li>\n<li><a href=\"https:\/\/mintrabajo.gob.bo\/index.php\/servidor_publico\/lola-ytusaca-mamani\/\">ADMINISTRATIVO DE PLATAFORMA DE TRAMITES<\/a><\/li>\n<li><a href=\"https:\/\/mintrabajo.gob.bo\/index.php\/servidor_publico\/betty-tarqui-ruiz\/\">ASISTENTE ADMINISTRATIVO<\/a><\/li>\n<li><a href=\"https:\/\/mintrabajo.gob.bo\/index.php\/servidor_publico\/banderlia-paola-guasde-salazar\/\">JEFE DE UNIDAD ADMINISTRATIVA<\/a><\/li>\n<li><a href=\"https:\/\/mintrabajo.gob.bo\/index.php\/servidor_publico\/cesar-augusto-chuquimia-copa\/\">CHOFER - DGAA<\/a><\/li>\n<li><a href=\"https:\/\/mintrabajo.gob.bo\/index.php\/servidor_publico\/luis-enrique-salazar-castel\/\">MENSAJERO - DGAA<\/a><\/li>\n<li><a href=\"https:\/\/mintrabajo.gob.bo\/index.php\/servidor_publico\/vety-sussi-choque-mamani\/\">SECRETARIA-DGAA<\/a><\/li>\n<li><a href=\"https:\/\/mintrabajo.gob.bo\/index.php\/servidor_publico\/fidelia-veronica-espejo-lima\/\">PROFESIONAL ADMINISTRATIVO<\/a><\/li>\n<li><a href=\"https:\/\/mintrabajo.gob.bo\/index.php\/servidor_publico\/felix-flores-chambi\/\">DIRECTOR GENERAL DE ASUNTOS ADMINISTRATIVOS<\/a><\/li>\n<li><a href=\"https:\/\/mintrabajo.gob.bo\/index.php\/servidor_publico\/carlos-alberto-troche-quispe\/\">ASISTENTE DE REDES Y MANTENIMIENTO II<\/a><\/li>\n<li><a href=\"https:\/\/mintrabajo.gob.bo\/index.php\/servidor_publico\/leonardo-benito-pena\/\">ASISTENTE DE REDES Y MANTENIMIENTO I<\/a><\/li>\n<li><a href=\"https:\/\/mintrabajo.gob.bo\/index.php\/servidor_publico\/juan-huanca-quisbert\/\">ENCARGADO DE REDES Y MANTENIMIENTO<\/a><\/li>\n<li><a href=\"https:\/\/mintrabajo.gob.bo\/index.php\/servidor_publico\/tania-edmy-quispe-poma\/\">ASISTENTE DE INFORMACI\u00d3N ESTAD\u00cdSTICA II<\/a><\/li>\n<li><a href=\"https:\/\/mintrabajo.gob.bo\/index.php\/servidor_publico\/edwing-orlando-torrez-coronel\/\">ASISTENTE DE INFORMACI\u00d3N ESTAD\u00cdSTICA I<\/a><\/li>\n<li><a href=\"https:\/\/mintrabajo.gob.bo\/index.php\/servidor_publico\/jhonny-rene-limachi-quispe\/\">T\u00c9CNICO DE INFORMACI\u00d3N ESTAD\u00cdSTICA<\/a><\/li>\n<li><a href=\"https:\/\/mintrabajo.gob.bo\/index.php\/servidor_publico\/jorge-pizarro-tellez\/\">T\u00c9CNICO DE ESTAD\u00cdSTICA<\/a><\/li>\n<li><a href=\"https:\/\/mintrabajo.gob.bo\/index.php\/servidor_publico\/cesar-augusto-sanjines-clavijo\/\">RESPONSABLE DE INFORMACI\u00d3N ESTAD\u00cdSTICA<\/a><\/li>\n<li><a href=\"https:\/\/mintrabajo.gob.bo\/index.php\/servidor_publico\/gustavo-vladimir-calle-gutierrez\/\">T\u00c9CNICO DE DESARROLLO DE SOFTWARE II<\/a><\/li>\n<li><a href=\"https:\/\/mintrabajo.gob.bo\/index.php\/servidor_publico\/lindsley-michele-moncada-rivas\/\">T\u00c9CNICO DE DESARROLLO DE SOFTWARE I<\/a><\/li>\n<li><a href=\"https:\/\/mintrabajo.gob.bo\/index.php\/servidor_publico\/miguel-angel-calzada-vega\/\">JEFE DE UNIDAD DE TECNOLOG\u00cdAS DE INFORMACI\u00d3N Y COMUNICACIONES<\/a><\/li>\n<li><a href=\"https:\/\/mintrabajo.gob.bo\/index.php\/servidor_publico\/eloysa-aponte-justiniano\/\">SECRETARIA - DGP<\/a><\/li>\n<li><a href=\"https:\/\/mintrabajo.gob.bo\/index.php\/servidor_publico\/paola-carola-ayllon-erasmo\/\">T\u00c9CNICO DE PLANIFICACI\u00d3N II<\/a><\/li>\n<li><a href=\"https:\/\/mintrabajo.gob.bo\/index.php\/servidor_publico\/rossio-gladys-lizarraga-ballon\/\">PROFESIONAL DE PLANIFICACI\u00d3N III<\/a><\/li>\n<li><a href=\"https:\/\/mintrabajo.gob.bo\/index.php\/servidor_publico\/valeria-andrea-pari-leon\/\">PROFESIONAL DE PLANIFICACI\u00d3N II<\/a><\/li>\n<li><a href=\"https:\/\/mintrabajo.gob.bo\/index.php\/servidor_publico\/sarah-fatima-gonzales-romero\/\">PROFESIONAL DE PLANIFICACI\u00d3N I<\/a><\/li>\n<li><a href=\"https:\/\/mintrabajo.gob.bo\/index.php\/servidor_publico\/victor-toshiro-suzuki\/\">DIRECTOR GENERAL DE PLANIFICACI\u00d3N<\/a><\/li>\n<li><a href=\"https:\/\/mintrabajo.gob.bo\/index.php\/servidor_publico\/willams-leonel-chura-paye\/\">ASISTENTE DE TRANSPARENCIA Y LUCHA CONTRA LA CORRUPCI\u00d3N<\/a><\/li>\n<li><a href=\"https:\/\/mintrabajo.gob.bo\/index.php\/servidor_publico\/cecilia-mayra-illescas-mendoza\/\">JEFE DE UNIDAD DE TRANSPARENCIA Y LUCHA CONTRA LA CORRUPCI\u00d3N<\/a><\/li>\n<li><a href=\"https:\/\/mintrabajo.gob.bo\/index.php\/servidor_publico\/jhon-aldair-laime-aguirre\/\">T\u00c9CNICO DE AUDITORIA II<\/a><\/li>\n<li><a href=\"https:\/\/mintrabajo.gob.bo\/index.php\/servidor_publico\/freddy-sergio-quispe-huarachi\/\">T\u00c9CNICO DE AUDITORIA I<\/a><\/li>\n<li><a href=\"https:\/\/mintrabajo.gob.bo\/index.php\/servidor_publico\/karina-veronica-azero-alarcon\/\">PROFESIONAL DE AUDITORIA<\/a><\/li>\n<li><a href=\"https:\/\/mintrabajo.gob.bo\/index.php\/servidor_publico\/gabriela-vargas-sosa\/\">SUPERVISOR DE AUDITORIA<\/a><\/li>\n<li><a href=\"https:\/\/mintrabajo.gob.bo\/index.php\/servidor_publico\/rene-lucas-fuentes-condori\/\">JEFE DE AUDITORIA INTERNA<\/a><\/li>\n<li><a href=\"https:\/\/mintrabajo.gob.bo\/index.php\/servidor_publico\/rachel-amelia-leon-batista\/\">ASISTENTE DE COMUNICACI\u00d3N SOCIAL II<\/a><\/li>\n<li><a href=\"https:\/\/mintrabajo.gob.bo\/index.php\/servidor_publico\/grover-rodriguez-duchen\/\">ASISTENTE DE COMUNICACI\u00d3N SOCIAL I<\/a><\/li>\n<li><a href=\"https:\/\/mintrabajo.gob.bo\/index.php\/servidor_publico\/edwin-cari-nina\/\">T\u00c9CNICO  DE COMUNICACION Y MONITOREO DE INFORMACION<\/a><\/li>\n<li><a href=\"https:\/\/mintrabajo.gob.bo\/index.php\/servidor_publico\/edwin-callisaya-averanga\/\">T\u00c9CNICO DE COMUNICACI\u00d3N Y PRODUCCI\u00d3N AUDIOVISUAL<\/a><\/li>\n<li><a href=\"https:\/\/mintrabajo.gob.bo\/index.php\/servidor_publico\/giovani-miranda-avendano\/\">PROFESIONAL DE COMUNICACI\u00d3N SOCIAL<\/a><\/li>\n<li><a href=\"https:\/\/mintrabajo.gob.bo\/index.php\/servidor_publico\/jose-gabriel-copa-chura-2\/\">JEFE DE LA UNIDAD DE COMUNICACI\u00d3N SOCIAL<\/a><\/li>\n<li><a href=\"https:\/\/mintrabajo.gob.bo\/index.php\/servidor_publico\/miguel-justiniano-camacho\/\">JEFE DE GABINETE<\/a><\/li>\n<li><a href=\"https:\/\/mintrabajo.gob.bo\/index.php\/servidor_publico\/lesly-carolaine-mejia-morales\/\">T\u00c9CNICO DE RELACIONES INTERNACIONALES<\/a><\/li>\n<li><a href=\"https:\/\/mintrabajo.gob.bo\/index.php\/servidor_publico\/marleny-nieves-choque-espinoza\/\">Marleny Nieves Choque Espinoza<\/a><\/li>\n<li><a href=\"https:\/\/mintrabajo.gob.bo\/index.php\/servidor_publico\/luis-fernando-uzquiano-arias\/\">JEFE REGIONAL DE TRABAJO RURRENABAQUE<\/a><\/li>\n<li><a href=\"https:\/\/mintrabajo.gob.bo\/index.php\/servidor_publico\/luis-alejandro-garvizu-echave\/\">AUXILIAR PANDO<\/a><\/li>\n<li><a href=\"https:\/\/mintrabajo.gob.bo\/index.php\/servidor_publico\/roberto-gregorio-pardo-zeballos\/\">INSPECTOR DE TRABAJO PANDO Romina Barbery<\/a><\/li>\n<li><a href=\"https:\/\/mintrabajo.gob.bo\/index.php\/servidor_publico\/roberto-nina-freitas\/\">INSPECTOR DE TRABAJO PANDO Francisco Armando<\/a><\/li>\n<li><a href=\"https:\/\/mintrabajo.gob.bo\/index.php\/servidor_publico\/francisco-armando-aparicio-salvatierra\/\">INSPECTOR DE TRABAJO PANDO Roberto Nina<\/a><\/li>\n<li><a href=\"https:\/\/mintrabajo.gob.bo\/index.php\/servidor_publico\/romina-barbery-endara\/\">INSPECTOR DE TRABAJO PANDO Roberto Gregorio<\/a><\/li>\n<li><a href=\"https:\/\/mintrabajo.gob.bo\/index.php\/servidor_publico\/yobana-pitto-guerra\/\">JEFE DEPARTAMENTAL DE TRABAJO PANDO<\/a><\/li>\n<\/ul>\n<h2 class=\"wsp-herramientas-title\">Herramientas Digitales<\/h2>\n<ul class=\"wsp-herramientas-list\">\n<li><a href=\"https:\/\/mintrabajo.gob.bo\/index.php\/herramienta\/lorem-ipsum-herramientas-digitales\/\">Oficina Virtual de Tr\u00e1mites<\/a><\/li>\n<li><a href=\"https:\/\/mintrabajo.gob.bo\/index.php\/herramienta\/oficina-virtual-de-tramites-antigua\/\">Oficina Virtual de Tr\u00e1mites (Antigua)<\/a><\/li>\n<li><a href=\"https:\/\/mintrabajo.gob.bo\/index.php\/herramienta\/plataforma-de-registro-y-reporte-de-agencias-privadas-de-empleo\/\">Plataforma de Registro y Reporte de Agencias Privadas de Empleo<\/a><\/li>\n<li><a href=\"https:\/\/mintrabajo.gob.bo\/index.php\/herramienta\/plataforma-plurinacional-de-informacion-de-personas-con-discapacidad-eustaquio-moto-mendez\/\">Plataforma Plurinacional de Informaci\u00f3n de Personas con Discapacidad \"EUSTAQUIO MOTO M\u00c9NDEZ\"<\/a><\/li>\n<li><a href=\"https:\/\/mintrabajo.gob.bo\/index.php\/herramienta\/plataforma-digital-de-atencion-de-tramites-d-ticket\/\">Plataforma Digital de Atenci\u00f3n de Tr\u00e1mites D-TICKET<\/a><\/li>\n<li><a href=\"https:\/\/mintrabajo.gob.bo\/index.php\/herramienta\/programas-de-gestion-de-seguridad-y-salud-en-el-trabajo\/\">Programas de Gesti\u00f3n de Seguridad y Salud en el Trabajo<\/a><\/li>\n<\/ul>\n<h2 class=\"wsp-tipo_notas-title\">Notas<\/h2>\n<ul class=\"wsp-tipo_notas-list\">\n<li><a href=\"https:\/\/mintrabajo.gob.bo\/index.php\/tipo_nota\/campanas-y-actividades\/\">Campa\u00f1as y Actividades<\/a><\/li>\n<\/ul>\n<h2 class=\"wsp-tipo_documentos-title\">Documentos<\/h2>\n<ul class=\"wsp-tipo_documentos-list\">\n<li><a href=\"https:\/\/mintrabajo.gob.bo\/index.php\/tipo_documento\/documentos-pei\/\">Documentos PEI<\/a><\/li>\n<\/ul>\n<\/div>\n\n\n\n<p><\/p>\n","protected":false},"excerpt":{"rendered":"","protected":false},"author":1,"featured_media":0,"parent":0,"menu_order":0,"comment_status":"closed","ping_status":"closed","template":"template\/mapa_sitio-template.php","meta":{"_acf_changed":false,"footnotes":""},"class_list":["post-5809","page","type-page","status-publish","hentry"],"acf":[],"_links":{"self":[{"href":"https:\/\/mintrabajo.gob.bo\/index.php\/wp-json\/wp\/v2\/pages\/5809","targetHints":{"allow":["GET"]}}],"collection":[{"href":"https:\/\/mintrabajo.gob.bo\/index.php\/wp-json\/wp\/v2\/pages"}],"about":[{"href":"https:\/\/mintrabajo.gob.bo\/index.php\/wp-json\/wp\/v2\/types\/page"}],"author":[{"embeddable":true,"href":"https:\/\/mintrabajo.gob.bo\/index.php\/wp-json\/wp\/v2\/users\/1"}],"replies":[{"embeddable":true,"href":"https:\/\/mintrabajo.gob.bo\/index.php\/wp-json\/wp\/v2\/comments?post=5809"}],"version-history":[{"count":2,"href":"https:\/\/mintrabajo.gob.bo\/index.php\/wp-json\/wp\/v2\/pages\/5809\/revisions"}],"predecessor-version":[{"id":17110,"href":"https:\/\/mintrabajo.gob.bo\/index.php\/wp-json\/wp\/v2\/pages\/5809\/revisions\/17110"}],"wp:attachment":[{"href":"https:\/\/mintrabajo.gob.bo\/index.php\/wp-json\/wp\/v2\/media?parent=5809"}],"curies":[{"name":"wp","href":"https:\/\/api.w.org\/{rel}","templated":true}]}}