{"id":401,"date":"2024-04-05T21:34:07","date_gmt":"2024-04-05T19:34:07","guid":{"rendered":"http:\/\/192.168.241.171\/gobbo\/wordpress\/?page_id=401"},"modified":"2025-10-22T15:13:48","modified_gmt":"2025-10-22T19:13:48","slug":"pei-descargable","status":"publish","type":"page","link":"https:\/\/mintrabajo.gob.bo\/index.php\/pei-descargable\/","title":{"rendered":"Plan Estrat\u00e9gico Institucional (PEI)"},"content":{"rendered":"\n<p><\/p>\n\n\n\n<h4 class=\"wp-block-heading\">PLAN ESTRAT\u00c9GICO INSTITUCIONAL PARA VIVIR BIEN<br>2021 &#8211; 2025<\/h4>\n\n\n\n<p><\/p>\n\n\n\n<p>El Ministerio de Trabajo, Empleo y Previsi\u00f3n Social, en el marco del Decreto Supremo N\u00b0 29894 del<br>7 de febrero de 2009, tiene como principales atribuciones el de proteger, garantizar los derechos<br>socio laborales, el acceso al trabajo digno, la estabilidad laboral, considerando la equidad de g\u00e9nero,<br>as\u00ed como la libre sindicalizaci\u00f3n, la formulaci\u00f3n de pol\u00edticas laborales de empleo y previsi\u00f3n social,<br>promoviendo el desarrollo social, econ\u00f3mico y productivo del sector cooperativo, erradicando el<br>trabajo forzoso o cualquier forma de explotaci\u00f3n y servidumbre, premisas en las cuales se vino<br>trabajando con el Proceso de Cambio, hasta noviembre de 2019.<\/p>\n\n\n\n<p>Tras la instauraci\u00f3n inconstitucional del Gobierno Golpista, se inicia el periodo de desestabilizaci\u00f3n<br>econ\u00f3mico-social con hechos sistem\u00e1ticos de quiebre institucional, con acciones contrarias<br>a la Constituci\u00f3n Pol\u00edtica del Estado (CPE) como la emisi\u00f3n de normativas laborales ilegales, la<br>perdida de fuentes laborales, la reducci\u00f3n de salarios, desatenci\u00f3n y rezago en el tratamiento de<br>denuncias por despidos injustificados, la falta de implementaci\u00f3n de protocolos de bioseguridad<br>por la Pandemia del COVID-19, la suspensi\u00f3n de plazos procesales de recursos administrativos, la<br>disminuci\u00f3n mal intencionada de inspecciones t\u00e9cnicas y laborales.<br>En el \u00e1mbito administrativo, se malverso recursos en la asignaci\u00f3n por pago de vi\u00e1ticos, as\u00ed como la<br>inexistencia de documentaci\u00f3n de respaldo de los distintos tr\u00e1mites institucionales.<br>Respecto a la ejecuci\u00f3n de programas y proyectos, el Programa de Apoyo al Empleo II, fue<br>invisibilizado y direccionado a determinadas empresas privadas de un solo departamento.<br>Este accionar nefasto y arbitrario en todos los niveles del gobierno, llevo al pueblo boliviano a<br>levantarse y exigir la convocatoria a elecciones, dando fi n al golpismo el 18 de octubre de 2021, con<br>la elecci\u00f3n del ahora Presidente Luis Arce Catacora.<br>Con la recuperaci\u00f3n de la democracia es fundamental establecer Planes, Pol\u00edticas y Programas en<br>el marco del Sistema de Planificaci\u00f3n Integral del Estado (SPIE), mismo que conduce el proceso de<br>planifi caci\u00f3n del desarrollo del Estado en sus diferentes niveles.<br>Con la promulgaci\u00f3n de la Ley N\u00b01407 el 09 de noviembre de 2021, se aprueba el Plan de Desarrollo<br>Econ\u00f3mico y Social (PDES) 2021 \u2013 2025 \u201cReconstruyendo la Econom\u00eda para Vivir Bien, Hacia la<br>Industrializaci\u00f3n con Sustituci\u00f3n de Importaciones\u201d, al cual deben articularse los Planes Sectoriales,<br>Ministeriales, Institucionales y Territoriales.<\/p>\n\n\n\n<p><\/p>\n\n\n\n<h4 class=\"wp-block-heading\">Objetivos y Estrategias Institucionales<\/h4>\n\n\n\n<figure class=\"wp-block-table is-style-stripes\"><table class=\"has-cyan-bluish-gray-color has-white-background-color has-text-color has-background has-link-color\"><thead><tr><th>Resultado del PDES, PSDI\/PEM o PTDI<\/th><th>Objetivo estrat\u00e9gico institucional<\/th><\/tr><\/thead><tbody><tr><td>Resultado 1.4.2. Se ha protegido y<br>promovido el trabajo y empleo digno<br>en todas sus formas (comunitario,<br>Estatal, privado y social cooperativo)<br>considerando la equidad laboral e<br>igualdad de oportunidades entre<br>hombres y mujeres.<br><br>Resultado 7.1.1. Se ha fortalecido<br>la lucha efectiva y decidida contra<br>la corrupci\u00f3n en la administraci\u00f3n<br>p\u00fablica en todos los niveles del estado<br>Resultado 10.4.1. Se ha transformado<br>la sociedad por medio de la eliminaci\u00f3n<br>de las pr\u00e1cticas de dominaci\u00f3n<br>patriarcales y coloniales.<\/td><td>1. Derechos Socio-laborales.- Promover,<br>proteger y garantizar los derechos socio-<br>laborales, desarrollando e implementando<br>normativa, pol\u00edticas, programas y<br>proyectos en el marco del trabajo y<br>empleo digno.<\/td><\/tr><tr><td><br>Resultado 1.4.2. Se ha protegido y<br>promovido el trabajo y empleo digno<br>en todas sus formas (comunitario,<br>Estatal, privado y social cooperativo)<br>considerando la equidad laboral e<br>igualdad de oportunidades entre<br>hombres y mujeres.<br><br><\/td><td>2. Derechos Fundamentales del Trabajo.-<br>Erradicar toda forma de trabajo forzoso, las<br>determinantes del trabajo infantil, racismo,<br>discriminaci\u00f3n, trata y tr\u00e1fico en el \u00e1mbito<br>laboral; protecci\u00f3n de los adolescentes y<br>j\u00f3venes trabajadores; asimismo, reducir la<br>brecha salarial entre hombres y mujeres,<br>trabajadores del campo y ciudad en<br>situaci\u00f3n de vulnerabilidad, a trav\u00e9s de la<br>restituci\u00f3n de los derechos socio-laborales<br>y fundamentales<br><\/td><\/tr><tr><td><br>Resultado 1.4.1. Se han promovido<br>programas para mejorar las<br>condiciones de los hogares a trav\u00e9s<br>de la generaci\u00f3n de empleo digno<br>priorizando sectores en situaci\u00f3n de<br>vulnerabilidad <br><\/td><td>3. Promoci\u00f3n del Empleo.- Promover y<br>desarrollar la pol\u00edtica nacional de empleo,<br>mediante planes, programas y proyectos<br>articulados territorialmente, con \u00e9nfasis en<br>poblaci\u00f3n en situaci\u00f3n de vulnerabilidad,<br>para mejorar la empleabilidad a nivel<br>nacional.<br><br>4. Promoci\u00f3n y Fortalecimiento del Sector<br>Cooperativo.- Generar pol\u00edticas p\u00fablicas<br>de fomento, promoci\u00f3n y protecci\u00f3n al<br>Sector Cooperativo, precautelando su<br>estabilidad, organizaci\u00f3n, funcionamiento<br>y fortalecimiento.<\/td><\/tr><tr><td>Resultado 7.1.7. Se ha fortalecido la<br>gesti\u00f3n p\u00fablica para el ejercicio de-<br>mocr\u00e1tico e institucional del estado,<br>conforme a las necesidades del pueblo<br>boliviano, fortaleciendo el acceso a la<br>informaci\u00f3n y comunicaci\u00f3n.<\/td><td>5. Gesti\u00f3n Institucional.- Contribuir<br>al cumplimiento de los objetivos<br>institucionales, mediante la<br>transformaci\u00f3n de la gesti\u00f3n p\u00fablica<br>descolonizadora, despatriarcalizadora;<br>con personal t\u00e9cnicamente cualifi cado,<br>con uso de lenguas ind\u00edgenas y<br>socialmente comprometido; mejorando<br>la implementaci\u00f3n, sistematizaci\u00f3n y<br>automatizaci\u00f3n de procesos.<\/td><\/tr><tr><td><\/td><td><\/td><\/tr><\/tbody><\/table><\/figure>\n\n\n\n<p><\/p>\n","protected":false},"excerpt":{"rendered":"<p>PLAN ESTRAT\u00c9GICO INSTITUCIONAL PARA VIVIR BIEN2021 &#8211; 2025 El Ministerio de Trabajo, Empleo y Previsi\u00f3n Social, en el marco del Decreto Supremo N\u00b0 29894 del7 de febrero de 2009, tiene como principales atribuciones el de proteger, garantizar los derechossocio laborales, el acceso al trabajo digno, la estabilidad laboral, considerando la equidad de g\u00e9nero,as\u00ed como la [&hellip;]<\/p>\n","protected":false},"author":1,"featured_media":0,"parent":0,"menu_order":0,"comment_status":"closed","ping_status":"closed","template":"template\/tabla-plan_estrategico_institucional.php","meta":{"_acf_changed":false,"footnotes":"[]"},"class_list":["post-401","page","type-page","status-publish","hentry"],"acf":[],"_links":{"self":[{"href":"https:\/\/mintrabajo.gob.bo\/index.php\/wp-json\/wp\/v2\/pages\/401","targetHints":{"allow":["GET"]}}],"collection":[{"href":"https:\/\/mintrabajo.gob.bo\/index.php\/wp-json\/wp\/v2\/pages"}],"about":[{"href":"https:\/\/mintrabajo.gob.bo\/index.php\/wp-json\/wp\/v2\/types\/page"}],"author":[{"embeddable":true,"href":"https:\/\/mintrabajo.gob.bo\/index.php\/wp-json\/wp\/v2\/users\/1"}],"replies":[{"embeddable":true,"href":"https:\/\/mintrabajo.gob.bo\/index.php\/wp-json\/wp\/v2\/comments?post=401"}],"version-history":[{"count":35,"href":"https:\/\/mintrabajo.gob.bo\/index.php\/wp-json\/wp\/v2\/pages\/401\/revisions"}],"predecessor-version":[{"id":19114,"href":"https:\/\/mintrabajo.gob.bo\/index.php\/wp-json\/wp\/v2\/pages\/401\/revisions\/19114"}],"wp:attachment":[{"href":"https:\/\/mintrabajo.gob.bo\/index.php\/wp-json\/wp\/v2\/media?parent=401"}],"curies":[{"name":"wp","href":"https:\/\/api.w.org\/{rel}","templated":true}]}}